{"id":26016,"date":"2021-09-03T14:36:31","date_gmt":"2021-09-03T12:36:31","guid":{"rendered":"https:\/\/www.effe.it\/referenza\/giglio-alta-badia-private-house\/"},"modified":"2023-07-03T11:30:46","modified_gmt":"2023-07-03T09:30:46","slug":"giglio-alta-badia-private-house","status":"publish","type":"referenza","link":"https:\/\/www.effe.it\/fr\/referenza\/giglio-alta-badia-private-house\/","title":{"rendered":"Private house, Alta Badia"},"content":{"rendered":"<p class=\"p1\">Effe a r\u00e9alis\u00e9 des solutions sur mesure personnalis\u00e9es pour la r\u00e9alisation de la zone bien-\u00eatre de cette demeure, entour\u00e9e par la nature, au pied des Dolomites. Le paysage naturel et la zone wellness cr\u00e9ent une alliance parfaite \u00e9galement gr\u00e2ce au soin apport\u00e9 aux d\u00e9tails.<\/p>\n","protected":false},"featured_media":0,"template":"","better_featured_image":null,"acf":{"related_products_group":{"toggle_related_product_field":true,"related_products":[{"ID":9583,"post_author":"3","post_date":"2021-07-29 12:19:09","post_date_gmt":"2021-07-29 10:19:09","post_content":"Aquasteam est install\u00e9 pour la production de vapeur, avec fonction Energy Saver et syst\u00e8me automatique de lavage de la chaudi\u00e8re. Mat\u00e9riaux de qualit\u00e9 exceptionnelle : bois Hemlock canadien, rev\u00eatements en gr\u00e8s lamin\u00e9 Slimtech\u00ae de 3,5 mm, portes en verre tremp\u00e9 de 8 mm. Disponible en trois finitions standard ou avec des couleurs personnalis\u00e9es. Disponible \u00e9galement dans la variante Filo (sans caillebotis) pour s\u2019int\u00e9grer au mieux avec l\u2019environnement.","post_title":"Logica SH","post_excerpt":"","post_status":"draft","comment_status":"closed","ping_status":"closed","post_password":"","post_name":"logica-sh","to_ping":"","pinged":"","post_modified":"2025-03-26 15:20:18","post_modified_gmt":"2025-03-26 13:20:18","post_content_filtered":"","post_parent":0,"guid":"https:\/\/www.effe.it\/blog\/prodotto\/logica-sh\/","menu_order":0,"post_type":"prodotto","post_mime_type":"","comment_count":"0","filter":"raw"},{"ID":24775,"post_author":"9693","post_date":"2021-12-02 17:52:28","post_date_gmt":"2021-12-02 15:52:28","post_content":"","post_title":"ONE H + ONE S","post_excerpt":"","post_status":"draft","comment_status":"closed","ping_status":"closed","post_password":"","post_name":"one-h-one-s","to_ping":"","pinged":"","post_modified":"2023-11-28 21:00:35","post_modified_gmt":"2023-11-28 19:00:35","post_content_filtered":"","post_parent":0,"guid":"https:\/\/www.effe.it\/prodotto\/one-h-one-s\/","menu_order":0,"post_type":"prodotto","post_mime_type":"","comment_count":"0","filter":"raw"},{"ID":9661,"post_author":"12708","post_date":"2021-07-29 12:19:09","post_date_gmt":"2021-07-29 10:19:09","post_content":"Personnalisez selon vos go\u00fbts votre Spa, priv\u00e9 ou public, gr\u00e2ce \u00e0 BodyLove, un syst\u00e8me modulaire qui permet l\u2019int\u00e9gration de sauna, bain turc et douche. Composants hammam de qualit\u00e9 exceptionnelle : gr\u00e8s porcelain\u00e9 Champagne ou verre \u00e0 flutes, banquettes blanches en Corian\u00ae, accessoires en Teck.\nFinitions internes \u00e0 carreler enti\u00e8rement m\u00eame avec d'autres rev\u00eatements pour des r\u00e9alisations sur mesure. Diverses possibilit\u00e9s d'orientation et de positionnement des portes d'acc\u00e8s aux deux espaces, pour des solutions personnalis\u00e9es avec la zone bien-\u00eatre. BodyLove offre un \u00e9ventail de possibilit\u00e9s de personnalisation en termes de choix et d'assortiment des mat\u00e9riaux.","post_title":"BodyLove SH","post_excerpt":"","post_status":"publish","comment_status":"closed","ping_status":"closed","post_password":"","post_name":"bodylove-sh","to_ping":"","pinged":"","post_modified":"2025-11-11 13:12:45","post_modified_gmt":"2025-11-11 11:12:45","post_content_filtered":"","post_parent":0,"guid":"https:\/\/www.effe.it\/prodotto\/bodylove-sh\/","menu_order":0,"post_type":"prodotto","post_mime_type":"","comment_count":"0","filter":"raw"},{"ID":9551,"post_author":"12708","post_date":"2021-07-29 12:19:09","post_date_gmt":"2021-07-29 10:19:09","post_content":"L'\u00e9l\u00e9ment distinctif du syst\u00e8me Yoku SH est repr\u00e9sent\u00e9 par les grandes cloisons vitr\u00e9es \u00e9cart\u00e9es de la fa\u00e7ade avant en verre bronze fum\u00e9 et par les \u00e9l\u00e9ments architecturaux verticaux en bois naturel qui sugg\u00e8rent l\u2019immersion dans une for\u00eat d'arbres, cr\u00e9ant ainsi une \u00e9l\u00e9gante sensation d'intimit\u00e9 pendant le bain de chaleur.\n\u00c0 l'int\u00e9rieur, le confort est assur\u00e9 par la double banquette de m\u00eame taille du sauna et par le si\u00e8ge unique, tr\u00e8s profond, du hammam.\nLe module de la biblioth\u00e8que peut \u00e9galement \u00eatre utilis\u00e9 comme \u00e9l\u00e9ment ext\u00e9rieur \u00e0 placer \u00e0 c\u00f4t\u00e9 des cloisons vitr\u00e9es, cr\u00e9ant ainsi un filtre utile pour la cr\u00e9ation d'espaces intimes et hautement personnalisables.","post_title":"Yoku SH","post_excerpt":"","post_status":"publish","comment_status":"closed","ping_status":"closed","post_password":"","post_name":"yoku-sh","to_ping":"","pinged":"","post_modified":"2025-09-04 11:33:01","post_modified_gmt":"2025-09-04 09:33:01","post_content_filtered":"","post_parent":0,"guid":"https:\/\/www.effe.it\/blog\/prodotto\/yoku-sh\/","menu_order":0,"post_type":"prodotto","post_mime_type":"","comment_count":"0","filter":"raw"}]},"gallery_photos_12_columns_reference":[{"image_gallery_columns":"https:\/\/static.effe.it\/website\/2021\/09\/alta-badia-2%402x-2-scaled.jpg","copy_image_column":"","numer_of_columns":"12","embed_video_gallery":""},{"image_gallery_columns":"https:\/\/static.effe.it\/website\/2021\/09\/alta-badia-8%402x.jpg","copy_image_column":"","numer_of_columns":"6","embed_video_gallery":""},{"image_gallery_columns":"https:\/\/static.effe.it\/website\/2021\/09\/alta-badia-14%402x.jpg","copy_image_column":"","numer_of_columns":"5","embed_video_gallery":""},{"image_gallery_columns":"https:\/\/static.effe.it\/website\/2021\/09\/alta-badia-16%402x.jpg","copy_image_column":"","numer_of_columns":"5","embed_video_gallery":""},{"image_gallery_columns":"https:\/\/static.effe.it\/website\/2021\/09\/alta-badia-5%402x-1.jpg","copy_image_column":"","numer_of_columns":"6","embed_video_gallery":""},{"image_gallery_columns":"https:\/\/static.effe.it\/website\/2021\/09\/alta-badia-3%402x-1-scaled.jpg","copy_image_column":"","numer_of_columns":"12","embed_video_gallery":""},{"image_gallery_columns":"https:\/\/static.effe.it\/website\/2021\/09\/alta-badia-1%402x-1-scaled.jpg","copy_image_column":"","numer_of_columns":"12","embed_video_gallery":""},{"image_gallery_columns":"https:\/\/static.effe.it\/website\/2021\/09\/alta-badia-15%402x.jpg","copy_image_column":"","numer_of_columns":"5","embed_video_gallery":""},{"image_gallery_columns":"https:\/\/static.effe.it\/website\/2021\/09\/alta-badia-13%402x.jpg","copy_image_column":"","numer_of_columns":"5","embed_video_gallery":""},{"image_gallery_columns":"https:\/\/static.effe.it\/website\/2021\/09\/alta-badia-4%402x-1.jpg","copy_image_column":"","numer_of_columns":"7","embed_video_gallery":""},{"image_gallery_columns":"https:\/\/static.effe.it\/website\/2021\/09\/alta-badia-6%402x-1.jpg","copy_image_column":"","numer_of_columns":"4","embed_video_gallery":""},{"image_gallery_columns":"https:\/\/static.effe.it\/website\/2021\/09\/alta-badia-7%402x-scaled.jpg","copy_image_column":"","numer_of_columns":"12","embed_video_gallery":""},{"image_gallery_columns":"https:\/\/static.effe.it\/website\/2021\/09\/alta-badia-11%402x.jpg","copy_image_column":"","numer_of_columns":"5","embed_video_gallery":""},{"image_gallery_columns":"https:\/\/static.effe.it\/website\/2021\/09\/alta-badia-12%402x.jpg","copy_image_column":"","numer_of_columns":"4","embed_video_gallery":""},{"image_gallery_columns":"https:\/\/static.effe.it\/website\/2021\/09\/alta-badia-10%402x.jpg","copy_image_column":"","numer_of_columns":"4","embed_video_gallery":""},{"image_gallery_columns":"https:\/\/static.effe.it\/website\/2021\/09\/alta-badia-17%402x.jpg","copy_image_column":"","numer_of_columns":"6","embed_video_gallery":""},{"image_gallery_columns":"https:\/\/static.effe.it\/website\/2021\/09\/alta-badia-9%402x-scaled.jpg","copy_image_column":"","numer_of_columns":"12","embed_video_gallery":""}],"similar_projects":[{"ID":25169,"post_author":"10","post_date":"2021-09-03 14:36:31","post_date_gmt":"2021-09-03 12:36:31","post_content":"<p class=\"p1\">Le Gallia Palace Hotel a s\u00e9lectionn\u00e9 les produits Effe pour la r\u00e9alisation de ses zones wellness. \u00c0 l\u2019int\u00e9rieur du spa priv\u00e9 de l\u2019h\u00f4tel le choix s\u2019est port\u00e9 sur Logica Spa, tandis que le centre de bien-\u00eatre est \u00e9quip\u00e9 de Hammam, Sauna, Bucket Shower et fontaine de glace. Au c\u0153ur du maquis m\u00e9diterran\u00e9en, dans la splendide station baln\u00e9aire de Punta Ala, l\u2019h\u00f4tel Gallia est l\u2019id\u00e9al pour des vacances relaxantes dans une atmosph\u00e8re de Dolce Vita.<\/p>","post_title":"Gallia Palace Resort","post_excerpt":"","post_status":"publish","comment_status":"closed","ping_status":"closed","post_password":"","post_name":"gallia-palace-resort","to_ping":"","pinged":"","post_modified":"2023-07-03 10:40:30","post_modified_gmt":"2023-07-03 08:40:30","post_content_filtered":"","post_parent":0,"guid":"https:\/\/www.effe.it\/referenza\/gallia-palace-resort\/","menu_order":0,"post_type":"referenza","post_mime_type":"","comment_count":"0","filter":"raw"},{"ID":24455,"post_author":"10","post_date":"2021-09-03 14:36:31","post_date_gmt":"2021-09-03 12:36:31","post_content":"<p class=\"p1\">Dominant l\u2019une des plus belles c\u00f4tes de Gr\u00e8ce, cette merveilleuse r\u00e9sidence est soign\u00e9e dans les moindres d\u00e9tails pour apporter une sensation de s\u00e9r\u00e9nit\u00e9, en totale harmonie avec la nature environnante. \u00c0 l\u2019int\u00e9rieur, le hammam et le sauna sur mesure Effe compl\u00e8tent l\u2019exp\u00e9rience de pur bien-\u00eatre.<\/p>","post_title":"DikoArch Villa","post_excerpt":"","post_status":"publish","comment_status":"closed","ping_status":"closed","post_password":"","post_name":"dikoarch-villa","to_ping":"","pinged":"","post_modified":"2023-07-03 10:05:39","post_modified_gmt":"2023-07-03 08:05:39","post_content_filtered":"","post_parent":0,"guid":"https:\/\/www.effe.it\/referenza\/dikoarch-villa\/","menu_order":0,"post_type":"referenza","post_mime_type":"","comment_count":"0","filter":"raw"},{"ID":24735,"post_author":"10","post_date":"2021-09-03 14:36:31","post_date_gmt":"2021-09-03 12:36:31","post_content":"<p class=\"p1\">L\u2019\u00e9l\u00e9gance du style Liberty anglais insolite pour la r\u00e9gion domine le Belv\u00e9d\u00e8re de Cesena gr\u00e2ce \u00e0 un projet extraordinaire de restauration de Villa Monty Banks. Michele Manuzzi et Erika Galbucci ont inaugur\u00e9 la nouvelle structure d\u2019accueil en d\u00e9cidant d\u2019\u00e9quiper leur plus belle suite avec une version sp\u00e9ciale de Yoku S d\u2019Effe aux parois recouvertes de miroirs. La zone Spa de la Villa propose un parcours sant\u00e9 alternant la vapeur, l\u2019eau, la chaleur et la d\u00e9tente.<\/p>","post_title":"Villa Monty Banks","post_excerpt":"","post_status":"publish","comment_status":"closed","ping_status":"closed","post_password":"","post_name":"villa-monty-banks-2","to_ping":"","pinged":"","post_modified":"2023-07-03 10:21:47","post_modified_gmt":"2023-07-03 08:21:47","post_content_filtered":"","post_parent":0,"guid":"https:\/\/www.effe.it\/referenza\/villa-monty-banks-2\/","menu_order":0,"post_type":"referenza","post_mime_type":"","comment_count":"0","filter":"raw"},{"ID":25735,"post_author":"10","post_date":"2021-09-03 14:36:31","post_date_gmt":"2021-09-03 12:36:31","post_content":"<p class=\"p1\">Dans l\u2019un des meilleurs emplacements de Lovere, la Casa del Porto est \u00e9quip\u00e9e d\u2019une zone bien-\u00eatre avec sauna et hammam de la marque Effe. Cette zone wellness suggestive a \u00e9t\u00e9 r\u00e9alis\u00e9e sur mesure dans les anciennes citernes souterraines.<\/p>","post_title":"La Casa del Porto","post_excerpt":"","post_status":"publish","comment_status":"closed","ping_status":"closed","post_password":"","post_name":"la-casa-del-porto-2","to_ping":"","pinged":"","post_modified":"2023-07-03 11:34:44","post_modified_gmt":"2023-07-03 09:34:44","post_content_filtered":"","post_parent":0,"guid":"https:\/\/www.effe.it\/referenza\/la-casa-del-porto-2\/","menu_order":0,"post_type":"referenza","post_mime_type":"","comment_count":"0","filter":"raw"}],"abilitare_progetti_simili":true},"_links":{"self":[{"href":"https:\/\/www.effe.it\/fr\/wp-json\/wp\/v2\/referenza\/26016"}],"collection":[{"href":"https:\/\/www.effe.it\/fr\/wp-json\/wp\/v2\/referenza"}],"about":[{"href":"https:\/\/www.effe.it\/fr\/wp-json\/wp\/v2\/types\/referenza"}],"wp:attachment":[{"href":"https:\/\/www.effe.it\/fr\/wp-json\/wp\/v2\/media?parent=26016"}],"curies":[{"name":"wp","href":"https:\/\/api.w.org\/{rel}","templated":true}]}}