{"id":25881,"date":"2021-09-03T14:36:31","date_gmt":"2021-09-03T12:36:31","guid":{"rendered":"https:\/\/www.effe.it\/referenza\/hotel-rosa-alpina-2\/"},"modified":"2023-07-03T11:32:42","modified_gmt":"2023-07-03T09:32:42","slug":"hotel-rosa-alpina-2","status":"publish","type":"referenza","link":"https:\/\/www.effe.it\/fr\/referenza\/hotel-rosa-alpina-2\/","title":{"rendered":"Hotel Rosa Alpina"},"content":{"rendered":"<p class=\"p1\">Au c\u0153ur des Dolomites, l\u2019h\u00f4tel Rosa Alpina offre un accueil fait de tradition et d\u2019atmosph\u00e8re montagnarde raffin\u00e9e. Ici, Effe a transform\u00e9 les douches en hammam gr\u00e2ce \u00e0 l\u2019utilisation de ses g\u00e9n\u00e9rateurs de vapeur. \u00c9l\u00e9gants et compacts, les g\u00e9n\u00e9rateurs Effe combinent la simplicit\u00e9 d\u2019installation, une haute technologie et l\u2019int\u00e9gration parfaite des diff\u00e9rents espaces.<\/p>\n","protected":false},"featured_media":0,"template":"","better_featured_image":null,"acf":{"gallery_photos_12_columns_reference":[{"image_gallery_columns":"https:\/\/static.effe.it\/website\/2021\/09\/hotel-rosa-alpina-2%402x-1-scaled.jpg","copy_image_column":"","numer_of_columns":"12","embed_video_gallery":""},{"image_gallery_columns":"https:\/\/static.effe.it\/website\/2021\/09\/hotel-rosa-alpina-6%402x-1.jpg","copy_image_column":"","numer_of_columns":"6","embed_video_gallery":""},{"image_gallery_columns":"https:\/\/static.effe.it\/website\/2021\/09\/hotel-rosa-alpina-7%402x-1.jpg","copy_image_column":"","numer_of_columns":"4","embed_video_gallery":""},{"image_gallery_columns":"https:\/\/static.effe.it\/website\/2021\/09\/hotel-rosa-alpina-19%402x.jpg","copy_image_column":"","numer_of_columns":"5","embed_video_gallery":""},{"image_gallery_columns":"https:\/\/static.effe.it\/website\/2021\/09\/hotel-rosa-alpina-9%402x-1.jpg","copy_image_column":"","numer_of_columns":"6","embed_video_gallery":""},{"image_gallery_columns":"https:\/\/static.effe.it\/website\/2021\/09\/hotel-rosa-alpina-1%402x-2-scaled.jpg","copy_image_column":"","numer_of_columns":"12","embed_video_gallery":""},{"image_gallery_columns":"https:\/\/static.effe.it\/website\/2021\/09\/hotel-rosa-alpina-18%402x.jpg","copy_image_column":"","numer_of_columns":"5","embed_video_gallery":""},{"image_gallery_columns":"https:\/\/static.effe.it\/website\/2021\/09\/hotel-rosa-alpina-21%402x.jpg","copy_image_column":"","numer_of_columns":"6","embed_video_gallery":""},{"image_gallery_columns":"https:\/\/static.effe.it\/website\/2021\/09\/hotel-rosa-alpina-8%402x-1.jpg","copy_image_column":"","numer_of_columns":"6","embed_video_gallery":""},{"image_gallery_columns":"https:\/\/static.effe.it\/website\/2021\/09\/hotel-rosa-alpina-14%402x.jpg","copy_image_column":"","numer_of_columns":"4","embed_video_gallery":""},{"image_gallery_columns":"https:\/\/static.effe.it\/website\/2021\/09\/hotel-rosa-alpina-15%402x-scaled.jpg","copy_image_column":"","numer_of_columns":"12","embed_video_gallery":""},{"image_gallery_columns":"https:\/\/static.effe.it\/website\/2021\/09\/hotel-rosa-alpina-11%402x.jpg","copy_image_column":"","numer_of_columns":"8","embed_video_gallery":""},{"image_gallery_columns":"https:\/\/static.effe.it\/website\/2021\/09\/hotel-rosa-alpina-3%402x-1.jpg","copy_image_column":"","numer_of_columns":"7","embed_video_gallery":""},{"image_gallery_columns":"https:\/\/static.effe.it\/website\/2021\/09\/hotel-rosa-alpina-5%402x-1.jpg","copy_image_column":"","numer_of_columns":"4","embed_video_gallery":""},{"image_gallery_columns":"https:\/\/static.effe.it\/website\/2021\/09\/hotel-rosa-alpina-4%402x-1-scaled.jpg","copy_image_column":"","numer_of_columns":"12","embed_video_gallery":""},{"image_gallery_columns":"https:\/\/static.effe.it\/website\/2021\/09\/hotel-rosa-alpina-17%402x-scaled.jpg","copy_image_column":"","numer_of_columns":"12","embed_video_gallery":""},{"image_gallery_columns":"https:\/\/static.effe.it\/website\/2021\/09\/hotel-rosa-alpina-16%402x.jpg","copy_image_column":"","numer_of_columns":"5","embed_video_gallery":""},{"image_gallery_columns":"https:\/\/static.effe.it\/website\/2021\/09\/hotel-rosa-alpina-13%402x.jpg","copy_image_column":"","numer_of_columns":"5","embed_video_gallery":""},{"image_gallery_columns":"https:\/\/static.effe.it\/website\/2021\/09\/hotel-rosa-alpina-10%402x-1.jpg","copy_image_column":"","numer_of_columns":"7","embed_video_gallery":""},{"image_gallery_columns":"https:\/\/static.effe.it\/website\/2021\/09\/hotel-rosa-alpina-12%402x.jpg","copy_image_column":"","numer_of_columns":"4","embed_video_gallery":""},{"image_gallery_columns":"https:\/\/static.effe.it\/website\/2021\/09\/hotel-rosa-alpina-20%402x-scaled.jpg","copy_image_column":"","numer_of_columns":"12","embed_video_gallery":""}],"related_products_group":{"toggle_related_product_field":true,"related_products":[{"ID":9751,"post_author":"12708","post_date":"2021-07-06 17:07:35","post_date_gmt":"2021-07-06 15:07:35","post_content":"Tableau de commande tactile avec ic\u00f4nes r\u00e9tro-illumin\u00e9es et indicateur du niveau de temp\u00e9rature. Entretien r\u00e9duit gr\u00e2ce au syst\u00e8me automatique de lavage de la chaudi\u00e8re qui minimise l'accumulation de calcaire. Design \u00e9l\u00e9gant et compact compos\u00e9 d'un panneau vitr\u00e9 tremp\u00e9 s\u00e9rigraphi\u00e9, \u00e9paisseur visible : 3,7 cm. PSF (Power Steam Function) : syst\u00e8me innovant de ventilation qui minimise la stratification des temp\u00e9ratures. Entretien r\u00e9duit et dur\u00e9e accrue gr\u00e2ce au syst\u00e8me automatique de lavage de la chaudi\u00e8re qui r\u00e9duit l'accumulation de calcaire.","post_title":"Touch&amp;Steam Smart","post_excerpt":"","post_status":"publish","comment_status":"closed","ping_status":"closed","post_password":"","post_name":"touchsteam-smart","to_ping":"","pinged":"","post_modified":"2026-03-10 10:44:07","post_modified_gmt":"2026-03-10 08:44:07","post_content_filtered":"","post_parent":0,"guid":"https:\/\/www.effe.it\/prodotto\/touchsteam\/","menu_order":0,"post_type":"prodotto","post_mime_type":"","comment_count":"0","filter":"raw"},{"ID":9645,"post_author":"12708","post_date":"2021-07-29 12:19:09","post_date_gmt":"2021-07-29 10:19:09","post_content":"Technologie Effe pour la production de vapeur : hygi\u00e8ne, contr\u00f4le du calcaire et qualit\u00e9 maximale de la vapeur. Entretien r\u00e9duit et dur\u00e9e accrue gr\u00e2ce au syst\u00e8me automatique de lavage de la chaudi\u00e8re qui r\u00e9duit l'accumulation de calcaire. Design compact compos\u00e9 d'un panneau vitr\u00e9 incurv\u00e9 s\u00e9rigraphi\u00e9, \u00e9paisseur visible : 3,7 cm. Pr\u00e9-installation pour raccordement de la lampe avec lumi\u00e8re blanche ou chromoth\u00e9rapie. Tableau de commande tactile avec ic\u00f4nes r\u00e9tro-illumin\u00e9es et indicateur du niveau de temp\u00e9rature. Le jet d\u2019eau r\u00e9tro-illumin\u00e9 \u00e9voque une source jaillissant naturellement du mur.\nLe bol servant \u00e0 recueillir l\u2019eau rappelle la tradition du hammam.","post_title":"Aquasteam Smart","post_excerpt":"","post_status":"draft","comment_status":"closed","ping_status":"closed","post_password":"","post_name":"aquasteam-smart","to_ping":"","pinged":"","post_modified":"2025-03-25 18:57:35","post_modified_gmt":"2025-03-25 16:57:35","post_content_filtered":"","post_parent":0,"guid":"https:\/\/www.effe.it\/prodotto\/aquasteam-smart\/","menu_order":0,"post_type":"prodotto","post_mime_type":"","comment_count":"0","filter":"raw"}]},"similar_projects":[{"ID":24455,"post_author":"10","post_date":"2021-09-03 14:36:31","post_date_gmt":"2021-09-03 12:36:31","post_content":"<p class=\"p1\">Dominant l\u2019une des plus belles c\u00f4tes de Gr\u00e8ce, cette merveilleuse r\u00e9sidence est soign\u00e9e dans les moindres d\u00e9tails pour apporter une sensation de s\u00e9r\u00e9nit\u00e9, en totale harmonie avec la nature environnante. \u00c0 l\u2019int\u00e9rieur, le hammam et le sauna sur mesure Effe compl\u00e8tent l\u2019exp\u00e9rience de pur bien-\u00eatre.<\/p>","post_title":"DikoArch Villa","post_excerpt":"","post_status":"publish","comment_status":"closed","ping_status":"closed","post_password":"","post_name":"dikoarch-villa","to_ping":"","pinged":"","post_modified":"2023-07-03 10:05:39","post_modified_gmt":"2023-07-03 08:05:39","post_content_filtered":"","post_parent":0,"guid":"https:\/\/www.effe.it\/referenza\/dikoarch-villa\/","menu_order":0,"post_type":"referenza","post_mime_type":"","comment_count":"0","filter":"raw"},{"ID":25735,"post_author":"10","post_date":"2021-09-03 14:36:31","post_date_gmt":"2021-09-03 12:36:31","post_content":"<p class=\"p1\">Dans l\u2019un des meilleurs emplacements de Lovere, la Casa del Porto est \u00e9quip\u00e9e d\u2019une zone bien-\u00eatre avec sauna et hammam de la marque Effe. Cette zone wellness suggestive a \u00e9t\u00e9 r\u00e9alis\u00e9e sur mesure dans les anciennes citernes souterraines.<\/p>","post_title":"La Casa del Porto","post_excerpt":"","post_status":"publish","comment_status":"closed","ping_status":"closed","post_password":"","post_name":"la-casa-del-porto-2","to_ping":"","pinged":"","post_modified":"2023-07-03 11:34:44","post_modified_gmt":"2023-07-03 09:34:44","post_content_filtered":"","post_parent":0,"guid":"https:\/\/www.effe.it\/referenza\/la-casa-del-porto-2\/","menu_order":0,"post_type":"referenza","post_mime_type":"","comment_count":"0","filter":"raw"},{"ID":21468,"post_author":"6","post_date":"2021-09-03 14:36:31","post_date_gmt":"2021-09-03 12:36:31","post_content":"<span data-sheets-value=\"{&quot;1&quot;:2,&quot;2&quot;:&quot;Effe est au c\u0153ur d\u2019une histoire de trente ans qui tourne autour du bien-\u00eatre et des anciens rituels du sauna et du hammam. Notre savoir-faire nous a permis de mener \u00e0 bien une intervention sur mesure comme celle-ci, en r\u00e9ussissant \u00e0 installer un sauna et un hammam dans cette ancienne demeure sans en bouleverser l\u2019\u00e9quilibre esth\u00e9tique.&quot;}\" data-sheets-userformat=\"{&quot;2&quot;:257,&quot;3&quot;:{&quot;1&quot;:0},&quot;11&quot;:4}\">Effe est au c\u0153ur d\u2019une histoire de trente ans qui tourne autour du bien-\u00eatre et des anciens rituels du sauna et du hammam. Notre savoir-faire nous a permis de mener \u00e0 bien une intervention sur mesure comme celle-ci, en r\u00e9ussissant \u00e0 installer un sauna et un hammam dans cette ancienne demeure sans en bouleverser l\u2019\u00e9quilibre esth\u00e9tique.<\/span>","post_title":"Maison priv\u00e9e, Ancona","post_excerpt":"","post_status":"publish","comment_status":"closed","ping_status":"closed","post_password":"","post_name":"private-house-ancona","to_ping":"","pinged":"","post_modified":"2022-03-04 11:20:54","post_modified_gmt":"2022-03-04 09:20:54","post_content_filtered":"","post_parent":0,"guid":"https:\/\/www.effe.it\/referenza\/lardini-house-private-house\/","menu_order":0,"post_type":"referenza","post_mime_type":"","comment_count":"0","filter":"raw"},{"ID":24781,"post_author":"10","post_date":"2022-01-31 12:25:18","post_date_gmt":"2022-01-31 10:25:18","post_content":"<!-- wp:paragraph -->\n<p>West One Bathrooms, avec Effe, Dornbracht et Sieger Design, pr\u00e9sentent un am\u00e9nagement d\u00e9di\u00e9 au concept de \u00ab&nbsp;Small Size Premium Spa&nbsp;\u00bb, o\u00f9 les espaces restreints de la maison se transforment en un lieu de bien-\u00eatre raffin\u00e9 et unique en son genre.<\/p>\n<!-- \/wp:paragraph -->","post_title":"West One Bathrooms","post_excerpt":"","post_status":"publish","comment_status":"closed","ping_status":"closed","post_password":"","post_name":"west-one-bathrooms","to_ping":"","pinged":"","post_modified":"2023-07-03 10:28:21","post_modified_gmt":"2023-07-03 08:28:21","post_content_filtered":"","post_parent":0,"guid":"https:\/\/www.effe.it\/referenza\/west-one-bathrooms\/","menu_order":0,"post_type":"referenza","post_mime_type":"","comment_count":"0","filter":"raw"}],"abilitare_progetti_simili":true},"_links":{"self":[{"href":"https:\/\/www.effe.it\/fr\/wp-json\/wp\/v2\/referenza\/25881"}],"collection":[{"href":"https:\/\/www.effe.it\/fr\/wp-json\/wp\/v2\/referenza"}],"about":[{"href":"https:\/\/www.effe.it\/fr\/wp-json\/wp\/v2\/types\/referenza"}],"wp:attachment":[{"href":"https:\/\/www.effe.it\/fr\/wp-json\/wp\/v2\/media?parent=25881"}],"curies":[{"name":"wp","href":"https:\/\/api.w.org\/{rel}","templated":true}]}}