{"id":25735,"date":"2021-09-03T14:36:31","date_gmt":"2021-09-03T12:36:31","guid":{"rendered":"https:\/\/www.effe.it\/referenza\/la-casa-del-porto-2\/"},"modified":"2023-07-03T11:34:44","modified_gmt":"2023-07-03T09:34:44","slug":"la-casa-del-porto-2","status":"publish","type":"referenza","link":"https:\/\/www.effe.it\/fr\/referenza\/la-casa-del-porto-2\/","title":{"rendered":"La Casa del Porto"},"content":{"rendered":"<p class=\"p1\">Dans l\u2019un des meilleurs emplacements de Lovere, la Casa del Porto est \u00e9quip\u00e9e d\u2019une zone bien-\u00eatre avec sauna et hammam de la marque Effe. Cette zone wellness suggestive a \u00e9t\u00e9 r\u00e9alis\u00e9e sur mesure dans les anciennes citernes souterraines.<\/p>\n","protected":false},"featured_media":0,"template":"","better_featured_image":null,"acf":{"gallery_photos_12_columns_reference":[{"image_gallery_columns":"https:\/\/static.effe.it\/website\/2021\/09\/casa-del-porto-1%402x-1-scaled.jpg","copy_image_column":"","numer_of_columns":"12","embed_video_gallery":""},{"image_gallery_columns":"https:\/\/static.effe.it\/website\/2021\/09\/casa-del-porto-16%402x.jpg","copy_image_column":"","numer_of_columns":"4","embed_video_gallery":""},{"image_gallery_columns":"https:\/\/static.effe.it\/website\/2021\/09\/casa-del-porto-17%402x.jpg","copy_image_column":"","numer_of_columns":"6","embed_video_gallery":""},{"image_gallery_columns":"https:\/\/static.effe.it\/website\/2021\/09\/casa-del-porto-18%402x.jpg","copy_image_column":"","numer_of_columns":"6","embed_video_gallery":""},{"image_gallery_columns":"https:\/\/static.effe.it\/website\/2021\/09\/casa-del-porto-10%402x.jpg","copy_image_column":"","numer_of_columns":"4","embed_video_gallery":""},{"image_gallery_columns":"https:\/\/static.effe.it\/website\/2021\/09\/casa-del-porto-5%402x-scaled.jpg","copy_image_column":"","numer_of_columns":"12","embed_video_gallery":""},{"image_gallery_columns":"https:\/\/static.effe.it\/website\/2021\/09\/casa-del-porto-13%402x.jpg","copy_image_column":"","numer_of_columns":"3","embed_video_gallery":""},{"image_gallery_columns":"https:\/\/static.effe.it\/website\/2021\/09\/casa-del-porto-15%402x.jpg","copy_image_column":"","numer_of_columns":"7","embed_video_gallery":""},{"image_gallery_columns":"https:\/\/static.effe.it\/website\/2021\/09\/casa-del-porto-19%402x.jpg","copy_image_column":"","numer_of_columns":"7","embed_video_gallery":""},{"image_gallery_columns":"https:\/\/static.effe.it\/website\/2021\/09\/casa-del-porto-21%402x.jpg","copy_image_column":"","numer_of_columns":"4","embed_video_gallery":""},{"image_gallery_columns":"https:\/\/static.effe.it\/website\/2021\/09\/casa-del-porto-2%402x-1-scaled.jpg","copy_image_column":"","numer_of_columns":"12","embed_video_gallery":""},{"image_gallery_columns":"https:\/\/static.effe.it\/website\/2021\/09\/casa-del-porto-20%402x.jpg","copy_image_column":"","numer_of_columns":"6","embed_video_gallery":""},{"image_gallery_columns":"https:\/\/static.effe.it\/website\/2021\/09\/casa-del-porto-14%402x.jpg","copy_image_column":"","numer_of_columns":"5","embed_video_gallery":""},{"image_gallery_columns":"https:\/\/static.effe.it\/website\/2021\/09\/casa-del-porto-11%402x.jpg","copy_image_column":"","numer_of_columns":"7","embed_video_gallery":""},{"image_gallery_columns":"https:\/\/static.effe.it\/website\/2021\/09\/casa-del-porto-12%402x.jpg","copy_image_column":"","numer_of_columns":"4","embed_video_gallery":""},{"image_gallery_columns":"https:\/\/static.effe.it\/website\/2021\/09\/casa-del-porto-3%402x-1-scaled.jpg","copy_image_column":"","numer_of_columns":"12","embed_video_gallery":""},{"image_gallery_columns":"https:\/\/static.effe.it\/website\/2021\/09\/casa-del-porto-9%402x.jpg","copy_image_column":"","numer_of_columns":"4","embed_video_gallery":""},{"image_gallery_columns":"https:\/\/static.effe.it\/website\/2021\/09\/casa-del-porto-8%402x.jpg","copy_image_column":"","numer_of_columns":"6","embed_video_gallery":""},{"image_gallery_columns":"https:\/\/static.effe.it\/website\/2021\/09\/casa-del-porto-6%402x-1.jpg","copy_image_column":"","numer_of_columns":"6","embed_video_gallery":""},{"image_gallery_columns":"https:\/\/static.effe.it\/website\/2021\/09\/casa-del-porto-7%402x.jpg","copy_image_column":"","numer_of_columns":"5","embed_video_gallery":""},{"image_gallery_columns":"https:\/\/static.effe.it\/website\/2021\/09\/casa-del-porto-4%402x-1-scaled.jpg","copy_image_column":"","numer_of_columns":"12","embed_video_gallery":""}],"related_products_group":{"toggle_related_product_field":true,"related_products":[{"ID":9735,"post_author":"12708","post_date":"2021-07-29 11:03:03","post_date_gmt":"2021-07-29 09:03:03","post_content":"Sky est r\u00e9alis\u00e9 en bois pr\u00e9cieux Hemlock canadien ou Aspen thermo-trait\u00e9 et vitres tremp\u00e9es de 10 mm. Paroi frontale, porte et plafond en verre conf\u00e8rent \u00e0 Sky une extr\u00eame transparence et l\u00e9g\u00e8ret\u00e9.","post_title":"Sky","post_excerpt":"","post_status":"publish","comment_status":"closed","ping_status":"closed","post_password":"","post_name":"sky","to_ping":"","pinged":"","post_modified":"2026-04-30 11:09:15","post_modified_gmt":"2026-04-30 09:09:15","post_content_filtered":"","post_parent":0,"guid":"https:\/\/www.effe.it\/prodotto\/sky\/","menu_order":0,"post_type":"prodotto","post_mime_type":"","comment_count":"0","filter":"raw"},{"ID":9751,"post_author":"12708","post_date":"2021-07-06 17:07:35","post_date_gmt":"2021-07-06 15:07:35","post_content":"Tableau de commande tactile avec ic\u00f4nes r\u00e9tro-illumin\u00e9es et indicateur du niveau de temp\u00e9rature. Entretien r\u00e9duit gr\u00e2ce au syst\u00e8me automatique de lavage de la chaudi\u00e8re qui minimise l'accumulation de calcaire. Design \u00e9l\u00e9gant et compact compos\u00e9 d'un panneau vitr\u00e9 tremp\u00e9 s\u00e9rigraphi\u00e9, \u00e9paisseur visible : 3,7 cm. PSF (Power Steam Function) : syst\u00e8me innovant de ventilation qui minimise la stratification des temp\u00e9ratures. Entretien r\u00e9duit et dur\u00e9e accrue gr\u00e2ce au syst\u00e8me automatique de lavage de la chaudi\u00e8re qui r\u00e9duit l'accumulation de calcaire.","post_title":"Touch&amp;Steam Smart","post_excerpt":"","post_status":"publish","comment_status":"closed","ping_status":"closed","post_password":"","post_name":"touchsteam-smart","to_ping":"","pinged":"","post_modified":"2026-03-10 10:44:07","post_modified_gmt":"2026-03-10 08:44:07","post_content_filtered":"","post_parent":0,"guid":"https:\/\/www.effe.it\/prodotto\/touchsteam\/","menu_order":0,"post_type":"prodotto","post_mime_type":"","comment_count":"0","filter":"raw"}]},"similar_projects":[{"ID":21468,"post_author":"6","post_date":"2021-09-03 14:36:31","post_date_gmt":"2021-09-03 12:36:31","post_content":"<span data-sheets-value=\"{&quot;1&quot;:2,&quot;2&quot;:&quot;Effe est au c\u0153ur d\u2019une histoire de trente ans qui tourne autour du bien-\u00eatre et des anciens rituels du sauna et du hammam. Notre savoir-faire nous a permis de mener \u00e0 bien une intervention sur mesure comme celle-ci, en r\u00e9ussissant \u00e0 installer un sauna et un hammam dans cette ancienne demeure sans en bouleverser l\u2019\u00e9quilibre esth\u00e9tique.&quot;}\" data-sheets-userformat=\"{&quot;2&quot;:257,&quot;3&quot;:{&quot;1&quot;:0},&quot;11&quot;:4}\">Effe est au c\u0153ur d\u2019une histoire de trente ans qui tourne autour du bien-\u00eatre et des anciens rituels du sauna et du hammam. Notre savoir-faire nous a permis de mener \u00e0 bien une intervention sur mesure comme celle-ci, en r\u00e9ussissant \u00e0 installer un sauna et un hammam dans cette ancienne demeure sans en bouleverser l\u2019\u00e9quilibre esth\u00e9tique.<\/span>","post_title":"Maison priv\u00e9e, Ancona","post_excerpt":"","post_status":"publish","comment_status":"closed","ping_status":"closed","post_password":"","post_name":"private-house-ancona","to_ping":"","pinged":"","post_modified":"2022-03-04 11:20:54","post_modified_gmt":"2022-03-04 09:20:54","post_content_filtered":"","post_parent":0,"guid":"https:\/\/www.effe.it\/referenza\/lardini-house-private-house\/","menu_order":0,"post_type":"referenza","post_mime_type":"","comment_count":"0","filter":"raw"},{"ID":24735,"post_author":"10","post_date":"2021-09-03 14:36:31","post_date_gmt":"2021-09-03 12:36:31","post_content":"<p class=\"p1\">L\u2019\u00e9l\u00e9gance du style Liberty anglais insolite pour la r\u00e9gion domine le Belv\u00e9d\u00e8re de Cesena gr\u00e2ce \u00e0 un projet extraordinaire de restauration de Villa Monty Banks. Michele Manuzzi et Erika Galbucci ont inaugur\u00e9 la nouvelle structure d\u2019accueil en d\u00e9cidant d\u2019\u00e9quiper leur plus belle suite avec une version sp\u00e9ciale de Yoku S d\u2019Effe aux parois recouvertes de miroirs. La zone Spa de la Villa propose un parcours sant\u00e9 alternant la vapeur, l\u2019eau, la chaleur et la d\u00e9tente.<\/p>","post_title":"Villa Monty Banks","post_excerpt":"","post_status":"publish","comment_status":"closed","ping_status":"closed","post_password":"","post_name":"villa-monty-banks-2","to_ping":"","pinged":"","post_modified":"2023-07-03 10:21:47","post_modified_gmt":"2023-07-03 08:21:47","post_content_filtered":"","post_parent":0,"guid":"https:\/\/www.effe.it\/referenza\/villa-monty-banks-2\/","menu_order":0,"post_type":"referenza","post_mime_type":"","comment_count":"0","filter":"raw"},{"ID":24781,"post_author":"10","post_date":"2022-01-31 12:25:18","post_date_gmt":"2022-01-31 10:25:18","post_content":"<!-- wp:paragraph -->\n<p>West One Bathrooms, avec Effe, Dornbracht et Sieger Design, pr\u00e9sentent un am\u00e9nagement d\u00e9di\u00e9 au concept de \u00ab&nbsp;Small Size Premium Spa&nbsp;\u00bb, o\u00f9 les espaces restreints de la maison se transforment en un lieu de bien-\u00eatre raffin\u00e9 et unique en son genre.<\/p>\n<!-- \/wp:paragraph -->","post_title":"West One Bathrooms","post_excerpt":"","post_status":"publish","comment_status":"closed","ping_status":"closed","post_password":"","post_name":"west-one-bathrooms","to_ping":"","pinged":"","post_modified":"2023-07-03 10:28:21","post_modified_gmt":"2023-07-03 08:28:21","post_content_filtered":"","post_parent":0,"guid":"https:\/\/www.effe.it\/referenza\/west-one-bathrooms\/","menu_order":0,"post_type":"referenza","post_mime_type":"","comment_count":"0","filter":"raw"},{"ID":25881,"post_author":"10","post_date":"2021-09-03 14:36:31","post_date_gmt":"2021-09-03 12:36:31","post_content":"<p class=\"p1\">Au c\u0153ur des Dolomites, l\u2019h\u00f4tel Rosa Alpina offre un accueil fait de tradition et d\u2019atmosph\u00e8re montagnarde raffin\u00e9e. Ici, Effe a transform\u00e9 les douches en hammam gr\u00e2ce \u00e0 l\u2019utilisation de ses g\u00e9n\u00e9rateurs de vapeur. \u00c9l\u00e9gants et compacts, les g\u00e9n\u00e9rateurs Effe combinent la simplicit\u00e9 d\u2019installation, une haute technologie et l\u2019int\u00e9gration parfaite des diff\u00e9rents espaces.<\/p>","post_title":"Hotel Rosa Alpina","post_excerpt":"","post_status":"publish","comment_status":"closed","ping_status":"closed","post_password":"","post_name":"hotel-rosa-alpina-2","to_ping":"","pinged":"","post_modified":"2023-07-03 11:32:42","post_modified_gmt":"2023-07-03 09:32:42","post_content_filtered":"","post_parent":0,"guid":"https:\/\/www.effe.it\/referenza\/hotel-rosa-alpina-2\/","menu_order":0,"post_type":"referenza","post_mime_type":"","comment_count":"0","filter":"raw"}],"abilitare_progetti_simili":true},"_links":{"self":[{"href":"https:\/\/www.effe.it\/fr\/wp-json\/wp\/v2\/referenza\/25735"}],"collection":[{"href":"https:\/\/www.effe.it\/fr\/wp-json\/wp\/v2\/referenza"}],"about":[{"href":"https:\/\/www.effe.it\/fr\/wp-json\/wp\/v2\/types\/referenza"}],"wp:attachment":[{"href":"https:\/\/www.effe.it\/fr\/wp-json\/wp\/v2\/media?parent=25735"}],"curies":[{"name":"wp","href":"https:\/\/api.w.org\/{rel}","templated":true}]}}