{"id":25338,"date":"2021-09-03T14:36:31","date_gmt":"2021-09-03T12:36:31","guid":{"rendered":"https:\/\/www.effe.it\/referenza\/cesenatico-private-house-2\/"},"modified":"2023-07-03T11:28:41","modified_gmt":"2023-07-03T09:28:41","slug":"cesenatico-private-house-2","status":"publish","type":"referenza","link":"https:\/\/www.effe.it\/fr\/referenza\/cesenatico-private-house-2\/","title":{"rendered":"Maison priv\u00e9e, Cesenatico"},"content":{"rendered":"<p class=\"p1\">Sur les toits de Cesenatico, une niche de bien-\u00eatre intime : ici WaterDream, la nouvelle mini-piscine d\u2019Effe, est la reine. Le massage est assur\u00e9 par des jets d\u2019eau d\u2019intensit\u00e9 variable qui enveloppent le corps et ont comme effet de produire une grande relaxation g\u00e9n\u00e9rale.<\/p>\n","protected":false},"featured_media":0,"template":"","better_featured_image":null,"acf":{"related_products_group":{"toggle_related_product_field":true,"related_products":[{"ID":9545,"post_author":"20","post_date":"2021-07-29 12:19:09","post_date_gmt":"2021-07-29 10:19:09","post_content":"La mini piscine permet de garder l'eau \u00e0 l'int\u00e9rieur pendant de longues p\u00e9riodes, sans la vider apr\u00e8s chaque utilisation. Fonction Source : un l\u00e9ger flux d'eau qui part du fond de la baignoire et g\u00e9n\u00e8re un mouvement circulaire. WaterDream est facilement int\u00e9grable dans n\u2019importe quel contexte d\u2019ameublement de la salle de bain gr\u00e2ce \u00e0 la personnalisation du panneau qui cache le tableau de commandes, plac\u00e9 sur le c\u00f4t\u00e9 de la baignoire.","post_title":"WaterDream","post_excerpt":"","post_status":"publish","comment_status":"closed","ping_status":"closed","post_password":"","post_name":"waterdream","to_ping":"","pinged":"","post_modified":"2024-04-30 17:19:45","post_modified_gmt":"2024-04-30 15:19:45","post_content_filtered":"","post_parent":0,"guid":"https:\/\/www.effe.it\/blog\/prodotto\/waterdream\/","menu_order":0,"post_type":"prodotto","post_mime_type":"","comment_count":"0","filter":"raw"},{"ID":9566,"post_author":"20","post_date":"2021-07-29 12:19:09","post_date_gmt":"2021-07-29 10:19:09","post_content":"Des jeux de lumi\u00e8re submerg\u00e9e compl\u00e8tent ce produit \u00e9l\u00e9gant et polyvalent. Baignoire dot\u00e9e de diff\u00e9rents types d'hydromassage et de la fonction de chromoth\u00e9rapie Blade Light \u00e0 LED RGB. WaterSuite peut \u00eatre facilement int\u00e9gr\u00e9e dans n\u2019importe quel contexte d\u2019ameublement de la salle de bain gr\u00e2ce \u00e0 la personnalisation du panneau qui cache le tableau de commandes, plac\u00e9 sur le c\u00f4t\u00e9 de la baignoire.","post_title":"WaterSuite","post_excerpt":"","post_status":"publish","comment_status":"closed","ping_status":"closed","post_password":"","post_name":"watersuite","to_ping":"","pinged":"","post_modified":"2024-05-02 13:27:11","post_modified_gmt":"2024-05-02 11:27:11","post_content_filtered":"","post_parent":0,"guid":"https:\/\/www.effe.it\/blog\/prodotto\/watersuite\/","menu_order":0,"post_type":"prodotto","post_mime_type":"","comment_count":"0","filter":"raw"}]},"gallery_photos_12_columns_reference":[{"image_gallery_columns":"https:\/\/static.effe.it\/website\/2021\/09\/cesenatico-17-scaled.jpg","copy_image_column":"","numer_of_columns":"12","embed_video_gallery":""},{"image_gallery_columns":"https:\/\/static.effe.it\/website\/2021\/09\/cesenatico-22.jpg","copy_image_column":"","numer_of_columns":"6","embed_video_gallery":""},{"image_gallery_columns":"https:\/\/static.effe.it\/website\/2021\/09\/cesenatico-16.jpg","copy_image_column":"","numer_of_columns":"3","embed_video_gallery":""},{"image_gallery_columns":"https:\/\/static.effe.it\/website\/2021\/09\/cesenatico-18.jpg","copy_image_column":"","numer_of_columns":"4","embed_video_gallery":""},{"image_gallery_columns":"https:\/\/static.effe.it\/website\/2021\/09\/cesenatico-26.jpg","copy_image_column":"","numer_of_columns":"7","embed_video_gallery":""},{"image_gallery_columns":"https:\/\/static.effe.it\/website\/2021\/09\/cesenatico-15-scaled.jpg","copy_image_column":"","numer_of_columns":"12","embed_video_gallery":""},{"image_gallery_columns":"https:\/\/static.effe.it\/website\/2021\/09\/cesenatico-13.jpg","copy_image_column":"","numer_of_columns":"6","embed_video_gallery":""},{"image_gallery_columns":"https:\/\/static.effe.it\/website\/2021\/09\/cesenatico-14.jpg","copy_image_column":"","numer_of_columns":"5","embed_video_gallery":""},{"image_gallery_columns":"https:\/\/static.effe.it\/website\/2021\/09\/cesenatico-11.jpg","copy_image_column":"","numer_of_columns":"6","embed_video_gallery":""},{"image_gallery_columns":"https:\/\/static.effe.it\/website\/2021\/09\/cesenatico-12.jpg","copy_image_column":"","numer_of_columns":"4","embed_video_gallery":""},{"image_gallery_columns":"https:\/\/static.effe.it\/website\/2021\/09\/cesenatico-10.jpg","copy_image_column":"","numer_of_columns":"8","embed_video_gallery":""},{"image_gallery_columns":"https:\/\/static.effe.it\/website\/2021\/09\/cesenatico-9-scaled.jpg","copy_image_column":"","numer_of_columns":"12","embed_video_gallery":""},{"image_gallery_columns":"https:\/\/static.effe.it\/website\/2021\/09\/cesenatico-7.jpg","copy_image_column":"","numer_of_columns":"6","embed_video_gallery":""},{"image_gallery_columns":"https:\/\/static.effe.it\/website\/2021\/09\/cesenatico-8.jpg","copy_image_column":"","numer_of_columns":"4","embed_video_gallery":""},{"image_gallery_columns":"https:\/\/static.effe.it\/website\/2021\/09\/cesenatico-5-scaled.jpg","copy_image_column":"","numer_of_columns":"12","embed_video_gallery":""},{"image_gallery_columns":"https:\/\/static.effe.it\/website\/2021\/09\/cesenatico-4.jpg","copy_image_column":"","numer_of_columns":"6","embed_video_gallery":""},{"image_gallery_columns":"https:\/\/static.effe.it\/website\/2021\/09\/cesenatico-23.jpg","copy_image_column":"","numer_of_columns":"5","embed_video_gallery":""},{"image_gallery_columns":"https:\/\/static.effe.it\/website\/2021\/09\/cesenatico-20-scaled.jpg","copy_image_column":"","numer_of_columns":"12","embed_video_gallery":""},{"image_gallery_columns":"https:\/\/static.effe.it\/website\/2021\/09\/cesenatico-27.jpg","copy_image_column":"","numer_of_columns":"6","embed_video_gallery":""},{"image_gallery_columns":"https:\/\/static.effe.it\/website\/2021\/09\/cesenatico-3.jpg","copy_image_column":"","numer_of_columns":"4","embed_video_gallery":""},{"image_gallery_columns":"https:\/\/static.effe.it\/website\/2021\/09\/cesenatico-19.jpg","copy_image_column":"","numer_of_columns":"4","embed_video_gallery":""},{"image_gallery_columns":"https:\/\/static.effe.it\/website\/2021\/09\/cesenatico-25.jpg","copy_image_column":"","numer_of_columns":"7","embed_video_gallery":""},{"image_gallery_columns":"https:\/\/static.effe.it\/website\/2021\/09\/cesenatico-1-scaled.jpg","copy_image_column":"","numer_of_columns":"12","embed_video_gallery":""},{"image_gallery_columns":"https:\/\/static.effe.it\/website\/2021\/09\/cesenatico-2.jpg","copy_image_column":"","numer_of_columns":"7","embed_video_gallery":""},{"image_gallery_columns":"https:\/\/static.effe.it\/website\/2021\/09\/cesenatico-6.jpg","copy_image_column":"","numer_of_columns":"4","embed_video_gallery":""}],"similar_projects":[{"ID":21162,"post_author":"6","post_date":"2021-10-05 15:21:34","post_date_gmt":"2021-10-05 13:21:34","post_content":"<!-- wp:paragraph -->\n<p>Arte, immeuble unique en son genre compos\u00e9 de seize appartements avec vue sur la mer dans le quartier de Surfside, est le tout premier projet aux \u00c9tats-Unis n\u00e9 du partenariat italien l\u00e9gendaire entre design et architecture d\u2019Antonio Citterio et de Patricia Viel en collaboration avec Kobi Karp Architecture &amp; Interior Design.<\/p>\n<!-- \/wp:paragraph -->","post_title":"Arte Surfside Miami Beach","post_excerpt":"","post_status":"publish","comment_status":"closed","ping_status":"closed","post_password":"","post_name":"arte-surfside-miami-beach","to_ping":"","pinged":"","post_modified":"2022-03-03 12:09:59","post_modified_gmt":"2022-03-03 10:09:59","post_content_filtered":"","post_parent":0,"guid":"https:\/\/www.effe.it\/referenza\/arte-surfside-miami-beach\/","menu_order":0,"post_type":"referenza","post_mime_type":"","comment_count":"0","filter":"raw"},{"ID":24455,"post_author":"10","post_date":"2021-09-03 14:36:31","post_date_gmt":"2021-09-03 12:36:31","post_content":"<p class=\"p1\">Dominant l\u2019une des plus belles c\u00f4tes de Gr\u00e8ce, cette merveilleuse r\u00e9sidence est soign\u00e9e dans les moindres d\u00e9tails pour apporter une sensation de s\u00e9r\u00e9nit\u00e9, en totale harmonie avec la nature environnante. \u00c0 l\u2019int\u00e9rieur, le hammam et le sauna sur mesure Effe compl\u00e8tent l\u2019exp\u00e9rience de pur bien-\u00eatre.<\/p>","post_title":"DikoArch Villa","post_excerpt":"","post_status":"publish","comment_status":"closed","ping_status":"closed","post_password":"","post_name":"dikoarch-villa","to_ping":"","pinged":"","post_modified":"2023-07-03 10:05:39","post_modified_gmt":"2023-07-03 08:05:39","post_content_filtered":"","post_parent":0,"guid":"https:\/\/www.effe.it\/referenza\/dikoarch-villa\/","menu_order":0,"post_type":"referenza","post_mime_type":"","comment_count":"0","filter":"raw"},{"ID":25169,"post_author":"10","post_date":"2021-09-03 14:36:31","post_date_gmt":"2021-09-03 12:36:31","post_content":"<p class=\"p1\">Le Gallia Palace Hotel a s\u00e9lectionn\u00e9 les produits Effe pour la r\u00e9alisation de ses zones wellness. \u00c0 l\u2019int\u00e9rieur du spa priv\u00e9 de l\u2019h\u00f4tel le choix s\u2019est port\u00e9 sur Logica Spa, tandis que le centre de bien-\u00eatre est \u00e9quip\u00e9 de Hammam, Sauna, Bucket Shower et fontaine de glace. Au c\u0153ur du maquis m\u00e9diterran\u00e9en, dans la splendide station baln\u00e9aire de Punta Ala, l\u2019h\u00f4tel Gallia est l\u2019id\u00e9al pour des vacances relaxantes dans une atmosph\u00e8re de Dolce Vita.<\/p>","post_title":"Gallia Palace Resort","post_excerpt":"","post_status":"publish","comment_status":"closed","ping_status":"closed","post_password":"","post_name":"gallia-palace-resort","to_ping":"","pinged":"","post_modified":"2023-07-03 10:40:30","post_modified_gmt":"2023-07-03 08:40:30","post_content_filtered":"","post_parent":0,"guid":"https:\/\/www.effe.it\/referenza\/gallia-palace-resort\/","menu_order":0,"post_type":"referenza","post_mime_type":"","comment_count":"0","filter":"raw"},{"ID":24735,"post_author":"10","post_date":"2021-09-03 14:36:31","post_date_gmt":"2021-09-03 12:36:31","post_content":"<p class=\"p1\">L\u2019\u00e9l\u00e9gance du style Liberty anglais insolite pour la r\u00e9gion domine le Belv\u00e9d\u00e8re de Cesena gr\u00e2ce \u00e0 un projet extraordinaire de restauration de Villa Monty Banks. Michele Manuzzi et Erika Galbucci ont inaugur\u00e9 la nouvelle structure d\u2019accueil en d\u00e9cidant d\u2019\u00e9quiper leur plus belle suite avec une version sp\u00e9ciale de Yoku S d\u2019Effe aux parois recouvertes de miroirs. La zone Spa de la Villa propose un parcours sant\u00e9 alternant la vapeur, l\u2019eau, la chaleur et la d\u00e9tente.<\/p>","post_title":"Villa Monty Banks","post_excerpt":"","post_status":"publish","comment_status":"closed","ping_status":"closed","post_password":"","post_name":"villa-monty-banks-2","to_ping":"","pinged":"","post_modified":"2023-07-03 10:21:47","post_modified_gmt":"2023-07-03 08:21:47","post_content_filtered":"","post_parent":0,"guid":"https:\/\/www.effe.it\/referenza\/villa-monty-banks-2\/","menu_order":0,"post_type":"referenza","post_mime_type":"","comment_count":"0","filter":"raw"}],"abilitare_progetti_simili":true},"_links":{"self":[{"href":"https:\/\/www.effe.it\/fr\/wp-json\/wp\/v2\/referenza\/25338"}],"collection":[{"href":"https:\/\/www.effe.it\/fr\/wp-json\/wp\/v2\/referenza"}],"about":[{"href":"https:\/\/www.effe.it\/fr\/wp-json\/wp\/v2\/types\/referenza"}],"wp:attachment":[{"href":"https:\/\/www.effe.it\/fr\/wp-json\/wp\/v2\/media?parent=25338"}],"curies":[{"name":"wp","href":"https:\/\/api.w.org\/{rel}","templated":true}]}}