{"id":24781,"date":"2022-01-31T12:25:18","date_gmt":"2022-01-31T10:25:18","guid":{"rendered":"https:\/\/www.effe.it\/referenza\/west-one-bathrooms\/"},"modified":"2023-07-03T10:28:21","modified_gmt":"2023-07-03T08:28:21","slug":"west-one-bathrooms","status":"publish","type":"referenza","link":"https:\/\/www.effe.it\/fr\/referenza\/west-one-bathrooms\/","title":{"rendered":"West One Bathrooms"},"content":{"rendered":"\n<p>West One Bathrooms, avec Effe, Dornbracht et Sieger Design, pr\u00e9sentent un am\u00e9nagement d\u00e9di\u00e9 au concept de \u00ab&nbsp;Small Size Premium Spa&nbsp;\u00bb, o\u00f9 les espaces restreints de la maison se transforment en un lieu de bien-\u00eatre raffin\u00e9 et unique en son genre.<\/p>\n","protected":false},"featured_media":0,"template":"","better_featured_image":null,"acf":{"gallery_photos_12_columns_reference":[{"image_gallery_columns":"https:\/\/static.effe.it\/website\/2022\/01\/West-One-Bathrooms-SSPS-Spa-Battersea-22-scaled.jpg","copy_image_column":"","numer_of_columns":"12","embed_video_gallery":""},{"image_gallery_columns":"https:\/\/static.effe.it\/website\/2022\/01\/2-West-One-Bathrooms-SSPS-Spa-Battersea-23.jpg","copy_image_column":"","numer_of_columns":"6","embed_video_gallery":""},{"image_gallery_columns":"https:\/\/static.effe.it\/website\/2022\/01\/3-West-One-Bathrooms-SSPS-Spa-Battersea-26.jpg","copy_image_column":"","numer_of_columns":"5","embed_video_gallery":""},{"image_gallery_columns":"https:\/\/static.effe.it\/website\/2022\/01\/4-West-One-Bathrooms-SSPS-Spa-Battersea-24.jpg","copy_image_column":"","numer_of_columns":"4","embed_video_gallery":""},{"image_gallery_columns":"https:\/\/static.effe.it\/website\/2022\/01\/5-West-One-Bathrooms-SSPS-Spa-Battersea-20.jpg","copy_image_column":"","numer_of_columns":"6","embed_video_gallery":""},{"image_gallery_columns":"https:\/\/static.effe.it\/website\/2022\/01\/6-West-One-Bathrooms-SSPS-Spa-Battersea-25-scaled.jpg","copy_image_column":"","numer_of_columns":"12","embed_video_gallery":""}],"related_products_group":{"toggle_related_product_field":true,"related_products":[{"ID":9751,"post_author":"12708","post_date":"2021-07-06 17:07:35","post_date_gmt":"2021-07-06 15:07:35","post_content":"Tableau de commande tactile avec ic\u00f4nes r\u00e9tro-illumin\u00e9es et indicateur du niveau de temp\u00e9rature. Entretien r\u00e9duit gr\u00e2ce au syst\u00e8me automatique de lavage de la chaudi\u00e8re qui minimise l'accumulation de calcaire. Design \u00e9l\u00e9gant et compact compos\u00e9 d'un panneau vitr\u00e9 tremp\u00e9 s\u00e9rigraphi\u00e9, \u00e9paisseur visible : 3,7 cm. PSF (Power Steam Function) : syst\u00e8me innovant de ventilation qui minimise la stratification des temp\u00e9ratures. Entretien r\u00e9duit et dur\u00e9e accrue gr\u00e2ce au syst\u00e8me automatique de lavage de la chaudi\u00e8re qui r\u00e9duit l'accumulation de calcaire.","post_title":"Touch&amp;Steam Smart","post_excerpt":"","post_status":"publish","comment_status":"closed","ping_status":"closed","post_password":"","post_name":"touchsteam-smart","to_ping":"","pinged":"","post_modified":"2026-03-10 10:44:07","post_modified_gmt":"2026-03-10 08:44:07","post_content_filtered":"","post_parent":0,"guid":"https:\/\/www.effe.it\/prodotto\/touchsteam\/","menu_order":0,"post_type":"prodotto","post_mime_type":"","comment_count":"0","filter":"raw"},{"ID":9572,"post_author":"6","post_date":"2021-07-29 12:19:09","post_date_gmt":"2021-07-29 10:19:09","post_content":"Fit Shower peut \u00eatre combin\u00e9e avec n\u2019importe quel g\u00e9n\u00e9rateur de vapeur Effe. Installation au plafond: encastr\u00e9e, semi-encastr\u00e9e, en saillie. Douche avec deux jets d\u2019eau diff\u00e9rents: jet d\u2019eau et jet tonique.","post_title":"Fit Shower","post_excerpt":"","post_status":"draft","comment_status":"closed","ping_status":"closed","post_password":"","post_name":"fit-shower","to_ping":"","pinged":"","post_modified":"2024-04-15 16:29:36","post_modified_gmt":"2024-04-15 14:29:36","post_content_filtered":"","post_parent":0,"guid":"https:\/\/www.effe.it\/blog\/prodotto\/fit-shower\/","menu_order":0,"post_type":"prodotto","post_mime_type":"","comment_count":"0","filter":"raw"}]},"similar_projects":[{"ID":24455,"post_author":"10","post_date":"2021-09-03 14:36:31","post_date_gmt":"2021-09-03 12:36:31","post_content":"<p class=\"p1\">Dominant l\u2019une des plus belles c\u00f4tes de Gr\u00e8ce, cette merveilleuse r\u00e9sidence est soign\u00e9e dans les moindres d\u00e9tails pour apporter une sensation de s\u00e9r\u00e9nit\u00e9, en totale harmonie avec la nature environnante. \u00c0 l\u2019int\u00e9rieur, le hammam et le sauna sur mesure Effe compl\u00e8tent l\u2019exp\u00e9rience de pur bien-\u00eatre.<\/p>","post_title":"DikoArch Villa","post_excerpt":"","post_status":"publish","comment_status":"closed","ping_status":"closed","post_password":"","post_name":"dikoarch-villa","to_ping":"","pinged":"","post_modified":"2023-07-03 10:05:39","post_modified_gmt":"2023-07-03 08:05:39","post_content_filtered":"","post_parent":0,"guid":"https:\/\/www.effe.it\/referenza\/dikoarch-villa\/","menu_order":0,"post_type":"referenza","post_mime_type":"","comment_count":"0","filter":"raw"},{"ID":25881,"post_author":"10","post_date":"2021-09-03 14:36:31","post_date_gmt":"2021-09-03 12:36:31","post_content":"<p class=\"p1\">Au c\u0153ur des Dolomites, l\u2019h\u00f4tel Rosa Alpina offre un accueil fait de tradition et d\u2019atmosph\u00e8re montagnarde raffin\u00e9e. Ici, Effe a transform\u00e9 les douches en hammam gr\u00e2ce \u00e0 l\u2019utilisation de ses g\u00e9n\u00e9rateurs de vapeur. \u00c9l\u00e9gants et compacts, les g\u00e9n\u00e9rateurs Effe combinent la simplicit\u00e9 d\u2019installation, une haute technologie et l\u2019int\u00e9gration parfaite des diff\u00e9rents espaces.<\/p>","post_title":"Hotel Rosa Alpina","post_excerpt":"","post_status":"publish","comment_status":"closed","ping_status":"closed","post_password":"","post_name":"hotel-rosa-alpina-2","to_ping":"","pinged":"","post_modified":"2023-07-03 11:32:42","post_modified_gmt":"2023-07-03 09:32:42","post_content_filtered":"","post_parent":0,"guid":"https:\/\/www.effe.it\/referenza\/hotel-rosa-alpina-2\/","menu_order":0,"post_type":"referenza","post_mime_type":"","comment_count":"0","filter":"raw"}],"abilitare_progetti_simili":true},"_links":{"self":[{"href":"https:\/\/www.effe.it\/fr\/wp-json\/wp\/v2\/referenza\/24781"}],"collection":[{"href":"https:\/\/www.effe.it\/fr\/wp-json\/wp\/v2\/referenza"}],"about":[{"href":"https:\/\/www.effe.it\/fr\/wp-json\/wp\/v2\/types\/referenza"}],"wp:attachment":[{"href":"https:\/\/www.effe.it\/fr\/wp-json\/wp\/v2\/media?parent=24781"}],"curies":[{"name":"wp","href":"https:\/\/api.w.org\/{rel}","templated":true}]}}