{"id":24735,"date":"2021-09-03T14:36:31","date_gmt":"2021-09-03T12:36:31","guid":{"rendered":"https:\/\/www.effe.it\/referenza\/villa-monty-banks-2\/"},"modified":"2023-07-03T10:21:47","modified_gmt":"2023-07-03T08:21:47","slug":"villa-monty-banks-2","status":"publish","type":"referenza","link":"https:\/\/www.effe.it\/fr\/referenza\/villa-monty-banks-2\/","title":{"rendered":"Villa Monty Banks"},"content":{"rendered":"<p class=\"p1\">L\u2019\u00e9l\u00e9gance du style Liberty anglais insolite pour la r\u00e9gion domine le Belv\u00e9d\u00e8re de Cesena gr\u00e2ce \u00e0 un projet extraordinaire de restauration de Villa Monty Banks. Michele Manuzzi et Erika Galbucci ont inaugur\u00e9 la nouvelle structure d\u2019accueil en d\u00e9cidant d\u2019\u00e9quiper leur plus belle suite avec une version sp\u00e9ciale de Yoku S d\u2019Effe aux parois recouvertes de miroirs. La zone Spa de la Villa propose un parcours sant\u00e9 alternant la vapeur, l\u2019eau, la chaleur et la d\u00e9tente.<\/p>\n","protected":false},"featured_media":0,"template":"","better_featured_image":null,"acf":{"related_products_group":{"toggle_related_product_field":true,"related_products":[{"ID":9745,"post_author":"12708","post_date":"2021-07-29 11:03:03","post_date_gmt":"2021-07-29 09:03:03","post_content":"Trois diverses solutions esth\u00e9tiques d\u00e9clinables en trois diverses essences de bois permettent de r\u00e9aliser toutes propositions conceptuelles. Le volume du po\u00eale est int\u00e9gr\u00e9 dans la banquette inf\u00e9rieure, offrant ainsi une image de grande lin\u00e9arit\u00e9 formelle.\n\nL'inspiration, dont il tire son nom, se penche sur une branche particuli\u00e8re de la m\u00e9decine naturelle japonaise bas\u00e9e sur les effets b\u00e9n\u00e9fiques du contact avec les plantes et avec l'atmosph\u00e8re des for\u00eats.","post_title":"Yoku S","post_excerpt":"","post_status":"publish","comment_status":"closed","ping_status":"closed","post_password":"","post_name":"yoku-s","to_ping":"","pinged":"","post_modified":"2026-04-30 10:33:51","post_modified_gmt":"2026-04-30 08:33:51","post_content_filtered":"","post_parent":0,"guid":"https:\/\/www.effe.it\/prodotto\/yoku-s\/","menu_order":0,"post_type":"prodotto","post_mime_type":"","comment_count":"0","filter":"raw"},{"ID":9572,"post_author":"6","post_date":"2021-07-29 12:19:09","post_date_gmt":"2021-07-29 10:19:09","post_content":"Fit Shower peut \u00eatre combin\u00e9e avec n\u2019importe quel g\u00e9n\u00e9rateur de vapeur Effe. Installation au plafond: encastr\u00e9e, semi-encastr\u00e9e, en saillie. Douche avec deux jets d\u2019eau diff\u00e9rents: jet d\u2019eau et jet tonique.","post_title":"Fit Shower","post_excerpt":"","post_status":"draft","comment_status":"closed","ping_status":"closed","post_password":"","post_name":"fit-shower","to_ping":"","pinged":"","post_modified":"2024-04-15 16:29:36","post_modified_gmt":"2024-04-15 14:29:36","post_content_filtered":"","post_parent":0,"guid":"https:\/\/www.effe.it\/blog\/prodotto\/fit-shower\/","menu_order":0,"post_type":"prodotto","post_mime_type":"","comment_count":"0","filter":"raw"},{"ID":9735,"post_author":"12708","post_date":"2021-07-29 11:03:03","post_date_gmt":"2021-07-29 09:03:03","post_content":"Sky est r\u00e9alis\u00e9 en bois pr\u00e9cieux Hemlock canadien ou Aspen thermo-trait\u00e9 et vitres tremp\u00e9es de 10 mm. Paroi frontale, porte et plafond en verre conf\u00e8rent \u00e0 Sky une extr\u00eame transparence et l\u00e9g\u00e8ret\u00e9.","post_title":"Sky","post_excerpt":"","post_status":"publish","comment_status":"closed","ping_status":"closed","post_password":"","post_name":"sky","to_ping":"","pinged":"","post_modified":"2026-04-30 11:09:15","post_modified_gmt":"2026-04-30 09:09:15","post_content_filtered":"","post_parent":0,"guid":"https:\/\/www.effe.it\/prodotto\/sky\/","menu_order":0,"post_type":"prodotto","post_mime_type":"","comment_count":"0","filter":"raw"},{"ID":9603,"post_author":"12708","post_date":"2021-07-29 12:19:09","post_date_gmt":"2021-07-29 10:19:09","post_content":"G\u00e9n\u00e9rateur de vapeur professionnel externe, indiqu\u00e9 pour d\u2019amples cubages. Fonctionnement de longue dur\u00e9e sans n\u00e9cessit\u00e9 d\u2019entretien. Nuvola Smart Power est adapt\u00e9 pour des applications escamotables et s\u2019int\u00e8gre donc facilement \u00e0 toutes les solutions d\u2019ameublement.\nContr\u00f4le automatique des thermor\u00e9sistances pour une distribution de vapeur uniforme dans le temps.\nLe diffuseur de vapeur Smart, disponible dans la version Glass et Camouflage,\nest \u00e9quip\u00e9 du syst\u00e8me PSF (Power Steam Function) innovant qui garantit l\u2019uniformit\u00e9 de la vapeur et de la temp\u00e9rature.\nLe diffuseur de vapeur traditionnel, avec porte-essences, est personnalisable en 3 finitions\u00a0: Chrome, Noir mat PVD, Canon de fusil mat PVD.","post_title":"Nuvola Smart","post_excerpt":"","post_status":"publish","comment_status":"closed","ping_status":"closed","post_password":"","post_name":"nuvola-smart","to_ping":"","pinged":"","post_modified":"2025-11-13 11:16:04","post_modified_gmt":"2025-11-13 09:16:04","post_content_filtered":"","post_parent":0,"guid":"https:\/\/www.effe.it\/prodotto\/nuvola-smart-power\/","menu_order":0,"post_type":"prodotto","post_mime_type":"","comment_count":"0","filter":"raw"}]},"gallery_photos_12_columns_reference":[{"image_gallery_columns":"https:\/\/static.effe.it\/website\/2021\/09\/villa-monty-banks-1%402x-scaled.jpg","copy_image_column":"","numer_of_columns":"12","embed_video_gallery":""},{"image_gallery_columns":"https:\/\/static.effe.it\/website\/2021\/09\/villa-monty-banks-2%402x.jpg","copy_image_column":"","numer_of_columns":"6","embed_video_gallery":""},{"image_gallery_columns":"https:\/\/static.effe.it\/website\/2021\/09\/villa-monty-banks-5%402x.jpg","copy_image_column":"","numer_of_columns":"4","embed_video_gallery":""},{"image_gallery_columns":"https:\/\/static.effe.it\/website\/2021\/09\/villa-monty-banks-4%402x.jpg","copy_image_column":"","numer_of_columns":"5","embed_video_gallery":""},{"image_gallery_columns":"https:\/\/static.effe.it\/website\/2021\/09\/villa-monty-banks-3%402x.jpg","copy_image_column":"","numer_of_columns":"6","embed_video_gallery":""},{"image_gallery_columns":"https:\/\/static.effe.it\/website\/2021\/09\/villa-monty-banks-7-scaled.jpg","copy_image_column":"","numer_of_columns":"12","embed_video_gallery":""},{"image_gallery_columns":"https:\/\/static.effe.it\/website\/2021\/09\/villa-monty-banks-6%402x-scaled.jpg","copy_image_column":"","numer_of_columns":"12","embed_video_gallery":""},{"image_gallery_columns":"https:\/\/static.effe.it\/website\/2021\/09\/villa-monty-banks-2.jpg","copy_image_column":"","numer_of_columns":"8","embed_video_gallery":""},{"image_gallery_columns":"https:\/\/static.effe.it\/website\/2021\/09\/villa-monty-banks-9.jpg","copy_image_column":"","numer_of_columns":"5","embed_video_gallery":""},{"image_gallery_columns":"https:\/\/static.effe.it\/website\/2021\/09\/villa-monty-banks-10.jpg","copy_image_column":"","numer_of_columns":"6","embed_video_gallery":""},{"image_gallery_columns":"https:\/\/static.effe.it\/website\/2021\/09\/villa-monty-banks-3-scaled.jpg","copy_image_column":"","numer_of_columns":"12","embed_video_gallery":""},{"image_gallery_columns":"https:\/\/static.effe.it\/website\/2021\/09\/villa-monty-banks-4-scaled.jpg","copy_image_column":"","numer_of_columns":"12","embed_video_gallery":""},{"image_gallery_columns":"https:\/\/static.effe.it\/website\/2021\/09\/villa-monty-banks-14.jpg","copy_image_column":"","numer_of_columns":"6","embed_video_gallery":""},{"image_gallery_columns":"https:\/\/static.effe.it\/website\/2021\/09\/villa-monty-banks-11.jpg","copy_image_column":"","numer_of_columns":"4","embed_video_gallery":""},{"image_gallery_columns":"https:\/\/static.effe.it\/website\/2021\/09\/villa-monty-banks-13.jpg","copy_image_column":"","numer_of_columns":"4","embed_video_gallery":""},{"image_gallery_columns":"https:\/\/static.effe.it\/website\/2021\/09\/villa-monty-banks-12.jpg","copy_image_column":"","numer_of_columns":"7","embed_video_gallery":""},{"image_gallery_columns":"https:\/\/static.effe.it\/website\/2021\/09\/villa-monty-banks-5-scaled.jpg","copy_image_column":"","numer_of_columns":"12","embed_video_gallery":""},{"image_gallery_columns":"https:\/\/static.effe.it\/website\/2021\/09\/villa-monty-banks-15.jpg","copy_image_column":"","numer_of_columns":"5","embed_video_gallery":""},{"image_gallery_columns":"https:\/\/static.effe.it\/website\/2021\/09\/villa-monty-banks-8.jpg","copy_image_column":"","numer_of_columns":"5","embed_video_gallery":""},{"image_gallery_columns":"https:\/\/static.effe.it\/website\/2021\/09\/villa-monty-banks-17.jpg","copy_image_column":"","numer_of_columns":"5","embed_video_gallery":""},{"image_gallery_columns":"https:\/\/static.effe.it\/website\/2021\/09\/villa-monty-banks-18.jpg","copy_image_column":"","numer_of_columns":"6","embed_video_gallery":""},{"image_gallery_columns":"https:\/\/static.effe.it\/website\/2021\/09\/villa-monty-banks-7-1-scaled.jpg","copy_image_column":"","numer_of_columns":"12","embed_video_gallery":""}],"similar_projects":[{"ID":24977,"post_author":"10","post_date":"2021-09-03 14:36:31","post_date_gmt":"2021-09-03 12:36:31","post_content":"<p class=\"p1\">L\u2019h\u00f4tel Re delle Alpi d\u00e9ploie ses 4 \u00e9toiles \u00e0 2000 m\u00e8tres d\u2019altitude, directement sur les pistes de ski de La Thuile, dans la province d\u2019Aoste, en couronnant les alentours et la splendide position panoramique avec excellence, aventure et bien-\u00eatre. Le Spa Wellness &amp; Relax de l\u2019h\u00f4tel se trouve dans un environnement de classe pens\u00e9 pour retrouver l\u2019harmonie et l\u2019\u00e9quilibre.<\/p>\n\n<!-- wp:paragraph -->\n<p><\/p>\n<!-- \/wp:paragraph -->","post_title":"Hotel Re delle Alpi","post_excerpt":"","post_status":"publish","comment_status":"closed","ping_status":"closed","post_password":"","post_name":"hotel-re-delle-alpi-2","to_ping":"","pinged":"","post_modified":"2023-07-03 10:33:26","post_modified_gmt":"2023-07-03 08:33:26","post_content_filtered":"","post_parent":0,"guid":"https:\/\/www.effe.it\/referenza\/hotel-re-delle-alpi-2\/","menu_order":0,"post_type":"referenza","post_mime_type":"","comment_count":"0","filter":"raw"},{"ID":25169,"post_author":"10","post_date":"2021-09-03 14:36:31","post_date_gmt":"2021-09-03 12:36:31","post_content":"<p class=\"p1\">Le Gallia Palace Hotel a s\u00e9lectionn\u00e9 les produits Effe pour la r\u00e9alisation de ses zones wellness. \u00c0 l\u2019int\u00e9rieur du spa priv\u00e9 de l\u2019h\u00f4tel le choix s\u2019est port\u00e9 sur Logica Spa, tandis que le centre de bien-\u00eatre est \u00e9quip\u00e9 de Hammam, Sauna, Bucket Shower et fontaine de glace. Au c\u0153ur du maquis m\u00e9diterran\u00e9en, dans la splendide station baln\u00e9aire de Punta Ala, l\u2019h\u00f4tel Gallia est l\u2019id\u00e9al pour des vacances relaxantes dans une atmosph\u00e8re de Dolce Vita.<\/p>","post_title":"Gallia Palace Resort","post_excerpt":"","post_status":"publish","comment_status":"closed","ping_status":"closed","post_password":"","post_name":"gallia-palace-resort","to_ping":"","pinged":"","post_modified":"2023-07-03 10:40:30","post_modified_gmt":"2023-07-03 08:40:30","post_content_filtered":"","post_parent":0,"guid":"https:\/\/www.effe.it\/referenza\/gallia-palace-resort\/","menu_order":0,"post_type":"referenza","post_mime_type":"","comment_count":"0","filter":"raw"}],"abilitare_progetti_simili":true},"_links":{"self":[{"href":"https:\/\/www.effe.it\/fr\/wp-json\/wp\/v2\/referenza\/24735"}],"collection":[{"href":"https:\/\/www.effe.it\/fr\/wp-json\/wp\/v2\/referenza"}],"about":[{"href":"https:\/\/www.effe.it\/fr\/wp-json\/wp\/v2\/types\/referenza"}],"wp:attachment":[{"href":"https:\/\/www.effe.it\/fr\/wp-json\/wp\/v2\/media?parent=24735"}],"curies":[{"name":"wp","href":"https:\/\/api.w.org\/{rel}","templated":true}]}}