{"id":21402,"date":"2021-09-03T14:36:31","date_gmt":"2021-09-03T12:36:31","guid":{"rendered":"https:\/\/www.effe.it\/referenza\/golfo-dei-poeti-relais\/"},"modified":"2022-03-04T11:41:27","modified_gmt":"2022-03-04T09:41:27","slug":"golfo-dei-poeti-relais","status":"publish","type":"referenza","link":"https:\/\/www.effe.it\/fr\/referenza\/golfo-dei-poeti-relais\/","title":{"rendered":"Golfo dei Poeti Relais"},"content":{"rendered":"<p><span data-sheets-value=\"{&quot;1&quot;:2,&quot;2&quot;:&quot;Le Golfo dei Poeti Relais &amp; Spa repr\u00e9sente le point de rencontre des trois \u00e9l\u00e9ments qui condensent l\u2019essence de notre vision de l\u2019accueil : ici le temps, le silence et l\u2019espace sont les v\u00e9ritables protagonistes. Dans cet \u00e9tablissement, Effe a r\u00e9alis\u00e9 un sauna avec vue sur la mer, les clients de la structure peuvent profiter de leur moment de bien-\u00eatre en admirant la c\u00f4te ligure gr\u00e2ce \u00e0 la grande baie vitr\u00e9e.&quot;}\" data-sheets-userformat=\"{&quot;2&quot;:257,&quot;3&quot;:{&quot;1&quot;:0},&quot;11&quot;:4}\">Le Golfo dei Poeti Relais &amp; Spa repr\u00e9sente le point de rencontre des trois \u00e9l\u00e9ments qui condensent l\u2019essence de notre vision de l\u2019accueil : ici le temps, le silence et l\u2019espace sont les v\u00e9ritables protagonistes. Dans cet \u00e9tablissement, Effe a r\u00e9alis\u00e9 un sauna avec vue sur la mer, les clients de la structure peuvent profiter de leur moment de bien-\u00eatre en admirant la c\u00f4te ligure gr\u00e2ce \u00e0 la grande baie vitr\u00e9e.<\/span><\/p>\n","protected":false},"featured_media":0,"template":"","better_featured_image":null,"acf":{"gallery_photos_12_columns_reference":[{"image_gallery_columns":"https:\/\/static.effe.it\/website\/2021\/09\/golfo-dei-poeti-1%402x-scaled.jpg","copy_image_column":"","numer_of_columns":"12","embed_video_gallery":""},{"image_gallery_columns":"https:\/\/static.effe.it\/website\/2021\/09\/golfo-dei-poeti-5%402x-1.jpg","copy_image_column":"","numer_of_columns":"4","embed_video_gallery":""},{"image_gallery_columns":"https:\/\/static.effe.it\/website\/2021\/09\/golfo-dei-poeti-8%402x.jpg","copy_image_column":"","numer_of_columns":"6","embed_video_gallery":""},{"image_gallery_columns":"https:\/\/static.effe.it\/website\/2021\/09\/golfo-dei-poeti-9%402x.jpg","copy_image_column":"","numer_of_columns":"6","embed_video_gallery":""},{"image_gallery_columns":"https:\/\/static.effe.it\/website\/2021\/09\/golfo-dei-poeti-4%402x-1.jpg","copy_image_column":"","numer_of_columns":"5","embed_video_gallery":""},{"image_gallery_columns":"https:\/\/static.effe.it\/website\/2021\/09\/golfo-dei-poeti-6%402x-1-scaled.jpg","copy_image_column":"","numer_of_columns":"12","embed_video_gallery":""},{"image_gallery_columns":"https:\/\/static.effe.it\/website\/2021\/09\/golfo-dei-poeti-7%402x-2-scaled.jpg","copy_image_column":"","numer_of_columns":"12","embed_video_gallery":""},{"image_gallery_columns":"https:\/\/static.effe.it\/website\/2021\/09\/golfo-dei-poeti-10%402x.jpg","copy_image_column":"","numer_of_columns":"6","embed_video_gallery":""},{"image_gallery_columns":"https:\/\/static.effe.it\/website\/2021\/09\/golfo-dei-poeti-3%402x-2.jpg","copy_image_column":"","numer_of_columns":"5","embed_video_gallery":""},{"image_gallery_columns":"https:\/\/static.effe.it\/website\/2021\/09\/golfo-dei-poeti-2%402x-1-scaled.jpg","copy_image_column":"","numer_of_columns":"12","embed_video_gallery":""}],"related_products_group":{"toggle_related_product_field":true,"related_products":[{"ID":9681,"post_author":"12708","post_date":"2021-07-29 11:03:03","post_date_gmt":"2021-07-29 09:03:03","post_content":"Les banquettes suspendues rendent le design plus l\u00e9ger et permettent l'installation sur le sol existant. Le po\u00eale positionn\u00e9 au centre fait d'Air un lieu de rencontre, o\u00f9 se d\u00e9tendre en compagnie. Les plans des banquettes deviennent \u00e0 l'ext\u00e9rieur un porte-serviettes et un plan d'appui fonctionnel. L'int\u00e9rieur est r\u00e9alis\u00e9 en bois pr\u00e9cieux Aspen au naturel ou thermo-trait\u00e9, tr\u00e8s r\u00e9sistant dans le temps. Les grandes surfaces vitr\u00e9es sur toute la hauteur en cristal tremp\u00e9 et l\u2019\u00e9clairage \u00e0 LED positionn\u00e9 sous les banquettes exalte la l\u00e9g\u00e8ret\u00e9 de l'espace.","post_title":"Air","post_excerpt":"","post_status":"publish","comment_status":"closed","ping_status":"closed","post_password":"","post_name":"air","to_ping":"","pinged":"","post_modified":"2024-12-05 09:25:13","post_modified_gmt":"2024-12-05 07:25:13","post_content_filtered":"","post_parent":0,"guid":"https:\/\/www.effe.it\/prodotto\/air\/","menu_order":0,"post_type":"prodotto","post_mime_type":"","comment_count":"0","filter":"raw"},{"ID":9735,"post_author":"12708","post_date":"2021-07-29 11:03:03","post_date_gmt":"2021-07-29 09:03:03","post_content":"Sky est r\u00e9alis\u00e9 en bois pr\u00e9cieux Hemlock canadien ou Aspen thermo-trait\u00e9 et vitres tremp\u00e9es de 10 mm. Paroi frontale, porte et plafond en verre conf\u00e8rent \u00e0 Sky une extr\u00eame transparence et l\u00e9g\u00e8ret\u00e9.","post_title":"Sky","post_excerpt":"","post_status":"publish","comment_status":"closed","ping_status":"closed","post_password":"","post_name":"sky","to_ping":"","pinged":"","post_modified":"2024-10-10 11:25:31","post_modified_gmt":"2024-10-10 09:25:31","post_content_filtered":"","post_parent":0,"guid":"https:\/\/www.effe.it\/prodotto\/sky\/","menu_order":0,"post_type":"prodotto","post_mime_type":"","comment_count":"0","filter":"raw"}]},"similar_projects":[{"ID":21167,"post_author":"10","post_date":"2021-09-03 14:36:31","post_date_gmt":"2021-09-03 12:36:31","post_content":"<p><span data-sheets-value=\"{&quot;1&quot;:2,&quot;2&quot;:&quot;Magnifique appartement au dernier \u00e9tage situ\u00e9 dans l\u2019Upper West Side, le quartier de Manhattan compris entre Central Park et l\u2019Hudson, avec sauna priv\u00e9 Effe r\u00e9alis\u00e9 sur mesure. Dans le projet les teintes naturelles du bois Aspen thermo-trait\u00e9 se marient \u00e0 la perfection avec les carreaux de style marocain r\u00e9alis\u00e9s \u00e0 la main.&quot;}\" data-sheets-userformat=\"{&quot;2&quot;:257,&quot;3&quot;:{&quot;1&quot;:0},&quot;11&quot;:4}\">Magnifique appartement au dernier \u00e9tage situ\u00e9 dans l\u2019Upper West Side, le quartier de Manhattan compris entre Central Park et l\u2019Hudson, avec sauna priv\u00e9 Effe r\u00e9alis\u00e9 sur mesure. Dans le projet les teintes naturelles du bois Aspen thermo-trait\u00e9 se marient \u00e0 la perfection avec les carreaux de style marocain r\u00e9alis\u00e9s \u00e0 la main.<\/span><\/p>\n\n<!-- wp:paragraph -->\n<p><\/p>\n<!-- \/wp:paragraph -->","post_title":"Upper West Side, New York","post_excerpt":"","post_status":"publish","comment_status":"closed","ping_status":"closed","post_password":"","post_name":"upper-west-side-new-york","to_ping":"","pinged":"","post_modified":"2023-07-03 09:36:04","post_modified_gmt":"2023-07-03 07:36:04","post_content_filtered":"","post_parent":0,"guid":"https:\/\/www.effe.it\/referenza\/upper-west-side-new-york\/","menu_order":0,"post_type":"referenza","post_mime_type":"","comment_count":"0","filter":"raw"},{"ID":24455,"post_author":"10","post_date":"2021-09-03 14:36:31","post_date_gmt":"2021-09-03 12:36:31","post_content":"<p class=\"p1\">Dominant l\u2019une des plus belles c\u00f4tes de Gr\u00e8ce, cette merveilleuse r\u00e9sidence est soign\u00e9e dans les moindres d\u00e9tails pour apporter une sensation de s\u00e9r\u00e9nit\u00e9, en totale harmonie avec la nature environnante. \u00c0 l\u2019int\u00e9rieur, le hammam et le sauna sur mesure Effe compl\u00e8tent l\u2019exp\u00e9rience de pur bien-\u00eatre.<\/p>","post_title":"DikoArch Villa","post_excerpt":"","post_status":"publish","comment_status":"closed","ping_status":"closed","post_password":"","post_name":"dikoarch-villa","to_ping":"","pinged":"","post_modified":"2023-07-03 10:05:39","post_modified_gmt":"2023-07-03 08:05:39","post_content_filtered":"","post_parent":0,"guid":"https:\/\/www.effe.it\/referenza\/dikoarch-villa\/","menu_order":0,"post_type":"referenza","post_mime_type":"","comment_count":"0","filter":"raw"},{"ID":25735,"post_author":"10","post_date":"2021-09-03 14:36:31","post_date_gmt":"2021-09-03 12:36:31","post_content":"<p class=\"p1\">Dans l\u2019un des meilleurs emplacements de Lovere, la Casa del Porto est \u00e9quip\u00e9e d\u2019une zone bien-\u00eatre avec sauna et hammam de la marque Effe. Cette zone wellness suggestive a \u00e9t\u00e9 r\u00e9alis\u00e9e sur mesure dans les anciennes citernes souterraines.<\/p>","post_title":"La Casa del Porto","post_excerpt":"","post_status":"publish","comment_status":"closed","ping_status":"closed","post_password":"","post_name":"la-casa-del-porto-2","to_ping":"","pinged":"","post_modified":"2023-07-03 11:34:44","post_modified_gmt":"2023-07-03 09:34:44","post_content_filtered":"","post_parent":0,"guid":"https:\/\/www.effe.it\/referenza\/la-casa-del-porto-2\/","menu_order":0,"post_type":"referenza","post_mime_type":"","comment_count":"0","filter":"raw"},{"ID":25169,"post_author":"10","post_date":"2021-09-03 14:36:31","post_date_gmt":"2021-09-03 12:36:31","post_content":"<p class=\"p1\">Le Gallia Palace Hotel a s\u00e9lectionn\u00e9 les produits Effe pour la r\u00e9alisation de ses zones wellness. \u00c0 l\u2019int\u00e9rieur du spa priv\u00e9 de l\u2019h\u00f4tel le choix s\u2019est port\u00e9 sur Logica Spa, tandis que le centre de bien-\u00eatre est \u00e9quip\u00e9 de Hammam, Sauna, Bucket Shower et fontaine de glace. Au c\u0153ur du maquis m\u00e9diterran\u00e9en, dans la splendide station baln\u00e9aire de Punta Ala, l\u2019h\u00f4tel Gallia est l\u2019id\u00e9al pour des vacances relaxantes dans une atmosph\u00e8re de Dolce Vita.<\/p>","post_title":"Gallia Palace Resort","post_excerpt":"","post_status":"publish","comment_status":"closed","ping_status":"closed","post_password":"","post_name":"gallia-palace-resort","to_ping":"","pinged":"","post_modified":"2023-07-03 10:40:30","post_modified_gmt":"2023-07-03 08:40:30","post_content_filtered":"","post_parent":0,"guid":"https:\/\/www.effe.it\/referenza\/gallia-palace-resort\/","menu_order":0,"post_type":"referenza","post_mime_type":"","comment_count":"0","filter":"raw"}],"abilitare_progetti_simili":true},"_links":{"self":[{"href":"https:\/\/www.effe.it\/fr\/wp-json\/wp\/v2\/referenza\/21402"}],"collection":[{"href":"https:\/\/www.effe.it\/fr\/wp-json\/wp\/v2\/referenza"}],"about":[{"href":"https:\/\/www.effe.it\/fr\/wp-json\/wp\/v2\/types\/referenza"}],"wp:attachment":[{"href":"https:\/\/www.effe.it\/fr\/wp-json\/wp\/v2\/media?parent=21402"}],"curies":[{"name":"wp","href":"https:\/\/api.w.org\/{rel}","templated":true}]}}