{"id":9697,"date":"2021-07-29T11:03:03","date_gmt":"2021-07-29T09:03:03","guid":{"rendered":"https:\/\/www.effe.it\/prodotto\/idea\/"},"modified":"2025-05-20T17:56:46","modified_gmt":"2025-05-20T15:56:46","slug":"idea","status":"publish","type":"prodotto","link":"https:\/\/www.effe.it\/fr\/produit\/idea\/","title":{"rendered":"Idea"},"content":{"rendered":"\n<p>Le cadre ext\u00e9rieur a un intrados inclin\u00e9 qui cr\u00e9e un profil d\u2019ombre et donne de la profondeur malgr\u00e9 les dimensions limit\u00e9es. Une cloison en Hemlock \u00e0 lattes masque le po\u00eale et accueille sur le devant un porte-serviettes sur lequel est plac\u00e9 le tableau de commande. Les parois internes sont en panneaux de Hemlock lisses, sauf la paroi du fond, qui est en panneau \u00e0 lattes, \u00e9voquant les traditionnels saunas nordiques. L\u2019\u00e9clairage interne, rasant par rapport \u00e0 la paroi du fond, cr\u00e9e une atmosph\u00e8re particuli\u00e8rement accueillante.&nbsp;<\/p>\n","protected":false},"featured_media":22440,"menu_order":0,"template":"","categorie_prodotti":[822],"famiglia_prodotti":[],"better_featured_image":{"id":22440,"alt_text":"","caption":"","description":"","media_type":"image","media_details":{"width":1184,"height":960,"file":"2021\/07\/landing-saune-idea.jpg","sizes":{"medium":{"file":"landing-saune-idea-300x243.jpg","width":300,"height":243,"mime-type":"image\/jpeg","source_url":"https:\/\/static.effe.it\/website\/2021\/07\/landing-saune-idea-300x243.jpg"},"large":{"file":"landing-saune-idea-1024x830.jpg","width":1024,"height":830,"mime-type":"image\/jpeg","source_url":"https:\/\/static.effe.it\/website\/2021\/07\/landing-saune-idea-1024x830.jpg"},"thumbnail":{"file":"landing-saune-idea-150x150.jpg","width":150,"height":150,"mime-type":"image\/jpeg","source_url":"https:\/\/static.effe.it\/website\/2021\/07\/landing-saune-idea-150x150.jpg"},"medium_large":{"file":"landing-saune-idea-768x623.jpg","width":768,"height":623,"mime-type":"image\/jpeg","source_url":"https:\/\/static.effe.it\/website\/2021\/07\/landing-saune-idea-768x623.jpg"},"image-related-size":{"file":"landing-saune-idea-420x285.jpg","width":420,"height":285,"mime-type":"image\/jpeg","source_url":"https:\/\/static.effe.it\/website\/2021\/07\/landing-saune-idea-420x285.jpg"},"image-related-size-bigger-sq":{"file":"landing-saune-idea-624x468.jpg","width":624,"height":468,"mime-type":"image\/jpeg","source_url":"https:\/\/static.effe.it\/website\/2021\/07\/landing-saune-idea-624x468.jpg"},"image-designer-product":{"file":"landing-saune-idea-644x587.jpg","width":644,"height":587,"mime-type":"image\/jpeg","source_url":"https:\/\/static.effe.it\/website\/2021\/07\/landing-saune-idea-644x587.jpg"}},"image_meta":{"aperture":"0","credit":"","camera":"","caption":"","created_timestamp":"0","copyright":"","focal_length":"0","iso":"0","shutter_speed":"0","title":"","orientation":"1","keywords":[]}},"post":9697,"source_url":"https:\/\/static.effe.it\/website\/2021\/07\/landing-saune-idea.jpg"},"acf":{"gallery_photos_12_columns":[{"image_gallery_columns":"https:\/\/static.effe.it\/website\/2021\/07\/Idea-1%402x-2.jpg","copy_image_column":"","numer_of_columns":"6","embed_video_gallery":""},{"image_gallery_columns":"https:\/\/static.effe.it\/website\/2021\/07\/Idea-2%402x-2.jpg","copy_image_column":"","numer_of_columns":"4","embed_video_gallery":""},{"image_gallery_columns":"https:\/\/static.effe.it\/website\/2021\/07\/idea-3%402x-2.jpg","copy_image_column":"","numer_of_columns":"6","embed_video_gallery":""},{"image_gallery_columns":"https:\/\/static.effe.it\/website\/2021\/07\/Idea-4%402x-2.jpg","copy_image_column":"","numer_of_columns":"4","embed_video_gallery":""},{"image_gallery_columns":"https:\/\/static.effe.it\/website\/2021\/07\/idea-5%402x-1-scaled.jpg","copy_image_column":"","numer_of_columns":"6","embed_video_gallery":""},{"image_gallery_columns":"https:\/\/static.effe.it\/website\/2021\/07\/Idea-6%402x-1.jpg","copy_image_column":"","numer_of_columns":"12","embed_video_gallery":""},{"image_gallery_columns":"https:\/\/static.effe.it\/website\/2021\/07\/idea-7%402x-1.jpg","copy_image_column":"","numer_of_columns":"6","embed_video_gallery":""},{"image_gallery_columns":"https:\/\/static.effe.it\/website\/2021\/07\/idea-8%402x-1.jpg","copy_image_column":"","numer_of_columns":"4","embed_video_gallery":""},{"image_gallery_columns":"https:\/\/static.effe.it\/website\/2021\/07\/idea-9%402x-1.jpg","copy_image_column":"","numer_of_columns":"12","embed_video_gallery":""}],"intro_text":"Les lignes essentielles, les d\u00e9tails et les finitions raffin\u00e9es donnent \u00e0 la ligne de saunas Idea une atmosph\u00e8re digne de la tradition nordique conjugu\u00e9e \u00e0 l\u2019\u00e9l\u00e9gance du meilleur design italien.","related_products_group":{"toggle_related_product_field":true,"related_products":[{"ID":9735,"post_author":"12708","post_date":"2021-07-29 11:03:03","post_date_gmt":"2021-07-29 09:03:03","post_content":"Sky est r\u00e9alis\u00e9 en bois pr\u00e9cieux Hemlock canadien ou Aspen thermo-trait\u00e9 et vitres tremp\u00e9es de 10 mm. Paroi frontale, porte et plafond en verre conf\u00e8rent \u00e0 Sky une extr\u00eame transparence et l\u00e9g\u00e8ret\u00e9.","post_title":"Sky","post_excerpt":"","post_status":"publish","comment_status":"closed","ping_status":"closed","post_password":"","post_name":"sky","to_ping":"","pinged":"","post_modified":"2024-10-10 11:25:31","post_modified_gmt":"2024-10-10 09:25:31","post_content_filtered":"","post_parent":0,"guid":"https:\/\/www.effe.it\/prodotto\/sky\/","menu_order":0,"post_type":"prodotto","post_mime_type":"","comment_count":"0","filter":"raw"},{"ID":9687,"post_author":"2","post_date":"2021-07-29 11:03:03","post_date_gmt":"2021-07-29 09:03:03","post_content":"Sauna r\u00e9alis\u00e9 en bois pr\u00e9cieux et cloisons vitr\u00e9es en cristal tremp\u00e9 \u00e0 basse \u00e9mission de 8 mm. L\u2019int\u00e9rieur est particuli\u00e8rement accueillant et caract\u00e9ris\u00e9 par des lattes de diverses dimensions. Auki s'adapte facilement aux exigences de l'espace \u00e0 disposition, \u00e9galement pour des applications sur mesure. Tous les saunas Auki sont dot\u00e9s d'une poign\u00e9e \u00e9l\u00e9gante au bord de la porte qui laisse libre les cloisons vitr\u00e9es et n'alt\u00e8re pas la nettet\u00e9 du design externe.","post_title":"Auki","post_excerpt":"","post_status":"publish","comment_status":"closed","ping_status":"closed","post_password":"","post_name":"auki","to_ping":"","pinged":"","post_modified":"2026-03-23 17:24:34","post_modified_gmt":"2026-03-23 15:24:34","post_content_filtered":"","post_parent":0,"guid":"https:\/\/www.effe.it\/prodotto\/auki\/","menu_order":0,"post_type":"prodotto","post_mime_type":"","comment_count":"0","filter":"raw"},{"ID":9740,"post_author":"12708","post_date":"2021-07-29 11:03:03","post_date_gmt":"2021-07-29 09:03:03","post_content":"<!-- wp:paragraph -->\n<p>Sky Corner est r\u00e9alis\u00e9 en bois pr\u00e9cieux Hemlock canadien ou Aspen thermo-trait\u00e9 ; l\u2019int\u00e9rieur peut \u00eatre enrichi avec la chromoth\u00e9rapie et l\u2019\u00e9clairage \u00e0 LED sous la banquette. La grande surface en verre conf\u00e8re l\u00e9g\u00e8ret\u00e9 au design de ce produit. Les vitres tremp\u00e9es \u00e0 basse \u00e9mission de 10 mm s'\u00e9tendent sur la paroi avant, la porte, le plafond et la paroi lat\u00e9rale.<\/p>\n<!-- \/wp:paragraph -->","post_title":"Sky Corner","post_excerpt":"","post_status":"publish","comment_status":"closed","ping_status":"closed","post_password":"","post_name":"sky-corner","to_ping":"","pinged":"","post_modified":"2025-02-25 10:15:47","post_modified_gmt":"2025-02-25 08:15:47","post_content_filtered":"","post_parent":0,"guid":"https:\/\/www.effe.it\/prodotto\/sky-corner\/","menu_order":0,"post_type":"prodotto","post_mime_type":"","comment_count":"0","filter":"raw"},{"ID":9681,"post_author":"12708","post_date":"2021-07-29 11:03:03","post_date_gmt":"2021-07-29 09:03:03","post_content":"Les banquettes suspendues rendent le design plus l\u00e9ger et permettent l'installation sur le sol existant. Le po\u00eale positionn\u00e9 au centre fait d'Air un lieu de rencontre, o\u00f9 se d\u00e9tendre en compagnie. Les plans des banquettes deviennent \u00e0 l'ext\u00e9rieur un porte-serviettes et un plan d'appui fonctionnel. L'int\u00e9rieur est r\u00e9alis\u00e9 en bois pr\u00e9cieux Aspen au naturel ou thermo-trait\u00e9, tr\u00e8s r\u00e9sistant dans le temps. Les grandes surfaces vitr\u00e9es sur toute la hauteur en cristal tremp\u00e9 et l\u2019\u00e9clairage \u00e0 LED positionn\u00e9 sous les banquettes exalte la l\u00e9g\u00e8ret\u00e9 de l'espace.","post_title":"Air","post_excerpt":"","post_status":"publish","comment_status":"closed","ping_status":"closed","post_password":"","post_name":"air","to_ping":"","pinged":"","post_modified":"2024-12-05 09:25:13","post_modified_gmt":"2024-12-05 07:25:13","post_content_filtered":"","post_parent":0,"guid":"https:\/\/www.effe.it\/prodotto\/air\/","menu_order":0,"post_type":"prodotto","post_mime_type":"","comment_count":"0","filter":"raw"}]},"optional_products_group":{"optional_toggle_field":false,"related_optional":""},"accordion_group":{"":null,"materials-toggle-field":true,"miniatura_materiali":false,"materials_group":[{"materials_title":"PIN FINLANDAIS","single_materials_repeater":[{"position_material":"Paroi arri\u00e8re int\u00e9rieure, \u00e9quipements","single_materials":[{"ID":2547,"post_author":"2","post_date":"2021-07-29 10:50:08","post_date_gmt":"2021-07-29 08:50:08","post_content":"","post_title":"Pin finlandais (lattes)","post_excerpt":"","post_status":"publish","comment_status":"open","ping_status":"open","post_password":"","post_name":"pin-finlandais-lattes","to_ping":"","pinged":"","post_modified":"2021-07-29 10:50:08","post_modified_gmt":"2021-07-29 08:50:08","post_content_filtered":"","post_parent":0,"guid":"https:\/\/www.effe.it\/materiale_prodotto\/pin-finlandais-lattes\/","menu_order":0,"post_type":"materiale_prodotto","post_mime_type":"","comment_count":"0","filter":"raw"}]}],"abilitare_numerazione":true},{"materials_title":"TREMBLE THERMO-TRAIT\u00c9","single_materials_repeater":[{"position_material":"Paroi arri\u00e8re int\u00e9rieure, mobilier","single_materials":[{"ID":2562,"post_author":"2","post_date":"2021-07-29 10:50:11","post_date_gmt":"2021-07-29 08:50:11","post_content":"","post_title":"Tremble thermo-trait\u00e9 (lattes)","post_excerpt":"","post_status":"publish","comment_status":"open","ping_status":"open","post_password":"","post_name":"tremble-thermo-traite-lattes-2","to_ping":"","pinged":"","post_modified":"2021-07-29 10:50:11","post_modified_gmt":"2021-07-29 08:50:11","post_content_filtered":"","post_parent":0,"guid":"https:\/\/www.effe.it\/materiale_prodotto\/tremble-thermo-traite-lattes-2\/","menu_order":0,"post_type":"materiale_prodotto","post_mime_type":"","comment_count":"0","filter":"raw"}]},{"position_material":"Parois lat\u00e9rales int\u00e9rieures et ext\u00e9rieures","single_materials":[{"ID":2556,"post_author":"2","post_date":"2021-07-29 10:50:11","post_date_gmt":"2021-07-29 08:50:11","post_content":"","post_title":"Tremble thermo-trait\u00e9 (lisse)","post_excerpt":"","post_status":"publish","comment_status":"open","ping_status":"open","post_password":"","post_name":"tremble-thermo-traite-lisse","to_ping":"","pinged":"","post_modified":"2021-07-29 10:50:11","post_modified_gmt":"2021-07-29 08:50:11","post_content_filtered":"","post_parent":0,"guid":"https:\/\/www.effe.it\/materiale_prodotto\/tremble-thermo-traite-lisse\/","menu_order":0,"post_type":"materiale_prodotto","post_mime_type":"","comment_count":"0","filter":"raw"}]}],"abilitare_numerazione":true}],"toggle_designer":true,"designer":[{"ID":660,"post_author":"6","post_date":"2021-07-14 17:14:30","post_date_gmt":"2021-07-14 15:14:30","post_content":"Designer et architecte d'int\u00e9rieur, elle a entam\u00e9 sa profession dans la seconde moiti\u00e9 des ann\u00e9es 70. Apr\u00e8s plusieurs ann\u00e9es de travail en collaboration avec quelques coll\u00e8gues, elle a fond\u00e9 le cabinet Talocci Design en 1995. Le cabinet est actif avec un groupe de collaborateurs principalement dans le design de produits et expositions et la direction artistique, ainsi que dans la communication et l'organisation d'\u00e9v\u00e9nements. Une curiosit\u00e9 naturelle pour l'innovation, la recherche mat\u00e9rielle et technologique, l'observation profonde de la r\u00e9alit\u00e9 qui l'entoure, lui permettent de concevoir, dans des domaines compl\u00e8tement diff\u00e9rents, pour des entreprises prestigieuses, telles que Poltrona Frau, Teuco, Effegibi, Foppapedretti, Fantini, Provex, Falper, Scarabeo, Fratelli Guzzini, Fornara &amp; Maulini, Luceplan, Rapsel, Viasat, Italaquae, SanLorenzo, Domo, Et-al, Rina Menardi, Gran Tour, DMP Electronics, Stilhaus.\nElle a re\u00e7u de nombreux prix, notamment de multiples s\u00e9lections ADI Design Index, Mentions d\u2019honneurs au Compasso D'Oro, Prix Design Plus et German Design Award.\nElle combine son travail conceptuel de designer \u00e0 l'activit\u00e9 d'architecte d'int\u00e9rieur pour les espaces commerciaux et les maisons priv\u00e9es. Elle a coordonn\u00e9 de nombreux \u00e9v\u00e9nements culturels : plusieurs \u00e9ditions de \u00ab Abitare il Tempo \u00bb puis \u00ab Segnali di Cibo \u00bb, une exposition qui, en 1999, a anticip\u00e9 la tendance \u00e0 associer le design au th\u00e8me de l'alimentation, \u00ab Wonderfull World \u00bb, \u00ab Superfici \u00bb, \u00ab Caf\u00e9 \u00bb, \u00ab Evoca \u00bb, \u00ab Design on Board \u00bb, \u00ab Come l\u2019acqua sul fuoco \u00bb, \u00ab Italianism \u00bb. Elle pr\u00e9sente ou participe en tant qu'invit\u00e9 \u00e0 des programmes t\u00e9l\u00e9vis\u00e9s sur le design. Elle est membre de nombreux jurys dans des concours de design nationaux et internationaux. Elle enseigne \u00e0 l'Universit\u00e9 La Sapienza de Rome et dans des \u00c9coles de design, telles que IED, QUASAR et actuellement AANT.\nDepuis 1979, elle est membre de l'ADI, de 2004 \u00e0 2017 elle a fait partie du Comit\u00e9 Directeur National de l'ADI et de 2014 \u00e0 2017 elle en a \u00e9t\u00e9 la vice-pr\u00e9sidente. En 2017, elle a coordonn\u00e9 l'int\u00e9gration de la Collection Design dans le palais de la Farnesina et la cr\u00e9ation de la Salle Design. Elle est membre du Comit\u00e9 d\u2019orientation du Prix national pour l'Innovation \u00ab Prix des prix \u00bb, institu\u00e9 par concession du Pr\u00e9sident de la R\u00e9publique italienne \u00e0 la Fondation COTEC. En 2007, elle a fait partie du premier Conseil italien du design, institu\u00e9 par le Minist\u00e8re du patrimoine et des activit\u00e9s culturelles italien.","post_title":"Giovanna Talocci","post_excerpt":"","post_status":"publish","comment_status":"closed","ping_status":"closed","post_password":"","post_name":"giovanna-talocci","to_ping":"","pinged":"","post_modified":"2022-05-17 17:44:31","post_modified_gmt":"2022-05-17 15:44:31","post_content_filtered":"","post_parent":0,"guid":"https:\/\/www.effe.it\/designer\/giovanna-talocci\/","menu_order":30,"post_type":"designer","post_mime_type":"","comment_count":"0","filter":"raw"}],"models_relationship":[{"ID":8582,"post_author":"9","post_date":"2021-08-02 13:04:41","post_date_gmt":"2021-08-02 11:04:41","post_content":"","post_title":"IDEA 30","post_excerpt":"","post_status":"publish","comment_status":"closed","ping_status":"closed","post_password":"","post_name":"idea-30","to_ping":"","pinged":"","post_modified":"2021-09-23 16:10:23","post_modified_gmt":"2021-09-23 14:10:23","post_content_filtered":"","post_parent":0,"guid":"https:\/\/www.effe.it\/blog\/modelli\/idea-30\/","menu_order":0,"post_type":"modelli","post_mime_type":"","comment_count":"0","filter":"raw"},{"ID":8577,"post_author":"9","post_date":"2021-08-02 13:04:41","post_date_gmt":"2021-08-02 11:04:41","post_content":"","post_title":"IDEA 45","post_excerpt":"","post_status":"publish","comment_status":"closed","ping_status":"closed","post_password":"","post_name":"idea-45","to_ping":"","pinged":"","post_modified":"2021-09-23 16:10:22","post_modified_gmt":"2021-09-23 14:10:22","post_content_filtered":"","post_parent":0,"guid":"https:\/\/www.effe.it\/blog\/modelli\/idea-45\/","menu_order":0,"post_type":"modelli","post_mime_type":"","comment_count":"0","filter":"raw"},{"ID":8571,"post_author":"9","post_date":"2021-08-02 13:04:41","post_date_gmt":"2021-08-02 11:04:41","post_content":"","post_title":"IDEA 60","post_excerpt":"","post_status":"publish","comment_status":"closed","ping_status":"closed","post_password":"","post_name":"idea-60","to_ping":"","pinged":"","post_modified":"2021-09-23 16:10:12","post_modified_gmt":"2021-09-23 14:10:12","post_content_filtered":"","post_parent":0,"guid":"https:\/\/www.effe.it\/blog\/modelli\/idea-60\/","menu_order":0,"post_type":"modelli","post_mime_type":"","comment_count":"0","filter":"raw"}],"models_with_documents":true,"description_model_toggle_field":false,"model_description":"","disponibile_su_misura":false,"blueprint_toggle":false,"blueprint":null,"abilitare_versioni":false},"slider_gallery":[{"image-slider-gallery":"https:\/\/static.effe.it\/website\/2021\/07\/slider-idea-1-2.jpg","text-image-gallery":"","video":""}],"documents_related_collection_group":[{"input_type":"url","resource_url":"https:\/\/drive.google.com\/file\/d\/1P_GfuXeCj4OhuHt4wQc860cynToQIblZ\/view?utm_source=sito&utm_medium=brochure-fr&utm_campaign=pagina-prodotto&utm_term=download-brochure&utm_content=idea","document_title":"Brochure","file":false,"logged_in_only":false,"reserved_service_center":false},{"input_type":"url","resource_url":"https:\/\/drive.google.com\/file\/d\/13lkUM-HwwqcY2mPCxKxAIBWisyIAT6sU\/view?usp=sharing","document_title":"Manuel d'utilisation","file":false,"logged_in_only":true,"reserved_service_center":false}]},"_links":{"self":[{"href":"https:\/\/www.effe.it\/fr\/wp-json\/wp\/v2\/products\/9697"}],"collection":[{"href":"https:\/\/www.effe.it\/fr\/wp-json\/wp\/v2\/products"}],"about":[{"href":"https:\/\/www.effe.it\/fr\/wp-json\/wp\/v2\/types\/prodotto"}],"version-history":[{"count":2,"href":"https:\/\/www.effe.it\/fr\/wp-json\/wp\/v2\/products\/9697\/revisions"}],"predecessor-version":[{"id":36343,"href":"https:\/\/www.effe.it\/fr\/wp-json\/wp\/v2\/products\/9697\/revisions\/36343"}],"wp:featuredmedia":[{"embeddable":true,"href":"https:\/\/www.effe.it\/fr\/wp-json\/wp\/v2\/media\/22440"}],"wp:attachment":[{"href":"https:\/\/www.effe.it\/fr\/wp-json\/wp\/v2\/media?parent=9697"}],"wp:term":[{"taxonomy":"categorie_prodotti","embeddable":true,"href":"https:\/\/www.effe.it\/fr\/wp-json\/wp\/v2\/categorie_prodotti?post=9697"},{"taxonomy":"famiglia_prodotti","embeddable":true,"href":"https:\/\/www.effe.it\/fr\/wp-json\/wp\/v2\/famiglia_prodotti?post=9697"}],"curies":[{"name":"wp","href":"https:\/\/api.w.org\/{rel}","templated":true}]}}