{"id":9687,"date":"2021-07-29T11:03:03","date_gmt":"2021-07-29T09:03:03","guid":{"rendered":"https:\/\/www.effe.it\/prodotto\/auki\/"},"modified":"2026-03-23T17:24:34","modified_gmt":"2026-03-23T15:24:34","slug":"auki","status":"publish","type":"prodotto","link":"https:\/\/www.effe.it\/fr\/produit\/auki\/","title":{"rendered":"Auki"},"content":{"rendered":"<p>Sauna r\u00e9alis\u00e9 en bois pr\u00e9cieux et cloisons vitr\u00e9es en cristal tremp\u00e9 \u00e0 basse \u00e9mission de 8 mm. L\u2019int\u00e9rieur est particuli\u00e8rement accueillant et caract\u00e9ris\u00e9 par des lattes de diverses dimensions. Auki s'adapte facilement aux exigences de l'espace \u00e0 disposition, \u00e9galement pour des applications sur mesure. Tous les saunas Auki sont dot\u00e9s d'une poign\u00e9e \u00e9l\u00e9gante au bord de la porte qui laisse libre les cloisons vitr\u00e9es et n'alt\u00e8re pas la nettet\u00e9 du design externe.<\/p>\n","protected":false},"featured_media":18005,"menu_order":0,"template":"","categorie_prodotti":[822],"famiglia_prodotti":[],"better_featured_image":{"id":18005,"alt_text":"","caption":"","description":"","media_type":"image","media_details":{"width":1184,"height":960,"file":"2021\/10\/landing-saune-auki@2x.jpg","sizes":{"medium":{"file":"landing-saune-auki@2x-300x243.jpg","width":300,"height":243,"mime-type":"image\/jpeg","source_url":"https:\/\/static.effe.it\/website\/2021\/10\/landing-saune-auki%402x-300x243.jpg"},"large":{"file":"landing-saune-auki@2x-1024x830.jpg","width":1024,"height":830,"mime-type":"image\/jpeg","source_url":"https:\/\/static.effe.it\/website\/2021\/10\/landing-saune-auki%402x-1024x830.jpg"},"thumbnail":{"file":"landing-saune-auki@2x-150x150.jpg","width":150,"height":150,"mime-type":"image\/jpeg","source_url":"https:\/\/static.effe.it\/website\/2021\/10\/landing-saune-auki%402x-150x150.jpg"},"medium_large":{"file":"landing-saune-auki@2x-768x623.jpg","width":768,"height":623,"mime-type":"image\/jpeg","source_url":"https:\/\/static.effe.it\/website\/2021\/10\/landing-saune-auki%402x-768x623.jpg"},"image-related-size":{"file":"landing-saune-auki@2x-420x285.jpg","width":420,"height":285,"mime-type":"image\/jpeg","source_url":"https:\/\/static.effe.it\/website\/2021\/10\/landing-saune-auki%402x-420x285.jpg"},"image-related-size-bigger-sq":{"file":"landing-saune-auki@2x-624x468.jpg","width":624,"height":468,"mime-type":"image\/jpeg","source_url":"https:\/\/static.effe.it\/website\/2021\/10\/landing-saune-auki%402x-624x468.jpg"},"image-designer-product":{"file":"landing-saune-auki@2x-644x587.jpg","width":644,"height":587,"mime-type":"image\/jpeg","source_url":"https:\/\/static.effe.it\/website\/2021\/10\/landing-saune-auki%402x-644x587.jpg"}},"image_meta":{"aperture":"0","credit":"","camera":"","caption":"","created_timestamp":"0","copyright":"","focal_length":"0","iso":"0","shutter_speed":"0","title":"","orientation":"0","keywords":[]}},"post":18278,"source_url":"https:\/\/static.effe.it\/website\/2021\/10\/landing-saune-auki%402x.jpg"},"acf":{"related_products_group":{"toggle_related_product_field":true,"related_products":[{"ID":9692,"post_author":"12708","post_date":"2021-07-29 11:03:03","post_date_gmt":"2021-07-29 09:03:03","post_content":"Un sauna au design unique, en mesure de conf\u00e9rer \u00e0 l'environnement une forte personnalit\u00e9 et une grande \u00e9l\u00e9gance. Le po\u00eale du sauna de BodyLove est rev\u00eatu en c\u00e9ramique \u00e9maill\u00e9e, avec des couleurs uniques : un mat\u00e9riau pr\u00e9cieux qui met en valeur la beaut\u00e9 douce du bois. La source de chaleur, \u00e9l\u00e9ment extr\u00eamement important dans la tradition du sauna finlandais, occupe \u00e0 nouveau \u00e9galement dans l'esth\u00e9tique un r\u00f4le de premier plan. Les parois sont propos\u00e9es en deux diverses essences de bois : Hemlock naturel et bois massif thermo-trait\u00e9, avec la possibilit\u00e9 d'ins\u00e9rer sur demande des surfaces en miroir. BodyLove est dot\u00e9 de boiseries externes qui mettent en relief la dimension domestique du syst\u00e8me, con\u00e7u pour faire partie de l'ameublement. Comme tous les produits Effe, BodyLove offre un \u00e9ventail de possibilit\u00e9s de personnalisation en termes de choix et assortiment des mat\u00e9riaux pour r\u00e9aliser un espace bien-\u00eatre vraiment sur mesure.","post_title":"BodyLove S","post_excerpt":"","post_status":"publish","comment_status":"closed","ping_status":"closed","post_password":"","post_name":"bodylove-s","to_ping":"","pinged":"","post_modified":"2025-11-11 13:13:22","post_modified_gmt":"2025-11-11 11:13:22","post_content_filtered":"","post_parent":0,"guid":"https:\/\/www.effe.it\/prodotto\/bodylove-s\/","menu_order":0,"post_type":"prodotto","post_mime_type":"","comment_count":"0","filter":"raw"},{"ID":9745,"post_author":"12708","post_date":"2021-07-29 11:03:03","post_date_gmt":"2021-07-29 09:03:03","post_content":"Trois diverses solutions esth\u00e9tiques d\u00e9clinables en trois diverses essences de bois permettent de r\u00e9aliser toutes propositions conceptuelles. Le volume du po\u00eale est int\u00e9gr\u00e9 dans la banquette inf\u00e9rieure, offrant ainsi une image de grande lin\u00e9arit\u00e9 formelle.\n\nL'inspiration, dont il tire son nom, se penche sur une branche particuli\u00e8re de la m\u00e9decine naturelle japonaise bas\u00e9e sur les effets b\u00e9n\u00e9fiques du contact avec les plantes et avec l'atmosph\u00e8re des for\u00eats.","post_title":"Yoku S","post_excerpt":"","post_status":"publish","comment_status":"closed","ping_status":"closed","post_password":"","post_name":"yoku-s","to_ping":"","pinged":"","post_modified":"2025-09-04 12:12:56","post_modified_gmt":"2025-09-04 10:12:56","post_content_filtered":"","post_parent":0,"guid":"https:\/\/www.effe.it\/prodotto\/yoku-s\/","menu_order":0,"post_type":"prodotto","post_mime_type":"","comment_count":"0","filter":"raw"},{"ID":9735,"post_author":"12708","post_date":"2021-07-29 11:03:03","post_date_gmt":"2021-07-29 09:03:03","post_content":"Sky est r\u00e9alis\u00e9 en bois pr\u00e9cieux Hemlock canadien ou Aspen thermo-trait\u00e9 et vitres tremp\u00e9es de 10 mm. Paroi frontale, porte et plafond en verre conf\u00e8rent \u00e0 Sky une extr\u00eame transparence et l\u00e9g\u00e8ret\u00e9.","post_title":"Sky","post_excerpt":"","post_status":"publish","comment_status":"closed","ping_status":"closed","post_password":"","post_name":"sky","to_ping":"","pinged":"","post_modified":"2024-10-10 11:25:31","post_modified_gmt":"2024-10-10 09:25:31","post_content_filtered":"","post_parent":0,"guid":"https:\/\/www.effe.it\/prodotto\/sky\/","menu_order":0,"post_type":"prodotto","post_mime_type":"","comment_count":"0","filter":"raw"},{"ID":9681,"post_author":"12708","post_date":"2021-07-29 11:03:03","post_date_gmt":"2021-07-29 09:03:03","post_content":"Les banquettes suspendues rendent le design plus l\u00e9ger et permettent l'installation sur le sol existant. Le po\u00eale positionn\u00e9 au centre fait d'Air un lieu de rencontre, o\u00f9 se d\u00e9tendre en compagnie. Les plans des banquettes deviennent \u00e0 l'ext\u00e9rieur un porte-serviettes et un plan d'appui fonctionnel. L'int\u00e9rieur est r\u00e9alis\u00e9 en bois pr\u00e9cieux Aspen au naturel ou thermo-trait\u00e9, tr\u00e8s r\u00e9sistant dans le temps. Les grandes surfaces vitr\u00e9es sur toute la hauteur en cristal tremp\u00e9 et l\u2019\u00e9clairage \u00e0 LED positionn\u00e9 sous les banquettes exalte la l\u00e9g\u00e8ret\u00e9 de l'espace.","post_title":"Air","post_excerpt":"","post_status":"publish","comment_status":"closed","ping_status":"closed","post_password":"","post_name":"air","to_ping":"","pinged":"","post_modified":"2024-12-05 09:25:13","post_modified_gmt":"2024-12-05 07:25:13","post_content_filtered":"","post_parent":0,"guid":"https:\/\/www.effe.it\/prodotto\/air\/","menu_order":0,"post_type":"prodotto","post_mime_type":"","comment_count":"0","filter":"raw"}]},"optional_products_group":{"optional_toggle_field":false,"related_optional":""},"accordion_group":{"":null,"materials-toggle-field":true,"miniatura_materiali":{"ID":6871,"id":6871,"title":"Auki","filename":"Auki.jpg","filesize":70444,"url":"https:\/\/static.effe.it\/website\/2021\/07\/Auki.jpg","link":"https:\/\/www.effe.it\/fr\/produit\/auki\/auki-2\/","alt":"","author":"9","description":"","caption":"","name":"auki-2","status":"inherit","uploaded_to":9687,"date":"2021-08-16 15:49:57","modified":"2021-08-16 15:49:57","menu_order":0,"mime_type":"image\/jpeg","type":"image","subtype":"jpeg","icon":"https:\/\/www.effe.it\/wp-includes\/images\/media\/default.png","width":697,"height":461,"sizes":{"thumbnail":"https:\/\/static.effe.it\/website\/2021\/07\/Auki-150x150.jpg","thumbnail-width":150,"thumbnail-height":150,"medium":"https:\/\/static.effe.it\/website\/2021\/07\/Auki-300x198.jpg","medium-width":300,"medium-height":198,"medium_large":"https:\/\/static.effe.it\/website\/2021\/07\/Auki.jpg","medium_large-width":697,"medium_large-height":461,"large":"https:\/\/static.effe.it\/website\/2021\/07\/Auki.jpg","large-width":697,"large-height":461,"image-related-size":"https:\/\/static.effe.it\/website\/2021\/07\/Auki-420x285.jpg","image-related-size-width":420,"image-related-size-height":285,"image-related-size-bigger-sq":"https:\/\/static.effe.it\/website\/2021\/07\/Auki.jpg","image-related-size-bigger-sq-width":624,"image-related-size-bigger-sq-height":413,"image-designer-product":"https:\/\/static.effe.it\/website\/2021\/07\/Auki.jpg","image-designer-product-width":644,"image-designer-product-height":426,"1536x1536":"https:\/\/static.effe.it\/website\/2021\/07\/Auki.jpg","1536x1536-width":697,"1536x1536-height":461,"2048x2048":"https:\/\/static.effe.it\/website\/2021\/07\/Auki.jpg","2048x2048-width":697,"2048x2048-height":461}},"materials_group":[{"materials_title":"HEMLOCK CANADIEN","single_materials_repeater":[{"position_material":"INT\u00c9RIEUR, EXT\u00c9RIEUR ET MOBILIER","single_materials":[{"ID":2546,"post_author":"2","post_date":"2021-07-29 10:50:08","post_date_gmt":"2021-07-29 08:50:08","post_content":"","post_title":"Hemlock canadien (lattes)","post_excerpt":"","post_status":"publish","comment_status":"open","ping_status":"open","post_password":"","post_name":"hemlock-canadien-lattes","to_ping":"","pinged":"","post_modified":"2021-07-29 10:50:08","post_modified_gmt":"2021-07-29 08:50:08","post_content_filtered":"","post_parent":0,"guid":"https:\/\/www.effe.it\/materiale_prodotto\/hemlock-canadien-lattes\/","menu_order":0,"post_type":"materiale_prodotto","post_mime_type":"","comment_count":"0","filter":"raw"}]}],"abilitare_numerazione":true},{"materials_title":"PIN FINLANDAIS","single_materials_repeater":[{"position_material":"INT\u00c9RIEUR, EXT\u00c9RIEUR ET MOBILIER","single_materials":[{"ID":2547,"post_author":"2","post_date":"2021-07-29 10:50:08","post_date_gmt":"2021-07-29 08:50:08","post_content":"","post_title":"Pin finlandais (lattes)","post_excerpt":"","post_status":"publish","comment_status":"open","ping_status":"open","post_password":"","post_name":"pin-finlandais-lattes","to_ping":"","pinged":"","post_modified":"2021-07-29 10:50:08","post_modified_gmt":"2021-07-29 08:50:08","post_content_filtered":"","post_parent":0,"guid":"https:\/\/www.effe.it\/materiale_prodotto\/pin-finlandais-lattes\/","menu_order":0,"post_type":"materiale_prodotto","post_mime_type":"","comment_count":"0","filter":"raw"}]}],"abilitare_numerazione":true},{"materials_title":"TREMBLE THERMO-TRAITE'","single_materials_repeater":[{"position_material":"INT\u00c9RIEUR, EXT\u00c9RIEUR ET MOBILIER","single_materials":[{"ID":37687,"post_author":"2","post_date":"2024-01-26 17:31:08","post_date_gmt":"2024-01-26 15:31:08","post_content":"","post_title":"Lattes en aspen thermotrait\u00e9","post_excerpt":"","post_status":"publish","comment_status":"closed","ping_status":"closed","post_password":"","post_name":"aspen-termotrattato-doghe-2","to_ping":"","pinged":"","post_modified":"2026-03-23 17:23:11","post_modified_gmt":"2026-03-23 15:23:11","post_content_filtered":"","post_parent":0,"guid":"https:\/\/www.effe.it\/blog\/materiale_prodotto\/aspen-termotrattato-doghe-2\/","menu_order":0,"post_type":"materiale_prodotto","post_mime_type":"","comment_count":"0","filter":"raw"}]}],"abilitare_numerazione":true}],"toggle_designer":true,"designer":[{"ID":660,"post_author":"6","post_date":"2021-07-14 17:14:30","post_date_gmt":"2021-07-14 15:14:30","post_content":"Designer et architecte d'int\u00e9rieur, elle a entam\u00e9 sa profession dans la seconde moiti\u00e9 des ann\u00e9es 70. Apr\u00e8s plusieurs ann\u00e9es de travail en collaboration avec quelques coll\u00e8gues, elle a fond\u00e9 le cabinet Talocci Design en 1995. Le cabinet est actif avec un groupe de collaborateurs principalement dans le design de produits et expositions et la direction artistique, ainsi que dans la communication et l'organisation d'\u00e9v\u00e9nements. Une curiosit\u00e9 naturelle pour l'innovation, la recherche mat\u00e9rielle et technologique, l'observation profonde de la r\u00e9alit\u00e9 qui l'entoure, lui permettent de concevoir, dans des domaines compl\u00e8tement diff\u00e9rents, pour des entreprises prestigieuses, telles que Poltrona Frau, Teuco, Effegibi, Foppapedretti, Fantini, Provex, Falper, Scarabeo, Fratelli Guzzini, Fornara &amp; Maulini, Luceplan, Rapsel, Viasat, Italaquae, SanLorenzo, Domo, Et-al, Rina Menardi, Gran Tour, DMP Electronics, Stilhaus.\nElle a re\u00e7u de nombreux prix, notamment de multiples s\u00e9lections ADI Design Index, Mentions d\u2019honneurs au Compasso D'Oro, Prix Design Plus et German Design Award.\nElle combine son travail conceptuel de designer \u00e0 l'activit\u00e9 d'architecte d'int\u00e9rieur pour les espaces commerciaux et les maisons priv\u00e9es. Elle a coordonn\u00e9 de nombreux \u00e9v\u00e9nements culturels : plusieurs \u00e9ditions de \u00ab Abitare il Tempo \u00bb puis \u00ab Segnali di Cibo \u00bb, une exposition qui, en 1999, a anticip\u00e9 la tendance \u00e0 associer le design au th\u00e8me de l'alimentation, \u00ab Wonderfull World \u00bb, \u00ab Superfici \u00bb, \u00ab Caf\u00e9 \u00bb, \u00ab Evoca \u00bb, \u00ab Design on Board \u00bb, \u00ab Come l\u2019acqua sul fuoco \u00bb, \u00ab Italianism \u00bb. Elle pr\u00e9sente ou participe en tant qu'invit\u00e9 \u00e0 des programmes t\u00e9l\u00e9vis\u00e9s sur le design. Elle est membre de nombreux jurys dans des concours de design nationaux et internationaux. Elle enseigne \u00e0 l'Universit\u00e9 La Sapienza de Rome et dans des \u00c9coles de design, telles que IED, QUASAR et actuellement AANT.\nDepuis 1979, elle est membre de l'ADI, de 2004 \u00e0 2017 elle a fait partie du Comit\u00e9 Directeur National de l'ADI et de 2014 \u00e0 2017 elle en a \u00e9t\u00e9 la vice-pr\u00e9sidente. En 2017, elle a coordonn\u00e9 l'int\u00e9gration de la Collection Design dans le palais de la Farnesina et la cr\u00e9ation de la Salle Design. Elle est membre du Comit\u00e9 d\u2019orientation du Prix national pour l'Innovation \u00ab Prix des prix \u00bb, institu\u00e9 par concession du Pr\u00e9sident de la R\u00e9publique italienne \u00e0 la Fondation COTEC. En 2007, elle a fait partie du premier Conseil italien du design, institu\u00e9 par le Minist\u00e8re du patrimoine et des activit\u00e9s culturelles italien.","post_title":"Giovanna Talocci","post_excerpt":"","post_status":"publish","comment_status":"closed","ping_status":"closed","post_password":"","post_name":"giovanna-talocci","to_ping":"","pinged":"","post_modified":"2022-05-17 17:44:31","post_modified_gmt":"2022-05-17 15:44:31","post_content_filtered":"","post_parent":0,"guid":"https:\/\/www.effe.it\/designer\/giovanna-talocci\/","menu_order":30,"post_type":"designer","post_mime_type":"","comment_count":"0","filter":"raw"}],"models_relationship":[{"ID":8562,"post_author":"12708","post_date":"2021-08-02 13:04:41","post_date_gmt":"2021-08-02 11:04:41","post_content":"","post_title":"AUKI 30","post_excerpt":"","post_status":"publish","comment_status":"closed","ping_status":"closed","post_password":"","post_name":"auki-30-abete","to_ping":"","pinged":"","post_modified":"2026-01-14 12:05:43","post_modified_gmt":"2026-01-14 10:05:43","post_content_filtered":"","post_parent":0,"guid":"https:\/\/www.effe.it\/blog\/modelli\/auki-30-abete\/","menu_order":0,"post_type":"modelli","post_mime_type":"","comment_count":"0","filter":"raw"},{"ID":9207,"post_author":"12708","post_date":"2021-08-02 13:04:37","post_date_gmt":"2021-08-02 11:04:37","post_content":"","post_title":"AUKI 40","post_excerpt":"","post_status":"publish","comment_status":"closed","ping_status":"closed","post_password":"","post_name":"auki-40-abete","to_ping":"","pinged":"","post_modified":"2026-01-14 12:11:10","post_modified_gmt":"2026-01-14 10:11:10","post_content_filtered":"","post_parent":0,"guid":"https:\/\/www.effe.it\/blog\/modelli\/auki-40-abete\/","menu_order":0,"post_type":"modelli","post_mime_type":"","comment_count":"0","filter":"raw"},{"ID":9197,"post_author":"12708","post_date":"2021-08-02 13:04:37","post_date_gmt":"2021-08-02 11:04:37","post_content":"","post_title":"AUKI 45","post_excerpt":"","post_status":"publish","comment_status":"closed","ping_status":"closed","post_password":"","post_name":"auki-45-abete","to_ping":"","pinged":"","post_modified":"2026-01-14 12:16:05","post_modified_gmt":"2026-01-14 10:16:05","post_content_filtered":"","post_parent":0,"guid":"https:\/\/www.effe.it\/blog\/modelli\/auki-45-abete\/","menu_order":0,"post_type":"modelli","post_mime_type":"","comment_count":"0","filter":"raw"},{"ID":9187,"post_author":"12708","post_date":"2021-08-02 13:04:37","post_date_gmt":"2021-08-02 11:04:37","post_content":"","post_title":"AUKI 60","post_excerpt":"","post_status":"publish","comment_status":"closed","ping_status":"closed","post_password":"","post_name":"auki-60-abete","to_ping":"","pinged":"","post_modified":"2026-01-14 12:26:56","post_modified_gmt":"2026-01-14 10:26:56","post_content_filtered":"","post_parent":0,"guid":"https:\/\/www.effe.it\/blog\/modelli\/auki-60-abete\/","menu_order":0,"post_type":"modelli","post_mime_type":"","comment_count":"0","filter":"raw"}],"models_with_documents":true,"description_model_toggle_field":true,"model_description":"","disponibile_su_misura":true,"blueprint_toggle":false,"blueprint":null,"abilitare_versioni":false},"gallery_photos_12_columns":[{"image_gallery_columns":"https:\/\/static.effe.it\/website\/2021\/07\/Auki-1%402x.jpg","copy_image_column":"","numer_of_columns":"6","embed_video_gallery":""},{"image_gallery_columns":"https:\/\/static.effe.it\/website\/2021\/07\/Auki-2%402x.jpg","copy_image_column":"","numer_of_columns":"4","embed_video_gallery":""},{"image_gallery_columns":"https:\/\/static.effe.it\/website\/2021\/07\/Auki-3%402x.jpg","copy_image_column":"","numer_of_columns":"4","embed_video_gallery":""},{"image_gallery_columns":"https:\/\/static.effe.it\/website\/2021\/07\/Auki-4%402x.jpg","copy_image_column":"","numer_of_columns":"6","embed_video_gallery":""},{"image_gallery_columns":"https:\/\/static.effe.it\/website\/2021\/07\/Auki-5%402x-scaled.jpg","copy_image_column":"","numer_of_columns":"12","embed_video_gallery":""},{"image_gallery_columns":"https:\/\/static.effe.it\/website\/2021\/07\/Auki-6%402x.jpg","copy_image_column":"","numer_of_columns":"4","embed_video_gallery":""},{"image_gallery_columns":"https:\/\/static.effe.it\/website\/2021\/07\/Auki-7%402x.jpg","copy_image_column":"","numer_of_columns":"6","embed_video_gallery":""},{"image_gallery_columns":"https:\/\/static.effe.it\/website\/2021\/07\/Auki-8%402x.jpg","copy_image_column":"","numer_of_columns":"5","embed_video_gallery":""},{"image_gallery_columns":"https:\/\/static.effe.it\/website\/2021\/07\/Auki-9%402x.jpg","copy_image_column":"","numer_of_columns":"4","embed_video_gallery":""},{"image_gallery_columns":"https:\/\/static.effe.it\/website\/2021\/07\/Auki-10%402x-scaled.jpg","copy_image_column":"","numer_of_columns":"12","embed_video_gallery":""}],"slider_gallery":[{"image-slider-gallery":"https:\/\/static.effe.it\/website\/2021\/07\/Slider-Auki-1.jpg","text-image-gallery":"","video":""},{"image-slider-gallery":"https:\/\/static.effe.it\/website\/2021\/07\/Slider-Auki-2.jpg","text-image-gallery":"","video":""},{"image-slider-gallery":"https:\/\/static.effe.it\/website\/2021\/07\/Slider-Auki-3.jpg","text-image-gallery":"","video":""}],"documents_related_collection_group":[{"input_type":"url","resource_url":"https:\/\/drive.google.com\/file\/d\/1PZhGP7wRRH8xHd2XKUvyMcA4LutlEhZB\/view","document_title":"Brochure","file":false,"logged_in_only":false,"reserved_service_center":false},{"input_type":"url","resource_url":"https:\/\/drive.google.com\/drive\/folders\/1MFelhHiEcv6RNai4Pi2aLuDmnif5ZnI1?usp=drive_link","document_title":"Manuel d'utilisation","file":false,"logged_in_only":true,"reserved_service_center":false}],"intro_text":"Fabriqu\u00e9 enti\u00e8rement en bois pr\u00e9cieux de Pin finlandais ou Hemlock canadien sans n\u0153uds, Auki combine l\u2019ancienne tradition des saunas nord-europ\u00e9ens avec un design moderne."},"_links":{"self":[{"href":"https:\/\/www.effe.it\/fr\/wp-json\/wp\/v2\/products\/9687"}],"collection":[{"href":"https:\/\/www.effe.it\/fr\/wp-json\/wp\/v2\/products"}],"about":[{"href":"https:\/\/www.effe.it\/fr\/wp-json\/wp\/v2\/types\/prodotto"}],"version-history":[{"count":6,"href":"https:\/\/www.effe.it\/fr\/wp-json\/wp\/v2\/products\/9687\/revisions"}],"predecessor-version":[{"id":37690,"href":"https:\/\/www.effe.it\/fr\/wp-json\/wp\/v2\/products\/9687\/revisions\/37690"}],"wp:featuredmedia":[{"embeddable":true,"href":"https:\/\/www.effe.it\/fr\/wp-json\/wp\/v2\/media\/18005"}],"wp:attachment":[{"href":"https:\/\/www.effe.it\/fr\/wp-json\/wp\/v2\/media?parent=9687"}],"wp:term":[{"taxonomy":"categorie_prodotti","embeddable":true,"href":"https:\/\/www.effe.it\/fr\/wp-json\/wp\/v2\/categorie_prodotti?post=9687"},{"taxonomy":"famiglia_prodotti","embeddable":true,"href":"https:\/\/www.effe.it\/fr\/wp-json\/wp\/v2\/famiglia_prodotti?post=9687"}],"curies":[{"name":"wp","href":"https:\/\/api.w.org\/{rel}","templated":true}]}}