{"id":9650,"date":"2021-07-29T12:19:09","date_gmt":"2021-07-29T10:19:09","guid":{"rendered":"https:\/\/www.effe.it\/prodotto\/bio-sauna\/"},"modified":"2025-07-10T12:32:10","modified_gmt":"2025-07-10T10:32:10","slug":"bio-sauna","status":"publish","type":"prodotto","link":"https:\/\/www.effe.it\/fr\/produit\/bio-sauna\/","title":{"rendered":"Bio-Sauna"},"content":{"rendered":"","protected":false},"featured_media":26651,"menu_order":0,"template":"","categorie_prodotti":[822],"famiglia_prodotti":[],"better_featured_image":{"id":26651,"alt_text":"","caption":"","description":"","media_type":"image","media_details":{"width":2108,"height":1708,"file":"2021\/07\/featured-biosauna.jpg","sizes":{"medium":{"file":"featured-biosauna-300x243.jpg","width":300,"height":243,"mime-type":"image\/jpeg","source_url":"https:\/\/static.effe.it\/website\/2021\/07\/featured-biosauna-300x243.jpg"},"large":{"file":"featured-biosauna-1024x830.jpg","width":1024,"height":830,"mime-type":"image\/jpeg","source_url":"https:\/\/static.effe.it\/website\/2021\/07\/featured-biosauna-1024x830.jpg"},"thumbnail":{"file":"featured-biosauna-150x150.jpg","width":150,"height":150,"mime-type":"image\/jpeg","source_url":"https:\/\/static.effe.it\/website\/2021\/07\/featured-biosauna-150x150.jpg"},"medium_large":{"file":"featured-biosauna-768x622.jpg","width":768,"height":622,"mime-type":"image\/jpeg","source_url":"https:\/\/static.effe.it\/website\/2021\/07\/featured-biosauna-768x622.jpg"},"image-related-size":{"file":"featured-biosauna-420x285.jpg","width":420,"height":285,"mime-type":"image\/jpeg","source_url":"https:\/\/static.effe.it\/website\/2021\/07\/featured-biosauna-420x285.jpg"},"image-related-size-bigger-sq":{"file":"featured-biosauna-624x468.jpg","width":624,"height":468,"mime-type":"image\/jpeg","source_url":"https:\/\/static.effe.it\/website\/2021\/07\/featured-biosauna-624x468.jpg"},"image-designer-product":{"file":"featured-biosauna-644x587.jpg","width":644,"height":587,"mime-type":"image\/jpeg","source_url":"https:\/\/static.effe.it\/website\/2021\/07\/featured-biosauna-644x587.jpg"},"1536x1536":{"file":"featured-biosauna-1536x1245.jpg","width":1536,"height":1245,"mime-type":"image\/jpeg","source_url":"https:\/\/static.effe.it\/website\/2021\/07\/featured-biosauna-1536x1245.jpg"},"2048x2048":{"file":"featured-biosauna-2048x1659.jpg","width":2048,"height":1659,"mime-type":"image\/jpeg","source_url":"https:\/\/static.effe.it\/website\/2021\/07\/featured-biosauna-2048x1659.jpg"}},"image_meta":{"aperture":"0","credit":"","camera":"","caption":"","created_timestamp":"0","copyright":"","focal_length":"0","iso":"0","shutter_speed":"0","title":"","orientation":"0","keywords":[]}},"post":9650,"source_url":"https:\/\/static.effe.it\/website\/2021\/07\/featured-biosauna.jpg"},"acf":{"related_products_group":{"toggle_related_product_field":false,"related_products":null},"optional_products_group":{"optional_toggle_field":false,"related_optional":""},"accordion_group":{"":null,"materials-toggle-field":false,"miniatura_materiali":false,"materials_group":false,"toggle_designer":false,"designer":"","models_relationship":null,"models_with_documents":true,"description_model_toggle_field":false,"model_description":"","disponibile_su_misura":true,"blueprint_toggle":false,"blueprint":null,"abilitare_versioni":false},"slider_gallery":[{"image-slider-gallery":"https:\/\/static.effe.it\/website\/2021\/07\/slider-idea-1-3.jpg","text-image-gallery":"","video":""}],"gallery_photos_12_columns":[{"image_gallery_columns":"https:\/\/static.effe.it\/website\/2021\/07\/Biosauna-1%402x.jpg","copy_image_column":"","numer_of_columns":"6","embed_video_gallery":""},{"image_gallery_columns":"https:\/\/static.effe.it\/website\/2021\/07\/Biosauna-4%402x.jpg","copy_image_column":"","numer_of_columns":"4","embed_video_gallery":""},{"image_gallery_columns":"https:\/\/static.effe.it\/website\/2021\/07\/Biosauna-3%402x.jpg","copy_image_column":"","numer_of_columns":"11","embed_video_gallery":""}],"intro_text":"Le Bio-sauna est un sauna avec des niveaux de temp\u00e9rature contenus entre 50 et 60 \u00b0C et une humidit\u00e9 d\u2019environ 60-70 %. Gr\u00e2ce au vaporisateur int\u00e9gr\u00e9, en programmant la temp\u00e9rature souhait\u00e9e, le po\u00eale Bio cr\u00e9era l\u2019\u00e9quilibre parfait entre chaleur et humidit\u00e9. Le syst\u00e8me combin\u00e9 Effe permet de choisir entre Bio-sauna, un parcours \u00e0 mi-chemin entre le sauna finlandais et la nature m\u00e9diterran\u00e9enne du bain de vapeur, ou le sauna traditionnel, caract\u00e9ris\u00e9 par des temp\u00e9ratures allant jusqu\u2019\u00e0 100 \u00b0C avec basse humidit\u00e9. Le syst\u00e8me combin\u00e9 peut \u00eatre appliqu\u00e9 \u00e0 tous les saunas d\u2019Effe.","documents_related_collection_group":[{"input_type":"url","resource_url":"https:\/\/drive.google.com\/drive\/folders\/1yRCP0EjW9MHjJrGka03emoRnFP-zi_fs?usp=drive_link","document_title":"Fiche de pr\u00e9installation","file":false,"logged_in_only":false,"reserved_service_center":false},{"input_type":"url","resource_url":"https:\/\/drive.google.com\/drive\/folders\/15a2zDBr25LbANM2LRQ0gG-tD46O4WY4g?usp=drive_link","document_title":"Manual de uso y mantenimiento","file":false,"logged_in_only":true,"reserved_service_center":false}]},"_links":{"self":[{"href":"https:\/\/www.effe.it\/fr\/wp-json\/wp\/v2\/products\/9650"}],"collection":[{"href":"https:\/\/www.effe.it\/fr\/wp-json\/wp\/v2\/products"}],"about":[{"href":"https:\/\/www.effe.it\/fr\/wp-json\/wp\/v2\/types\/prodotto"}],"version-history":[{"count":4,"href":"https:\/\/www.effe.it\/fr\/wp-json\/wp\/v2\/products\/9650\/revisions"}],"predecessor-version":[{"id":36462,"href":"https:\/\/www.effe.it\/fr\/wp-json\/wp\/v2\/products\/9650\/revisions\/36462"}],"wp:featuredmedia":[{"embeddable":true,"href":"https:\/\/www.effe.it\/fr\/wp-json\/wp\/v2\/media\/26651"}],"wp:attachment":[{"href":"https:\/\/www.effe.it\/fr\/wp-json\/wp\/v2\/media?parent=9650"}],"wp:term":[{"taxonomy":"categorie_prodotti","embeddable":true,"href":"https:\/\/www.effe.it\/fr\/wp-json\/wp\/v2\/categorie_prodotti?post=9650"},{"taxonomy":"famiglia_prodotti","embeddable":true,"href":"https:\/\/www.effe.it\/fr\/wp-json\/wp\/v2\/famiglia_prodotti?post=9650"}],"curies":[{"name":"wp","href":"https:\/\/api.w.org\/{rel}","templated":true}]}}