{"id":9566,"date":"2021-07-29T12:19:09","date_gmt":"2021-07-29T10:19:09","guid":{"rendered":"https:\/\/www.effe.it\/blog\/prodotto\/watersuite\/"},"modified":"2024-05-02T13:27:11","modified_gmt":"2024-05-02T11:27:11","slug":"watersuite","status":"publish","type":"prodotto","link":"https:\/\/www.effe.it\/fr\/produit\/watersuite\/","title":{"rendered":"WaterSuite"},"content":{"rendered":"<p>Des jeux de lumi\u00e8re submerg\u00e9e compl\u00e8tent ce produit \u00e9l\u00e9gant et polyvalent. Baignoire dot\u00e9e de diff\u00e9rents types d'hydromassage et de la fonction de chromoth\u00e9rapie Blade Light \u00e0 LED RGB. WaterSuite peut \u00eatre facilement int\u00e9gr\u00e9e dans n\u2019importe quel contexte d\u2019ameublement de la salle de bain gr\u00e2ce \u00e0 la personnalisation du panneau qui cache le tableau de commandes, plac\u00e9 sur le c\u00f4t\u00e9 de la baignoire.<\/p>\n","protected":false},"featured_media":17927,"menu_order":0,"template":"","categorie_prodotti":[1227],"famiglia_prodotti":[],"better_featured_image":{"id":17927,"alt_text":"","caption":"","description":"","media_type":"image","media_details":{"width":1184,"height":960,"file":"2021\/10\/landing-acqua-watersuite@2x.jpg","sizes":{"medium":{"file":"landing-acqua-watersuite@2x-300x243.jpg","width":300,"height":243,"mime-type":"image\/jpeg","source_url":"https:\/\/static.effe.it\/website\/2021\/10\/landing-acqua-watersuite%402x-300x243.jpg"},"large":{"file":"landing-acqua-watersuite@2x-1024x830.jpg","width":1024,"height":830,"mime-type":"image\/jpeg","source_url":"https:\/\/static.effe.it\/website\/2021\/10\/landing-acqua-watersuite%402x-1024x830.jpg"},"thumbnail":{"file":"landing-acqua-watersuite@2x-150x150.jpg","width":150,"height":150,"mime-type":"image\/jpeg","source_url":"https:\/\/static.effe.it\/website\/2021\/10\/landing-acqua-watersuite%402x-150x150.jpg"},"medium_large":{"file":"landing-acqua-watersuite@2x-768x623.jpg","width":768,"height":623,"mime-type":"image\/jpeg","source_url":"https:\/\/static.effe.it\/website\/2021\/10\/landing-acqua-watersuite%402x-768x623.jpg"},"image-related-size":{"file":"landing-acqua-watersuite@2x-420x285.jpg","width":420,"height":285,"mime-type":"image\/jpeg","source_url":"https:\/\/static.effe.it\/website\/2021\/10\/landing-acqua-watersuite%402x-420x285.jpg"},"image-related-size-bigger-sq":{"file":"landing-acqua-watersuite@2x-624x468.jpg","width":624,"height":468,"mime-type":"image\/jpeg","source_url":"https:\/\/static.effe.it\/website\/2021\/10\/landing-acqua-watersuite%402x-624x468.jpg"},"image-designer-product":{"file":"landing-acqua-watersuite@2x-644x587.jpg","width":644,"height":587,"mime-type":"image\/jpeg","source_url":"https:\/\/static.effe.it\/website\/2021\/10\/landing-acqua-watersuite%402x-644x587.jpg"}},"image_meta":{"aperture":"0","credit":"","camera":"","caption":"","created_timestamp":"0","copyright":"","focal_length":"0","iso":"0","shutter_speed":"0","title":"","orientation":"0","keywords":[]}},"post":18278,"source_url":"https:\/\/static.effe.it\/website\/2021\/10\/landing-acqua-watersuite%402x.jpg"},"acf":{"intro_text":"Avec WaterSuite, l'eau assume \u00e0 nouveau un r\u00f4le central dans le bien-\u00eatre quotidien. La fonction de s\u00e9rie Source g\u00e9n\u00e8re un l\u00e9ger mouvement depuis le fond de la baignoire qui d\u00e9tend profond\u00e9ment le corps et stimule la circulation.","related_products_group":{"toggle_related_product_field":true,"related_products":[{"ID":9545,"post_author":"20","post_date":"2021-07-29 12:19:09","post_date_gmt":"2021-07-29 10:19:09","post_content":"La mini piscine permet de garder l'eau \u00e0 l'int\u00e9rieur pendant de longues p\u00e9riodes, sans la vider apr\u00e8s chaque utilisation. Fonction Source : un l\u00e9ger flux d'eau qui part du fond de la baignoire et g\u00e9n\u00e8re un mouvement circulaire. WaterDream est facilement int\u00e9grable dans n\u2019importe quel contexte d\u2019ameublement de la salle de bain gr\u00e2ce \u00e0 la personnalisation du panneau qui cache le tableau de commandes, plac\u00e9 sur le c\u00f4t\u00e9 de la baignoire.","post_title":"WaterDream","post_excerpt":"","post_status":"publish","comment_status":"closed","ping_status":"closed","post_password":"","post_name":"waterdream","to_ping":"","pinged":"","post_modified":"2024-04-30 17:19:45","post_modified_gmt":"2024-04-30 15:19:45","post_content_filtered":"","post_parent":0,"guid":"https:\/\/www.effe.it\/blog\/prodotto\/waterdream\/","menu_order":0,"post_type":"prodotto","post_mime_type":"","comment_count":"0","filter":"raw"},{"ID":9572,"post_author":"6","post_date":"2021-07-29 12:19:09","post_date_gmt":"2021-07-29 10:19:09","post_content":"Fit Shower peut \u00eatre combin\u00e9e avec n\u2019importe quel g\u00e9n\u00e9rateur de vapeur Effe. Installation au plafond: encastr\u00e9e, semi-encastr\u00e9e, en saillie. Douche avec deux jets d\u2019eau diff\u00e9rents: jet d\u2019eau et jet tonique.","post_title":"Fit Shower","post_excerpt":"","post_status":"draft","comment_status":"closed","ping_status":"closed","post_password":"","post_name":"fit-shower","to_ping":"","pinged":"","post_modified":"2024-04-15 16:29:36","post_modified_gmt":"2024-04-15 14:29:36","post_content_filtered":"","post_parent":0,"guid":"https:\/\/www.effe.it\/blog\/prodotto\/fit-shower\/","menu_order":0,"post_type":"prodotto","post_mime_type":"","comment_count":"0","filter":"raw"}]},"optional_products_group":{"optional_toggle_field":false,"related_optional":""},"accordion_group":{"":null,"materials-toggle-field":true,"miniatura_materiali":{"ID":6961,"id":6961,"title":"WaterSuite","filename":"WaterSuite.jpg","filesize":54487,"url":"https:\/\/static.effe.it\/website\/2021\/07\/WaterSuite.jpg","link":"https:\/\/www.effe.it\/fr\/produit\/watersuite\/watersuite-2\/","alt":"","author":"9","description":"","caption":"","name":"watersuite-2","status":"inherit","uploaded_to":9566,"date":"2021-08-16 15:56:38","modified":"2021-08-16 15:56:38","menu_order":0,"mime_type":"image\/jpeg","type":"image","subtype":"jpeg","icon":"https:\/\/www.effe.it\/wp-includes\/images\/media\/default.png","width":697,"height":461,"sizes":{"thumbnail":"https:\/\/static.effe.it\/website\/2021\/07\/WaterSuite-150x150.jpg","thumbnail-width":150,"thumbnail-height":150,"medium":"https:\/\/static.effe.it\/website\/2021\/07\/WaterSuite-300x198.jpg","medium-width":300,"medium-height":198,"medium_large":"https:\/\/static.effe.it\/website\/2021\/07\/WaterSuite.jpg","medium_large-width":697,"medium_large-height":461,"large":"https:\/\/static.effe.it\/website\/2021\/07\/WaterSuite.jpg","large-width":697,"large-height":461,"image-related-size":"https:\/\/static.effe.it\/website\/2021\/07\/WaterSuite-420x285.jpg","image-related-size-width":420,"image-related-size-height":285,"image-related-size-bigger-sq":"https:\/\/static.effe.it\/website\/2021\/07\/WaterSuite.jpg","image-related-size-bigger-sq-width":624,"image-related-size-bigger-sq-height":413,"image-designer-product":"https:\/\/static.effe.it\/website\/2021\/07\/WaterSuite.jpg","image-designer-product-width":644,"image-designer-product-height":426,"1536x1536":"https:\/\/static.effe.it\/website\/2021\/07\/WaterSuite.jpg","1536x1536-width":697,"1536x1536-height":461,"2048x2048":"https:\/\/static.effe.it\/website\/2021\/07\/WaterSuite.jpg","2048x2048-width":697,"2048x2048-height":461}},"materials_group":[{"materials_title":"","single_materials_repeater":[{"position_material":"","single_materials":[{"ID":2548,"post_author":"2","post_date":"2021-07-29 10:50:08","post_date_gmt":"2021-07-29 08:50:08","post_content":"","post_title":"Gr\u00e8s lamin\u00e9 Slimtech Soft Sand","post_excerpt":"","post_status":"publish","comment_status":"open","ping_status":"open","post_password":"","post_name":"gres-lamine-slimtech-soft-sand","to_ping":"","pinged":"","post_modified":"2021-07-29 10:50:08","post_modified_gmt":"2021-07-29 08:50:08","post_content_filtered":"","post_parent":0,"guid":"https:\/\/www.effe.it\/materiale_prodotto\/gres-lamine-slimtech-soft-sand\/","menu_order":0,"post_type":"materiale_prodotto","post_mime_type":"","comment_count":"0","filter":"raw"}]}],"abilitare_numerazione":true}],"toggle_designer":true,"designer":[{"ID":660,"post_author":"6","post_date":"2021-07-14 17:14:30","post_date_gmt":"2021-07-14 15:14:30","post_content":"Designer et architecte d'int\u00e9rieur, elle a entam\u00e9 sa profession dans la seconde moiti\u00e9 des ann\u00e9es 70. Apr\u00e8s plusieurs ann\u00e9es de travail en collaboration avec quelques coll\u00e8gues, elle a fond\u00e9 le cabinet Talocci Design en 1995. Le cabinet est actif avec un groupe de collaborateurs principalement dans le design de produits et expositions et la direction artistique, ainsi que dans la communication et l'organisation d'\u00e9v\u00e9nements. Une curiosit\u00e9 naturelle pour l'innovation, la recherche mat\u00e9rielle et technologique, l'observation profonde de la r\u00e9alit\u00e9 qui l'entoure, lui permettent de concevoir, dans des domaines compl\u00e8tement diff\u00e9rents, pour des entreprises prestigieuses, telles que Poltrona Frau, Teuco, Effegibi, Foppapedretti, Fantini, Provex, Falper, Scarabeo, Fratelli Guzzini, Fornara &amp; Maulini, Luceplan, Rapsel, Viasat, Italaquae, SanLorenzo, Domo, Et-al, Rina Menardi, Gran Tour, DMP Electronics, Stilhaus.\nElle a re\u00e7u de nombreux prix, notamment de multiples s\u00e9lections ADI Design Index, Mentions d\u2019honneurs au Compasso D'Oro, Prix Design Plus et German Design Award.\nElle combine son travail conceptuel de designer \u00e0 l'activit\u00e9 d'architecte d'int\u00e9rieur pour les espaces commerciaux et les maisons priv\u00e9es. Elle a coordonn\u00e9 de nombreux \u00e9v\u00e9nements culturels : plusieurs \u00e9ditions de \u00ab Abitare il Tempo \u00bb puis \u00ab Segnali di Cibo \u00bb, une exposition qui, en 1999, a anticip\u00e9 la tendance \u00e0 associer le design au th\u00e8me de l'alimentation, \u00ab Wonderfull World \u00bb, \u00ab Superfici \u00bb, \u00ab Caf\u00e9 \u00bb, \u00ab Evoca \u00bb, \u00ab Design on Board \u00bb, \u00ab Come l\u2019acqua sul fuoco \u00bb, \u00ab Italianism \u00bb. Elle pr\u00e9sente ou participe en tant qu'invit\u00e9 \u00e0 des programmes t\u00e9l\u00e9vis\u00e9s sur le design. Elle est membre de nombreux jurys dans des concours de design nationaux et internationaux. Elle enseigne \u00e0 l'Universit\u00e9 La Sapienza de Rome et dans des \u00c9coles de design, telles que IED, QUASAR et actuellement AANT.\nDepuis 1979, elle est membre de l'ADI, de 2004 \u00e0 2017 elle a fait partie du Comit\u00e9 Directeur National de l'ADI et de 2014 \u00e0 2017 elle en a \u00e9t\u00e9 la vice-pr\u00e9sidente. En 2017, elle a coordonn\u00e9 l'int\u00e9gration de la Collection Design dans le palais de la Farnesina et la cr\u00e9ation de la Salle Design. Elle est membre du Comit\u00e9 d\u2019orientation du Prix national pour l'Innovation \u00ab Prix des prix \u00bb, institu\u00e9 par concession du Pr\u00e9sident de la R\u00e9publique italienne \u00e0 la Fondation COTEC. En 2007, elle a fait partie du premier Conseil italien du design, institu\u00e9 par le Minist\u00e8re du patrimoine et des activit\u00e9s culturelles italien.","post_title":"Giovanna Talocci","post_excerpt":"","post_status":"publish","comment_status":"closed","ping_status":"closed","post_password":"","post_name":"giovanna-talocci","to_ping":"","pinged":"","post_modified":"2022-05-17 17:44:31","post_modified_gmt":"2022-05-17 15:44:31","post_content_filtered":"","post_parent":0,"guid":"https:\/\/www.effe.it\/designer\/giovanna-talocci\/","menu_order":30,"post_type":"designer","post_mime_type":"","comment_count":"0","filter":"raw"},{"ID":26160,"post_author":"2","post_date":"2022-02-28 12:22:59","post_date_gmt":"2022-02-28 10:22:59","post_content":"<!-- wp:paragraph -->\n<p>Marco Pallocca nasce a Roma nel 1980. Si diploma in Disegno Industriale presso l'Istituto Europeo di Design nel 2006. Una personalit\u00e0 riflessiva e trasversale unita alla ricerca continua e ad un occhio attento all\u2019innovazione, caratterizzano la sua proposta creativa dall\u2019estetica essenziale.&nbsp;<\/p>\n<!-- \/wp:paragraph -->\n\n<!-- wp:paragraph -->\n<p>Durante il suo percorso di studi partecipa con pezzi autoprodotti a mostre ed eventi fra i quali: ICFF International Contemporary Furniture Fair di New York (\"Italian Young design 2005\"), CSMEF (China Small and Medium Enterprise Fair 2006 stand Regione Lazio a Canton). Nel 2007 viene selezionato per il XXI Compasso d'Oro \"Young selection\".<\/p>\n<!-- \/wp:paragraph -->\n\n<!-- wp:paragraph -->\n<p>Nello stesso anno inizia la sua collaborazione con lo Studio \"Talocci Design\" che ad oggi lo ha visto impegnato su numerosi progetti per aziende quali: Teuco, EFFE, Foppapedretti, Provex, Falper, Scarabeo Ceramiche, Et.al, DMP Electronics e Stilhaus. Dal 2017 intensifica questa collaborazione iniziando a firmare i progetti insieme a Giovanna Talocci. Dal 2019 \u00e8 docente presso la AANT Accademia Arti e Nuove Tecnologie di Roma.<\/p>\n<!-- \/wp:paragraph -->","post_title":"Marco Pallocca","post_excerpt":"","post_status":"publish","comment_status":"closed","ping_status":"closed","post_password":"","post_name":"marco-pallocca","to_ping":"","pinged":"","post_modified":"2022-05-17 17:41:46","post_modified_gmt":"2022-05-17 15:41:46","post_content_filtered":"","post_parent":0,"guid":"https:\/\/www.effe.it\/blog\/designer\/marco-pallocca\/","menu_order":40,"post_type":"designer","post_mime_type":"","comment_count":"0","filter":"raw"}],"models_relationship":"","models_with_documents":true,"description_model_toggle_field":true,"model_description":"","disponibile_su_misura":false,"blueprint_toggle":false,"blueprint":null,"abilitare_versioni":false},"gallery_photos_12_columns":[{"image_gallery_columns":"https:\/\/static.effe.it\/website\/2021\/07\/WaterSuite-1%402x.jpg","copy_image_column":"","numer_of_columns":"6","embed_video_gallery":""},{"image_gallery_columns":"https:\/\/static.effe.it\/website\/2021\/07\/WaterSuite-2%402x.jpg","copy_image_column":"","numer_of_columns":"4","embed_video_gallery":""},{"image_gallery_columns":"https:\/\/static.effe.it\/website\/2021\/07\/WaterSuite-3%402x.jpg","copy_image_column":"","numer_of_columns":"5","embed_video_gallery":""},{"image_gallery_columns":"https:\/\/static.effe.it\/website\/2021\/07\/WaterSuite-4%402x.jpg","copy_image_column":"","numer_of_columns":"5","embed_video_gallery":""},{"image_gallery_columns":"https:\/\/static.effe.it\/website\/2021\/07\/WaterSuite-5%402x-scaled.jpg","copy_image_column":"","numer_of_columns":"12","embed_video_gallery":""}],"slider_gallery":[{"image-slider-gallery":"https:\/\/static.effe.it\/website\/2021\/07\/Slider-WaterSuite-1.jpg","text-image-gallery":"","video":""}],"documents_related_collection_group":[{"input_type":"url","resource_url":"https:\/\/drive.google.com\/file\/d\/1GVZ6f2LXUrU2z0Z5N6z1nUvaiCiRETw4\/view?usp=sharing","document_title":"Brochure","file":false,"logged_in_only":false,"reserved_service_center":false},{"input_type":"url","resource_url":"https:\/\/drive.google.com\/file\/d\/1kZFSBh8KOzA4ZJfe89G_Bkx7obAEeKtL\/view?usp=sharing","document_title":"Fiche de pr\u00e9-installation","file":false,"logged_in_only":false,"reserved_service_center":false},{"input_type":"url","resource_url":"https:\/\/drive.google.com\/file\/d\/1CBHcHFel3uc-GQ3DJYkY1abJ6GaZfNF0\/view?usp=sharing","document_title":"Manuel d'utilisation","file":false,"logged_in_only":false,"reserved_service_center":false},{"input_type":"url","resource_url":"https:\/\/drive.google.com\/file\/d\/1BRIH7l9JqkrYzFus-KLAAnCr9szJMbvO\/view?usp=sharing","document_title":"Manuel d'assemblage","file":false,"logged_in_only":true,"reserved_service_center":false},{"input_type":"url","resource_url":"https:\/\/drive.google.com\/file\/d\/1wgxSU7QCqIHJU4QYi5ewnoWCju9Ci3r0\/view?usp=sharing","document_title":"2D","file":false,"logged_in_only":false,"reserved_service_center":false},{"input_type":"url","resource_url":"https:\/\/drive.google.com\/file\/d\/1XBBqsF13tz5LBUShwGkVp9aWts2ZPpjV\/view?usp=drive_link","document_title":"3D DWG","file":false,"logged_in_only":false,"reserved_service_center":false},{"input_type":"url","resource_url":"https:\/\/drive.google.com\/file\/d\/1MHdzKX-LxDg5K32M-weQAEb230CYLYc2\/view?usp=drive_link","document_title":"3D FBX","file":false,"logged_in_only":true,"reserved_service_center":false},{"input_type":"url","resource_url":"https:\/\/drive.google.com\/file\/d\/1GvCsNYLKC8aLPx-PoQzEg1ytoXaKAnzV\/view?usp=drive_link","document_title":"BIM IFC","file":false,"logged_in_only":true,"reserved_service_center":false},{"input_type":"url","resource_url":"https:\/\/drive.google.com\/file\/d\/1Q0CRLbPN98B8wCfmLk22cXo_0u9_hQfQ\/view?usp=drive_link","document_title":"BIM RFA","file":false,"logged_in_only":true,"reserved_service_center":false},{"input_type":"url","resource_url":"https:\/\/drive.google.com\/file\/d\/1FbimvbaobCWxMLTDr71wzov1phGUHBOG\/view?usp=drive_link","document_title":"SKETCHUP","file":false,"logged_in_only":true,"reserved_service_center":false},{"input_type":"url","resource_url":"https:\/\/drive.google.com\/file\/d\/1FbimvbaobCWxMLTDr71wzov1phGUHBOG\/view?usp=drive_link","document_title":"SKETCHUP","file":false,"logged_in_only":false,"reserved_service_center":false}]},"_links":{"self":[{"href":"https:\/\/www.effe.it\/fr\/wp-json\/wp\/v2\/products\/9566"}],"collection":[{"href":"https:\/\/www.effe.it\/fr\/wp-json\/wp\/v2\/products"}],"about":[{"href":"https:\/\/www.effe.it\/fr\/wp-json\/wp\/v2\/types\/prodotto"}],"version-history":[{"count":0,"href":"https:\/\/www.effe.it\/fr\/wp-json\/wp\/v2\/products\/9566\/revisions"}],"wp:featuredmedia":[{"embeddable":true,"href":"https:\/\/www.effe.it\/fr\/wp-json\/wp\/v2\/media\/17927"}],"wp:attachment":[{"href":"https:\/\/www.effe.it\/fr\/wp-json\/wp\/v2\/media?parent=9566"}],"wp:term":[{"taxonomy":"categorie_prodotti","embeddable":true,"href":"https:\/\/www.effe.it\/fr\/wp-json\/wp\/v2\/categorie_prodotti?post=9566"},{"taxonomy":"famiglia_prodotti","embeddable":true,"href":"https:\/\/www.effe.it\/fr\/wp-json\/wp\/v2\/famiglia_prodotti?post=9566"}],"curies":[{"name":"wp","href":"https:\/\/api.w.org\/{rel}","templated":true}]}}