{"id":28270,"date":"2022-06-17T18:01:18","date_gmt":"2022-06-17T16:01:18","guid":{"rendered":"https:\/\/www.effe.it\/prodotto\/inside\/"},"modified":"2025-11-10T13:43:36","modified_gmt":"2025-11-10T11:43:36","slug":"inside","status":"publish","type":"prodotto","link":"https:\/\/www.effe.it\/fr\/produit\/inside\/","title":{"rendered":"Inside"},"content":{"rendered":"\n<p>Technologie Effe pour la g\u00e9n\u00e9ration de la vapeur&nbsp;: hygi\u00e8ne, contr\u00f4le du calcaire et qualit\u00e9 absolue de la vapeur. R\u00e9duction des interventions d\u2019entretien et longue dur\u00e9e gr\u00e2ce au syst\u00e8me automatique de lavage de la chaudi\u00e8re qui r\u00e9duit l\u2019accumulation de calcaire.&nbsp;Possibilit\u00e9 de personnalisation tant au niveau des mat\u00e9riaux que du graphisme. Tableau de commande tactile avec ic\u00f4nes r\u00e9tro-illumin\u00e9es et indicateur du niveau de temp\u00e9rature. Les commandes, l\u2019\u00e9clairage RGB et l\u2019aromath\u00e9rapie sont int\u00e9gr\u00e9s dans l\u2019\u00e9paisseur d\u2019Inside, qui devient ainsi une v\u00e9ritable console de commande, compacte et simple \u00e0 utiliser.&nbsp;<\/p>\n\n\n\n<p><\/p>\n","protected":false},"featured_media":31075,"menu_order":2147483647,"template":"","categorie_prodotti":[804,812],"famiglia_prodotti":[],"better_featured_image":{"id":31075,"alt_text":"","caption":"","description":"","media_type":"image","media_details":{"width":1184,"height":960,"file":"2022\/06\/Insidefeatured.jpg","sizes":{"medium":{"file":"Insidefeatured-300x243.jpg","width":300,"height":243,"mime-type":"image\/jpeg","source_url":"https:\/\/static.effe.it\/website\/2022\/06\/Insidefeatured-300x243.jpg"},"large":{"file":"Insidefeatured-1024x830.jpg","width":1024,"height":830,"mime-type":"image\/jpeg","source_url":"https:\/\/static.effe.it\/website\/2022\/06\/Insidefeatured-1024x830.jpg"},"thumbnail":{"file":"Insidefeatured-150x150.jpg","width":150,"height":150,"mime-type":"image\/jpeg","source_url":"https:\/\/static.effe.it\/website\/2022\/06\/Insidefeatured-150x150.jpg"},"medium_large":{"file":"Insidefeatured-768x623.jpg","width":768,"height":623,"mime-type":"image\/jpeg","source_url":"https:\/\/static.effe.it\/website\/2022\/06\/Insidefeatured-768x623.jpg"},"image-related-size":{"file":"Insidefeatured-420x285.jpg","width":420,"height":285,"mime-type":"image\/jpeg","source_url":"https:\/\/static.effe.it\/website\/2022\/06\/Insidefeatured-420x285.jpg"},"image-related-size-bigger-sq":{"file":"Insidefeatured-624x468.jpg","width":624,"height":468,"mime-type":"image\/jpeg","source_url":"https:\/\/static.effe.it\/website\/2022\/06\/Insidefeatured-624x468.jpg"},"image-designer-product":{"file":"Insidefeatured-644x587.jpg","width":644,"height":587,"mime-type":"image\/jpeg","source_url":"https:\/\/static.effe.it\/website\/2022\/06\/Insidefeatured-644x587.jpg"}},"image_meta":{"aperture":"0","credit":"","camera":"","caption":"","created_timestamp":"0","copyright":"","focal_length":"0","iso":"0","shutter_speed":"0","title":"","orientation":"0","keywords":[]}},"post":28270,"source_url":"https:\/\/static.effe.it\/website\/2022\/06\/Insidefeatured.jpg"},"acf":{"slider_gallery":[{"image-slider-gallery":"https:\/\/static.effe.it\/website\/2022\/06\/InsideSlider-1-4.jpg","text-image-gallery":"","video":""}],"intro_text":"Inside est un g\u00e9n\u00e9rateur de vapeur n\u00e9 de la rencontre entre technologie, fonctionnalit\u00e9 et esth\u00e9tique. La version Glass est \u00e9l\u00e9gante et discr\u00e8te gr\u00e2ce au panneau en verre blanc. En outre, elle peut \u00eatre personnalis\u00e9e dans les couleurs ou le graphisme avec une impression en s\u00e9rigraphie. La version Camouflage permet quant \u00e0 elle d\u2019adopter pour la partie frontale la m\u00eame finition que les parois internes du hammam, de mani\u00e8re \u00e0 masquer compl\u00e8tement le g\u00e9n\u00e9rateur de vapeur pour obtenir une puret\u00e9 formelle incomparable.","related_products_group":{"toggle_related_product_field":true,"related_products":[{"ID":9603,"post_author":"12708","post_date":"2021-07-29 12:19:09","post_date_gmt":"2021-07-29 10:19:09","post_content":"G\u00e9n\u00e9rateur de vapeur professionnel externe, indiqu\u00e9 pour d\u2019amples cubages. Fonctionnement de longue dur\u00e9e sans n\u00e9cessit\u00e9 d\u2019entretien. Nuvola Smart Power est adapt\u00e9 pour des applications escamotables et s\u2019int\u00e8gre donc facilement \u00e0 toutes les solutions d\u2019ameublement.\nContr\u00f4le automatique des thermor\u00e9sistances pour une distribution de vapeur uniforme dans le temps.\nLe diffuseur de vapeur Smart, disponible dans la version Glass et Camouflage,\nest \u00e9quip\u00e9 du syst\u00e8me PSF (Power Steam Function) innovant qui garantit l\u2019uniformit\u00e9 de la vapeur et de la temp\u00e9rature.\nLe diffuseur de vapeur traditionnel, avec porte-essences, est personnalisable en 3 finitions\u00a0: Chrome, Noir mat PVD, Canon de fusil mat PVD.","post_title":"Nuvola Smart","post_excerpt":"","post_status":"publish","comment_status":"closed","ping_status":"closed","post_password":"","post_name":"nuvola-smart","to_ping":"","pinged":"","post_modified":"2025-11-13 11:16:04","post_modified_gmt":"2025-11-13 09:16:04","post_content_filtered":"","post_parent":0,"guid":"https:\/\/www.effe.it\/prodotto\/nuvola-smart-power\/","menu_order":0,"post_type":"prodotto","post_mime_type":"","comment_count":"0","filter":"raw"},{"ID":9645,"post_author":"12708","post_date":"2021-07-29 12:19:09","post_date_gmt":"2021-07-29 10:19:09","post_content":"Technologie Effe pour la production de vapeur : hygi\u00e8ne, contr\u00f4le du calcaire et qualit\u00e9 maximale de la vapeur. Entretien r\u00e9duit et dur\u00e9e accrue gr\u00e2ce au syst\u00e8me automatique de lavage de la chaudi\u00e8re qui r\u00e9duit l'accumulation de calcaire. Design compact compos\u00e9 d'un panneau vitr\u00e9 incurv\u00e9 s\u00e9rigraphi\u00e9, \u00e9paisseur visible : 3,7 cm. Pr\u00e9-installation pour raccordement de la lampe avec lumi\u00e8re blanche ou chromoth\u00e9rapie. Tableau de commande tactile avec ic\u00f4nes r\u00e9tro-illumin\u00e9es et indicateur du niveau de temp\u00e9rature. Le jet d\u2019eau r\u00e9tro-illumin\u00e9 \u00e9voque une source jaillissant naturellement du mur.\nLe bol servant \u00e0 recueillir l\u2019eau rappelle la tradition du hammam.","post_title":"Aquasteam Smart","post_excerpt":"","post_status":"draft","comment_status":"closed","ping_status":"closed","post_password":"","post_name":"aquasteam-smart","to_ping":"","pinged":"","post_modified":"2025-03-25 18:57:35","post_modified_gmt":"2025-03-25 16:57:35","post_content_filtered":"","post_parent":0,"guid":"https:\/\/www.effe.it\/prodotto\/aquasteam-smart\/","menu_order":0,"post_type":"prodotto","post_mime_type":"","comment_count":"0","filter":"raw"},{"ID":9670,"post_author":"9693","post_date":"2021-07-29 12:19:09","post_date_gmt":"2021-07-29 10:19:09","post_content":"Technologie Effe pour la production de vapeur : hygi\u00e8ne, contr\u00f4le du calcaire et qualit\u00e9 maximale de la vapeur. Entretien r\u00e9duit et dur\u00e9e accrue gr\u00e2ce au syst\u00e8me automatique de lavage de la chaudi\u00e8re qui r\u00e9duit l'accumulation de calcaire. Design tr\u00e8s compact compos\u00e9 d'un panneau vitr\u00e9 incurv\u00e9 s\u00e9rigraphi\u00e9, \u00e9paisseur visible : 3,7 cm. Pr\u00e9-installation pour raccordement de la lampe avec lumi\u00e8re blanche ou chromoth\u00e9rapie. Tableau de commande tactile avec ic\u00f4nes r\u00e9tro-illumin\u00e9es et indicateur du niveau de temp\u00e9rature.","post_title":"Easysteam Smart","post_excerpt":"","post_status":"publish","comment_status":"closed","ping_status":"closed","post_password":"","post_name":"easysteam-smart","to_ping":"","pinged":"","post_modified":"2025-11-25 11:51:33","post_modified_gmt":"2025-11-25 09:51:33","post_content_filtered":"","post_parent":0,"guid":"https:\/\/www.effe.it\/prodotto\/easysteam-smart\/","menu_order":0,"post_type":"prodotto","post_mime_type":"","comment_count":"0","filter":"raw"}]},"optional_products_group":{"optional_toggle_field":true,"related_optional":[{"ID":20433,"post_author":"2","post_date":"2021-08-02 12:47:01","post_date_gmt":"2021-08-02 10:47:01","post_content":"Dimensioni Plafoniera: cm 20 x 20 x 2\nDimensioni scatola da incasso: cm 20,5 x 20,5 x 10,6 h\nscatola completa di tessuto impermeabilizzante Schl\u00fcter\nClasse IP X5 - Altoparlanti integrati 2W - 8Ohm cad.","post_title":"ESS - Effe Sound System","post_excerpt":"","post_status":"publish","comment_status":"closed","ping_status":"closed","post_password":"","post_name":"ha-70-10-0008-ess-effe-sound-system","to_ping":"","pinged":"","post_modified":"2022-11-08 10:57:40","post_modified_gmt":"2022-11-08 08:57:40","post_content_filtered":"","post_parent":0,"guid":"https:\/\/www.effe.it\/blog\/optional\/ha-70-10-0008-ess-effe-sound-system\/","menu_order":0,"post_type":"optional","post_mime_type":"","comment_count":"0","filter":"raw"}]},"accordion_group":{"":null,"materials-toggle-field":false,"miniatura_materiali":false,"materials_group":false,"toggle_designer":false,"designer":"","models_relationship":[{"ID":29264,"post_author":"9693","post_date":"2023-02-07 11:59:04","post_date_gmt":"2023-02-07 09:59:04","post_content":"","post_title":"INSIDE 30 Camouflage","post_excerpt":"","post_status":"publish","comment_status":"closed","ping_status":"closed","post_password":"","post_name":"inside-30-camouflage","to_ping":"","pinged":"","post_modified":"2023-08-08 17:47:17","post_modified_gmt":"2023-08-08 15:47:17","post_content_filtered":"","post_parent":0,"guid":"https:\/\/www.effe.it\/blog\/modelli\/inside-30-camouflage\/","menu_order":0,"post_type":"modelli","post_mime_type":"","comment_count":"0","filter":"raw"},{"ID":29268,"post_author":"9693","post_date":"2022-07-25 12:16:56","post_date_gmt":"2022-07-25 10:16:56","post_content":"","post_title":"INSIDE 30 Glass","post_excerpt":"","post_status":"publish","comment_status":"closed","ping_status":"closed","post_password":"","post_name":"inside-30","to_ping":"","pinged":"","post_modified":"2023-08-08 18:03:31","post_modified_gmt":"2023-08-08 16:03:31","post_content_filtered":"","post_parent":0,"guid":"https:\/\/www.effe.it\/blog\/modelli\/inside-30\/","menu_order":0,"post_type":"modelli","post_mime_type":"","comment_count":"0","filter":"raw"},{"ID":29260,"post_author":"9693","post_date":"2023-02-08 11:56:16","post_date_gmt":"2023-02-08 09:56:16","post_content":"","post_title":"INSIDE 45 Camouflage","post_excerpt":"","post_status":"publish","comment_status":"closed","ping_status":"closed","post_password":"","post_name":"inside-45-camouflage","to_ping":"","pinged":"","post_modified":"2023-08-08 17:38:20","post_modified_gmt":"2023-08-08 15:38:20","post_content_filtered":"","post_parent":0,"guid":"https:\/\/www.effe.it\/blog\/modelli\/inside-45-camouflage\/","menu_order":0,"post_type":"modelli","post_mime_type":"","comment_count":"0","filter":"raw"},{"ID":29256,"post_author":"9693","post_date":"2023-02-08 11:58:30","post_date_gmt":"2023-02-08 09:58:30","post_content":"","post_title":"INSIDE 45 Glass","post_excerpt":"","post_status":"publish","comment_status":"closed","ping_status":"closed","post_password":"","post_name":"inside-45-glass","to_ping":"","pinged":"","post_modified":"2023-08-08 17:32:57","post_modified_gmt":"2023-08-08 15:32:57","post_content_filtered":"","post_parent":0,"guid":"https:\/\/www.effe.it\/blog\/modelli\/inside-45-glass\/","menu_order":0,"post_type":"modelli","post_mime_type":"","comment_count":"0","filter":"raw"},{"ID":32537,"post_author":"2","post_date":"2024-05-27 15:03:30","post_date_gmt":"2024-05-27 13:03:30","post_content":"","post_title":"INSIDE 60 Glass","post_excerpt":"","post_status":"publish","comment_status":"closed","ping_status":"closed","post_password":"","post_name":"inside-60-glass","to_ping":"","pinged":"","post_modified":"2024-05-27 15:04:40","post_modified_gmt":"2024-05-27 13:04:40","post_content_filtered":"","post_parent":0,"guid":"https:\/\/www.effe.it\/?post_type=modelli&#038;p=32537","menu_order":0,"post_type":"modelli","post_mime_type":"","comment_count":"0","filter":"raw"},{"ID":32525,"post_author":"2","post_date":"2024-05-27 16:13:39","post_date_gmt":"2024-05-27 14:13:39","post_content":"","post_title":"INSIDE 60 Camouflage","post_excerpt":"","post_status":"publish","comment_status":"closed","ping_status":"closed","post_password":"","post_name":"inside-60-camouflage","to_ping":"","pinged":"","post_modified":"2024-05-27 16:13:40","post_modified_gmt":"2024-05-27 14:13:40","post_content_filtered":"","post_parent":0,"guid":"https:\/\/www.effe.it\/?post_type=modelli&#038;p=32525","menu_order":0,"post_type":"modelli","post_mime_type":"","comment_count":"0","filter":"raw"}],"models_with_documents":true,"description_model_toggle_field":true,"model_description":"","disponibile_su_misura":false,"blueprint_toggle":false,"blueprint":null,"abilitare_versioni":false},"gallery_photos_12_columns":[{"image_gallery_columns":"https:\/\/static.effe.it\/website\/2022\/06\/EFFEGIBI_Inside_Hammam_DET-04-logo5-copia-1.jpg","copy_image_column":"","numer_of_columns":"6","embed_video_gallery":""},{"image_gallery_columns":"https:\/\/static.effe.it\/website\/2022\/06\/EFFEGIBI_Inside_Hammam_DET-03-2-copia.jpg","copy_image_column":"","numer_of_columns":"5","embed_video_gallery":""},{"image_gallery_columns":false,"copy_image_column":"","numer_of_columns":"12","embed_video_gallery":"https:\/\/vimeo.com\/880097383"},{"image_gallery_columns":"https:\/\/static.effe.it\/website\/2022\/06\/EFFEGIBI_Inside_Hammam_Fumo-rgb-calda-scaled.jpg","copy_image_column":"","numer_of_columns":"12","embed_video_gallery":""},{"image_gallery_columns":"https:\/\/static.effe.it\/website\/2022\/06\/inside_scheme%402x-3-1-scaled.jpg","copy_image_column":"","numer_of_columns":"12","embed_video_gallery":""}],"description_block":false,"steam_image":{"ID":29183,"id":29183,"title":"inside","filename":"inside.jpeg","filesize":17309,"url":"https:\/\/static.effe.it\/website\/2022\/06\/inside.jpeg","link":"https:\/\/www.effe.it\/fr\/produit\/inside\/inside-2\/","alt":"","author":"2","description":"","caption":"","name":"inside-2","status":"inherit","uploaded_to":28270,"date":"2023-02-06 15:01:25","modified":"2023-02-06 15:01:25","menu_order":0,"mime_type":"image\/jpeg","type":"image","subtype":"jpeg","icon":"https:\/\/www.effe.it\/wp-includes\/images\/media\/default.png","width":560,"height":654,"sizes":{"thumbnail":"https:\/\/static.effe.it\/website\/2022\/06\/inside-150x150.jpeg","thumbnail-width":150,"thumbnail-height":150,"medium":"https:\/\/static.effe.it\/website\/2022\/06\/inside-257x300.jpeg","medium-width":257,"medium-height":300,"medium_large":"https:\/\/static.effe.it\/website\/2022\/06\/inside.jpeg","medium_large-width":560,"medium_large-height":654,"large":"https:\/\/static.effe.it\/website\/2022\/06\/inside.jpeg","large-width":560,"large-height":654,"image-related-size":"https:\/\/static.effe.it\/website\/2022\/06\/inside-420x285.jpeg","image-related-size-width":420,"image-related-size-height":285,"image-related-size-bigger-sq":"https:\/\/static.effe.it\/website\/2022\/06\/inside-560x468.jpeg","image-related-size-bigger-sq-width":560,"image-related-size-bigger-sq-height":468,"image-designer-product":"https:\/\/static.effe.it\/website\/2022\/06\/inside-560x587.jpeg","image-designer-product-width":560,"image-designer-product-height":587,"1536x1536":"https:\/\/static.effe.it\/website\/2022\/06\/inside.jpeg","1536x1536-width":560,"1536x1536-height":654,"2048x2048":"https:\/\/static.effe.it\/website\/2022\/06\/inside.jpeg","2048x2048-width":560,"2048x2048-height":654}},"hide_config":false,"max_volume_generatore_con_kit":"6.23","max_volume_generatore_no_kit":"3.96","documents_related_collection_group":[{"input_type":"url","resource_url":"https:\/\/drive.google.com\/file\/d\/1WjN6eh9yFBvl4QzDiIa8B0bPu1wvW93u\/view","document_title":"Brochure","file":false,"logged_in_only":false,"reserved_service_center":false},{"input_type":"url","resource_url":"https:\/\/drive.google.com\/file\/d\/1He-hFAoa74CYwusKEDZE_Sl5husVgNE6\/view?usp=share_link","document_title":"2D","file":false,"logged_in_only":true,"reserved_service_center":true},{"input_type":"url","resource_url":"https:\/\/drive.google.com\/file\/d\/1wBJ_zw05YeSEuQkU6mF21Vcq5AS7hOfy\/view?usp=drive_link","document_title":"3D DWG","file":false,"logged_in_only":true,"reserved_service_center":true},{"input_type":"url","resource_url":"https:\/\/drive.google.com\/file\/d\/1SJDzuoQm_X3jFQvVuKNZbTVbdJoGu1nC\/view?usp=drive_link","document_title":"3D FBX","file":false,"logged_in_only":true,"reserved_service_center":true},{"input_type":"url","resource_url":"https:\/\/drive.google.com\/file\/d\/1pNnJ8UOlShoPK11pLm5wMlo2KoFoTmy-\/view?usp=drive_link","document_title":"BIM IFC","file":false,"logged_in_only":true,"reserved_service_center":true},{"input_type":"url","resource_url":"https:\/\/drive.google.com\/file\/d\/1sl1KQXPnObpzTLfiosK0-9qSR78_v-CA\/view?usp=drive_link","document_title":"BIM RFA","file":false,"logged_in_only":true,"reserved_service_center":true},{"input_type":"url","resource_url":"https:\/\/drive.google.com\/file\/d\/15Shp1ajpcaNX7a0FtCDQS4wlgUG09uTa\/view?usp=drive_link","document_title":"SKETCHUP","file":false,"logged_in_only":true,"reserved_service_center":true},{"input_type":"url","resource_url":"https:\/\/drive.google.com\/file\/d\/15zteYTuEButd_JpJhWfGxgFkS5fwyedK\/view?usp=drive_link","document_title":"INSIDE 30-45 \/ Pr\u00e9-installation Bo\u00eetier d\u2019encastrement ","file":false,"logged_in_only":false,"reserved_service_center":false},{"input_type":"url","resource_url":"https:\/\/drive.google.com\/file\/d\/1r1hBbjQn0JGv8B7Utqx0TfGBVz7G9sMc\/view?usp=drive_link","document_title":"INSIDE 30-45 \/ Manuel de montage Bo\u00eetier d\u2019encastrement ","file":false,"logged_in_only":true,"reserved_service_center":true},{"input_type":"url","resource_url":"https:\/\/drive.google.com\/file\/d\/1PXJ4l4BF07VhO9Y-7Fx5jm9qg5s3OILF\/view?usp=drive_link","document_title":"INSIDE 30-45 \/ Manuel de montage  Panneau frontal ","file":false,"logged_in_only":true,"reserved_service_center":true},{"input_type":"url","resource_url":"https:\/\/drive.google.com\/file\/d\/1gUvxG_6LvvIk4LiJ_aXHCZeo0nTxsSvB\/view?usp=drive_link","document_title":"Manuel d\u2019utilisation et d\u2019entretien ","file":false,"logged_in_only":true,"reserved_service_center":true},{"input_type":"url","resource_url":"https:\/\/drive.google.com\/file\/d\/18R_g0phCz1cOrVLozsp1eWTaU-5tBXbb\/view?usp=drive_link","document_title":"INSIDE 60 \/ Pr\u00e9-installation Bo\u00eetier d\u2019encastrement ","file":false,"logged_in_only":false,"reserved_service_center":false},{"input_type":"url","resource_url":"https:\/\/drive.google.com\/file\/d\/19jMiemkKEKQ0ts-WnwtMg3DcxulAn_Px\/view?usp=drive_link","document_title":"INSIDE 60 \/ Manuel de montage Bo\u00eetier d\u2019encastrement ","file":false,"logged_in_only":true,"reserved_service_center":true},{"input_type":"url","resource_url":"https:\/\/drive.google.com\/file\/d\/1b2EpMX6K8YFX3u1rOfnTD7SV0zXFppZy\/view?usp=drive_link","document_title":"INSIDE 60 \/ Manuel de montage  Panneau frontal ","file":false,"logged_in_only":true,"reserved_service_center":true}]},"_links":{"self":[{"href":"https:\/\/www.effe.it\/fr\/wp-json\/wp\/v2\/products\/28270"}],"collection":[{"href":"https:\/\/www.effe.it\/fr\/wp-json\/wp\/v2\/products"}],"about":[{"href":"https:\/\/www.effe.it\/fr\/wp-json\/wp\/v2\/types\/prodotto"}],"version-history":[{"count":8,"href":"https:\/\/www.effe.it\/fr\/wp-json\/wp\/v2\/products\/28270\/revisions"}],"predecessor-version":[{"id":37281,"href":"https:\/\/www.effe.it\/fr\/wp-json\/wp\/v2\/products\/28270\/revisions\/37281"}],"wp:featuredmedia":[{"embeddable":true,"href":"https:\/\/www.effe.it\/fr\/wp-json\/wp\/v2\/media\/31075"}],"wp:attachment":[{"href":"https:\/\/www.effe.it\/fr\/wp-json\/wp\/v2\/media?parent=28270"}],"wp:term":[{"taxonomy":"categorie_prodotti","embeddable":true,"href":"https:\/\/www.effe.it\/fr\/wp-json\/wp\/v2\/categorie_prodotti?post=28270"},{"taxonomy":"famiglia_prodotti","embeddable":true,"href":"https:\/\/www.effe.it\/fr\/wp-json\/wp\/v2\/famiglia_prodotti?post=28270"}],"curies":[{"name":"wp","href":"https:\/\/api.w.org\/{rel}","templated":true}]}}