{"id":26566,"date":"2022-03-17T16:30:35","date_gmt":"2022-03-17T14:30:35","guid":{"rendered":"https:\/\/www.effe.it\/complemento\/sedute-e-panche\/"},"modified":"2026-01-13T11:03:03","modified_gmt":"2026-01-13T09:03:03","slug":"sedute-e-panche","status":"publish","type":"complemento","link":"https:\/\/www.effe.it\/fr\/options\/sedute-e-panche\/","title":{"rendered":"Si\u00e8ges et banquettes"},"content":{"rendered":"","protected":false},"featured_media":26433,"template":"","categoria_complementi":[1176,1335],"better_featured_image":{"id":26433,"alt_text":"","caption":"","description":"","media_type":"image","media_details":{"width":2560,"height":1272,"file":"2022\/03\/slider-scaled.jpg","sizes":{"medium":{"file":"slider-300x149.jpg","width":300,"height":149,"mime-type":"image\/jpeg","source_url":"https:\/\/static.effe.it\/website\/2022\/03\/slider-300x149.jpg"},"large":{"file":"slider-1024x509.jpg","width":1024,"height":509,"mime-type":"image\/jpeg","source_url":"https:\/\/static.effe.it\/website\/2022\/03\/slider-1024x509.jpg"},"thumbnail":{"file":"slider-150x150.jpg","width":150,"height":150,"mime-type":"image\/jpeg","source_url":"https:\/\/static.effe.it\/website\/2022\/03\/slider-150x150.jpg"},"medium_large":{"file":"slider-768x382.jpg","width":768,"height":382,"mime-type":"image\/jpeg","source_url":"https:\/\/static.effe.it\/website\/2022\/03\/slider-768x382.jpg"},"image-related-size":{"file":"slider-420x285.jpg","width":420,"height":285,"mime-type":"image\/jpeg","source_url":"https:\/\/static.effe.it\/website\/2022\/03\/slider-420x285.jpg"},"image-related-size-bigger-sq":{"file":"slider-624x468.jpg","width":624,"height":468,"mime-type":"image\/jpeg","source_url":"https:\/\/static.effe.it\/website\/2022\/03\/slider-624x468.jpg"},"image-designer-product":{"file":"slider-644x587.jpg","width":644,"height":587,"mime-type":"image\/jpeg","source_url":"https:\/\/static.effe.it\/website\/2022\/03\/slider-644x587.jpg"},"1536x1536":{"file":"slider-1536x763.jpg","width":1536,"height":763,"mime-type":"image\/jpeg","source_url":"https:\/\/static.effe.it\/website\/2022\/03\/slider-1536x763.jpg"},"2048x2048":{"file":"slider-2048x1018.jpg","width":2048,"height":1018,"mime-type":"image\/jpeg","source_url":"https:\/\/static.effe.it\/website\/2022\/03\/slider-2048x1018.jpg"}},"image_meta":{"aperture":"0","credit":"","camera":"","caption":"","created_timestamp":"0","copyright":"","focal_length":"0","iso":"0","shutter_speed":"0","title":"","orientation":"0","keywords":[]},"original_image":"slider.jpg"},"post":26566,"source_url":"https:\/\/static.effe.it\/website\/2022\/03\/slider-scaled-1.jpg"},"acf":{"slider_gallery":[{"image-slider-gallery":"https:\/\/static.effe.it\/website\/2022\/03\/slider-scaled-1.jpg","text-image-gallery":""}],"gallery_photos_12_columns":[{"image_gallery_columns":"https:\/\/static.effe.it\/website\/2022\/03\/15161014\/Topkapi-Bench-2.jpg","copy_image_column":"Mini Spring \u2013 Cristalplant white","numer_of_columns":"4","embed_video_gallery":""},{"image_gallery_columns":"https:\/\/static.effe.it\/website\/2022\/03\/15161016\/Mini-Seat.jpg","copy_image_column":"Mini Spring \u2013 Cristalplant white","numer_of_columns":"5","embed_video_gallery":""},{"image_gallery_columns":"https:\/\/static.effe.it\/website\/2022\/03\/15161018\/Topkapi-Bench.jpg","copy_image_column":"Alu Bench Teck","numer_of_columns":"6","embed_video_gallery":""}],"intro_text":"Effe a projet\u00e9 et d\u00e9velopp\u00e9 une large gamme de si\u00e8ges et banquettes sur mesure. Une collection con\u00e7ue pour compl\u00e9ter l\u2019espace hammam avec des mat\u00e9riaux de la plus haute qualit\u00e9, pour une plus grande facilit\u00e9 d\u2019entretien et une durabilit\u00e9 exceptionnelle dans le temps.","related_products_group":{"toggle_related_product_field":false,"related_products":null},"attivare_video_complementi":false,"attivare_testo_personalizzato_bottom":false,"documents_related_collection_group":[{"input_type":"url","resource_url":"https:\/\/drive.google.com\/file\/d\/11GJy6EgBUaViPL15SNA2ltlBZ50DZEMI\/view?usp=drive_link","file":false,"document_title":"Brochure","logged_in_only":false}],"abilitare_documenti":true},"_links":{"self":[{"href":"https:\/\/www.effe.it\/fr\/wp-json\/wp\/v2\/complemento\/26566"}],"collection":[{"href":"https:\/\/www.effe.it\/fr\/wp-json\/wp\/v2\/complemento"}],"about":[{"href":"https:\/\/www.effe.it\/fr\/wp-json\/wp\/v2\/types\/complemento"}],"wp:featuredmedia":[{"embeddable":true,"href":"https:\/\/www.effe.it\/fr\/wp-json\/wp\/v2\/media\/26433"}],"wp:attachment":[{"href":"https:\/\/www.effe.it\/fr\/wp-json\/wp\/v2\/media?parent=26566"}],"wp:term":[{"taxonomy":"categoria_complementi","embeddable":true,"href":"https:\/\/www.effe.it\/fr\/wp-json\/wp\/v2\/categoria_complementi?post=26566"}],"curies":[{"name":"wp","href":"https:\/\/api.w.org\/{rel}","templated":true}]}}