{"id":25883,"date":"2021-09-03T14:36:31","date_gmt":"2021-09-03T12:36:31","guid":{"rendered":"https:\/\/www.effe.it\/referenza\/hotel-rosa-alpina-2\/"},"modified":"2023-07-03T11:24:16","modified_gmt":"2023-07-03T09:24:16","slug":"hotel-rosa-alpina-2","status":"publish","type":"referenza","link":"https:\/\/www.effe.it\/es\/referenza\/hotel-rosa-alpina-2\/","title":{"rendered":"Hotel Rosa Alpina"},"content":{"rendered":"<p class=\"p1\">El Hotel Rosa Alpina ofrece, en el coraz\u00f3n de los Dolomitas, una hospitalidad hecha de tradici\u00f3n y refinada atm\u00f3sfera de monta\u00f1a. En esta ubicaci\u00f3n, Effe se ha ocupado de transformar las duchas en Hammam gracias al uso de sus generadores de vapor. Elegantes y compactos, los generadores Effe combinan sencillez de instalaci\u00f3n, elevada tecnolog\u00eda y perfecta integraci\u00f3n con los ambientes.<\/p>\n","protected":false},"featured_media":0,"template":"","better_featured_image":null,"acf":{"gallery_photos_12_columns_reference":[{"image_gallery_columns":"https:\/\/static.effe.it\/website\/2021\/09\/hotel-rosa-alpina-2%402x-1-scaled.jpg","copy_image_column":"","numer_of_columns":"12","embed_video_gallery":""},{"image_gallery_columns":"https:\/\/static.effe.it\/website\/2021\/09\/hotel-rosa-alpina-6%402x-1.jpg","copy_image_column":"","numer_of_columns":"6","embed_video_gallery":""},{"image_gallery_columns":"https:\/\/static.effe.it\/website\/2021\/09\/hotel-rosa-alpina-7%402x-1.jpg","copy_image_column":"","numer_of_columns":"4","embed_video_gallery":""},{"image_gallery_columns":"https:\/\/static.effe.it\/website\/2021\/09\/hotel-rosa-alpina-19%402x.jpg","copy_image_column":"","numer_of_columns":"5","embed_video_gallery":""},{"image_gallery_columns":"https:\/\/static.effe.it\/website\/2021\/09\/hotel-rosa-alpina-9%402x-1.jpg","copy_image_column":"","numer_of_columns":"6","embed_video_gallery":""},{"image_gallery_columns":"https:\/\/static.effe.it\/website\/2021\/09\/hotel-rosa-alpina-1%402x-2-scaled.jpg","copy_image_column":"","numer_of_columns":"12","embed_video_gallery":""},{"image_gallery_columns":"https:\/\/static.effe.it\/website\/2021\/09\/hotel-rosa-alpina-18%402x.jpg","copy_image_column":"","numer_of_columns":"5","embed_video_gallery":""},{"image_gallery_columns":"https:\/\/static.effe.it\/website\/2021\/09\/hotel-rosa-alpina-21%402x.jpg","copy_image_column":"","numer_of_columns":"6","embed_video_gallery":""},{"image_gallery_columns":"https:\/\/static.effe.it\/website\/2021\/09\/hotel-rosa-alpina-8%402x-1.jpg","copy_image_column":"","numer_of_columns":"6","embed_video_gallery":""},{"image_gallery_columns":"https:\/\/static.effe.it\/website\/2021\/09\/hotel-rosa-alpina-14%402x.jpg","copy_image_column":"","numer_of_columns":"4","embed_video_gallery":""},{"image_gallery_columns":"https:\/\/static.effe.it\/website\/2021\/09\/hotel-rosa-alpina-15%402x-scaled.jpg","copy_image_column":"","numer_of_columns":"12","embed_video_gallery":""},{"image_gallery_columns":"https:\/\/static.effe.it\/website\/2021\/09\/hotel-rosa-alpina-11%402x.jpg","copy_image_column":"","numer_of_columns":"8","embed_video_gallery":""},{"image_gallery_columns":"https:\/\/static.effe.it\/website\/2021\/09\/hotel-rosa-alpina-3%402x-1.jpg","copy_image_column":"","numer_of_columns":"7","embed_video_gallery":""},{"image_gallery_columns":"https:\/\/static.effe.it\/website\/2021\/09\/hotel-rosa-alpina-5%402x-1.jpg","copy_image_column":"","numer_of_columns":"4","embed_video_gallery":""},{"image_gallery_columns":"https:\/\/static.effe.it\/website\/2021\/09\/hotel-rosa-alpina-4%402x-1-scaled.jpg","copy_image_column":"","numer_of_columns":"12","embed_video_gallery":""},{"image_gallery_columns":"https:\/\/static.effe.it\/website\/2021\/09\/hotel-rosa-alpina-17%402x-scaled.jpg","copy_image_column":"","numer_of_columns":"12","embed_video_gallery":""},{"image_gallery_columns":"https:\/\/static.effe.it\/website\/2021\/09\/hotel-rosa-alpina-16%402x.jpg","copy_image_column":"","numer_of_columns":"5","embed_video_gallery":""},{"image_gallery_columns":"https:\/\/static.effe.it\/website\/2021\/09\/hotel-rosa-alpina-13%402x.jpg","copy_image_column":"","numer_of_columns":"5","embed_video_gallery":""},{"image_gallery_columns":"https:\/\/static.effe.it\/website\/2021\/09\/hotel-rosa-alpina-10%402x-1.jpg","copy_image_column":"","numer_of_columns":"7","embed_video_gallery":""},{"image_gallery_columns":"https:\/\/static.effe.it\/website\/2021\/09\/hotel-rosa-alpina-12%402x.jpg","copy_image_column":"","numer_of_columns":"4","embed_video_gallery":""},{"image_gallery_columns":"https:\/\/static.effe.it\/website\/2021\/09\/hotel-rosa-alpina-20%402x-scaled.jpg","copy_image_column":"","numer_of_columns":"12","embed_video_gallery":""}],"related_products_group":{"toggle_related_product_field":true,"related_products":[{"ID":9755,"post_author":"12708","post_date":"2021-07-06 17:07:35","post_date_gmt":"2021-07-06 15:07:35","post_content":"Panel de control touch con iconos retroiluminados e indicador del nivel de temperatura. Mantenimiento m\u00ednimo gracias al sistema autom\u00e1tico de lavado de la caldera que reduce al m\u00ednimo la acumulaci\u00f3n de cal. Dise\u00f1o elegante y compacto formado por una placa de vidrio templado serigrafiado con un grosor visible de 3,7 cm. PSF (Power Steam Function): innovador sistema de ventilaci\u00f3n que minimiza la estratificaci\u00f3n de las temperaturas. Mantenimiento m\u00ednimo y larga duraci\u00f3n gracias al sistema autom\u00e1tico de lavado de la caldera que reduce la acumulaci\u00f3n de cal.","post_title":"Touch&amp;Steam Smart","post_excerpt":"","post_status":"publish","comment_status":"closed","ping_status":"closed","post_password":"","post_name":"touchsteam-smart","to_ping":"","pinged":"","post_modified":"2026-03-10 10:46:28","post_modified_gmt":"2026-03-10 08:46:28","post_content_filtered":"","post_parent":0,"guid":"https:\/\/www.effe.it\/prodotto\/touchsteam\/","menu_order":0,"post_type":"prodotto","post_mime_type":"","comment_count":"0","filter":"raw"},{"ID":9647,"post_author":"12708","post_date":"2021-07-29 12:19:09","post_date_gmt":"2021-07-29 10:19:09","post_content":"Tecnolog\u00eda Effe para la generaci\u00f3n del vapor: higiene, control de la cal y m\u00e1xima calidad del vapor. Mantenimiento m\u00ednimo y larga duraci\u00f3n gracias al sistema autom\u00e1tico de lavado de la caldera que reduce la acumulaci\u00f3n de cal. Dise\u00f1o compacto formado por una placa de vidrio curvado serigrafiado con un grosor visible de 3,7 cm. Predisposici\u00f3n para conexi\u00f3n a l\u00e1mpara con luz blanca o cromoterapia. Panel de control touch con iconos retroiluminados e indicador del nivel de temperatura. El suministro del agua retroiluminado recuerda una fuente que parece brotar de forma natural de la pared.\nEl cuenco para recoger el agua recuerda la tradici\u00f3n del hammam.","post_title":"Aquasteam Smart","post_excerpt":"","post_status":"draft","comment_status":"closed","ping_status":"closed","post_password":"","post_name":"aquasteam-smart","to_ping":"","pinged":"","post_modified":"2025-03-25 18:58:03","post_modified_gmt":"2025-03-25 16:58:03","post_content_filtered":"","post_parent":0,"guid":"https:\/\/www.effe.it\/prodotto\/aquasteam-smart\/","menu_order":0,"post_type":"prodotto","post_mime_type":"","comment_count":"0","filter":"raw"}]},"similar_projects":[{"ID":24457,"post_author":"10","post_date":"2021-09-03 14:36:31","post_date_gmt":"2021-09-03 12:36:31","post_content":"<p class=\"p1\">Con vistas a una de las costas m\u00e1s bonitas de Grecia, en esta maravillosa residencia se han cuidado todos los detalles para infundir una sensaci\u00f3n de serenidad, en total armon\u00eda con la naturaleza circundante. En el interior, el hammam y la sauna a medida Effe completan la experiencia de puro bienestar.<\/p>","post_title":"DikoArch Villa","post_excerpt":"","post_status":"publish","comment_status":"closed","ping_status":"closed","post_password":"","post_name":"dikoarch-villa","to_ping":"","pinged":"","post_modified":"2023-07-03 10:08:42","post_modified_gmt":"2023-07-03 08:08:42","post_content_filtered":"","post_parent":0,"guid":"https:\/\/www.effe.it\/referenza\/dikoarch-villa\/","menu_order":0,"post_type":"referenza","post_mime_type":"","comment_count":"0","filter":"raw"},{"ID":25737,"post_author":"10","post_date":"2021-09-03 14:36:31","post_date_gmt":"2021-09-03 12:36:31","post_content":"<p class=\"p1\">En una posici\u00f3n entre las mejores de Lovere, la Casa del Porto ofrece un \u00e1rea bienestar con sauna y hammam de la marca Effe. La sugestiva \u00e1rea wellness se ha dise\u00f1ado a medida en antiguas cisternas subterr\u00e1neas.<\/p>","post_title":"La Casa del Porto","post_excerpt":"","post_status":"publish","comment_status":"closed","ping_status":"closed","post_password":"","post_name":"la-casa-del-porto-2","to_ping":"","pinged":"","post_modified":"2023-07-03 11:25:17","post_modified_gmt":"2023-07-03 09:25:17","post_content_filtered":"","post_parent":0,"guid":"https:\/\/www.effe.it\/referenza\/la-casa-del-porto-2\/","menu_order":0,"post_type":"referenza","post_mime_type":"","comment_count":"0","filter":"raw"},{"ID":21470,"post_author":"6","post_date":"2021-09-03 14:36:31","post_date_gmt":"2021-09-03 12:36:31","post_content":"<span data-sheets-value=\"{&quot;1&quot;:2,&quot;2&quot;:&quot;Effe se encuentra en el centro de una historia de treinta a\u00f1os que gira alrededor del bienestar y de los ancestrales rituales de sauna y hammam. Nuestro know-how nos ha permitido efectuar con \u00e9xito esta intervenci\u00f3n personalizada, consiguiendo instalar sauna y hamman dentro de una vivienda antigua, sin alterar su equilibrio est\u00e9tico.&quot;}\" data-sheets-userformat=\"{&quot;2&quot;:257,&quot;3&quot;:{&quot;1&quot;:0},&quot;11&quot;:4}\">Effe se encuentra en el centro de una historia de treinta a\u00f1os que gira alrededor del bienestar y de los ancestrales rituales de sauna y hammam. Nuestro know-how nos ha permitido efectuar con \u00e9xito esta intervenci\u00f3n personalizada, consiguiendo instalar sauna y hamman dentro de una vivienda antigua, sin alterar su equilibrio est\u00e9tico.<\/span>","post_title":"Private house, Ancona","post_excerpt":"","post_status":"publish","comment_status":"closed","ping_status":"closed","post_password":"","post_name":"private-house-ancona","to_ping":"","pinged":"","post_modified":"2022-03-04 11:20:43","post_modified_gmt":"2022-03-04 09:20:43","post_content_filtered":"","post_parent":0,"guid":"https:\/\/www.effe.it\/referenza\/lardini-house-private-house\/","menu_order":0,"post_type":"referenza","post_mime_type":"","comment_count":"0","filter":"raw"},{"ID":24783,"post_author":"10","post_date":"2022-01-31 12:25:18","post_date_gmt":"2022-01-31 10:25:18","post_content":"<!-- wp:paragraph -->\n<p>West One Bathrooms, insieme con Effe, Dornbracht e Sieger Design, presentano un allestimento dedicato al concetto di \u2018Small Size Premium Spa\u2019, dove gli spazi ristretti di casa si trasformano in un luogo di benessere raffinato ed unico nel suo genere.<\/p>\n<!-- \/wp:paragraph -->","post_title":"West One Bathrooms","post_excerpt":"","post_status":"publish","comment_status":"closed","ping_status":"closed","post_password":"","post_name":"west-one-bathrooms","to_ping":"","pinged":"","post_modified":"2023-07-03 10:29:32","post_modified_gmt":"2023-07-03 08:29:32","post_content_filtered":"","post_parent":0,"guid":"https:\/\/www.effe.it\/referenza\/west-one-bathrooms\/","menu_order":0,"post_type":"referenza","post_mime_type":"","comment_count":"0","filter":"raw"}],"abilitare_progetti_simili":true},"_links":{"self":[{"href":"https:\/\/www.effe.it\/es\/wp-json\/wp\/v2\/referenza\/25883"}],"collection":[{"href":"https:\/\/www.effe.it\/es\/wp-json\/wp\/v2\/referenza"}],"about":[{"href":"https:\/\/www.effe.it\/es\/wp-json\/wp\/v2\/types\/referenza"}],"wp:attachment":[{"href":"https:\/\/www.effe.it\/es\/wp-json\/wp\/v2\/media?parent=25883"}],"curies":[{"name":"wp","href":"https:\/\/api.w.org\/{rel}","templated":true}]}}