{"id":21169,"date":"2021-09-03T14:36:31","date_gmt":"2021-09-03T12:36:31","guid":{"rendered":"https:\/\/www.effe.it\/referenza\/upper-west-side-new-york\/"},"modified":"2022-03-03T12:13:37","modified_gmt":"2022-03-03T10:13:37","slug":"upper-west-side-new-york","status":"publish","type":"referenza","link":"https:\/\/www.effe.it\/es\/referenza\/upper-west-side-new-york\/","title":{"rendered":"Upper West Side, New York"},"content":{"rendered":"<p>Magn\u00edfico \u00e1tico con sauna privada Effe creada a medida en la zona Upper West Side, un barrio de la isla neoyorquina de Manhattan que une Central Park con el r\u00edo Hudson. En el proyecto, los tonos naturales de la preciosa madera de Aspen tratada t\u00e9rmicamente se combinan a la perfecci\u00f3n con los azulejos de estilo marroqu\u00ed hechos a mano.<\/p>\n","protected":false},"featured_media":0,"template":"","better_featured_image":null,"acf":{"gallery_photos_12_columns_reference":[{"image_gallery_columns":"https:\/\/static.effe.it\/website\/2021\/09\/upper-west-side-1%402x-scaled.jpg","copy_image_column":"","numer_of_columns":"12","embed_video_gallery":""},{"image_gallery_columns":"https:\/\/static.effe.it\/website\/2021\/09\/upper-west-side-2%402x.jpg","copy_image_column":"","numer_of_columns":"3","embed_video_gallery":""},{"image_gallery_columns":"https:\/\/static.effe.it\/website\/2021\/09\/upper-west-side-3%402x.jpg","copy_image_column":"","numer_of_columns":"6","embed_video_gallery":""},{"image_gallery_columns":"https:\/\/static.effe.it\/website\/2021\/09\/upper-west-side-4%402x.jpg","copy_image_column":"","numer_of_columns":"6","embed_video_gallery":""},{"image_gallery_columns":"https:\/\/static.effe.it\/website\/2021\/09\/upper-west-side-5%402x.jpg","copy_image_column":"","numer_of_columns":"3","embed_video_gallery":""},{"image_gallery_columns":"https:\/\/static.effe.it\/website\/2021\/09\/upper-west-side-6%402x-scaled.jpg","copy_image_column":"","numer_of_columns":"12","embed_video_gallery":""},{"image_gallery_columns":"https:\/\/static.effe.it\/website\/2021\/09\/upper-west-side-2.jpg","copy_image_column":"","numer_of_columns":"9","embed_video_gallery":""},{"image_gallery_columns":"https:\/\/static.effe.it\/website\/2021\/09\/upper-west-side-3.jpg","copy_image_column":"","numer_of_columns":"5","embed_video_gallery":""},{"image_gallery_columns":"https:\/\/static.effe.it\/website\/2021\/09\/upper-west-side-4.jpg","copy_image_column":"","numer_of_columns":"5","embed_video_gallery":""},{"image_gallery_columns":"https:\/\/static.effe.it\/website\/2021\/09\/upper-west-side-1-scaled.jpg","copy_image_column":"","numer_of_columns":"12","embed_video_gallery":""}],"related_products_group":{"toggle_related_product_field":true,"related_products":[{"ID":9694,"post_author":"12708","post_date":"2021-07-29 11:03:03","post_date_gmt":"2021-07-29 09:03:03","post_content":"<!-- wp:paragraph -->\n<p>Se trata de una sauna de dise\u00f1o \u00fanico, capaz de regalar al ambiente una fuerte personalidad y una gran elegancia. La estufa de la sauna de BodyLove est\u00e1 revestida con cer\u00e1mica esmaltada, con colores \u00fanicos, un material de valor que destaca la suave belleza de la madera. La fuente de calor, elemento de importancia central en la tradici\u00f3n de la sauna finlandesa, ocupa de nuevo un papel de primer nivel incluso en la est\u00e9tica. Las paredes se proponen en dos esencias de madera distintas: Hemlock natural y madera maciza tratada t\u00e9rmicamente, con la posibilidad de introducir por encargo superficies en espejo.&nbsp;BodyLove incluye paneles externos que enfatizan el tama\u00f1o dom\u00e9stico del sistema, dise\u00f1ado para formar parte del mobiliario.&nbsp;Como todos los productos Effe, BodyLove ofrece muchas posibilidades de personalizaci\u00f3n en t\u00e9rminos de selecci\u00f3n y combinaci\u00f3n de los materiales para crear un espacio de bienestar realmente a medida.<\/p>\n<!-- \/wp:paragraph -->","post_title":"BodyLove S","post_excerpt":"","post_status":"publish","comment_status":"closed","ping_status":"closed","post_password":"","post_name":"bodylove-s","to_ping":"","pinged":"","post_modified":"2026-04-29 17:17:44","post_modified_gmt":"2026-04-29 15:17:44","post_content_filtered":"","post_parent":0,"guid":"https:\/\/www.effe.it\/prodotto\/bodylove-s\/","menu_order":0,"post_type":"prodotto","post_mime_type":"","comment_count":"0","filter":"raw"},{"ID":9726,"post_author":"9693","post_date":"2021-07-29 11:03:03","post_date_gmt":"2021-07-29 09:03:03","post_content":"<!-- wp:paragraph -->\n<p>Tecnolog\u00eda Aquasteam para la generaci\u00f3n del vapor, para un control total de la calidad. Ducha equipada con alcachofa antical y mezclador con cartucho progresivo y desviador. Materiales de calidad excepcional: madera Hemlock canadiense, revestimientos en gres laminado Slimtech\u00ae de 3,5 mm y puertas en vidrio templado de 8 mm. Se encuentra disponible en tres acabados est\u00e1ndar o con colores personalizados. Tambi\u00e9n se encuentra disponible en la variante Filo (sin tarima) para permitir la m\u00e1xima integraci\u00f3n con el ambiente.<\/p>\n<!-- \/wp:paragraph -->","post_title":"Logica S","post_excerpt":"","post_status":"draft","comment_status":"closed","ping_status":"closed","post_password":"","post_name":"logica-s","to_ping":"","pinged":"","post_modified":"2023-11-28 20:35:34","post_modified_gmt":"2023-11-28 18:35:34","post_content_filtered":"","post_parent":0,"guid":"https:\/\/www.effe.it\/prodotto\/logica-s\/","menu_order":0,"post_type":"prodotto","post_mime_type":"","comment_count":"0","filter":"raw"},{"ID":9737,"post_author":"12708","post_date":"2021-07-29 11:03:03","post_date_gmt":"2021-07-29 09:03:03","post_content":"<!-- wp:paragraph -->\n<p>Sky est\u00e1 realizada en madera canadiense Hemlock de calidad o Aspen tratado t\u00e9rmicamente y vidrios templados de 10 mm. Pared frontal, puerta y techo en vidrio aportan a Sky una extrema transparencia y ligereza.<\/p>\n<!-- \/wp:paragraph -->","post_title":"Sky","post_excerpt":"","post_status":"publish","comment_status":"closed","ping_status":"closed","post_password":"","post_name":"sky","to_ping":"","pinged":"","post_modified":"2026-04-30 11:12:42","post_modified_gmt":"2026-04-30 09:12:42","post_content_filtered":"","post_parent":0,"guid":"https:\/\/www.effe.it\/prodotto\/sky\/","menu_order":0,"post_type":"prodotto","post_mime_type":"","comment_count":"0","filter":"raw"},{"ID":9747,"post_author":"12708","post_date":"2021-07-29 11:03:03","post_date_gmt":"2021-07-29 09:03:03","post_content":"<!-- wp:paragraph -->\n<p>Las tres soluciones est\u00e9ticas diferentes, declinables en tres esencias de madera distintas, hacen que el proyecto est\u00e9 abierto a cualquier propuesta de dise\u00f1o. El volumen de la estufa est\u00e1 integrado en el banco m\u00e1s bajo ofreciendo de esta forma una imagen de gran linealidad formal.<\/p>\n<!-- \/wp:paragraph -->\n\n<!-- wp:paragraph -->\n<p>La inspiraci\u00f3n, de la que deriva su nombre, proviene de un ramo especial de la medicina natural japonesa que se basa en los efectos beneficiosos del contacto con las plantas y con la atm\u00f3sfera de los bosques.<\/p>\n<!-- \/wp:paragraph -->","post_title":"Yoku S","post_excerpt":"","post_status":"publish","comment_status":"closed","ping_status":"closed","post_password":"","post_name":"yoku-s","to_ping":"","pinged":"","post_modified":"2026-04-30 10:45:14","post_modified_gmt":"2026-04-30 08:45:14","post_content_filtered":"","post_parent":0,"guid":"https:\/\/www.effe.it\/prodotto\/yoku-s\/","menu_order":0,"post_type":"prodotto","post_mime_type":"","comment_count":"0","filter":"raw"}]},"abilitare_progetti_simili":true,"similar_projects":[{"ID":21404,"post_author":"6","post_date":"2021-09-03 14:36:31","post_date_gmt":"2021-09-03 12:36:31","post_content":"<span data-sheets-value=\"{&quot;1&quot;:2,&quot;2&quot;:&quot;El Golfo dei Poeti Relais &amp; SPA representa el punto de encuentro de los tres elementos que condensan la esencia de nuestra visi\u00f3n de hospitalidad. En su interior, los aut\u00e9nticos protagonistas son el tiempo, el silencio y el espacio. En esta ubicaci\u00f3n, Effe ha instalado una sauna con vistas al mar. Los clientes de la estructura pueden concederse su momento de bienestar admirando la costa de la Liguria gracias a la gran pared de vidrio.&quot;}\" data-sheets-userformat=\"{&quot;2&quot;:257,&quot;3&quot;:{&quot;1&quot;:0},&quot;11&quot;:4}\">El Golfo dei Poeti Relais &amp; SPA representa el punto de encuentro de los tres elementos que condensan la esencia de nuestra visi\u00f3n de hospitalidad. En su interior, los aut\u00e9nticos protagonistas son el tiempo, el silencio y el espacio. En esta ubicaci\u00f3n, Effe ha instalado una sauna con vistas al mar. Los clientes de la estructura pueden concederse su momento de bienestar admirando la costa de la Liguria gracias a la gran pared de vidrio.<\/span>","post_title":"Golfo dei Poeti Relais","post_excerpt":"","post_status":"publish","comment_status":"closed","ping_status":"closed","post_password":"","post_name":"golfo-dei-poeti-relais","to_ping":"","pinged":"","post_modified":"2022-03-04 11:41:18","post_modified_gmt":"2022-03-04 09:41:18","post_content_filtered":"","post_parent":0,"guid":"https:\/\/www.effe.it\/referenza\/golfo-dei-poeti-relais\/","menu_order":0,"post_type":"referenza","post_mime_type":"","comment_count":"0","filter":"raw"},{"ID":25737,"post_author":"10","post_date":"2021-09-03 14:36:31","post_date_gmt":"2021-09-03 12:36:31","post_content":"<p class=\"p1\">En una posici\u00f3n entre las mejores de Lovere, la Casa del Porto ofrece un \u00e1rea bienestar con sauna y hammam de la marca Effe. La sugestiva \u00e1rea wellness se ha dise\u00f1ado a medida en antiguas cisternas subterr\u00e1neas.<\/p>","post_title":"La Casa del Porto","post_excerpt":"","post_status":"publish","comment_status":"closed","ping_status":"closed","post_password":"","post_name":"la-casa-del-porto-2","to_ping":"","pinged":"","post_modified":"2023-07-03 11:25:17","post_modified_gmt":"2023-07-03 09:25:17","post_content_filtered":"","post_parent":0,"guid":"https:\/\/www.effe.it\/referenza\/la-casa-del-porto-2\/","menu_order":0,"post_type":"referenza","post_mime_type":"","comment_count":"0","filter":"raw"}]},"_links":{"self":[{"href":"https:\/\/www.effe.it\/es\/wp-json\/wp\/v2\/referenza\/21169"}],"collection":[{"href":"https:\/\/www.effe.it\/es\/wp-json\/wp\/v2\/referenza"}],"about":[{"href":"https:\/\/www.effe.it\/es\/wp-json\/wp\/v2\/types\/referenza"}],"wp:attachment":[{"href":"https:\/\/www.effe.it\/es\/wp-json\/wp\/v2\/media?parent=21169"}],"curies":[{"name":"wp","href":"https:\/\/api.w.org\/{rel}","templated":true}]}}