{"id":9747,"date":"2021-07-29T11:03:03","date_gmt":"2021-07-29T09:03:03","guid":{"rendered":"https:\/\/www.effe.it\/prodotto\/yoku-s\/"},"modified":"2025-11-10T13:11:22","modified_gmt":"2025-11-10T11:11:22","slug":"yoku-s","status":"publish","type":"prodotto","link":"https:\/\/www.effe.it\/es\/producto\/yoku-s\/","title":{"rendered":"Yoku S"},"content":{"rendered":"\n<p>Las tres soluciones est\u00e9ticas diferentes, declinables en tres esencias de madera distintas, hacen que el proyecto est\u00e9 abierto a cualquier propuesta de dise\u00f1o. El volumen de la estufa est\u00e1 integrado en el banco m\u00e1s bajo ofreciendo de esta forma una imagen de gran linealidad formal.<\/p>\n\n\n\n<p>La inspiraci\u00f3n, de la que deriva su nombre, proviene de un ramo especial de la medicina natural japonesa que se basa en los efectos beneficiosos del contacto con las plantas y con la atm\u00f3sfera de los bosques.<\/p>\n","protected":false},"featured_media":18049,"menu_order":0,"template":"","categorie_prodotti":[824],"famiglia_prodotti":[789],"better_featured_image":{"id":18049,"alt_text":"","caption":"","description":"","media_type":"image","media_details":{"width":1184,"height":960,"file":"2021\/10\/landing-saune-yoku@2x.jpg","sizes":{"medium":{"file":"landing-saune-yoku@2x-300x243.jpg","width":300,"height":243,"mime-type":"image\/jpeg","source_url":"https:\/\/static.effe.it\/website\/2021\/10\/landing-saune-yoku%402x-300x243.jpg"},"large":{"file":"landing-saune-yoku@2x-1024x830.jpg","width":1024,"height":830,"mime-type":"image\/jpeg","source_url":"https:\/\/static.effe.it\/website\/2021\/10\/landing-saune-yoku%402x-1024x830.jpg"},"thumbnail":{"file":"landing-saune-yoku@2x-150x150.jpg","width":150,"height":150,"mime-type":"image\/jpeg","source_url":"https:\/\/static.effe.it\/website\/2021\/10\/landing-saune-yoku%402x-150x150.jpg"},"medium_large":{"file":"landing-saune-yoku@2x-768x623.jpg","width":768,"height":623,"mime-type":"image\/jpeg","source_url":"https:\/\/static.effe.it\/website\/2021\/10\/landing-saune-yoku%402x-768x623.jpg"},"image-related-size":{"file":"landing-saune-yoku@2x-420x285.jpg","width":420,"height":285,"mime-type":"image\/jpeg","source_url":"https:\/\/static.effe.it\/website\/2021\/10\/landing-saune-yoku%402x-420x285.jpg"},"image-related-size-bigger-sq":{"file":"landing-saune-yoku@2x-624x468.jpg","width":624,"height":468,"mime-type":"image\/jpeg","source_url":"https:\/\/static.effe.it\/website\/2021\/10\/landing-saune-yoku%402x-624x468.jpg"},"image-designer-product":{"file":"landing-saune-yoku@2x-644x587.jpg","width":644,"height":587,"mime-type":"image\/jpeg","source_url":"https:\/\/static.effe.it\/website\/2021\/10\/landing-saune-yoku%402x-644x587.jpg"}},"image_meta":{"aperture":"0","credit":"","camera":"","caption":"","created_timestamp":"0","copyright":"","focal_length":"0","iso":"0","shutter_speed":"0","title":"","orientation":"0","keywords":[]}},"post":18303,"source_url":"https:\/\/static.effe.it\/website\/2021\/10\/landing-saune-yoku%402x.jpg"},"acf":{"intro_text":"A pesar de tener un dise\u00f1o esencial, equilibrado y riguroso, YOKU S es acogedora, c\u00e1lida y natural. El volumen de la estufa est\u00e1 integrado en el banco m\u00e1s bajo ofreciendo de esta forma una imagen de gran linealidad formal. La amplia pared de vidrio frontal cuenta en el exterior con elementos verticales de madera natural que proporcionan intimidad al espacio y se convierten al mismo tiempo en elementos de soporte para estantes abiertos que se relacionan con el exterior.\r\n\r\nYoku Collection - Reconocimientos: ICFF - International Contemporary Furniture Fair, ADI Design Index, IF Award, NYCxDesign Award, German Innovation Award, German Design Award, Good Design Award, Grands Prix Du Design ","related_products_group":{"toggle_related_product_field":true,"related_products":[{"ID":9737,"post_author":"12708","post_date":"2021-07-29 11:03:03","post_date_gmt":"2021-07-29 09:03:03","post_content":"<!-- wp:paragraph -->\n<p>Sky est\u00e1 realizada en madera canadiense Hemlock de calidad o Aspen tratado t\u00e9rmicamente y vidrios templados de 10 mm. Pared frontal, puerta y techo en vidrio aportan a Sky una extrema transparencia y ligereza.<\/p>\n<!-- \/wp:paragraph -->","post_title":"Sky","post_excerpt":"","post_status":"publish","comment_status":"closed","ping_status":"closed","post_password":"","post_name":"sky","to_ping":"","pinged":"","post_modified":"2024-10-10 11:27:30","post_modified_gmt":"2024-10-10 09:27:30","post_content_filtered":"","post_parent":0,"guid":"https:\/\/www.effe.it\/prodotto\/sky\/","menu_order":0,"post_type":"prodotto","post_mime_type":"","comment_count":"0","filter":"raw"},{"ID":9742,"post_author":"12708","post_date":"2021-07-29 11:03:03","post_date_gmt":"2021-07-29 09:03:03","post_content":"<!-- wp:paragraph -->\n<p>Sky Corner se ha realizado en madera canadiense Hemlock o Aspen de gran calidad tratado t\u00e9rmicamente; el interior se puede enriquecer con cromoterapia y ledes debajo del banco. La amplia superficie en vidrio otorga ligereza al dise\u00f1o de este producto. Los vidrios templados de baja emisi\u00f3n de 10 mm se extienden sobre la pared frontal, la puerta, el techo y la pared lateral.<\/p>\n<!-- \/wp:paragraph -->","post_title":"Sky Corner","post_excerpt":"","post_status":"publish","comment_status":"closed","ping_status":"closed","post_password":"","post_name":"sky-corner","to_ping":"","pinged":"","post_modified":"2025-02-25 10:18:01","post_modified_gmt":"2025-02-25 08:18:01","post_content_filtered":"","post_parent":0,"guid":"https:\/\/www.effe.it\/prodotto\/sky-corner\/","menu_order":0,"post_type":"prodotto","post_mime_type":"","comment_count":"0","filter":"raw"},{"ID":9694,"post_author":"12708","post_date":"2021-07-29 11:03:03","post_date_gmt":"2021-07-29 09:03:03","post_content":"<!-- wp:paragraph -->\n<p>Se trata de una sauna de dise\u00f1o \u00fanico, capaz de regalar al ambiente una fuerte personalidad y una gran elegancia. La estufa de la sauna de BodyLove est\u00e1 revestida con cer\u00e1mica esmaltada, con colores \u00fanicos, un material de valor que destaca la suave belleza de la madera. La fuente de calor, elemento de importancia central en la tradici\u00f3n de la sauna finlandesa, ocupa de nuevo un papel de primer nivel incluso en la est\u00e9tica. Las paredes se proponen en dos esencias de madera distintas: Hemlock natural y madera maciza tratada t\u00e9rmicamente, con la posibilidad de introducir por encargo superficies en espejo.&nbsp;BodyLove incluye paneles externos que enfatizan el tama\u00f1o dom\u00e9stico del sistema, dise\u00f1ado para formar parte del mobiliario.&nbsp;Como todos los productos Effe, BodyLove ofrece muchas posibilidades de personalizaci\u00f3n en t\u00e9rminos de selecci\u00f3n y combinaci\u00f3n de los materiales para crear un espacio de bienestar realmente a medida.<\/p>\n<!-- \/wp:paragraph -->","post_title":"BodyLove S","post_excerpt":"","post_status":"publish","comment_status":"closed","ping_status":"closed","post_password":"","post_name":"bodylove-s","to_ping":"","pinged":"","post_modified":"2025-11-11 13:28:29","post_modified_gmt":"2025-11-11 11:28:29","post_content_filtered":"","post_parent":0,"guid":"https:\/\/www.effe.it\/prodotto\/bodylove-s\/","menu_order":0,"post_type":"prodotto","post_mime_type":"","comment_count":"0","filter":"raw"},{"ID":15471,"post_author":"2","post_date":"2021-09-09 18:55:01","post_date_gmt":"2021-09-09 16:55:01","post_content":"","post_title":"Colecci\u00f3n Yoku","post_excerpt":"","post_status":"publish","comment_status":"closed","ping_status":"closed","post_password":"","post_name":"coleccion-yoku","to_ping":"","pinged":"","post_modified":"2021-09-27 19:31:58","post_modified_gmt":"2021-09-27 17:31:58","post_content_filtered":"","post_parent":0,"guid":"https:\/\/www.effe.it\/coleccion-yoku\/","menu_order":0,"post_type":"page","post_mime_type":"","comment_count":"0","filter":"raw"}]},"optional_products_group":{"optional_toggle_field":false,"related_optional":""},"accordion_group":{"":null,"materials-toggle-field":true,"miniatura_materiali":{"ID":6975,"id":6975,"title":"Yoku S","filename":"Yoku-S.jpg","filesize":42620,"url":"https:\/\/static.effe.it\/website\/2021\/07\/Yoku-S.jpg","link":"https:\/\/www.effe.it\/es\/producto\/yoku-s\/yoku-s-2\/","alt":"","author":"9","description":"","caption":"","name":"yoku-s-2","status":"inherit","uploaded_to":9747,"date":"2021-08-16 15:57:42","modified":"2021-08-16 15:57:42","menu_order":0,"mime_type":"image\/jpeg","type":"image","subtype":"jpeg","icon":"https:\/\/www.effe.it\/wp-includes\/images\/media\/default.png","width":697,"height":461,"sizes":{"thumbnail":"https:\/\/static.effe.it\/website\/2021\/07\/Yoku-S-150x150.jpg","thumbnail-width":150,"thumbnail-height":150,"medium":"https:\/\/static.effe.it\/website\/2021\/07\/Yoku-S-300x198.jpg","medium-width":300,"medium-height":198,"medium_large":"https:\/\/static.effe.it\/website\/2021\/07\/Yoku-S.jpg","medium_large-width":697,"medium_large-height":461,"large":"https:\/\/static.effe.it\/website\/2021\/07\/Yoku-S.jpg","large-width":697,"large-height":461,"image-related-size":"https:\/\/static.effe.it\/website\/2021\/07\/Yoku-S-420x285.jpg","image-related-size-width":420,"image-related-size-height":285,"image-related-size-bigger-sq":"https:\/\/static.effe.it\/website\/2021\/07\/Yoku-S.jpg","image-related-size-bigger-sq-width":624,"image-related-size-bigger-sq-height":413,"image-designer-product":"https:\/\/static.effe.it\/website\/2021\/07\/Yoku-S.jpg","image-designer-product-width":644,"image-designer-product-height":426,"1536x1536":"https:\/\/static.effe.it\/website\/2021\/07\/Yoku-S.jpg","1536x1536-width":697,"1536x1536-height":461,"2048x2048":"https:\/\/static.effe.it\/website\/2021\/07\/Yoku-S.jpg","2048x2048-width":697,"2048x2048-height":461}},"materials_group":[{"materials_title":"ASPEN TERMOTRATADO","single_materials_repeater":[{"position_material":"PARED POSTERIOR INTERNA, MOBILIARIO","single_materials":[{"ID":2583,"post_author":"2","post_date":"2021-07-29 10:52:05","post_date_gmt":"2021-07-29 08:52:05","post_content":"","post_title":"Aspen tratado t\u00e9rmicamente (duela)","post_excerpt":"","post_status":"publish","comment_status":"closed","ping_status":"closed","post_password":"","post_name":"aspen-tratado-termicamente-duela","to_ping":"","pinged":"","post_modified":"2021-07-29 10:52:05","post_modified_gmt":"2021-07-29 08:52:05","post_content_filtered":"","post_parent":0,"guid":"https:\/\/www.effe.it\/materiale_prodotto\/aspen-tratado-termicamente-duela\/","menu_order":0,"post_type":"materiale_prodotto","post_mime_type":"","comment_count":"0","filter":"raw"}]}],"abilitare_numerazione":true},{"materials_title":"MADERA TRATADA T\u00c9RMICAMENTE","single_materials_repeater":[{"position_material":"EXTERIOR","single_materials":[{"ID":2575,"post_author":"2","post_date":"2021-07-29 10:52:08","post_date_gmt":"2021-07-29 08:52:08","post_content":"","post_title":"Madera tratada t\u00e9rmicamente (liso)","post_excerpt":"","post_status":"publish","comment_status":"open","ping_status":"open","post_password":"","post_name":"madera-tratada-termicamente-liso","to_ping":"","pinged":"","post_modified":"2021-07-29 10:52:10","post_modified_gmt":"2021-07-29 08:52:10","post_content_filtered":"","post_parent":0,"guid":"https:\/\/www.effe.it\/materiale_prodotto\/2575\/","menu_order":0,"post_type":"materiale_prodotto","post_mime_type":"","comment_count":"0","filter":"raw"}]}],"abilitare_numerazione":true},{"materials_title":"NOGAL CANALETTO","single_materials_repeater":[{"position_material":"EXTERIOR","single_materials":[{"ID":2584,"post_author":"2","post_date":"2021-07-29 10:52:05","post_date_gmt":"2021-07-29 08:52:05","post_content":"","post_title":"Nogal canaletto (liso)","post_excerpt":"","post_status":"publish","comment_status":"open","ping_status":"open","post_password":"","post_name":"nogal-canaletto-liso","to_ping":"","pinged":"","post_modified":"2021-07-29 10:52:05","post_modified_gmt":"2021-07-29 08:52:05","post_content_filtered":"","post_parent":0,"guid":"https:\/\/www.effe.it\/materiale_prodotto\/nogal-canaletto-liso\/","menu_order":0,"post_type":"materiale_prodotto","post_mime_type":"","comment_count":"0","filter":"raw"}]}],"abilitare_numerazione":true}],"toggle_designer":true,"designer":[{"ID":665,"post_author":"6","post_date":"2021-07-14 17:17:13","post_date_gmt":"2021-07-14 15:17:13","post_content":"<p class=\"p1\">Premiado con dos Compasso d\u2019Oro ADI, en el 2016 con el proyecto de dise\u00f1o industrial 5MM para Treemme, y en el 2011 con el proyecto de comunicaci\u00f3n Multiverso, ha sido seleccionado en la XXI Triennale International Exhibition 2016 de Mil\u00e1n con el proyecto Matris, en la selecci\u00f3n Designer over 35. Ha realizado la instalaci\u00f3n Convivium 2.0 para Expo 2015 en el espacio dedicado a la regi\u00f3n Umbr\u00eda. El proyecto 8emezzo para la regi\u00f3n Umbr\u00eda se ha expuesto en la Universidad Estatal de Mil\u00e1n en colaboraci\u00f3n con Interni en la edici\u00f3n Fuorisalone 2015. Marco Williams Fagioli, despu\u00e9s del diploma en el ISIA de Urbino, fund\u00f3 en el 2001 Zup Design, del que es Director Creativo, un estudio que se ocupa de dise\u00f1o estrat\u00e9gico y elaboraci\u00f3n integrada de proyectos.<span class=\"Apple-converted-space\">\u00a0<\/span><\/p>\n<p class=\"p1\">Durante su carrera ha obtenido diversos reconocimientos, entre los cuales destacan dos Compasso d\u2019Oro ADI, el Red Dot Design Award, el Design Plus, el German Design Award y dos veces el Grandesign Etico. En el 2018 ha recibido el Good Design Award del Chicago Athenaeum por el proyecto Multiplo de Indesit Company, un proyecto seleccionado tambi\u00e9n por ADI Index. El proyecto Anima Space Kitchen, dise\u00f1ado por Binova, ha recibido el premio a la cocina del a\u00f1o en el 2008 por parte de la revista danesa BoBedre, y ha sido seleccionado por Elle Decor International Design Awards para la categor\u00eda Kitchens. El montaje dise\u00f1ado por Vaselli Marmi, Marmomacc 2009, ha ganado el primer premio en el Best Communicator Award 2009. Desde el 2009 es profesor de Metodolog\u00eda de elaboraci\u00f3n de proyectos en el NID, el Nuevo Instituto de Dise\u00f1o de Perusa, desde el 2014 es profesor de dise\u00f1o en la ABA, la Academia de Bellas Artes Pietro Vannucci de Perusa, y desde el 2017 es profesor de dise\u00f1o en le DA, la Domus Academy de Mil\u00e1n. Actualmente trabaja en proyectos de dise\u00f1o de interiores, montajes de espacios museales, proyectos de comunicaci\u00f3n y dise\u00f1o industrial.<\/p>","post_title":"Marco Williams Fagioli","post_excerpt":"","post_status":"publish","comment_status":"closed","ping_status":"closed","post_password":"","post_name":"marco-williams-fagioli","to_ping":"","pinged":"","post_modified":"2022-05-17 17:45:36","post_modified_gmt":"2022-05-17 15:45:36","post_content_filtered":"","post_parent":0,"guid":"https:\/\/www.effe.it\/designer\/marco-williams-fagioli\/","menu_order":20,"post_type":"designer","post_mime_type":"","comment_count":"0","filter":"raw"}],"models_relationship":[{"ID":8549,"post_author":"9","post_date":"2021-08-02 13:04:41","post_date_gmt":"2021-08-02 11:04:41","post_content":"","post_title":"YOKU S 45","post_excerpt":"","post_status":"publish","comment_status":"closed","ping_status":"closed","post_password":"","post_name":"yoku-s-45","to_ping":"","pinged":"","post_modified":"2021-09-24 12:51:57","post_modified_gmt":"2021-09-24 10:51:57","post_content_filtered":"","post_parent":0,"guid":"https:\/\/www.effe.it\/blog\/modelli\/yoku-s-45\/","menu_order":0,"post_type":"modelli","post_mime_type":"","comment_count":"0","filter":"raw"},{"ID":8955,"post_author":"20","post_date":"2021-08-02 13:04:41","post_date_gmt":"2021-08-02 11:04:41","post_content":"","post_title":"YOKU S 60","post_excerpt":"","post_status":"publish","comment_status":"closed","ping_status":"closed","post_password":"","post_name":"yoku-s-60","to_ping":"","pinged":"","post_modified":"2024-05-02 14:03:10","post_modified_gmt":"2024-05-02 12:03:10","post_content_filtered":"","post_parent":0,"guid":"https:\/\/www.effe.it\/blog\/modelli\/yoku-s-60\/","menu_order":0,"post_type":"modelli","post_mime_type":"","comment_count":"0","filter":"raw"},{"ID":8676,"post_author":"20","post_date":"2021-08-02 13:04:41","post_date_gmt":"2021-08-02 11:04:41","post_content":"","post_title":"YOKU S 80","post_excerpt":"","post_status":"publish","comment_status":"closed","ping_status":"closed","post_password":"","post_name":"yoku-s-80","to_ping":"","pinged":"","post_modified":"2023-08-24 17:43:13","post_modified_gmt":"2023-08-24 15:43:13","post_content_filtered":"","post_parent":0,"guid":"https:\/\/www.effe.it\/blog\/modelli\/yoku-s-80\/","menu_order":0,"post_type":"modelli","post_mime_type":"","comment_count":"0","filter":"raw"},{"ID":8544,"post_author":"9","post_date":"2021-08-02 13:04:41","post_date_gmt":"2021-08-02 11:04:41","post_content":"","post_title":"YOKU S 105","post_excerpt":"","post_status":"publish","comment_status":"closed","ping_status":"closed","post_password":"","post_name":"yoku-s-105","to_ping":"","pinged":"","post_modified":"2021-09-24 12:51:54","post_modified_gmt":"2021-09-24 10:51:54","post_content_filtered":"","post_parent":0,"guid":"https:\/\/www.effe.it\/blog\/modelli\/yoku-s-105\/","menu_order":0,"post_type":"modelli","post_mime_type":"","comment_count":"0","filter":"raw"}],"models_with_documents":true,"description_model_toggle_field":true,"model_description":"","disponibile_su_misura":true,"blueprint_toggle":false,"blueprint":null,"abilitare_versioni":true},"gallery_photos_12_columns":[{"image_gallery_columns":"https:\/\/static.effe.it\/website\/2021\/07\/Yoku-S-1%402x.jpg","copy_image_column":"","numer_of_columns":"3","embed_video_gallery":""},{"image_gallery_columns":"https:\/\/static.effe.it\/website\/2021\/07\/Yoku-S-2%402x.jpg","copy_image_column":"","numer_of_columns":"6","embed_video_gallery":""},{"image_gallery_columns":"https:\/\/static.effe.it\/website\/2021\/07\/Yoku-S-3%402x.jpg","copy_image_column":"","numer_of_columns":"6","embed_video_gallery":""},{"image_gallery_columns":"https:\/\/static.effe.it\/website\/2021\/07\/Yoku-S-4%402x.jpg","copy_image_column":"","numer_of_columns":"4","embed_video_gallery":""},{"image_gallery_columns":"https:\/\/static.effe.it\/website\/2021\/07\/Yoku-S-5%402x-scaled.jpg","copy_image_column":"","numer_of_columns":"12","embed_video_gallery":""},{"image_gallery_columns":"https:\/\/static.effe.it\/website\/2021\/07\/Yoku-S-6%402x.jpg","copy_image_column":"","numer_of_columns":"6","embed_video_gallery":""},{"image_gallery_columns":"https:\/\/static.effe.it\/website\/2021\/07\/Yoku-S-7%402x.jpg","copy_image_column":"","numer_of_columns":"4","embed_video_gallery":""},{"image_gallery_columns":"https:\/\/static.effe.it\/website\/2021\/07\/Yoku-S-8%402x.jpg","copy_image_column":"","numer_of_columns":"5","embed_video_gallery":""},{"image_gallery_columns":"https:\/\/static.effe.it\/website\/2021\/07\/Yoku-S-9%402x.jpg","copy_image_column":"","numer_of_columns":"6","embed_video_gallery":""},{"image_gallery_columns":"https:\/\/static.effe.it\/website\/2021\/07\/Yoku-S-10%402x-scaled.jpg","copy_image_column":"","numer_of_columns":"12","embed_video_gallery":""}],"slider_gallery":[{"image-slider-gallery":"https:\/\/static.effe.it\/website\/2021\/07\/Slider-Yoku-S-1.jpg","text-image-gallery":"Versi\u00f3n shelf","video":""},{"image-slider-gallery":"https:\/\/static.effe.it\/website\/2021\/07\/Slider-Yoku-S-2.jpg","text-image-gallery":"Versi\u00f3n door","video":""},{"image-slider-gallery":"https:\/\/static.effe.it\/website\/2021\/07\/Slider-Yoku-S-3.jpg","text-image-gallery":"Versi\u00f3n glass","video":""}],"documents_related_collection_group":[{"input_type":"url","resource_url":"https:\/\/drive.google.com\/file\/d\/15E_dxL9lljSbSSg5jn52ARBFxWn1A10r\/view?usp=drive_link","document_title":"Brochure","file":false,"logged_in_only":false,"reserved_service_center":false},{"input_type":"url","resource_url":"https:\/\/drive.google.com\/file\/d\/1tsnPVJo3hQHU4S1b7441je1QM5514M3f\/view?usp=drive_link","document_title":"Manual de uso","file":false,"logged_in_only":true,"reserved_service_center":true}]},"_links":{"self":[{"href":"https:\/\/www.effe.it\/es\/wp-json\/wp\/v2\/products\/9747"}],"collection":[{"href":"https:\/\/www.effe.it\/es\/wp-json\/wp\/v2\/products"}],"about":[{"href":"https:\/\/www.effe.it\/es\/wp-json\/wp\/v2\/types\/prodotto"}],"version-history":[{"count":4,"href":"https:\/\/www.effe.it\/es\/wp-json\/wp\/v2\/products\/9747\/revisions"}],"predecessor-version":[{"id":37252,"href":"https:\/\/www.effe.it\/es\/wp-json\/wp\/v2\/products\/9747\/revisions\/37252"}],"wp:featuredmedia":[{"embeddable":true,"href":"https:\/\/www.effe.it\/es\/wp-json\/wp\/v2\/media\/18049"}],"wp:attachment":[{"href":"https:\/\/www.effe.it\/es\/wp-json\/wp\/v2\/media?parent=9747"}],"wp:term":[{"taxonomy":"categorie_prodotti","embeddable":true,"href":"https:\/\/www.effe.it\/es\/wp-json\/wp\/v2\/categorie_prodotti?post=9747"},{"taxonomy":"famiglia_prodotti","embeddable":true,"href":"https:\/\/www.effe.it\/es\/wp-json\/wp\/v2\/famiglia_prodotti?post=9747"}],"curies":[{"name":"wp","href":"https:\/\/api.w.org\/{rel}","templated":true}]}}