{"id":9742,"date":"2021-07-29T11:03:03","date_gmt":"2021-07-29T09:03:03","guid":{"rendered":"https:\/\/www.effe.it\/prodotto\/sky-corner\/"},"modified":"2026-04-30T11:06:54","modified_gmt":"2026-04-30T09:06:54","slug":"sky-corner","status":"publish","type":"prodotto","link":"https:\/\/www.effe.it\/es\/producto\/sky-corner\/","title":{"rendered":"Sky Corner"},"content":{"rendered":"\n<p>Sky Corner se ha realizado en madera canadiense Hemlock o Aspen de gran calidad tratado t\u00e9rmicamente; el interior se puede enriquecer con cromoterapia y ledes debajo del banco. La amplia superficie en vidrio otorga ligereza al dise\u00f1o de este producto. Los vidrios templados de baja emisi\u00f3n de 10 mm se extienden sobre la pared frontal, la puerta, el techo y la pared lateral.<\/p>\n","protected":false},"featured_media":18031,"menu_order":0,"template":"","categorie_prodotti":[824],"famiglia_prodotti":[],"better_featured_image":{"id":18031,"alt_text":"","caption":"","description":"","media_type":"image","media_details":{"width":1184,"height":960,"file":"2021\/10\/landing-saune-sky-corner@2x.jpg","sizes":{"medium":{"file":"landing-saune-sky-corner@2x-300x243.jpg","width":300,"height":243,"mime-type":"image\/jpeg","source_url":"https:\/\/static.effe.it\/website\/2021\/10\/landing-saune-sky-corner%402x-300x243.jpg"},"large":{"file":"landing-saune-sky-corner@2x-1024x830.jpg","width":1024,"height":830,"mime-type":"image\/jpeg","source_url":"https:\/\/static.effe.it\/website\/2021\/10\/landing-saune-sky-corner%402x-1024x830.jpg"},"thumbnail":{"file":"landing-saune-sky-corner@2x-150x150.jpg","width":150,"height":150,"mime-type":"image\/jpeg","source_url":"https:\/\/static.effe.it\/website\/2021\/10\/landing-saune-sky-corner%402x-150x150.jpg"},"medium_large":{"file":"landing-saune-sky-corner@2x-768x623.jpg","width":768,"height":623,"mime-type":"image\/jpeg","source_url":"https:\/\/static.effe.it\/website\/2021\/10\/landing-saune-sky-corner%402x-768x623.jpg"},"image-related-size":{"file":"landing-saune-sky-corner@2x-420x285.jpg","width":420,"height":285,"mime-type":"image\/jpeg","source_url":"https:\/\/static.effe.it\/website\/2021\/10\/landing-saune-sky-corner%402x-420x285.jpg"},"image-related-size-bigger-sq":{"file":"landing-saune-sky-corner@2x-624x468.jpg","width":624,"height":468,"mime-type":"image\/jpeg","source_url":"https:\/\/static.effe.it\/website\/2021\/10\/landing-saune-sky-corner%402x-624x468.jpg"},"image-designer-product":{"file":"landing-saune-sky-corner@2x-644x587.jpg","width":644,"height":587,"mime-type":"image\/jpeg","source_url":"https:\/\/static.effe.it\/website\/2021\/10\/landing-saune-sky-corner%402x-644x587.jpg"}},"image_meta":{"aperture":"0","credit":"","camera":"","caption":"","created_timestamp":"0","copyright":"","focal_length":"0","iso":"0","shutter_speed":"0","title":"","orientation":"0","keywords":[]}},"post":18303,"source_url":"https:\/\/static.effe.it\/website\/2021\/10\/landing-saune-sky-corner%402x.jpg"},"acf":{"intro_text":"Sauna de la l\u00ednea Sky, con una superficie de vidrio todav\u00eda m\u00e1s amplia: un aut\u00e9ntico remanso transparente de luz y bienestar. Gran versatilidad, ideal para proyectos a medida.","related_products_group":{"toggle_related_product_field":true,"related_products":[{"ID":9694,"post_author":"12708","post_date":"2021-07-29 11:03:03","post_date_gmt":"2021-07-29 09:03:03","post_content":"<!-- wp:paragraph -->\n<p>Se trata de una sauna de dise\u00f1o \u00fanico, capaz de regalar al ambiente una fuerte personalidad y una gran elegancia. La estufa de la sauna de BodyLove est\u00e1 revestida con cer\u00e1mica esmaltada, con colores \u00fanicos, un material de valor que destaca la suave belleza de la madera. La fuente de calor, elemento de importancia central en la tradici\u00f3n de la sauna finlandesa, ocupa de nuevo un papel de primer nivel incluso en la est\u00e9tica. Las paredes se proponen en dos esencias de madera distintas: Hemlock natural y madera maciza tratada t\u00e9rmicamente, con la posibilidad de introducir por encargo superficies en espejo.&nbsp;BodyLove incluye paneles externos que enfatizan el tama\u00f1o dom\u00e9stico del sistema, dise\u00f1ado para formar parte del mobiliario.&nbsp;Como todos los productos Effe, BodyLove ofrece muchas posibilidades de personalizaci\u00f3n en t\u00e9rminos de selecci\u00f3n y combinaci\u00f3n de los materiales para crear un espacio de bienestar realmente a medida.<\/p>\n<!-- \/wp:paragraph -->","post_title":"BodyLove S","post_excerpt":"","post_status":"publish","comment_status":"closed","ping_status":"closed","post_password":"","post_name":"bodylove-s","to_ping":"","pinged":"","post_modified":"2026-04-29 17:17:44","post_modified_gmt":"2026-04-29 15:17:44","post_content_filtered":"","post_parent":0,"guid":"https:\/\/www.effe.it\/prodotto\/bodylove-s\/","menu_order":0,"post_type":"prodotto","post_mime_type":"","comment_count":"0","filter":"raw"},{"ID":9747,"post_author":"12708","post_date":"2021-07-29 11:03:03","post_date_gmt":"2021-07-29 09:03:03","post_content":"<!-- wp:paragraph -->\n<p>Las tres soluciones est\u00e9ticas diferentes, declinables en tres esencias de madera distintas, hacen que el proyecto est\u00e9 abierto a cualquier propuesta de dise\u00f1o. El volumen de la estufa est\u00e1 integrado en el banco m\u00e1s bajo ofreciendo de esta forma una imagen de gran linealidad formal.<\/p>\n<!-- \/wp:paragraph -->\n\n<!-- wp:paragraph -->\n<p>La inspiraci\u00f3n, de la que deriva su nombre, proviene de un ramo especial de la medicina natural japonesa que se basa en los efectos beneficiosos del contacto con las plantas y con la atm\u00f3sfera de los bosques.<\/p>\n<!-- \/wp:paragraph -->","post_title":"Yoku S","post_excerpt":"","post_status":"publish","comment_status":"closed","ping_status":"closed","post_password":"","post_name":"yoku-s","to_ping":"","pinged":"","post_modified":"2026-04-30 10:45:14","post_modified_gmt":"2026-04-30 08:45:14","post_content_filtered":"","post_parent":0,"guid":"https:\/\/www.effe.it\/prodotto\/yoku-s\/","menu_order":0,"post_type":"prodotto","post_mime_type":"","comment_count":"0","filter":"raw"},{"ID":9737,"post_author":"12708","post_date":"2021-07-29 11:03:03","post_date_gmt":"2021-07-29 09:03:03","post_content":"<!-- wp:paragraph -->\n<p>Sky est\u00e1 realizada en madera canadiense Hemlock de calidad o Aspen tratado t\u00e9rmicamente y vidrios templados de 10 mm. Pared frontal, puerta y techo en vidrio aportan a Sky una extrema transparencia y ligereza.<\/p>\n<!-- \/wp:paragraph -->","post_title":"Sky","post_excerpt":"","post_status":"publish","comment_status":"closed","ping_status":"closed","post_password":"","post_name":"sky","to_ping":"","pinged":"","post_modified":"2026-04-30 11:12:42","post_modified_gmt":"2026-04-30 09:12:42","post_content_filtered":"","post_parent":0,"guid":"https:\/\/www.effe.it\/prodotto\/sky\/","menu_order":0,"post_type":"prodotto","post_mime_type":"","comment_count":"0","filter":"raw"},{"ID":9683,"post_author":"12708","post_date":"2021-07-29 11:03:03","post_date_gmt":"2021-07-29 09:03:03","post_content":"Los bancos suspendidos aligeran el dise\u00f1o y permiten la instalaci\u00f3n en el suelo existente. La estufa en posici\u00f3n central hace de Air un lugar de encuentro, d\u00f3nde relajarse en compa\u00f1\u00eda. Las superficies de los bancos se convierten, en la parte externa, en un toallero y una funcional base de apoyo. Los interiores est\u00e1n realizados en madera Aspen de gran calidad al natural o tratada t\u00e9rmicamente, muy resistente en el tiempo. Las amplias superficies de cristal templado a toda altura y las fuentes luminosas de Led colocadas debajo de los bancos destacan la ligereza del ambiente.","post_title":"Air","post_excerpt":"","post_status":"publish","comment_status":"closed","ping_status":"closed","post_password":"","post_name":"air","to_ping":"","pinged":"","post_modified":"2026-04-30 11:03:27","post_modified_gmt":"2026-04-30 09:03:27","post_content_filtered":"","post_parent":0,"guid":"https:\/\/www.effe.it\/prodotto\/air\/","menu_order":0,"post_type":"prodotto","post_mime_type":"","comment_count":"0","filter":"raw"}]},"optional_products_group":{"optional_toggle_field":false,"related_optional":""},"accordion_group":{"":null,"materials-toggle-field":true,"miniatura_materiali":{"ID":6945,"id":6945,"title":"Sky Corner","filename":"Sky-Corner.jpg","filesize":70532,"url":"https:\/\/static.effe.it\/website\/2021\/07\/Sky-Corner.jpg","link":"https:\/\/www.effe.it\/es\/producto\/sky-corner\/sky-corner-2\/","alt":"","author":"9","description":"","caption":"","name":"sky-corner-2","status":"inherit","uploaded_to":9742,"date":"2021-08-16 15:55:19","modified":"2021-08-16 15:55:19","menu_order":0,"mime_type":"image\/jpeg","type":"image","subtype":"jpeg","icon":"https:\/\/www.effe.it\/wp-includes\/images\/media\/default.png","width":697,"height":461,"sizes":{"thumbnail":"https:\/\/static.effe.it\/website\/2021\/07\/Sky-Corner-150x150.jpg","thumbnail-width":150,"thumbnail-height":150,"medium":"https:\/\/static.effe.it\/website\/2021\/07\/Sky-Corner-300x198.jpg","medium-width":300,"medium-height":198,"medium_large":"https:\/\/static.effe.it\/website\/2021\/07\/Sky-Corner.jpg","medium_large-width":697,"medium_large-height":461,"large":"https:\/\/static.effe.it\/website\/2021\/07\/Sky-Corner.jpg","large-width":697,"large-height":461,"image-related-size":"https:\/\/static.effe.it\/website\/2021\/07\/Sky-Corner-420x285.jpg","image-related-size-width":420,"image-related-size-height":285,"image-related-size-bigger-sq":"https:\/\/static.effe.it\/website\/2021\/07\/Sky-Corner.jpg","image-related-size-bigger-sq-width":624,"image-related-size-bigger-sq-height":413,"image-designer-product":"https:\/\/static.effe.it\/website\/2021\/07\/Sky-Corner.jpg","image-designer-product-width":644,"image-designer-product-height":426,"1536x1536":"https:\/\/static.effe.it\/website\/2021\/07\/Sky-Corner.jpg","1536x1536-width":697,"1536x1536-height":461,"2048x2048":"https:\/\/static.effe.it\/website\/2021\/07\/Sky-Corner.jpg","2048x2048-width":697,"2048x2048-height":461}},"materials_group":[{"materials_title":"HEMLOCK CANADIENSE","single_materials_repeater":[{"position_material":"INTERNO, ESTERNO, PARETI LATERALI","single_materials":[{"ID":2598,"post_author":"2","post_date":"2021-07-29 10:52:08","post_date_gmt":"2021-07-29 08:52:08","post_content":"","post_title":"Hemlock canadiense (liso)","post_excerpt":"","post_status":"publish","comment_status":"open","ping_status":"open","post_password":"","post_name":"hemlock-canadiense-liso","to_ping":"","pinged":"","post_modified":"2021-07-29 10:52:08","post_modified_gmt":"2021-07-29 08:52:08","post_content_filtered":"","post_parent":0,"guid":"https:\/\/www.effe.it\/materiale_prodotto\/hemlock-canadiense-liso\/","menu_order":0,"post_type":"materiale_prodotto","post_mime_type":"","comment_count":"0","filter":"raw"}]},{"position_material":"PARETE POSTERIORE INTERNA, ARREDI","single_materials":[{"ID":2580,"post_author":"2","post_date":"2021-07-29 10:52:05","post_date_gmt":"2021-07-29 08:52:05","post_content":"","post_title":"Hemlock canadiense (duela)","post_excerpt":"","post_status":"publish","comment_status":"open","ping_status":"open","post_password":"","post_name":"hemlock-canadiense-duela","to_ping":"","pinged":"","post_modified":"2021-07-29 10:52:05","post_modified_gmt":"2021-07-29 08:52:05","post_content_filtered":"","post_parent":0,"guid":"https:\/\/www.effe.it\/materiale_prodotto\/hemlock-canadiense-duela\/","menu_order":0,"post_type":"materiale_prodotto","post_mime_type":"","comment_count":"0","filter":"raw"}]}],"abilitare_numerazione":true},{"materials_title":"ASPEN TRATADO T\u00c9RMICAMENTE","single_materials_repeater":[{"position_material":"INTERNO, ESTERNO, PARETI LATERALI","single_materials":[{"ID":2590,"post_author":"2","post_date":"2021-07-29 10:52:08","post_date_gmt":"2021-07-29 08:52:08","post_content":"","post_title":"Aspen tratado t\u00e9rmicamente (liso)","post_excerpt":"","post_status":"publish","comment_status":"open","ping_status":"open","post_password":"","post_name":"aspen-tratado-termicamente-liso","to_ping":"","pinged":"","post_modified":"2021-07-29 10:52:08","post_modified_gmt":"2021-07-29 08:52:08","post_content_filtered":"","post_parent":0,"guid":"https:\/\/www.effe.it\/materiale_prodotto\/aspen-tratado-termicamente-liso\/","menu_order":0,"post_type":"materiale_prodotto","post_mime_type":"","comment_count":"0","filter":"raw"}]},{"position_material":"PARETE POSTERIORE INTERNA, ARREDI","single_materials":[{"ID":2583,"post_author":"2","post_date":"2021-07-29 10:52:05","post_date_gmt":"2021-07-29 08:52:05","post_content":"","post_title":"Aspen tratado t\u00e9rmicamente (duela)","post_excerpt":"","post_status":"publish","comment_status":"closed","ping_status":"closed","post_password":"","post_name":"aspen-tratado-termicamente-duela","to_ping":"","pinged":"","post_modified":"2021-07-29 10:52:05","post_modified_gmt":"2021-07-29 08:52:05","post_content_filtered":"","post_parent":0,"guid":"https:\/\/www.effe.it\/materiale_prodotto\/aspen-tratado-termicamente-duela\/","menu_order":0,"post_type":"materiale_prodotto","post_mime_type":"","comment_count":"0","filter":"raw"}]}],"abilitare_numerazione":true}],"toggle_designer":true,"designer":[{"ID":664,"post_author":"6","post_date":"2021-07-14 17:17:13","post_date_gmt":"2021-07-14 15:17:13","post_content":"Dise\u00f1adora y arquitecta de interiores, empieza su profesi\u00f3n en la segunda mitad de la d\u00e9cada de los setenta. Tras varios a\u00f1os de trabajo funda, en colaboraci\u00f3n con algunos compa\u00f1eros, el estudio Talocci Design en el a\u00f1o 1995. El estudio cuenta con un grupo de colaboradores que trabaja principalmente en el product y exibit design y en el art direction, adem\u00e1s de ocuparse de comunicaci\u00f3n y organizaci\u00f3n de eventos. Una curiosidad natural por la innovaci\u00f3n, la investigaci\u00f3n mat\u00e9rica y tecnol\u00f3gica, la profunda observaci\u00f3n de la realidad que le rodea, le permiten dise\u00f1ar, en sectores completamente distintos entre ellos, para empresas de prestigio como Poltrona Frau, Teuco, Effegibi, Foppapedretti, Fantini, Provex, Falper, Scarabeo, Fratelli Guzzini, Fornara &amp;Maulini, Luceplan, Rapsel, Viasat, Italaquae, SanLorenzo, Domo, Et-al, Rina Menardi, Gran Tour, DMP Electronics y Stilhaus.\nHa obtenido muchos reconocimientos, entre los cuales numerosas selecciones ADI Design Index, menciones de honor en el Compasso D`Oro, premios Design Plus y German Design Award.Al trabajo proyectual como dise\u00f1adora une la actividad de arquitecta de interiores para espacios comerciales y viviendas particulares. Se ocupa de muchos eventos culturales: diversas ediciones de \u00abAbitare il Tempo\u00bb y luego \u00abSegnali di Cibo\u00bb, una muestra que en el 1999 anticip\u00f3 la tendencia de unir el dise\u00f1o con el tema de la comida, tambi\u00e9n \u00abWonderfull World\u00bb, \u00abSuperfici\u00bb, \u00abCafe\u2019 Cafe\u2019\u00bb, \u00abEvoca\u00bb, \u00abDesign on Board\u00bb, \u00abCome l\u2019acqua sul fuoco\u00bb, \u00abItalianism\u00bb. Presenta o participa como invitada en transmisiones de televisi\u00f3n sobre dise\u00f1o.Es miembro de muchos jurados en concursos de dise\u00f1o nacionales e internacionales.Ejerce como profesora en la universidad La Sapienza de Roma y en escuelas de dise\u00f1o como IED, QUASAR y actualmente AANT.Es socia ADI desde el 1979, del 2004 al 2017 forma parte del Comit\u00e9 Directivo Nacional ADI y del 2014 al 2017 es su vicepresidente.En el 2017 se ocupa de la introducci\u00f3n de la Collezione Design en el Palazzo della Farnesina y la realizaci\u00f3n de la Sala Design.Es miembro del Comitato di Indirizzo del Premio Nazionale per l\u2019Innovazione \u00abPremio dei Premi\u00bb creado por concesi\u00f3n del Presidente de la Rep\u00fablica Italiana en la fundaci\u00f3n COTEC. En el 2007 forma parte del primer Consejo Italiano del Dise\u00f1o, creado por el Ministero per i Beni e le Attivit\u00e0 Culturali.","post_title":"Giovanna Talocci","post_excerpt":"","post_status":"publish","comment_status":"closed","ping_status":"closed","post_password":"","post_name":"giovanna-talocci","to_ping":"","pinged":"","post_modified":"2022-05-17 17:45:43","post_modified_gmt":"2022-05-17 15:45:43","post_content_filtered":"","post_parent":0,"guid":"https:\/\/www.effe.it\/designer\/giovanna-talocci\/","menu_order":30,"post_type":"designer","post_mime_type":"","comment_count":"0","filter":"raw"}],"models_relationship":[{"ID":9102,"post_author":"12708","post_date":"2021-08-02 13:04:37","post_date_gmt":"2021-08-02 11:04:37","post_content":"","post_title":"SKY CORNER 105","post_excerpt":"","post_status":"publish","comment_status":"closed","ping_status":"closed","post_password":"","post_name":"sky-corner-105","to_ping":"","pinged":"","post_modified":"2025-03-11 11:37:53","post_modified_gmt":"2025-03-11 09:37:53","post_content_filtered":"","post_parent":0,"guid":"https:\/\/www.effe.it\/blog\/modelli\/sky-corner-105\/","menu_order":0,"post_type":"modelli","post_mime_type":"","comment_count":"0","filter":"raw"},{"ID":9117,"post_author":"12708","post_date":"2021-08-02 13:04:37","post_date_gmt":"2021-08-02 11:04:37","post_content":"","post_title":"SKY CORNER 45","post_excerpt":"","post_status":"publish","comment_status":"closed","ping_status":"closed","post_password":"","post_name":"sky-corner-45","to_ping":"","pinged":"","post_modified":"2025-03-28 16:29:56","post_modified_gmt":"2025-03-28 14:29:56","post_content_filtered":"","post_parent":0,"guid":"https:\/\/www.effe.it\/blog\/modelli\/sky-corner-45\/","menu_order":0,"post_type":"modelli","post_mime_type":"","comment_count":"0","filter":"raw"},{"ID":9112,"post_author":"12708","post_date":"2021-08-02 13:04:37","post_date_gmt":"2021-08-02 11:04:37","post_content":"","post_title":"SKY CORNER 60","post_excerpt":"","post_status":"publish","comment_status":"closed","ping_status":"closed","post_password":"","post_name":"sky-corner-60","to_ping":"","pinged":"","post_modified":"2025-03-11 11:52:51","post_modified_gmt":"2025-03-11 09:52:51","post_content_filtered":"","post_parent":0,"guid":"https:\/\/www.effe.it\/blog\/modelli\/sky-corner-60\/","menu_order":0,"post_type":"modelli","post_mime_type":"","comment_count":"0","filter":"raw"},{"ID":9107,"post_author":"12708","post_date":"2021-08-02 13:04:37","post_date_gmt":"2021-08-02 11:04:37","post_content":"","post_title":"SKY CORNER 80","post_excerpt":"","post_status":"publish","comment_status":"closed","ping_status":"closed","post_password":"","post_name":"sky-corner-80","to_ping":"","pinged":"","post_modified":"2025-03-11 11:39:33","post_modified_gmt":"2025-03-11 09:39:33","post_content_filtered":"","post_parent":0,"guid":"https:\/\/www.effe.it\/blog\/modelli\/sky-corner-80\/","menu_order":0,"post_type":"modelli","post_mime_type":"","comment_count":"0","filter":"raw"}],"models_with_documents":true,"description_model_toggle_field":true,"model_description":"","disponibile_su_misura":true,"blueprint_toggle":false,"blueprint":null,"abilitare_versioni":true},"gallery_photos_12_columns":[{"image_gallery_columns":"https:\/\/static.effe.it\/website\/2021\/07\/Sky-Corner-1%402x.jpg","copy_image_column":"","numer_of_columns":"5","embed_video_gallery":""},{"image_gallery_columns":"https:\/\/static.effe.it\/website\/2021\/07\/Sky-Corner-2%402x.jpg","copy_image_column":"","numer_of_columns":"4","embed_video_gallery":""},{"image_gallery_columns":"https:\/\/static.effe.it\/website\/2021\/07\/Sky-Corner-3%402x.jpg","copy_image_column":"","numer_of_columns":"4","embed_video_gallery":""},{"image_gallery_columns":"https:\/\/static.effe.it\/website\/2021\/07\/Sky-Corner-4%402x.jpg","copy_image_column":"","numer_of_columns":"5","embed_video_gallery":""},{"image_gallery_columns":"https:\/\/static.effe.it\/website\/2021\/07\/Sky-Corner-5%402x-scaled.jpg","copy_image_column":"","numer_of_columns":"12","embed_video_gallery":""},{"image_gallery_columns":"https:\/\/static.effe.it\/website\/2021\/07\/Sky-Corner-6%402x.jpg","copy_image_column":"","numer_of_columns":"6","embed_video_gallery":""},{"image_gallery_columns":"https:\/\/static.effe.it\/website\/2021\/07\/Sky-Corner-7%402x.jpg","copy_image_column":"","numer_of_columns":"3","embed_video_gallery":""},{"image_gallery_columns":"https:\/\/static.effe.it\/website\/2021\/07\/Sky-Corner-8%402x-scaled.jpg","copy_image_column":"","numer_of_columns":"12","embed_video_gallery":""}],"slider_gallery":[{"image-slider-gallery":"https:\/\/static.effe.it\/website\/2021\/07\/Slider-Sky-Corner-3.jpg","text-image-gallery":"","video":""},{"image-slider-gallery":"https:\/\/static.effe.it\/website\/2021\/07\/Slider-Sky-Corner-1-1.jpg","text-image-gallery":"","video":""}],"documents_related_collection_group":[{"input_type":"url","resource_url":"https:\/\/drive.google.com\/file\/d\/1vDbWnZ0POxT7MOp4GiUAFtkbMm80k5-D\/view?usp=drive_link","document_title":"Brochure","file":false,"logged_in_only":false,"reserved_service_center":false},{"input_type":"url","resource_url":"https:\/\/drive.google.com\/file\/d\/1pNgxo61f-wcpDBwIvczuJgV94TFlSLP9\/view?usp=drive_link","document_title":"Manual de uso","file":false,"logged_in_only":true,"reserved_service_center":false},{"input_type":"url","resource_url":"https:\/\/drive.google.com\/file\/d\/1WVhSjVtQrQnTRL11tmFdoNS6HhscFadG\/view?usp=drive_link","document_title":"3D DWG","file":false,"logged_in_only":true,"reserved_service_center":false},{"input_type":"url","resource_url":"https:\/\/drive.google.com\/file\/d\/1dPSRlREWX_oN5ZGnqyFnGKSK82KZC9Qz\/view?usp=drive_link","document_title":"3D FBX","file":false,"logged_in_only":true,"reserved_service_center":false},{"input_type":"url","resource_url":"https:\/\/drive.google.com\/file\/d\/1fvhRPUPybbYRSep9nBNXKwjR-1OghEsO\/view?usp=drive_link","document_title":"BIM IFC","file":false,"logged_in_only":true,"reserved_service_center":false},{"input_type":"url","resource_url":"https:\/\/drive.google.com\/file\/d\/1iAJwvUSmqDV8hZdyOh5wrpA1OQaHynW6\/view?usp=drive_link","document_title":"BIM RFA","file":false,"logged_in_only":true,"reserved_service_center":false},{"input_type":"url","resource_url":"https:\/\/drive.google.com\/file\/d\/1mft2c_yyEtdfvme0dg-Sy64kYxcdQ7Xn\/view?usp=drive_link","document_title":"SKETCHUP","file":false,"logged_in_only":true,"reserved_service_center":false}]},"_links":{"self":[{"href":"https:\/\/www.effe.it\/es\/wp-json\/wp\/v2\/products\/9742"}],"collection":[{"href":"https:\/\/www.effe.it\/es\/wp-json\/wp\/v2\/products"}],"about":[{"href":"https:\/\/www.effe.it\/es\/wp-json\/wp\/v2\/types\/prodotto"}],"version-history":[{"count":5,"href":"https:\/\/www.effe.it\/es\/wp-json\/wp\/v2\/products\/9742\/revisions"}],"predecessor-version":[{"id":37876,"href":"https:\/\/www.effe.it\/es\/wp-json\/wp\/v2\/products\/9742\/revisions\/37876"}],"wp:featuredmedia":[{"embeddable":true,"href":"https:\/\/www.effe.it\/es\/wp-json\/wp\/v2\/media\/18031"}],"wp:attachment":[{"href":"https:\/\/www.effe.it\/es\/wp-json\/wp\/v2\/media?parent=9742"}],"wp:term":[{"taxonomy":"categorie_prodotti","embeddable":true,"href":"https:\/\/www.effe.it\/es\/wp-json\/wp\/v2\/categorie_prodotti?post=9742"},{"taxonomy":"famiglia_prodotti","embeddable":true,"href":"https:\/\/www.effe.it\/es\/wp-json\/wp\/v2\/famiglia_prodotti?post=9742"}],"curies":[{"name":"wp","href":"https:\/\/api.w.org\/{rel}","templated":true}]}}