{"id":9699,"date":"2021-07-29T11:03:03","date_gmt":"2021-07-29T09:03:03","guid":{"rendered":"https:\/\/www.effe.it\/prodotto\/idea\/"},"modified":"2026-04-30T11:30:48","modified_gmt":"2026-04-30T09:30:48","slug":"idea","status":"publish","type":"prodotto","link":"https:\/\/www.effe.it\/es\/producto\/idea\/","title":{"rendered":"Idea"},"content":{"rendered":"\n<p>El marco externo tiene una forma inclinada que crea un perfil de sombra y aporta profundidad a pesar de su tama\u00f1o reducido. Una peque\u00f1a pared de tablas de Hemlock esconde la estufa y acoge, en la parte delantera, una zona toallero en la que se encuentra el panel de control. Las paredes internas son en Hemlock, con paneles lisos, menos la pared de fondo que se realiza con tablas, con una evidente referencia a la memoria de las tradicionales saunas n\u00f3rdicas. La luz interna, que roza la pared de fondo, crea una atm\u00f3sfera especialmente acogedora.&nbsp;<\/p>\n","protected":false},"featured_media":22442,"menu_order":0,"template":"","categorie_prodotti":[824],"famiglia_prodotti":[],"better_featured_image":{"id":22442,"alt_text":"","caption":"","description":"","media_type":"image","media_details":{"width":1184,"height":960,"file":"2021\/07\/landing-saune-idea.jpg","sizes":{"medium":{"file":"landing-saune-idea-300x243.jpg","width":300,"height":243,"mime-type":"image\/jpeg","source_url":"https:\/\/static.effe.it\/website\/2021\/07\/landing-saune-idea-300x243.jpg"},"large":{"file":"landing-saune-idea-1024x830.jpg","width":1024,"height":830,"mime-type":"image\/jpeg","source_url":"https:\/\/static.effe.it\/website\/2021\/07\/landing-saune-idea-1024x830.jpg"},"thumbnail":{"file":"landing-saune-idea-150x150.jpg","width":150,"height":150,"mime-type":"image\/jpeg","source_url":"https:\/\/static.effe.it\/website\/2021\/07\/landing-saune-idea-150x150.jpg"},"medium_large":{"file":"landing-saune-idea-768x623.jpg","width":768,"height":623,"mime-type":"image\/jpeg","source_url":"https:\/\/static.effe.it\/website\/2021\/07\/landing-saune-idea-768x623.jpg"},"image-related-size":{"file":"landing-saune-idea-420x285.jpg","width":420,"height":285,"mime-type":"image\/jpeg","source_url":"https:\/\/static.effe.it\/website\/2021\/07\/landing-saune-idea-420x285.jpg"},"image-related-size-bigger-sq":{"file":"landing-saune-idea-624x468.jpg","width":624,"height":468,"mime-type":"image\/jpeg","source_url":"https:\/\/static.effe.it\/website\/2021\/07\/landing-saune-idea-624x468.jpg"},"image-designer-product":{"file":"landing-saune-idea-644x587.jpg","width":644,"height":587,"mime-type":"image\/jpeg","source_url":"https:\/\/static.effe.it\/website\/2021\/07\/landing-saune-idea-644x587.jpg"}},"image_meta":{"aperture":"0","credit":"","camera":"","caption":"","created_timestamp":"0","copyright":"","focal_length":"0","iso":"0","shutter_speed":"0","title":"","orientation":"1","keywords":[]}},"post":9699,"source_url":"https:\/\/static.effe.it\/website\/2021\/07\/landing-saune-idea.jpg"},"acf":{"gallery_photos_12_columns":[{"image_gallery_columns":"https:\/\/static.effe.it\/website\/2021\/07\/Idea-1%402x-2.jpg","copy_image_column":"","numer_of_columns":"6","embed_video_gallery":""},{"image_gallery_columns":"https:\/\/static.effe.it\/website\/2021\/07\/Idea-2%402x-2.jpg","copy_image_column":"","numer_of_columns":"4","embed_video_gallery":""},{"image_gallery_columns":"https:\/\/static.effe.it\/website\/2021\/07\/idea-3%402x-2.jpg","copy_image_column":"","numer_of_columns":"6","embed_video_gallery":""},{"image_gallery_columns":"https:\/\/static.effe.it\/website\/2021\/07\/Idea-4%402x-2.jpg","copy_image_column":"","numer_of_columns":"4","embed_video_gallery":""},{"image_gallery_columns":"https:\/\/static.effe.it\/website\/2021\/07\/idea-5%402x-1-scaled.jpg","copy_image_column":"","numer_of_columns":"6","embed_video_gallery":""},{"image_gallery_columns":"https:\/\/static.effe.it\/website\/2021\/07\/Idea-6%402x-1.jpg","copy_image_column":"","numer_of_columns":"12","embed_video_gallery":""},{"image_gallery_columns":"https:\/\/static.effe.it\/website\/2021\/07\/idea-7%402x-1.jpg","copy_image_column":"","numer_of_columns":"6","embed_video_gallery":""},{"image_gallery_columns":"https:\/\/static.effe.it\/website\/2021\/07\/idea-8%402x-1.jpg","copy_image_column":"","numer_of_columns":"4","embed_video_gallery":""},{"image_gallery_columns":"https:\/\/static.effe.it\/website\/2021\/07\/idea-9%402x-1.jpg","copy_image_column":"","numer_of_columns":"12","embed_video_gallery":""}],"intro_text":"L\u00edneas esenciales, detalles y acabados sofisticados, dan a la l\u00ednea de saunas Idea una atm\u00f3sfera digna de la tradici\u00f3n n\u00f3rdica combinada con la elegancia del mejor dise\u00f1o italiano.","related_products_group":{"toggle_related_product_field":true,"related_products":[{"ID":9737,"post_author":"12708","post_date":"2021-07-29 11:03:03","post_date_gmt":"2021-07-29 09:03:03","post_content":"<!-- wp:paragraph -->\n<p>Sky est\u00e1 realizada en madera canadiense Hemlock de calidad o Aspen tratado t\u00e9rmicamente y vidrios templados de 10 mm. Pared frontal, puerta y techo en vidrio aportan a Sky una extrema transparencia y ligereza.<\/p>\n<!-- \/wp:paragraph -->","post_title":"Sky","post_excerpt":"","post_status":"publish","comment_status":"closed","ping_status":"closed","post_password":"","post_name":"sky","to_ping":"","pinged":"","post_modified":"2026-04-30 11:12:42","post_modified_gmt":"2026-04-30 09:12:42","post_content_filtered":"","post_parent":0,"guid":"https:\/\/www.effe.it\/prodotto\/sky\/","menu_order":0,"post_type":"prodotto","post_mime_type":"","comment_count":"0","filter":"raw"},{"ID":9689,"post_author":"12708","post_date":"2021-07-29 11:03:03","post_date_gmt":"2021-07-29 09:03:03","post_content":"<!-- wp:paragraph -->\n<p>Sauna realizada en maderas de calidad y paredes de vidrio en cristal templado y de baja emisi\u00f3n de 8 mm. Los interiores son especialmente acogedores y est\u00e1n caracterizados por tablas de anchuras variables.&nbsp;Auki se adapta f\u00e1cilmente a las necesidades del espacio a disposici\u00f3n, incluso para aplicaciones a medida. Todas las saunas Auki disponen de un elegante tirador en el borde de la puerta que deja libres las paredes de vidrio y no altera la limpieza del dise\u00f1o externo.<\/p>\n<!-- \/wp:paragraph -->","post_title":"Auki","post_excerpt":"","post_status":"publish","comment_status":"closed","ping_status":"closed","post_password":"","post_name":"auki","to_ping":"","pinged":"","post_modified":"2026-04-30 11:21:57","post_modified_gmt":"2026-04-30 09:21:57","post_content_filtered":"","post_parent":0,"guid":"https:\/\/www.effe.it\/prodotto\/auki\/","menu_order":0,"post_type":"prodotto","post_mime_type":"","comment_count":"0","filter":"raw"},{"ID":9742,"post_author":"12708","post_date":"2021-07-29 11:03:03","post_date_gmt":"2021-07-29 09:03:03","post_content":"<!-- wp:paragraph -->\n<p>Sky Corner se ha realizado en madera canadiense Hemlock o Aspen de gran calidad tratado t\u00e9rmicamente; el interior se puede enriquecer con cromoterapia y ledes debajo del banco. La amplia superficie en vidrio otorga ligereza al dise\u00f1o de este producto. Los vidrios templados de baja emisi\u00f3n de 10 mm se extienden sobre la pared frontal, la puerta, el techo y la pared lateral.<\/p>\n<!-- \/wp:paragraph -->","post_title":"Sky Corner","post_excerpt":"","post_status":"publish","comment_status":"closed","ping_status":"closed","post_password":"","post_name":"sky-corner","to_ping":"","pinged":"","post_modified":"2026-04-30 11:06:54","post_modified_gmt":"2026-04-30 09:06:54","post_content_filtered":"","post_parent":0,"guid":"https:\/\/www.effe.it\/prodotto\/sky-corner\/","menu_order":0,"post_type":"prodotto","post_mime_type":"","comment_count":"0","filter":"raw"},{"ID":9683,"post_author":"12708","post_date":"2021-07-29 11:03:03","post_date_gmt":"2021-07-29 09:03:03","post_content":"Los bancos suspendidos aligeran el dise\u00f1o y permiten la instalaci\u00f3n en el suelo existente. La estufa en posici\u00f3n central hace de Air un lugar de encuentro, d\u00f3nde relajarse en compa\u00f1\u00eda. Las superficies de los bancos se convierten, en la parte externa, en un toallero y una funcional base de apoyo. Los interiores est\u00e1n realizados en madera Aspen de gran calidad al natural o tratada t\u00e9rmicamente, muy resistente en el tiempo. Las amplias superficies de cristal templado a toda altura y las fuentes luminosas de Led colocadas debajo de los bancos destacan la ligereza del ambiente.","post_title":"Air","post_excerpt":"","post_status":"publish","comment_status":"closed","ping_status":"closed","post_password":"","post_name":"air","to_ping":"","pinged":"","post_modified":"2026-04-30 11:03:27","post_modified_gmt":"2026-04-30 09:03:27","post_content_filtered":"","post_parent":0,"guid":"https:\/\/www.effe.it\/prodotto\/air\/","menu_order":0,"post_type":"prodotto","post_mime_type":"","comment_count":"0","filter":"raw"}]},"optional_products_group":{"optional_toggle_field":false,"related_optional":""},"accordion_group":{"":null,"materials-toggle-field":true,"miniatura_materiali":false,"materials_group":[{"materials_title":"ABETO","single_materials_repeater":[{"position_material":"Pared trasera interior, accesorios","single_materials":[{"ID":2581,"post_author":"2","post_date":"2021-07-29 10:52:05","post_date_gmt":"2021-07-29 08:52:05","post_content":"","post_title":"Abeto (duela)","post_excerpt":"","post_status":"publish","comment_status":"open","ping_status":"open","post_password":"","post_name":"abeto-duela","to_ping":"","pinged":"","post_modified":"2021-07-29 10:52:05","post_modified_gmt":"2021-07-29 08:52:05","post_content_filtered":"","post_parent":0,"guid":"https:\/\/www.effe.it\/materiale_prodotto\/abeto-duela\/","menu_order":0,"post_type":"materiale_prodotto","post_mime_type":"","comment_count":"0","filter":"raw"}]}],"abilitare_numerazione":true},{"materials_title":"ASPEN TRATADO T\u00c9RMICAMENTE","single_materials_repeater":[{"position_material":"Pared trasera interior; muebles","single_materials":[{"ID":2583,"post_author":"2","post_date":"2021-07-29 10:52:05","post_date_gmt":"2021-07-29 08:52:05","post_content":"","post_title":"Aspen tratado t\u00e9rmicamente (duela)","post_excerpt":"","post_status":"publish","comment_status":"closed","ping_status":"closed","post_password":"","post_name":"aspen-tratado-termicamente-duela","to_ping":"","pinged":"","post_modified":"2021-07-29 10:52:05","post_modified_gmt":"2021-07-29 08:52:05","post_content_filtered":"","post_parent":0,"guid":"https:\/\/www.effe.it\/materiale_prodotto\/aspen-tratado-termicamente-duela\/","menu_order":0,"post_type":"materiale_prodotto","post_mime_type":"","comment_count":"0","filter":"raw"}]},{"position_material":"paredes laterales interiores y exteriores","single_materials":[{"ID":2590,"post_author":"2","post_date":"2021-07-29 10:52:08","post_date_gmt":"2021-07-29 08:52:08","post_content":"","post_title":"Aspen tratado t\u00e9rmicamente (liso)","post_excerpt":"","post_status":"publish","comment_status":"open","ping_status":"open","post_password":"","post_name":"aspen-tratado-termicamente-liso","to_ping":"","pinged":"","post_modified":"2021-07-29 10:52:08","post_modified_gmt":"2021-07-29 08:52:08","post_content_filtered":"","post_parent":0,"guid":"https:\/\/www.effe.it\/materiale_prodotto\/aspen-tratado-termicamente-liso\/","menu_order":0,"post_type":"materiale_prodotto","post_mime_type":"","comment_count":"0","filter":"raw"}]}],"abilitare_numerazione":true}],"toggle_designer":true,"designer":[{"ID":664,"post_author":"6","post_date":"2021-07-14 17:17:13","post_date_gmt":"2021-07-14 15:17:13","post_content":"Dise\u00f1adora y arquitecta de interiores, empieza su profesi\u00f3n en la segunda mitad de la d\u00e9cada de los setenta. Tras varios a\u00f1os de trabajo funda, en colaboraci\u00f3n con algunos compa\u00f1eros, el estudio Talocci Design en el a\u00f1o 1995. El estudio cuenta con un grupo de colaboradores que trabaja principalmente en el product y exibit design y en el art direction, adem\u00e1s de ocuparse de comunicaci\u00f3n y organizaci\u00f3n de eventos. Una curiosidad natural por la innovaci\u00f3n, la investigaci\u00f3n mat\u00e9rica y tecnol\u00f3gica, la profunda observaci\u00f3n de la realidad que le rodea, le permiten dise\u00f1ar, en sectores completamente distintos entre ellos, para empresas de prestigio como Poltrona Frau, Teuco, Effegibi, Foppapedretti, Fantini, Provex, Falper, Scarabeo, Fratelli Guzzini, Fornara &amp;Maulini, Luceplan, Rapsel, Viasat, Italaquae, SanLorenzo, Domo, Et-al, Rina Menardi, Gran Tour, DMP Electronics y Stilhaus.\nHa obtenido muchos reconocimientos, entre los cuales numerosas selecciones ADI Design Index, menciones de honor en el Compasso D`Oro, premios Design Plus y German Design Award.Al trabajo proyectual como dise\u00f1adora une la actividad de arquitecta de interiores para espacios comerciales y viviendas particulares. Se ocupa de muchos eventos culturales: diversas ediciones de \u00abAbitare il Tempo\u00bb y luego \u00abSegnali di Cibo\u00bb, una muestra que en el 1999 anticip\u00f3 la tendencia de unir el dise\u00f1o con el tema de la comida, tambi\u00e9n \u00abWonderfull World\u00bb, \u00abSuperfici\u00bb, \u00abCafe\u2019 Cafe\u2019\u00bb, \u00abEvoca\u00bb, \u00abDesign on Board\u00bb, \u00abCome l\u2019acqua sul fuoco\u00bb, \u00abItalianism\u00bb. Presenta o participa como invitada en transmisiones de televisi\u00f3n sobre dise\u00f1o.Es miembro de muchos jurados en concursos de dise\u00f1o nacionales e internacionales.Ejerce como profesora en la universidad La Sapienza de Roma y en escuelas de dise\u00f1o como IED, QUASAR y actualmente AANT.Es socia ADI desde el 1979, del 2004 al 2017 forma parte del Comit\u00e9 Directivo Nacional ADI y del 2014 al 2017 es su vicepresidente.En el 2017 se ocupa de la introducci\u00f3n de la Collezione Design en el Palazzo della Farnesina y la realizaci\u00f3n de la Sala Design.Es miembro del Comitato di Indirizzo del Premio Nazionale per l\u2019Innovazione \u00abPremio dei Premi\u00bb creado por concesi\u00f3n del Presidente de la Rep\u00fablica Italiana en la fundaci\u00f3n COTEC. En el 2007 forma parte del primer Consejo Italiano del Dise\u00f1o, creado por el Ministero per i Beni e le Attivit\u00e0 Culturali.","post_title":"Giovanna Talocci","post_excerpt":"","post_status":"publish","comment_status":"closed","ping_status":"closed","post_password":"","post_name":"giovanna-talocci","to_ping":"","pinged":"","post_modified":"2022-05-17 17:45:43","post_modified_gmt":"2022-05-17 15:45:43","post_content_filtered":"","post_parent":0,"guid":"https:\/\/www.effe.it\/designer\/giovanna-talocci\/","menu_order":30,"post_type":"designer","post_mime_type":"","comment_count":"0","filter":"raw"}],"models_relationship":[{"ID":8584,"post_author":"9","post_date":"2021-08-02 13:04:41","post_date_gmt":"2021-08-02 11:04:41","post_content":"","post_title":"IDEA 30","post_excerpt":"","post_status":"publish","comment_status":"closed","ping_status":"closed","post_password":"","post_name":"idea-30","to_ping":"","pinged":"","post_modified":"2021-09-24 16:30:23","post_modified_gmt":"2021-09-24 14:30:23","post_content_filtered":"","post_parent":0,"guid":"https:\/\/www.effe.it\/blog\/modelli\/idea-30\/","menu_order":0,"post_type":"modelli","post_mime_type":"","comment_count":"0","filter":"raw"},{"ID":8579,"post_author":"9","post_date":"2021-08-02 13:04:41","post_date_gmt":"2021-08-02 11:04:41","post_content":"","post_title":"IDEA 45","post_excerpt":"","post_status":"publish","comment_status":"closed","ping_status":"closed","post_password":"","post_name":"idea-45","to_ping":"","pinged":"","post_modified":"2021-09-24 16:29:39","post_modified_gmt":"2021-09-24 14:29:39","post_content_filtered":"","post_parent":0,"guid":"https:\/\/www.effe.it\/blog\/modelli\/idea-45\/","menu_order":0,"post_type":"modelli","post_mime_type":"","comment_count":"0","filter":"raw"},{"ID":8573,"post_author":"9","post_date":"2021-08-02 13:04:41","post_date_gmt":"2021-08-02 11:04:41","post_content":"","post_title":"IDEA 60","post_excerpt":"","post_status":"publish","comment_status":"closed","ping_status":"closed","post_password":"","post_name":"idea-60","to_ping":"","pinged":"","post_modified":"2021-09-24 16:29:37","post_modified_gmt":"2021-09-24 14:29:37","post_content_filtered":"","post_parent":0,"guid":"https:\/\/www.effe.it\/blog\/modelli\/idea-60\/","menu_order":0,"post_type":"modelli","post_mime_type":"","comment_count":"0","filter":"raw"}],"models_with_documents":true,"description_model_toggle_field":false,"model_description":"","disponibile_su_misura":false,"blueprint_toggle":false,"blueprint":null,"abilitare_versioni":false},"slider_gallery":[{"image-slider-gallery":"https:\/\/static.effe.it\/website\/2021\/07\/slider-idea-1-2.jpg","text-image-gallery":"","video":""}],"documents_related_collection_group":[{"input_type":"url","resource_url":"https:\/\/drive.google.com\/file\/d\/1u617kvGIig3Myw9uI6wSPov7po4F_K_8\/view?usp=drive_link","document_title":"Brochure","file":false,"logged_in_only":false,"reserved_service_center":false},{"input_type":"url","resource_url":"https:\/\/drive.google.com\/file\/d\/13lkUM-HwwqcY2mPCxKxAIBWisyIAT6sU\/view?usp=sharing","document_title":"Manual de uso","file":false,"logged_in_only":true,"reserved_service_center":false}]},"_links":{"self":[{"href":"https:\/\/www.effe.it\/es\/wp-json\/wp\/v2\/products\/9699"}],"collection":[{"href":"https:\/\/www.effe.it\/es\/wp-json\/wp\/v2\/products"}],"about":[{"href":"https:\/\/www.effe.it\/es\/wp-json\/wp\/v2\/types\/prodotto"}],"version-history":[{"count":3,"href":"https:\/\/www.effe.it\/es\/wp-json\/wp\/v2\/products\/9699\/revisions"}],"predecessor-version":[{"id":37907,"href":"https:\/\/www.effe.it\/es\/wp-json\/wp\/v2\/products\/9699\/revisions\/37907"}],"wp:featuredmedia":[{"embeddable":true,"href":"https:\/\/www.effe.it\/es\/wp-json\/wp\/v2\/media\/22442"}],"wp:attachment":[{"href":"https:\/\/www.effe.it\/es\/wp-json\/wp\/v2\/media?parent=9699"}],"wp:term":[{"taxonomy":"categorie_prodotti","embeddable":true,"href":"https:\/\/www.effe.it\/es\/wp-json\/wp\/v2\/categorie_prodotti?post=9699"},{"taxonomy":"famiglia_prodotti","embeddable":true,"href":"https:\/\/www.effe.it\/es\/wp-json\/wp\/v2\/famiglia_prodotti?post=9699"}],"curies":[{"name":"wp","href":"https:\/\/api.w.org\/{rel}","templated":true}]}}