{"id":9689,"date":"2021-07-29T11:03:03","date_gmt":"2021-07-29T09:03:03","guid":{"rendered":"https:\/\/www.effe.it\/prodotto\/auki\/"},"modified":"2026-04-30T11:21:57","modified_gmt":"2026-04-30T09:21:57","slug":"auki","status":"publish","type":"prodotto","link":"https:\/\/www.effe.it\/es\/producto\/auki\/","title":{"rendered":"Auki"},"content":{"rendered":"\n<p>Sauna realizada en maderas de calidad y paredes de vidrio en cristal templado y de baja emisi\u00f3n de 8 mm. Los interiores son especialmente acogedores y est\u00e1n caracterizados por tablas de anchuras variables.&nbsp;Auki se adapta f\u00e1cilmente a las necesidades del espacio a disposici\u00f3n, incluso para aplicaciones a medida. Todas las saunas Auki disponen de un elegante tirador en el borde de la puerta que deja libres las paredes de vidrio y no altera la limpieza del dise\u00f1o externo.<\/p>\n","protected":false},"featured_media":18007,"menu_order":0,"template":"","categorie_prodotti":[824],"famiglia_prodotti":[],"better_featured_image":{"id":18007,"alt_text":"","caption":"","description":"","media_type":"image","media_details":{"width":1184,"height":960,"file":"2021\/10\/landing-saune-auki@2x.jpg","sizes":{"medium":{"file":"landing-saune-auki@2x-300x243.jpg","width":300,"height":243,"mime-type":"image\/jpeg","source_url":"https:\/\/static.effe.it\/website\/2021\/10\/landing-saune-auki%402x-300x243.jpg"},"large":{"file":"landing-saune-auki@2x-1024x830.jpg","width":1024,"height":830,"mime-type":"image\/jpeg","source_url":"https:\/\/static.effe.it\/website\/2021\/10\/landing-saune-auki%402x-1024x830.jpg"},"thumbnail":{"file":"landing-saune-auki@2x-150x150.jpg","width":150,"height":150,"mime-type":"image\/jpeg","source_url":"https:\/\/static.effe.it\/website\/2021\/10\/landing-saune-auki%402x-150x150.jpg"},"medium_large":{"file":"landing-saune-auki@2x-768x623.jpg","width":768,"height":623,"mime-type":"image\/jpeg","source_url":"https:\/\/static.effe.it\/website\/2021\/10\/landing-saune-auki%402x-768x623.jpg"},"image-related-size":{"file":"landing-saune-auki@2x-420x285.jpg","width":420,"height":285,"mime-type":"image\/jpeg","source_url":"https:\/\/static.effe.it\/website\/2021\/10\/landing-saune-auki%402x-420x285.jpg"},"image-related-size-bigger-sq":{"file":"landing-saune-auki@2x-624x468.jpg","width":624,"height":468,"mime-type":"image\/jpeg","source_url":"https:\/\/static.effe.it\/website\/2021\/10\/landing-saune-auki%402x-624x468.jpg"},"image-designer-product":{"file":"landing-saune-auki@2x-644x587.jpg","width":644,"height":587,"mime-type":"image\/jpeg","source_url":"https:\/\/static.effe.it\/website\/2021\/10\/landing-saune-auki%402x-644x587.jpg"}},"image_meta":{"aperture":"0","credit":"","camera":"","caption":"","created_timestamp":"0","copyright":"","focal_length":"0","iso":"0","shutter_speed":"0","title":"","orientation":"0","keywords":[]}},"post":18303,"source_url":"https:\/\/static.effe.it\/website\/2021\/10\/landing-saune-auki%402x.jpg"},"acf":{"intro_text":"Construida completamente con madera de calidad de Abeto finland\u00e9s o bien Hemlock canadiense sin nudos, Auki combina la antigua tradici\u00f3n de las saunas del norte de Europa con un dise\u00f1o moderno.","related_products_group":{"toggle_related_product_field":true,"related_products":[{"ID":9694,"post_author":"12708","post_date":"2021-07-29 11:03:03","post_date_gmt":"2021-07-29 09:03:03","post_content":"<!-- wp:paragraph -->\n<p>Se trata de una sauna de dise\u00f1o \u00fanico, capaz de regalar al ambiente una fuerte personalidad y una gran elegancia. La estufa de la sauna de BodyLove est\u00e1 revestida con cer\u00e1mica esmaltada, con colores \u00fanicos, un material de valor que destaca la suave belleza de la madera. La fuente de calor, elemento de importancia central en la tradici\u00f3n de la sauna finlandesa, ocupa de nuevo un papel de primer nivel incluso en la est\u00e9tica. Las paredes se proponen en dos esencias de madera distintas: Hemlock natural y madera maciza tratada t\u00e9rmicamente, con la posibilidad de introducir por encargo superficies en espejo.&nbsp;BodyLove incluye paneles externos que enfatizan el tama\u00f1o dom\u00e9stico del sistema, dise\u00f1ado para formar parte del mobiliario.&nbsp;Como todos los productos Effe, BodyLove ofrece muchas posibilidades de personalizaci\u00f3n en t\u00e9rminos de selecci\u00f3n y combinaci\u00f3n de los materiales para crear un espacio de bienestar realmente a medida.<\/p>\n<!-- \/wp:paragraph -->","post_title":"BodyLove S","post_excerpt":"","post_status":"publish","comment_status":"closed","ping_status":"closed","post_password":"","post_name":"bodylove-s","to_ping":"","pinged":"","post_modified":"2026-04-29 17:17:44","post_modified_gmt":"2026-04-29 15:17:44","post_content_filtered":"","post_parent":0,"guid":"https:\/\/www.effe.it\/prodotto\/bodylove-s\/","menu_order":0,"post_type":"prodotto","post_mime_type":"","comment_count":"0","filter":"raw"},{"ID":9747,"post_author":"12708","post_date":"2021-07-29 11:03:03","post_date_gmt":"2021-07-29 09:03:03","post_content":"<!-- wp:paragraph -->\n<p>Las tres soluciones est\u00e9ticas diferentes, declinables en tres esencias de madera distintas, hacen que el proyecto est\u00e9 abierto a cualquier propuesta de dise\u00f1o. El volumen de la estufa est\u00e1 integrado en el banco m\u00e1s bajo ofreciendo de esta forma una imagen de gran linealidad formal.<\/p>\n<!-- \/wp:paragraph -->\n\n<!-- wp:paragraph -->\n<p>La inspiraci\u00f3n, de la que deriva su nombre, proviene de un ramo especial de la medicina natural japonesa que se basa en los efectos beneficiosos del contacto con las plantas y con la atm\u00f3sfera de los bosques.<\/p>\n<!-- \/wp:paragraph -->","post_title":"Yoku S","post_excerpt":"","post_status":"publish","comment_status":"closed","ping_status":"closed","post_password":"","post_name":"yoku-s","to_ping":"","pinged":"","post_modified":"2026-04-30 10:45:14","post_modified_gmt":"2026-04-30 08:45:14","post_content_filtered":"","post_parent":0,"guid":"https:\/\/www.effe.it\/prodotto\/yoku-s\/","menu_order":0,"post_type":"prodotto","post_mime_type":"","comment_count":"0","filter":"raw"},{"ID":9737,"post_author":"12708","post_date":"2021-07-29 11:03:03","post_date_gmt":"2021-07-29 09:03:03","post_content":"<!-- wp:paragraph -->\n<p>Sky est\u00e1 realizada en madera canadiense Hemlock de calidad o Aspen tratado t\u00e9rmicamente y vidrios templados de 10 mm. Pared frontal, puerta y techo en vidrio aportan a Sky una extrema transparencia y ligereza.<\/p>\n<!-- \/wp:paragraph -->","post_title":"Sky","post_excerpt":"","post_status":"publish","comment_status":"closed","ping_status":"closed","post_password":"","post_name":"sky","to_ping":"","pinged":"","post_modified":"2026-04-30 11:12:42","post_modified_gmt":"2026-04-30 09:12:42","post_content_filtered":"","post_parent":0,"guid":"https:\/\/www.effe.it\/prodotto\/sky\/","menu_order":0,"post_type":"prodotto","post_mime_type":"","comment_count":"0","filter":"raw"},{"ID":9683,"post_author":"12708","post_date":"2021-07-29 11:03:03","post_date_gmt":"2021-07-29 09:03:03","post_content":"Los bancos suspendidos aligeran el dise\u00f1o y permiten la instalaci\u00f3n en el suelo existente. La estufa en posici\u00f3n central hace de Air un lugar de encuentro, d\u00f3nde relajarse en compa\u00f1\u00eda. Las superficies de los bancos se convierten, en la parte externa, en un toallero y una funcional base de apoyo. Los interiores est\u00e1n realizados en madera Aspen de gran calidad al natural o tratada t\u00e9rmicamente, muy resistente en el tiempo. Las amplias superficies de cristal templado a toda altura y las fuentes luminosas de Led colocadas debajo de los bancos destacan la ligereza del ambiente.","post_title":"Air","post_excerpt":"","post_status":"publish","comment_status":"closed","ping_status":"closed","post_password":"","post_name":"air","to_ping":"","pinged":"","post_modified":"2026-04-30 11:03:27","post_modified_gmt":"2026-04-30 09:03:27","post_content_filtered":"","post_parent":0,"guid":"https:\/\/www.effe.it\/prodotto\/air\/","menu_order":0,"post_type":"prodotto","post_mime_type":"","comment_count":"0","filter":"raw"}]},"optional_products_group":{"optional_toggle_field":false,"related_optional":""},"accordion_group":{"":null,"materials-toggle-field":true,"miniatura_materiali":{"ID":6873,"id":6873,"title":"Auki","filename":"Auki.jpg","filesize":70444,"url":"https:\/\/static.effe.it\/website\/2021\/07\/Auki.jpg","link":"https:\/\/www.effe.it\/es\/producto\/auki\/auki-2\/","alt":"","author":"9","description":"","caption":"","name":"auki-2","status":"inherit","uploaded_to":9689,"date":"2021-08-16 15:49:57","modified":"2021-08-16 15:49:57","menu_order":0,"mime_type":"image\/jpeg","type":"image","subtype":"jpeg","icon":"https:\/\/www.effe.it\/wp-includes\/images\/media\/default.png","width":697,"height":461,"sizes":{"thumbnail":"https:\/\/static.effe.it\/website\/2021\/07\/Auki-150x150.jpg","thumbnail-width":150,"thumbnail-height":150,"medium":"https:\/\/static.effe.it\/website\/2021\/07\/Auki-300x198.jpg","medium-width":300,"medium-height":198,"medium_large":"https:\/\/static.effe.it\/website\/2021\/07\/Auki.jpg","medium_large-width":697,"medium_large-height":461,"large":"https:\/\/static.effe.it\/website\/2021\/07\/Auki.jpg","large-width":697,"large-height":461,"image-related-size":"https:\/\/static.effe.it\/website\/2021\/07\/Auki-420x285.jpg","image-related-size-width":420,"image-related-size-height":285,"image-related-size-bigger-sq":"https:\/\/static.effe.it\/website\/2021\/07\/Auki.jpg","image-related-size-bigger-sq-width":624,"image-related-size-bigger-sq-height":413,"image-designer-product":"https:\/\/static.effe.it\/website\/2021\/07\/Auki.jpg","image-designer-product-width":644,"image-designer-product-height":426,"1536x1536":"https:\/\/static.effe.it\/website\/2021\/07\/Auki.jpg","1536x1536-width":697,"1536x1536-height":461,"2048x2048":"https:\/\/static.effe.it\/website\/2021\/07\/Auki.jpg","2048x2048-width":697,"2048x2048-height":461}},"materials_group":[{"materials_title":"HEMLOCK CANADIENSE","single_materials_repeater":[{"position_material":"INTERIOR, EXTERIOR Y MOBILIARIO","single_materials":[{"ID":2580,"post_author":"2","post_date":"2021-07-29 10:52:05","post_date_gmt":"2021-07-29 08:52:05","post_content":"","post_title":"Hemlock canadiense (duela)","post_excerpt":"","post_status":"publish","comment_status":"open","ping_status":"open","post_password":"","post_name":"hemlock-canadiense-duela","to_ping":"","pinged":"","post_modified":"2021-07-29 10:52:05","post_modified_gmt":"2021-07-29 08:52:05","post_content_filtered":"","post_parent":0,"guid":"https:\/\/www.effe.it\/materiale_prodotto\/hemlock-canadiense-duela\/","menu_order":0,"post_type":"materiale_prodotto","post_mime_type":"","comment_count":"0","filter":"raw"}]}],"abilitare_numerazione":true},{"materials_title":"ABETO","single_materials_repeater":[{"position_material":"INTERIOR, EXTERIOR Y MOBILIARIO","single_materials":[{"ID":2581,"post_author":"2","post_date":"2021-07-29 10:52:05","post_date_gmt":"2021-07-29 08:52:05","post_content":"","post_title":"Abeto (duela)","post_excerpt":"","post_status":"publish","comment_status":"open","ping_status":"open","post_password":"","post_name":"abeto-duela","to_ping":"","pinged":"","post_modified":"2021-07-29 10:52:05","post_modified_gmt":"2021-07-29 08:52:05","post_content_filtered":"","post_parent":0,"guid":"https:\/\/www.effe.it\/materiale_prodotto\/abeto-duela\/","menu_order":0,"post_type":"materiale_prodotto","post_mime_type":"","comment_count":"0","filter":"raw"}]}],"abilitare_numerazione":true},{"materials_title":"ASPEN TRATADO T\u00c9RMICAMENTE","single_materials_repeater":[{"position_material":"INTERIOR, EXTERIOR Y MOBILIARIO","single_materials":[{"ID":2583,"post_author":"2","post_date":"2021-07-29 10:52:05","post_date_gmt":"2021-07-29 08:52:05","post_content":"","post_title":"Aspen tratado t\u00e9rmicamente (duela)","post_excerpt":"","post_status":"publish","comment_status":"closed","ping_status":"closed","post_password":"","post_name":"aspen-tratado-termicamente-duela","to_ping":"","pinged":"","post_modified":"2021-07-29 10:52:05","post_modified_gmt":"2021-07-29 08:52:05","post_content_filtered":"","post_parent":0,"guid":"https:\/\/www.effe.it\/materiale_prodotto\/aspen-tratado-termicamente-duela\/","menu_order":0,"post_type":"materiale_prodotto","post_mime_type":"","comment_count":"0","filter":"raw"}]}],"abilitare_numerazione":true}],"toggle_designer":true,"designer":[{"ID":664,"post_author":"6","post_date":"2021-07-14 17:17:13","post_date_gmt":"2021-07-14 15:17:13","post_content":"Dise\u00f1adora y arquitecta de interiores, empieza su profesi\u00f3n en la segunda mitad de la d\u00e9cada de los setenta. Tras varios a\u00f1os de trabajo funda, en colaboraci\u00f3n con algunos compa\u00f1eros, el estudio Talocci Design en el a\u00f1o 1995. El estudio cuenta con un grupo de colaboradores que trabaja principalmente en el product y exibit design y en el art direction, adem\u00e1s de ocuparse de comunicaci\u00f3n y organizaci\u00f3n de eventos. Una curiosidad natural por la innovaci\u00f3n, la investigaci\u00f3n mat\u00e9rica y tecnol\u00f3gica, la profunda observaci\u00f3n de la realidad que le rodea, le permiten dise\u00f1ar, en sectores completamente distintos entre ellos, para empresas de prestigio como Poltrona Frau, Teuco, Effegibi, Foppapedretti, Fantini, Provex, Falper, Scarabeo, Fratelli Guzzini, Fornara &amp;Maulini, Luceplan, Rapsel, Viasat, Italaquae, SanLorenzo, Domo, Et-al, Rina Menardi, Gran Tour, DMP Electronics y Stilhaus.\nHa obtenido muchos reconocimientos, entre los cuales numerosas selecciones ADI Design Index, menciones de honor en el Compasso D`Oro, premios Design Plus y German Design Award.Al trabajo proyectual como dise\u00f1adora une la actividad de arquitecta de interiores para espacios comerciales y viviendas particulares. Se ocupa de muchos eventos culturales: diversas ediciones de \u00abAbitare il Tempo\u00bb y luego \u00abSegnali di Cibo\u00bb, una muestra que en el 1999 anticip\u00f3 la tendencia de unir el dise\u00f1o con el tema de la comida, tambi\u00e9n \u00abWonderfull World\u00bb, \u00abSuperfici\u00bb, \u00abCafe\u2019 Cafe\u2019\u00bb, \u00abEvoca\u00bb, \u00abDesign on Board\u00bb, \u00abCome l\u2019acqua sul fuoco\u00bb, \u00abItalianism\u00bb. Presenta o participa como invitada en transmisiones de televisi\u00f3n sobre dise\u00f1o.Es miembro de muchos jurados en concursos de dise\u00f1o nacionales e internacionales.Ejerce como profesora en la universidad La Sapienza de Roma y en escuelas de dise\u00f1o como IED, QUASAR y actualmente AANT.Es socia ADI desde el 1979, del 2004 al 2017 forma parte del Comit\u00e9 Directivo Nacional ADI y del 2014 al 2017 es su vicepresidente.En el 2017 se ocupa de la introducci\u00f3n de la Collezione Design en el Palazzo della Farnesina y la realizaci\u00f3n de la Sala Design.Es miembro del Comitato di Indirizzo del Premio Nazionale per l\u2019Innovazione \u00abPremio dei Premi\u00bb creado por concesi\u00f3n del Presidente de la Rep\u00fablica Italiana en la fundaci\u00f3n COTEC. En el 2007 forma parte del primer Consejo Italiano del Dise\u00f1o, creado por el Ministero per i Beni e le Attivit\u00e0 Culturali.","post_title":"Giovanna Talocci","post_excerpt":"","post_status":"publish","comment_status":"closed","ping_status":"closed","post_password":"","post_name":"giovanna-talocci","to_ping":"","pinged":"","post_modified":"2022-05-17 17:45:43","post_modified_gmt":"2022-05-17 15:45:43","post_content_filtered":"","post_parent":0,"guid":"https:\/\/www.effe.it\/designer\/giovanna-talocci\/","menu_order":30,"post_type":"designer","post_mime_type":"","comment_count":"0","filter":"raw"}],"models_relationship":[{"ID":8564,"post_author":"12708","post_date":"2021-08-02 13:04:41","post_date_gmt":"2021-08-02 11:04:41","post_content":"","post_title":"AUKI 30","post_excerpt":"","post_status":"publish","comment_status":"closed","ping_status":"closed","post_password":"","post_name":"auki-30-abete","to_ping":"","pinged":"","post_modified":"2026-01-14 12:04:38","post_modified_gmt":"2026-01-14 10:04:38","post_content_filtered":"","post_parent":0,"guid":"https:\/\/www.effe.it\/blog\/modelli\/auki-30-abete\/","menu_order":0,"post_type":"modelli","post_mime_type":"","comment_count":"0","filter":"raw"},{"ID":9209,"post_author":"12708","post_date":"2021-08-02 13:04:37","post_date_gmt":"2021-08-02 11:04:37","post_content":"","post_title":"AUKI 40","post_excerpt":"","post_status":"publish","comment_status":"closed","ping_status":"closed","post_password":"","post_name":"auki-40-abete","to_ping":"","pinged":"","post_modified":"2026-01-14 12:12:17","post_modified_gmt":"2026-01-14 10:12:17","post_content_filtered":"","post_parent":0,"guid":"https:\/\/www.effe.it\/blog\/modelli\/auki-40-abete\/","menu_order":0,"post_type":"modelli","post_mime_type":"","comment_count":"0","filter":"raw"},{"ID":9163,"post_author":"12708","post_date":"2021-08-02 13:04:37","post_date_gmt":"2021-08-02 11:04:37","post_content":"","post_title":"AUKI 45","post_excerpt":"","post_status":"publish","comment_status":"closed","ping_status":"closed","post_password":"","post_name":"auki-45-hemlock-canadese","to_ping":"","pinged":"","post_modified":"2026-01-14 12:14:01","post_modified_gmt":"2026-01-14 10:14:01","post_content_filtered":"","post_parent":0,"guid":"https:\/\/www.effe.it\/blog\/modelli\/auki-45-hemlock-canadese\/","menu_order":0,"post_type":"modelli","post_mime_type":"","comment_count":"0","filter":"raw"},{"ID":9189,"post_author":"12708","post_date":"2021-08-02 13:04:37","post_date_gmt":"2021-08-02 11:04:37","post_content":"","post_title":"AUKI 60","post_excerpt":"","post_status":"publish","comment_status":"closed","ping_status":"closed","post_password":"","post_name":"auki-60-abete","to_ping":"","pinged":"","post_modified":"2026-01-14 12:29:53","post_modified_gmt":"2026-01-14 10:29:53","post_content_filtered":"","post_parent":0,"guid":"https:\/\/www.effe.it\/blog\/modelli\/auki-60-abete\/","menu_order":0,"post_type":"modelli","post_mime_type":"","comment_count":"0","filter":"raw"}],"models_with_documents":true,"description_model_toggle_field":true,"model_description":"","disponibile_su_misura":true,"blueprint_toggle":false,"blueprint":null,"abilitare_versioni":false},"gallery_photos_12_columns":[{"image_gallery_columns":"https:\/\/static.effe.it\/website\/2021\/07\/Auki-1%402x.jpg","copy_image_column":"","numer_of_columns":"6","embed_video_gallery":""},{"image_gallery_columns":"https:\/\/static.effe.it\/website\/2021\/07\/Auki-2%402x.jpg","copy_image_column":"","numer_of_columns":"4","embed_video_gallery":""},{"image_gallery_columns":"https:\/\/static.effe.it\/website\/2021\/07\/Auki-3%402x.jpg","copy_image_column":"","numer_of_columns":"4","embed_video_gallery":""},{"image_gallery_columns":"https:\/\/static.effe.it\/website\/2021\/07\/Auki-4%402x.jpg","copy_image_column":"","numer_of_columns":"6","embed_video_gallery":""},{"image_gallery_columns":"https:\/\/static.effe.it\/website\/2021\/07\/Auki-5%402x-scaled.jpg","copy_image_column":"","numer_of_columns":"12","embed_video_gallery":""},{"image_gallery_columns":"https:\/\/static.effe.it\/website\/2021\/07\/Auki-6%402x.jpg","copy_image_column":"","numer_of_columns":"4","embed_video_gallery":""},{"image_gallery_columns":"https:\/\/static.effe.it\/website\/2021\/07\/Auki-7%402x.jpg","copy_image_column":"","numer_of_columns":"6","embed_video_gallery":""},{"image_gallery_columns":"https:\/\/static.effe.it\/website\/2021\/07\/Auki-8%402x.jpg","copy_image_column":"","numer_of_columns":"5","embed_video_gallery":""},{"image_gallery_columns":"https:\/\/static.effe.it\/website\/2021\/07\/Auki-9%402x.jpg","copy_image_column":"","numer_of_columns":"4","embed_video_gallery":""},{"image_gallery_columns":"https:\/\/static.effe.it\/website\/2021\/07\/Auki-10%402x-scaled.jpg","copy_image_column":"","numer_of_columns":"12","embed_video_gallery":""}],"slider_gallery":[{"image-slider-gallery":"https:\/\/static.effe.it\/website\/2021\/07\/Slider-Auki-1.jpg","text-image-gallery":"","video":""},{"image-slider-gallery":"https:\/\/static.effe.it\/website\/2021\/07\/Slider-Auki-2.jpg","text-image-gallery":"","video":""},{"image-slider-gallery":"https:\/\/static.effe.it\/website\/2021\/07\/Slider-Auki-3.jpg","text-image-gallery":"","video":""}],"documents_related_collection_group":[{"input_type":"url","resource_url":"https:\/\/drive.google.com\/file\/d\/1rfbVZH4XDTD5pjWpO1qhKo__T2-WR0iO\/view?usp=drive_link","document_title":"Brochure","file":false,"logged_in_only":false,"reserved_service_center":false},{"input_type":"url","resource_url":"https:\/\/drive.google.com\/drive\/folders\/1MFelhHiEcv6RNai4Pi2aLuDmnif5ZnI1?usp=drive_link","document_title":"Manual de uso","file":false,"logged_in_only":true,"reserved_service_center":false}]},"_links":{"self":[{"href":"https:\/\/www.effe.it\/es\/wp-json\/wp\/v2\/products\/9689"}],"collection":[{"href":"https:\/\/www.effe.it\/es\/wp-json\/wp\/v2\/products"}],"about":[{"href":"https:\/\/www.effe.it\/es\/wp-json\/wp\/v2\/types\/prodotto"}],"version-history":[{"count":7,"href":"https:\/\/www.effe.it\/es\/wp-json\/wp\/v2\/products\/9689\/revisions"}],"predecessor-version":[{"id":37890,"href":"https:\/\/www.effe.it\/es\/wp-json\/wp\/v2\/products\/9689\/revisions\/37890"}],"wp:featuredmedia":[{"embeddable":true,"href":"https:\/\/www.effe.it\/es\/wp-json\/wp\/v2\/media\/18007"}],"wp:attachment":[{"href":"https:\/\/www.effe.it\/es\/wp-json\/wp\/v2\/media?parent=9689"}],"wp:term":[{"taxonomy":"categorie_prodotti","embeddable":true,"href":"https:\/\/www.effe.it\/es\/wp-json\/wp\/v2\/categorie_prodotti?post=9689"},{"taxonomy":"famiglia_prodotti","embeddable":true,"href":"https:\/\/www.effe.it\/es\/wp-json\/wp\/v2\/famiglia_prodotti?post=9689"}],"curies":[{"name":"wp","href":"https:\/\/api.w.org\/{rel}","templated":true}]}}