{"id":9560,"date":"2021-07-29T12:19:09","date_gmt":"2021-07-29T10:19:09","guid":{"rendered":"https:\/\/www.effe.it\/blog\/prodotto\/yoku-h\/"},"modified":"2026-04-30T10:44:46","modified_gmt":"2026-04-30T08:44:46","slug":"yoku-h","status":"publish","type":"prodotto","link":"https:\/\/www.effe.it\/es\/producto\/yoku-h\/","title":{"rendered":"Yoku H"},"content":{"rendered":"<p>El elemento diferencial de Yoku H est\u00e1 representado por las grandes paredes de vidrio alejadas de la perspectiva frontal en vidrio ahumado bronce y por los elementos arquitect\u00f3nicos verticales de madera natural que sugieren la inmersi\u00f3n en un bosque de \u00e1rboles, creando una elegante sensaci\u00f3n de intimidad durante el ba\u00f1o de calor. En el interior la comodidad se ve reforzada con el asiento \u00fanico, muy profundo, y el m\u00f3dulo librer\u00eda se puede utilizar tambi\u00e9n como elemento externo, junto a las paredes de vidrio, creando un filtro \u00fatil para realizar espacios \u00edntimos y muy personalizables. El ba\u00f1o turco perfecto se obtiene cuando la densidad del vapor es excelente y constante en el tiempo, con una temperatura superior a los 40 \u00b0C. Los hammam Effe tienen una temperatura y una cantidad de vapor declaradas para todos los generadores que garantizan una experiencia de puro relax y una mayor duraci\u00f3n en el tiempo.<\/p>\n","protected":false},"featured_media":17995,"menu_order":0,"template":"","categorie_prodotti":[1261,1368],"famiglia_prodotti":[789],"better_featured_image":{"id":17995,"alt_text":"","caption":"","description":"","media_type":"image","media_details":{"width":1184,"height":960,"file":"2021\/10\/landing-hammam-yoku@2x.jpg","sizes":{"medium":{"file":"landing-hammam-yoku@2x-300x243.jpg","width":300,"height":243,"mime-type":"image\/jpeg","source_url":"https:\/\/static.effe.it\/website\/2021\/10\/landing-hammam-yoku%402x-300x243.jpg"},"large":{"file":"landing-hammam-yoku@2x-1024x830.jpg","width":1024,"height":830,"mime-type":"image\/jpeg","source_url":"https:\/\/static.effe.it\/website\/2021\/10\/landing-hammam-yoku%402x-1024x830.jpg"},"thumbnail":{"file":"landing-hammam-yoku@2x-150x150.jpg","width":150,"height":150,"mime-type":"image\/jpeg","source_url":"https:\/\/static.effe.it\/website\/2021\/10\/landing-hammam-yoku%402x-150x150.jpg"},"medium_large":{"file":"landing-hammam-yoku@2x-768x623.jpg","width":768,"height":623,"mime-type":"image\/jpeg","source_url":"https:\/\/static.effe.it\/website\/2021\/10\/landing-hammam-yoku%402x-768x623.jpg"},"image-related-size":{"file":"landing-hammam-yoku@2x-420x285.jpg","width":420,"height":285,"mime-type":"image\/jpeg","source_url":"https:\/\/static.effe.it\/website\/2021\/10\/landing-hammam-yoku%402x-420x285.jpg"},"image-related-size-bigger-sq":{"file":"landing-hammam-yoku@2x-624x468.jpg","width":624,"height":468,"mime-type":"image\/jpeg","source_url":"https:\/\/static.effe.it\/website\/2021\/10\/landing-hammam-yoku%402x-624x468.jpg"},"image-designer-product":{"file":"landing-hammam-yoku@2x-644x587.jpg","width":644,"height":587,"mime-type":"image\/jpeg","source_url":"https:\/\/static.effe.it\/website\/2021\/10\/landing-hammam-yoku%402x-644x587.jpg"}},"image_meta":{"aperture":"0","credit":"","camera":"","caption":"","created_timestamp":"0","copyright":"","focal_length":"0","iso":"0","shutter_speed":"0","title":"","orientation":"0","keywords":[]}},"post":18303,"source_url":"https:\/\/static.effe.it\/website\/2021\/10\/landing-hammam-yoku%402x.jpg"},"acf":{"intro_text":"Yoku H es el nuevo hammam de la colecci\u00f3n Yoku.\r\nAdem\u00e1s de mantener un aspecto \u00edntimo y muy personalizable gracias a la librer\u00eda abierta, difunde una refinada elegancia con la combinaci\u00f3n de materiales sofisticados. Las dos soluciones est\u00e9ticas diferentes, declinables en cuatro esencias de madera y gres distintas, permiten que se integre perfectamente en cualquier tipo de ambiente. Hammam con generador de vapor Nuvola Smart Power: la tecnolog\u00eda existente m\u00e1s sofisticada para la generaci\u00f3n del vapor.\r\n\r\nYoku Collection - Reconocimientos: ICFF - International Contemporary Furniture Fair, ADI Design Index, IF Award, NYCxDesign Award, German Innovation Award, German Design Award, Good Design Award, Grands Prix Du Design ","related_products_group":{"toggle_related_product_field":true,"related_products":[{"ID":9657,"post_author":"12708","post_date":"2021-07-29 12:19:09","post_date_gmt":"2021-07-29 10:19:09","post_content":"La cabina se puede colocar sobre suelos preexistentes, de forma que se integre perfectamente con los dem\u00e1s ambientes. BodyLove H utiliza la tecnolog\u00eda Nuvola para la generaci\u00f3n del vapor.\nSmart Power, inspeccionable desde el exterior. Acabados internos completamente embaldosables tambi\u00e9n con otros revestimientos para proyectos a medida. Componentes de calidad excepcional: gres\nporcel\u00e1nico Champagne o bien vidrio ondulado, bancos blancos en Corian\u00ae y accesorios en Teca. El ba\u00f1o turco perfecto se obtiene cuando la densidad del vapor es excelente y constante en el tiempo, con una temperatura superior a los 40 \u00b0C. Los hammam Effe tienen una temperatura y una cantidad de vapor declaradas para todos los generadores que garantizan una experiencia de puro relax y una mayor duraci\u00f3n en el tiempo.","post_title":"BodyLove H","post_excerpt":"","post_status":"publish","comment_status":"closed","ping_status":"closed","post_password":"","post_name":"bodylove-h","to_ping":"","pinged":"","post_modified":"2026-04-29 17:16:49","post_modified_gmt":"2026-04-29 15:16:49","post_content_filtered":"","post_parent":0,"guid":"https:\/\/www.effe.it\/prodotto\/bodylove-h\/","menu_order":0,"post_type":"prodotto","post_mime_type":"","comment_count":"0","filter":"raw"},{"ID":9579,"post_author":"9693","post_date":"2021-07-29 12:19:09","post_date_gmt":"2021-07-29 10:19:09","post_content":"Aquasteam, la mejor tecnolog\u00eda disponible para la generaci\u00f3n del vapor. El ba\u00f1o turco perfecto se obtiene cuando la densidad del vapor es excelente y constante en el tiempo, con una temperatura superior a los 40 \u00b0C. Los hammam Effe tienen una temperatura y una cantidad de vapor declaradas para todos los generadores que garantizan una experiencia de puro relax y una mayor duraci\u00f3n en el tiempo. Materiales de calidad excepcional: revestimientos en gres laminado Slimtech\u00ae de 3,5 mm y puertas en vidrio templado de 8 mm. La estructura es en aluminio pintado, mientras las paredes y el techo son en gres laminado de 3,5 mm. El mobiliario y la tarima se han realizado en gres laminado combinado con vidrio templado de 15 mm para garantizar la resistencia y la durabilidad. El espacio ducha, interno al hammam, es c\u00f3modo y funcional; dispone de mezclador termost\u00e1tico, ducha manual y alcachofa para ducha de techo de 42\u00d742 cm con funciones lluvia y nebulizaci\u00f3n. El producto se encuentra disponible en siete variantes crom\u00e1ticas. Se encuentra disponible en tres acabados est\u00e1ndar o con colores personalizados. Tambi\u00e9n se encuentra disponible en la variante Filo (sin tarima) para permitir la m\u00e1xima integraci\u00f3n con el ambiente.","post_title":"Logica H","post_excerpt":"","post_status":"draft","comment_status":"closed","ping_status":"closed","post_password":"","post_name":"logica-h","to_ping":"","pinged":"","post_modified":"2023-11-28 20:42:36","post_modified_gmt":"2023-11-28 18:42:36","post_content_filtered":"","post_parent":0,"guid":"https:\/\/www.effe.it\/blog\/prodotto\/logica-h\/","menu_order":0,"post_type":"prodotto","post_mime_type":"","comment_count":"0","filter":"raw"},{"ID":15471,"post_author":"2","post_date":"2021-09-09 18:55:01","post_date_gmt":"2021-09-09 16:55:01","post_content":"","post_title":"Colecci\u00f3n Yoku","post_excerpt":"","post_status":"publish","comment_status":"closed","ping_status":"closed","post_password":"","post_name":"coleccion-yoku","to_ping":"","pinged":"","post_modified":"2021-09-27 19:31:58","post_modified_gmt":"2021-09-27 17:31:58","post_content_filtered":"","post_parent":0,"guid":"https:\/\/www.effe.it\/coleccion-yoku\/","menu_order":0,"post_type":"page","post_mime_type":"","comment_count":"0","filter":"raw"},{"ID":9635,"post_author":"9693","post_date":"2021-07-29 12:19:09","post_date_gmt":"2021-07-29 10:19:09","post_content":"El ba\u00f1o turco perfecto se obtiene cuando la densidad del vapor es excelente y constante en el tiempo, con una temperatura superior a los 40 \u00b0C. Los hammam Effe tienen una temperatura y una cantidad de vapor declaradas para todos los generadores que garantizan una experiencia de puro relax y una mayor duraci\u00f3n en el tiempo. En concreto, este producto utiliza Aquasteam para la generaci\u00f3n del vapor, para un control total de densidad e higiene.\nSe encuentra disponible en tres acabados est\u00e1ndar o con colores personalizados, y ofrece una gran versatilidad en las aplicaciones. El interior est\u00e1 revestido en gres laminado Slimtech\u00ae que otorga al entrar en contacto con el cuerpo desnudo una agradable sensaci\u00f3n natural y c\u00e1lida. Tambi\u00e9n se encuentra disponible en la variante Filo (sin tarima) para permitir la m\u00e1xima integraci\u00f3n con el ambiente.","post_title":"One H","post_excerpt":"","post_status":"draft","comment_status":"closed","ping_status":"closed","post_password":"","post_name":"one-h","to_ping":"","pinged":"","post_modified":"2023-11-28 20:47:49","post_modified_gmt":"2023-11-28 18:47:49","post_content_filtered":"","post_parent":0,"guid":"https:\/\/www.effe.it\/prodotto\/one-h\/","menu_order":0,"post_type":"prodotto","post_mime_type":"","comment_count":"0","filter":"raw"}]},"optional_products_group":{"optional_toggle_field":false,"related_optional":""},"accordion_group":{"":null,"materials-toggle-field":true,"miniatura_materiali":{"ID":6969,"id":6969,"title":"Yoku H","filename":"Yoku-H.jpg","filesize":48770,"url":"https:\/\/static.effe.it\/website\/2021\/07\/Yoku-H.jpg","link":"https:\/\/www.effe.it\/es\/producto\/yoku-h\/yoku-h-2\/","alt":"","author":"9","description":"","caption":"","name":"yoku-h-2","status":"inherit","uploaded_to":9560,"date":"2021-08-16 15:57:19","modified":"2021-08-16 15:57:19","menu_order":0,"mime_type":"image\/jpeg","type":"image","subtype":"jpeg","icon":"https:\/\/www.effe.it\/wp-includes\/images\/media\/default.png","width":697,"height":461,"sizes":{"thumbnail":"https:\/\/static.effe.it\/website\/2021\/07\/Yoku-H-150x150.jpg","thumbnail-width":150,"thumbnail-height":150,"medium":"https:\/\/static.effe.it\/website\/2021\/07\/Yoku-H-300x198.jpg","medium-width":300,"medium-height":198,"medium_large":"https:\/\/static.effe.it\/website\/2021\/07\/Yoku-H.jpg","medium_large-width":697,"medium_large-height":461,"large":"https:\/\/static.effe.it\/website\/2021\/07\/Yoku-H.jpg","large-width":697,"large-height":461,"image-related-size":"https:\/\/static.effe.it\/website\/2021\/07\/Yoku-H-420x285.jpg","image-related-size-width":420,"image-related-size-height":285,"image-related-size-bigger-sq":"https:\/\/static.effe.it\/website\/2021\/07\/Yoku-H.jpg","image-related-size-bigger-sq-width":624,"image-related-size-bigger-sq-height":413,"image-designer-product":"https:\/\/static.effe.it\/website\/2021\/07\/Yoku-H.jpg","image-designer-product-width":644,"image-designer-product-height":426,"1536x1536":"https:\/\/static.effe.it\/website\/2021\/07\/Yoku-H.jpg","1536x1536-width":697,"1536x1536-height":461,"2048x2048":"https:\/\/static.effe.it\/website\/2021\/07\/Yoku-H.jpg","2048x2048-width":697,"2048x2048-height":461}},"materials_group":[{"materials_title":"ASPEN - CALACATTA","single_materials_repeater":[{"position_material":"EXTERIOR","single_materials":[{"ID":2590,"post_author":"2","post_date":"2021-07-29 10:52:08","post_date_gmt":"2021-07-29 08:52:08","post_content":"","post_title":"Aspen tratado t\u00e9rmicamente (liso)","post_excerpt":"","post_status":"publish","comment_status":"open","ping_status":"open","post_password":"","post_name":"aspen-tratado-termicamente-liso","to_ping":"","pinged":"","post_modified":"2021-07-29 10:52:08","post_modified_gmt":"2021-07-29 08:52:08","post_content_filtered":"","post_parent":0,"guid":"https:\/\/www.effe.it\/materiale_prodotto\/aspen-tratado-termicamente-liso\/","menu_order":0,"post_type":"materiale_prodotto","post_mime_type":"","comment_count":"0","filter":"raw"}]},{"position_material":"INTERIOR","single_materials":[{"ID":2601,"post_author":"2","post_date":"2021-07-29 10:52:08","post_date_gmt":"2021-07-29 08:52:08","post_content":"","post_title":"Gres porcel\u00e1nico Calacatta Gold Extra","post_excerpt":"","post_status":"publish","comment_status":"open","ping_status":"open","post_password":"","post_name":"gres-porcelanico-calacatta-gold-extra","to_ping":"","pinged":"","post_modified":"2021-07-29 10:52:08","post_modified_gmt":"2021-07-29 08:52:08","post_content_filtered":"","post_parent":0,"guid":"https:\/\/www.effe.it\/materiale_prodotto\/gres-porcelanico-calacatta-gold-extra\/","menu_order":0,"post_type":"materiale_prodotto","post_mime_type":"","comment_count":"0","filter":"raw"}]}],"abilitare_numerazione":true},{"materials_title":"MADERA TRATADA T\u00c9RMICAMENTE - FIOR DI BOSCO","single_materials_repeater":[{"position_material":"EXTERIOR","single_materials":[{"ID":2575,"post_author":"2","post_date":"2021-07-29 10:52:08","post_date_gmt":"2021-07-29 08:52:08","post_content":"","post_title":"Madera tratada t\u00e9rmicamente (liso)","post_excerpt":"","post_status":"publish","comment_status":"open","ping_status":"open","post_password":"","post_name":"madera-tratada-termicamente-liso","to_ping":"","pinged":"","post_modified":"2021-07-29 10:52:10","post_modified_gmt":"2021-07-29 08:52:10","post_content_filtered":"","post_parent":0,"guid":"https:\/\/www.effe.it\/materiale_prodotto\/2575\/","menu_order":0,"post_type":"materiale_prodotto","post_mime_type":"","comment_count":"0","filter":"raw"}]},{"position_material":"INTERIOR","single_materials":[{"ID":2600,"post_author":"2","post_date":"2021-07-29 10:52:08","post_date_gmt":"2021-07-29 08:52:08","post_content":"","post_title":"Gres porcel\u00e1nico Fior di Bosco Tortora","post_excerpt":"","post_status":"publish","comment_status":"open","ping_status":"open","post_password":"","post_name":"gres-porcelanico-fior-di-bosco-tortora","to_ping":"","pinged":"","post_modified":"2021-07-29 10:52:08","post_modified_gmt":"2021-07-29 08:52:08","post_content_filtered":"","post_parent":0,"guid":"https:\/\/www.effe.it\/materiale_prodotto\/gres-porcelanico-fior-di-bosco-tortora\/","menu_order":0,"post_type":"materiale_prodotto","post_mime_type":"","comment_count":"0","filter":"raw"}]}],"abilitare_numerazione":true},{"materials_title":"NOGAL CANALETTO - CALACATTA ","single_materials_repeater":[{"position_material":"EXTERIOR","single_materials":[{"ID":2584,"post_author":"2","post_date":"2021-07-29 10:52:05","post_date_gmt":"2021-07-29 08:52:05","post_content":"","post_title":"Nogal canaletto (liso)","post_excerpt":"","post_status":"publish","comment_status":"open","ping_status":"open","post_password":"","post_name":"nogal-canaletto-liso","to_ping":"","pinged":"","post_modified":"2021-07-29 10:52:05","post_modified_gmt":"2021-07-29 08:52:05","post_content_filtered":"","post_parent":0,"guid":"https:\/\/www.effe.it\/materiale_prodotto\/nogal-canaletto-liso\/","menu_order":0,"post_type":"materiale_prodotto","post_mime_type":"","comment_count":"0","filter":"raw"}]},{"position_material":"INTERIOR","single_materials":[{"ID":2601,"post_author":"2","post_date":"2021-07-29 10:52:08","post_date_gmt":"2021-07-29 08:52:08","post_content":"","post_title":"Gres porcel\u00e1nico Calacatta Gold Extra","post_excerpt":"","post_status":"publish","comment_status":"open","ping_status":"open","post_password":"","post_name":"gres-porcelanico-calacatta-gold-extra","to_ping":"","pinged":"","post_modified":"2021-07-29 10:52:08","post_modified_gmt":"2021-07-29 08:52:08","post_content_filtered":"","post_parent":0,"guid":"https:\/\/www.effe.it\/materiale_prodotto\/gres-porcelanico-calacatta-gold-extra\/","menu_order":0,"post_type":"materiale_prodotto","post_mime_type":"","comment_count":"0","filter":"raw"}]}],"abilitare_numerazione":true},{"materials_title":"NOGAL CANALETTO - FIOR DI BOSCO","single_materials_repeater":[{"position_material":"EXTERIOR","single_materials":[{"ID":2584,"post_author":"2","post_date":"2021-07-29 10:52:05","post_date_gmt":"2021-07-29 08:52:05","post_content":"","post_title":"Nogal canaletto (liso)","post_excerpt":"","post_status":"publish","comment_status":"open","ping_status":"open","post_password":"","post_name":"nogal-canaletto-liso","to_ping":"","pinged":"","post_modified":"2021-07-29 10:52:05","post_modified_gmt":"2021-07-29 08:52:05","post_content_filtered":"","post_parent":0,"guid":"https:\/\/www.effe.it\/materiale_prodotto\/nogal-canaletto-liso\/","menu_order":0,"post_type":"materiale_prodotto","post_mime_type":"","comment_count":"0","filter":"raw"}]},{"position_material":"INTERIOR","single_materials":[{"ID":2600,"post_author":"2","post_date":"2021-07-29 10:52:08","post_date_gmt":"2021-07-29 08:52:08","post_content":"","post_title":"Gres porcel\u00e1nico Fior di Bosco Tortora","post_excerpt":"","post_status":"publish","comment_status":"open","ping_status":"open","post_password":"","post_name":"gres-porcelanico-fior-di-bosco-tortora","to_ping":"","pinged":"","post_modified":"2021-07-29 10:52:08","post_modified_gmt":"2021-07-29 08:52:08","post_content_filtered":"","post_parent":0,"guid":"https:\/\/www.effe.it\/materiale_prodotto\/gres-porcelanico-fior-di-bosco-tortora\/","menu_order":0,"post_type":"materiale_prodotto","post_mime_type":"","comment_count":"0","filter":"raw"}]}],"abilitare_numerazione":true},{"materials_title":"ASPEN - TRAVERTINO LIGHT","single_materials_repeater":[{"position_material":"EXTERIOR","single_materials":[{"ID":2590,"post_author":"2","post_date":"2021-07-29 10:52:08","post_date_gmt":"2021-07-29 08:52:08","post_content":"","post_title":"Aspen tratado t\u00e9rmicamente (liso)","post_excerpt":"","post_status":"publish","comment_status":"open","ping_status":"open","post_password":"","post_name":"aspen-tratado-termicamente-liso","to_ping":"","pinged":"","post_modified":"2021-07-29 10:52:08","post_modified_gmt":"2021-07-29 08:52:08","post_content_filtered":"","post_parent":0,"guid":"https:\/\/www.effe.it\/materiale_prodotto\/aspen-tratado-termicamente-liso\/","menu_order":0,"post_type":"materiale_prodotto","post_mime_type":"","comment_count":"0","filter":"raw"}]},{"position_material":"INTERIOR","single_materials":[{"ID":33022,"post_author":"9693","post_date":"2024-04-09 10:14:47","post_date_gmt":"2024-04-09 08:14:47","post_content":"","post_title":"Travertino Light","post_excerpt":"","post_status":"publish","comment_status":"closed","ping_status":"closed","post_password":"","post_name":"travertino-light","to_ping":"","pinged":"","post_modified":"2024-04-09 10:14:47","post_modified_gmt":"2024-04-09 08:14:47","post_content_filtered":"","post_parent":0,"guid":"https:\/\/www.effe.it\/blog\/materiale_prodotto\/travertino-light\/","menu_order":0,"post_type":"materiale_prodotto","post_mime_type":"","comment_count":"0","filter":"raw"}]}],"abilitare_numerazione":true},{"materials_title":"MADERA TRATADA T\u00c9RMICAMENTE - TRAVERTINO DARK","single_materials_repeater":[{"position_material":"EXTERIOR","single_materials":[{"ID":2575,"post_author":"2","post_date":"2021-07-29 10:52:08","post_date_gmt":"2021-07-29 08:52:08","post_content":"","post_title":"Madera tratada t\u00e9rmicamente (liso)","post_excerpt":"","post_status":"publish","comment_status":"open","ping_status":"open","post_password":"","post_name":"madera-tratada-termicamente-liso","to_ping":"","pinged":"","post_modified":"2021-07-29 10:52:10","post_modified_gmt":"2021-07-29 08:52:10","post_content_filtered":"","post_parent":0,"guid":"https:\/\/www.effe.it\/materiale_prodotto\/2575\/","menu_order":0,"post_type":"materiale_prodotto","post_mime_type":"","comment_count":"0","filter":"raw"}]},{"position_material":"INTERIOR","single_materials":[{"ID":33027,"post_author":"9693","post_date":"2024-04-09 10:15:24","post_date_gmt":"2024-04-09 08:15:24","post_content":"","post_title":"Travertino Dark","post_excerpt":"","post_status":"publish","comment_status":"closed","ping_status":"closed","post_password":"","post_name":"travertino-dark","to_ping":"","pinged":"","post_modified":"2024-04-09 10:15:24","post_modified_gmt":"2024-04-09 08:15:24","post_content_filtered":"","post_parent":0,"guid":"https:\/\/www.effe.it\/blog\/materiale_prodotto\/travertino-dark\/","menu_order":0,"post_type":"materiale_prodotto","post_mime_type":"","comment_count":"0","filter":"raw"}]}],"abilitare_numerazione":true},{"materials_title":"NOGAL CANALETTO - TRAVERTINO LIGHT","single_materials_repeater":[{"position_material":"EXTERIOR","single_materials":[{"ID":2584,"post_author":"2","post_date":"2021-07-29 10:52:05","post_date_gmt":"2021-07-29 08:52:05","post_content":"","post_title":"Nogal canaletto (liso)","post_excerpt":"","post_status":"publish","comment_status":"open","ping_status":"open","post_password":"","post_name":"nogal-canaletto-liso","to_ping":"","pinged":"","post_modified":"2021-07-29 10:52:05","post_modified_gmt":"2021-07-29 08:52:05","post_content_filtered":"","post_parent":0,"guid":"https:\/\/www.effe.it\/materiale_prodotto\/nogal-canaletto-liso\/","menu_order":0,"post_type":"materiale_prodotto","post_mime_type":"","comment_count":"0","filter":"raw"}]},{"position_material":"INTERIOR","single_materials":[{"ID":33022,"post_author":"9693","post_date":"2024-04-09 10:14:47","post_date_gmt":"2024-04-09 08:14:47","post_content":"","post_title":"Travertino Light","post_excerpt":"","post_status":"publish","comment_status":"closed","ping_status":"closed","post_password":"","post_name":"travertino-light","to_ping":"","pinged":"","post_modified":"2024-04-09 10:14:47","post_modified_gmt":"2024-04-09 08:14:47","post_content_filtered":"","post_parent":0,"guid":"https:\/\/www.effe.it\/blog\/materiale_prodotto\/travertino-light\/","menu_order":0,"post_type":"materiale_prodotto","post_mime_type":"","comment_count":"0","filter":"raw"}]}],"abilitare_numerazione":true},{"materials_title":"NOGAL CANALETTO - TRAVERTINO DARK","single_materials_repeater":[{"position_material":"EXTERIOR","single_materials":[{"ID":2584,"post_author":"2","post_date":"2021-07-29 10:52:05","post_date_gmt":"2021-07-29 08:52:05","post_content":"","post_title":"Nogal canaletto (liso)","post_excerpt":"","post_status":"publish","comment_status":"open","ping_status":"open","post_password":"","post_name":"nogal-canaletto-liso","to_ping":"","pinged":"","post_modified":"2021-07-29 10:52:05","post_modified_gmt":"2021-07-29 08:52:05","post_content_filtered":"","post_parent":0,"guid":"https:\/\/www.effe.it\/materiale_prodotto\/nogal-canaletto-liso\/","menu_order":0,"post_type":"materiale_prodotto","post_mime_type":"","comment_count":"0","filter":"raw"}]},{"position_material":"INTERIOR","single_materials":[{"ID":33027,"post_author":"9693","post_date":"2024-04-09 10:15:24","post_date_gmt":"2024-04-09 08:15:24","post_content":"","post_title":"Travertino Dark","post_excerpt":"","post_status":"publish","comment_status":"closed","ping_status":"closed","post_password":"","post_name":"travertino-dark","to_ping":"","pinged":"","post_modified":"2024-04-09 10:15:24","post_modified_gmt":"2024-04-09 08:15:24","post_content_filtered":"","post_parent":0,"guid":"https:\/\/www.effe.it\/blog\/materiale_prodotto\/travertino-dark\/","menu_order":0,"post_type":"materiale_prodotto","post_mime_type":"","comment_count":"0","filter":"raw"}]}],"abilitare_numerazione":true}],"toggle_designer":true,"designer":[{"ID":665,"post_author":"6","post_date":"2021-07-14 17:17:13","post_date_gmt":"2021-07-14 15:17:13","post_content":"<p class=\"p1\">Premiado con dos Compasso d\u2019Oro ADI, en el 2016 con el proyecto de dise\u00f1o industrial 5MM para Treemme, y en el 2011 con el proyecto de comunicaci\u00f3n Multiverso, ha sido seleccionado en la XXI Triennale International Exhibition 2016 de Mil\u00e1n con el proyecto Matris, en la selecci\u00f3n Designer over 35. Ha realizado la instalaci\u00f3n Convivium 2.0 para Expo 2015 en el espacio dedicado a la regi\u00f3n Umbr\u00eda. El proyecto 8emezzo para la regi\u00f3n Umbr\u00eda se ha expuesto en la Universidad Estatal de Mil\u00e1n en colaboraci\u00f3n con Interni en la edici\u00f3n Fuorisalone 2015. Marco Williams Fagioli, despu\u00e9s del diploma en el ISIA de Urbino, fund\u00f3 en el 2001 Zup Design, del que es Director Creativo, un estudio que se ocupa de dise\u00f1o estrat\u00e9gico y elaboraci\u00f3n integrada de proyectos.<span class=\"Apple-converted-space\">\u00a0<\/span><\/p>\n<p class=\"p1\">Durante su carrera ha obtenido diversos reconocimientos, entre los cuales destacan dos Compasso d\u2019Oro ADI, el Red Dot Design Award, el Design Plus, el German Design Award y dos veces el Grandesign Etico. En el 2018 ha recibido el Good Design Award del Chicago Athenaeum por el proyecto Multiplo de Indesit Company, un proyecto seleccionado tambi\u00e9n por ADI Index. El proyecto Anima Space Kitchen, dise\u00f1ado por Binova, ha recibido el premio a la cocina del a\u00f1o en el 2008 por parte de la revista danesa BoBedre, y ha sido seleccionado por Elle Decor International Design Awards para la categor\u00eda Kitchens. El montaje dise\u00f1ado por Vaselli Marmi, Marmomacc 2009, ha ganado el primer premio en el Best Communicator Award 2009. Desde el 2009 es profesor de Metodolog\u00eda de elaboraci\u00f3n de proyectos en el NID, el Nuevo Instituto de Dise\u00f1o de Perusa, desde el 2014 es profesor de dise\u00f1o en la ABA, la Academia de Bellas Artes Pietro Vannucci de Perusa, y desde el 2017 es profesor de dise\u00f1o en le DA, la Domus Academy de Mil\u00e1n. Actualmente trabaja en proyectos de dise\u00f1o de interiores, montajes de espacios museales, proyectos de comunicaci\u00f3n y dise\u00f1o industrial.<\/p>","post_title":"Marco Williams Fagioli","post_excerpt":"","post_status":"publish","comment_status":"closed","ping_status":"closed","post_password":"","post_name":"marco-williams-fagioli","to_ping":"","pinged":"","post_modified":"2022-05-17 17:45:36","post_modified_gmt":"2022-05-17 15:45:36","post_content_filtered":"","post_parent":0,"guid":"https:\/\/www.effe.it\/designer\/marco-williams-fagioli\/","menu_order":20,"post_type":"designer","post_mime_type":"","comment_count":"0","filter":"raw"}],"models_relationship":[{"ID":9014,"post_author":"9","post_date":"2021-08-02 13:04:41","post_date_gmt":"2021-08-02 11:04:41","post_content":"","post_title":"YOKU H","post_excerpt":"","post_status":"publish","comment_status":"closed","ping_status":"closed","post_password":"","post_name":"yoku-h","to_ping":"","pinged":"","post_modified":"2021-08-17 15:53:44","post_modified_gmt":"2021-08-17 13:53:44","post_content_filtered":"","post_parent":0,"guid":"https:\/\/www.effe.it\/blog\/modelli\/yoku-h\/","menu_order":0,"post_type":"modelli","post_mime_type":"","comment_count":"0","filter":"raw"}],"models_with_documents":true,"description_model_toggle_field":true,"model_description":"","disponibile_su_misura":true,"blueprint_toggle":false,"blueprint":null,"abilitare_versioni":true},"gallery_photos_12_columns":[{"image_gallery_columns":"https:\/\/static.effe.it\/website\/2021\/07\/03115330\/Yoku-S-1.jpg","copy_image_column":"","numer_of_columns":"12","embed_video_gallery":""},{"image_gallery_columns":"https:\/\/static.effe.it\/website\/2021\/07\/Yoku-H-1%402x.jpg","copy_image_column":"","numer_of_columns":"4","embed_video_gallery":""},{"image_gallery_columns":"https:\/\/static.effe.it\/website\/2021\/07\/15524_07-Effe_LR.jpg","copy_image_column":"","numer_of_columns":"6","embed_video_gallery":""},{"image_gallery_columns":"https:\/\/static.effe.it\/website\/2021\/07\/03115333\/Yoku-S-5.jpg","copy_image_column":"","numer_of_columns":"12","embed_video_gallery":""},{"image_gallery_columns":"https:\/\/static.effe.it\/website\/2021\/07\/Yoku-H-2%402x.jpg","copy_image_column":"","numer_of_columns":"8","embed_video_gallery":""},{"image_gallery_columns":"https:\/\/static.effe.it\/website\/2021\/07\/yokuH.jpg","copy_image_column":"","numer_of_columns":"5","embed_video_gallery":""},{"image_gallery_columns":"https:\/\/static.effe.it\/website\/2021\/07\/Yoku-H-4%402x.jpg","copy_image_column":"","numer_of_columns":"4","embed_video_gallery":""}],"slider_gallery":[{"image-slider-gallery":"https:\/\/static.effe.it\/website\/2021\/07\/03123113\/Slider-Yoku-H-1-2-1.jpg","text-image-gallery":"Versi\u00f3n Glass","video":""}],"documents_related_collection_group":[{"input_type":"url","resource_url":"https:\/\/drive.google.com\/file\/d\/1tal8GNxLA_AtWo1iKwFp8kp0nX6IU1BT\/view?usp=drive_link","document_title":"Brochure","file":false,"logged_in_only":false,"reserved_service_center":false},{"input_type":"url","resource_url":"https:\/\/drive.google.com\/file\/d\/1CvVjO6l25YnZMToGY8qnE_gT_iZvsyUy\/view?usp=sharing","document_title":"3D","file":false,"logged_in_only":true,"reserved_service_center":true},{"input_type":"url","resource_url":"https:\/\/drive.google.com\/file\/d\/1G7zvcPUWpE9pC_k2hUb_Bqu7UiHzKgxM\/view?usp=sharing","document_title":"Manual de montaje","file":false,"logged_in_only":true,"reserved_service_center":true},{"input_type":"url","resource_url":"https:\/\/drive.google.com\/file\/d\/1ejmIDzljFP9EfL6ilCJYjSEaEwA2G6Gz\/view?usp=drive_link","document_title":"Hoja de preinstalaci\u00f2n ","file":false,"logged_in_only":false,"reserved_service_center":false}]},"_links":{"self":[{"href":"https:\/\/www.effe.it\/es\/wp-json\/wp\/v2\/products\/9560"}],"collection":[{"href":"https:\/\/www.effe.it\/es\/wp-json\/wp\/v2\/products"}],"about":[{"href":"https:\/\/www.effe.it\/es\/wp-json\/wp\/v2\/types\/prodotto"}],"version-history":[{"count":6,"href":"https:\/\/www.effe.it\/es\/wp-json\/wp\/v2\/products\/9560\/revisions"}],"predecessor-version":[{"id":37841,"href":"https:\/\/www.effe.it\/es\/wp-json\/wp\/v2\/products\/9560\/revisions\/37841"}],"wp:featuredmedia":[{"embeddable":true,"href":"https:\/\/www.effe.it\/es\/wp-json\/wp\/v2\/media\/17995"}],"wp:attachment":[{"href":"https:\/\/www.effe.it\/es\/wp-json\/wp\/v2\/media?parent=9560"}],"wp:term":[{"taxonomy":"categorie_prodotti","embeddable":true,"href":"https:\/\/www.effe.it\/es\/wp-json\/wp\/v2\/categorie_prodotti?post=9560"},{"taxonomy":"famiglia_prodotti","embeddable":true,"href":"https:\/\/www.effe.it\/es\/wp-json\/wp\/v2\/famiglia_prodotti?post=9560"}],"curies":[{"name":"wp","href":"https:\/\/api.w.org\/{rel}","templated":true}]}}