{"id":9553,"date":"2021-07-29T12:19:09","date_gmt":"2021-07-29T10:19:09","guid":{"rendered":"https:\/\/www.effe.it\/blog\/prodotto\/yoku-sh\/"},"modified":"2026-04-30T10:44:23","modified_gmt":"2026-04-30T08:44:23","slug":"yoku-sh","status":"publish","type":"prodotto","link":"https:\/\/www.effe.it\/es\/producto\/yoku-sh\/","title":{"rendered":"Yoku SH"},"content":{"rendered":"<p>El elemento diferencial del sistema Yoku SH est\u00e1 representado por las grandes paredes de vidrio alejadas de la perspectiva frontal en vidrio ahumado bronce y por los elementos arquitect\u00f3nicos verticales de madera natural que sugieren la inmersi\u00f3n en un bosque de \u00e1rboles, creando una elegante sensaci\u00f3n de intimidad durante el ba\u00f1o de calor.<br \/>\nEn el interior la comodidad se ve reforzada con el doble banco de igual tama\u00f1o que la sauna y con el asiento \u00fanico, muy profundo, del hammam.<br \/>\nEl m\u00f3dulo librer\u00eda se puede utilizar tambi\u00e9n como elemento externo junto a las paredes de vidrio creando un filtro \u00fatil para realizar espacios \u00edntimos y muy personalizables.<\/p>\n","protected":false},"featured_media":18085,"menu_order":0,"template":"","categorie_prodotti":[1209],"famiglia_prodotti":[789],"better_featured_image":{"id":18085,"alt_text":"","caption":"","description":"","media_type":"image","media_details":{"width":1184,"height":960,"file":"2021\/10\/landing-sistemi-yoku-sh@2x.jpg","sizes":{"medium":{"file":"landing-sistemi-yoku-sh@2x-300x243.jpg","width":300,"height":243,"mime-type":"image\/jpeg","source_url":"https:\/\/static.effe.it\/website\/2021\/10\/landing-sistemi-yoku-sh%402x-300x243.jpg"},"large":{"file":"landing-sistemi-yoku-sh@2x-1024x830.jpg","width":1024,"height":830,"mime-type":"image\/jpeg","source_url":"https:\/\/static.effe.it\/website\/2021\/10\/landing-sistemi-yoku-sh%402x-1024x830.jpg"},"thumbnail":{"file":"landing-sistemi-yoku-sh@2x-150x150.jpg","width":150,"height":150,"mime-type":"image\/jpeg","source_url":"https:\/\/static.effe.it\/website\/2021\/10\/landing-sistemi-yoku-sh%402x-150x150.jpg"},"medium_large":{"file":"landing-sistemi-yoku-sh@2x-768x623.jpg","width":768,"height":623,"mime-type":"image\/jpeg","source_url":"https:\/\/static.effe.it\/website\/2021\/10\/landing-sistemi-yoku-sh%402x-768x623.jpg"},"image-related-size":{"file":"landing-sistemi-yoku-sh@2x-420x285.jpg","width":420,"height":285,"mime-type":"image\/jpeg","source_url":"https:\/\/static.effe.it\/website\/2021\/10\/landing-sistemi-yoku-sh%402x-420x285.jpg"},"image-related-size-bigger-sq":{"file":"landing-sistemi-yoku-sh@2x-624x468.jpg","width":624,"height":468,"mime-type":"image\/jpeg","source_url":"https:\/\/static.effe.it\/website\/2021\/10\/landing-sistemi-yoku-sh%402x-624x468.jpg"},"image-designer-product":{"file":"landing-sistemi-yoku-sh@2x-644x587.jpg","width":644,"height":587,"mime-type":"image\/jpeg","source_url":"https:\/\/static.effe.it\/website\/2021\/10\/landing-sistemi-yoku-sh%402x-644x587.jpg"}},"image_meta":{"aperture":"0","credit":"","camera":"","caption":"","created_timestamp":"0","copyright":"","focal_length":"0","iso":"0","shutter_speed":"0","title":"","orientation":"0","keywords":[]}},"post":18303,"source_url":"https:\/\/static.effe.it\/website\/2021\/10\/landing-sistemi-yoku-sh%402x.jpg"},"acf":{"intro_text":"Yoku SH une sauna, ba\u00f1o turco y ducha en un spa que desea restituir la experiencia original de estas pr\u00e1cticas ancestrales. La inspiraci\u00f3n, de la que deriva su nombre, proviene de un ramo especial de la medicina natural japonesa que se basa en los efectos beneficiosos del contacto con las plantas y con la atm\u00f3sfera de los bosques. Las tres soluciones est\u00e9ticas diferentes, declinables en tres esencias de madera distintas y dos tipos de gres, hacen que el proyecto est\u00e9 abierto a cualquier propuesta de dise\u00f1o.\r\n\r\nYoku Collection - Reconocimientos: ICFF - International Contemporary Furniture Fair, ADI Design Index, IF Award, NYCxDesign Award, German Innovation Award, German Design Award, Good Design Award, Grands Prix Du Design ","related_products_group":{"toggle_related_product_field":true,"related_products":[{"ID":9663,"post_author":"12708","post_date":"2021-07-29 12:19:09","post_date_gmt":"2021-07-29 10:19:09","post_content":"Personaliza como quieras tu Spa, privado o p\u00fablico, gracias a BodyLove, un sistema de composici\u00f3n modular que permite la integraci\u00f3n de sauna, ba\u00f1o turco y ducha. Componentes hammam de gran calidad: gres porcel\u00e1nico Champagne o bien vidrio ondulado, bancos blancos en Corian\u00ae y accesorios en Teca.\nAcabados internos completamente embaldosables tambi\u00e9n con otros revestimientos para proyectos a medida. Diversas posibilidades de orientaci\u00f3n y posicionamiento de las puertas de acceso a los dos espacios, para soluciones personalizadas con el \u00e1rea bienestar. BodyLove ofrece muchas posibilidades de personalizaci\u00f3n en t\u00e9rminos de selecci\u00f3n y combinaci\u00f3n de los materiales.","post_title":"BodyLove SH","post_excerpt":"","post_status":"publish","comment_status":"closed","ping_status":"closed","post_password":"","post_name":"bodylove-sh","to_ping":"","pinged":"","post_modified":"2026-04-29 17:17:12","post_modified_gmt":"2026-04-29 15:17:12","post_content_filtered":"","post_parent":0,"guid":"https:\/\/www.effe.it\/prodotto\/bodylove-sh\/","menu_order":0,"post_type":"prodotto","post_mime_type":"","comment_count":"0","filter":"raw"},{"ID":9585,"post_author":"3","post_date":"2021-07-29 12:19:09","post_date_gmt":"2021-07-29 10:19:09","post_content":"Para la generaci\u00f3n del vapor se ha instalado Aquasteam, con funci\u00f3n de ahorro de energ\u00eda y sistema autom\u00e1tico de lavado de la caldera. Materiales de calidad excepcional: madera Hemlock\ncanadiense, revestimientos en gres laminado Slimtech\u00ae de 3,5 mm y puertas en vidrio templado de 8 mm. Se encuentra disponible en tres acabados est\u00e1ndar o con colores personalizados. Tambi\u00e9n se encuentra disponible en la variante Filo (sin tarima) para permitir la m\u00e1xima integraci\u00f3n con el ambiente.","post_title":"Logica SH","post_excerpt":"","post_status":"draft","comment_status":"closed","ping_status":"closed","post_password":"","post_name":"logica-sh","to_ping":"","pinged":"","post_modified":"2025-03-26 15:26:19","post_modified_gmt":"2025-03-26 13:26:19","post_content_filtered":"","post_parent":0,"guid":"https:\/\/www.effe.it\/blog\/prodotto\/logica-sh\/","menu_order":0,"post_type":"prodotto","post_mime_type":"","comment_count":"0","filter":"raw"},{"ID":9535,"post_author":"12708","post_date":"2021-07-29 12:19:13","post_date_gmt":"2021-07-29 10:19:13","post_content":"El elemento diferencial del sistema Yoku Spa est\u00e1 representado por las grandes paredes de vidrio alejadas de la perspectiva frontal en vidrio ahumado bronce y por los elementos arquitect\u00f3nicos verticales de madera natural que sugieren la inmersi\u00f3n en un bosque de \u00e1rboles, creando una elegante sensaci\u00f3n de intimidad durante el ba\u00f1o de calor.\nEn el interior la comodidad se ve reforzada con el doble banco de igual tama\u00f1o que la sauna y con el asiento \u00fanico, muy profundo, del hammam. El m\u00f3dulo librer\u00eda se puede utilizar tambi\u00e9n como elemento externo junto a las paredes de vidrio creando un filtro \u00fatil para realizar espacios \u00edntimos y muy personalizables.","post_title":"Yoku Spa","post_excerpt":"","post_status":"publish","comment_status":"closed","ping_status":"closed","post_password":"","post_name":"yoku-spa","to_ping":"","pinged":"","post_modified":"2026-04-30 10:43:54","post_modified_gmt":"2026-04-30 08:43:54","post_content_filtered":"","post_parent":0,"guid":"https:\/\/www.effe.it\/blog\/prodotto\/yoku-spa\/","menu_order":0,"post_type":"prodotto","post_mime_type":"","comment_count":"0","filter":"raw"},{"ID":15471,"post_author":"2","post_date":"2021-09-09 18:55:01","post_date_gmt":"2021-09-09 16:55:01","post_content":"","post_title":"Colecci\u00f3n Yoku","post_excerpt":"","post_status":"publish","comment_status":"closed","ping_status":"closed","post_password":"","post_name":"coleccion-yoku","to_ping":"","pinged":"","post_modified":"2021-09-27 19:31:58","post_modified_gmt":"2021-09-27 17:31:58","post_content_filtered":"","post_parent":0,"guid":"https:\/\/www.effe.it\/coleccion-yoku\/","menu_order":0,"post_type":"page","post_mime_type":"","comment_count":"0","filter":"raw"}]},"optional_products_group":{"optional_toggle_field":false,"related_optional":""},"accordion_group":{"":null,"materials-toggle-field":true,"miniatura_materiali":{"ID":6981,"id":6981,"title":"Yoku SH","filename":"Yoku-SH.jpg","filesize":53903,"url":"https:\/\/static.effe.it\/website\/2021\/07\/Yoku-SH.jpg","link":"https:\/\/www.effe.it\/es\/producto\/yoku-sh\/yoku-sh-2\/","alt":"","author":"9","description":"","caption":"","name":"yoku-sh-2","status":"inherit","uploaded_to":9553,"date":"2021-08-16 15:58:03","modified":"2021-08-16 15:58:03","menu_order":0,"mime_type":"image\/jpeg","type":"image","subtype":"jpeg","icon":"https:\/\/www.effe.it\/wp-includes\/images\/media\/default.png","width":697,"height":461,"sizes":{"thumbnail":"https:\/\/static.effe.it\/website\/2021\/07\/Yoku-SH-150x150.jpg","thumbnail-width":150,"thumbnail-height":150,"medium":"https:\/\/static.effe.it\/website\/2021\/07\/Yoku-SH-300x198.jpg","medium-width":300,"medium-height":198,"medium_large":"https:\/\/static.effe.it\/website\/2021\/07\/Yoku-SH.jpg","medium_large-width":697,"medium_large-height":461,"large":"https:\/\/static.effe.it\/website\/2021\/07\/Yoku-SH.jpg","large-width":697,"large-height":461,"image-related-size":"https:\/\/static.effe.it\/website\/2021\/07\/Yoku-SH-420x285.jpg","image-related-size-width":420,"image-related-size-height":285,"image-related-size-bigger-sq":"https:\/\/static.effe.it\/website\/2021\/07\/Yoku-SH.jpg","image-related-size-bigger-sq-width":624,"image-related-size-bigger-sq-height":413,"image-designer-product":"https:\/\/static.effe.it\/website\/2021\/07\/Yoku-SH.jpg","image-designer-product-width":644,"image-designer-product-height":426,"1536x1536":"https:\/\/static.effe.it\/website\/2021\/07\/Yoku-SH.jpg","1536x1536-width":697,"1536x1536-height":461,"2048x2048":"https:\/\/static.effe.it\/website\/2021\/07\/Yoku-SH.jpg","2048x2048-width":697,"2048x2048-height":461}},"materials_group":[{"materials_title":"ASPEN - CALACATTA","single_materials_repeater":[{"position_material":"FRAME","single_materials":[{"ID":2590,"post_author":"2","post_date":"2021-07-29 10:52:08","post_date_gmt":"2021-07-29 08:52:08","post_content":"","post_title":"Aspen tratado t\u00e9rmicamente (liso)","post_excerpt":"","post_status":"publish","comment_status":"open","ping_status":"open","post_password":"","post_name":"aspen-tratado-termicamente-liso","to_ping":"","pinged":"","post_modified":"2021-07-29 10:52:08","post_modified_gmt":"2021-07-29 08:52:08","post_content_filtered":"","post_parent":0,"guid":"https:\/\/www.effe.it\/materiale_prodotto\/aspen-tratado-termicamente-liso\/","menu_order":0,"post_type":"materiale_prodotto","post_mime_type":"","comment_count":"0","filter":"raw"}]},{"position_material":"PARED POSTERIOR INTERNA, MOBILIARIO","single_materials":[{"ID":2583,"post_author":"2","post_date":"2021-07-29 10:52:05","post_date_gmt":"2021-07-29 08:52:05","post_content":"","post_title":"Aspen tratado t\u00e9rmicamente (duela)","post_excerpt":"","post_status":"publish","comment_status":"closed","ping_status":"closed","post_password":"","post_name":"aspen-tratado-termicamente-duela","to_ping":"","pinged":"","post_modified":"2021-07-29 10:52:05","post_modified_gmt":"2021-07-29 08:52:05","post_content_filtered":"","post_parent":0,"guid":"https:\/\/www.effe.it\/materiale_prodotto\/aspen-tratado-termicamente-duela\/","menu_order":0,"post_type":"materiale_prodotto","post_mime_type":"","comment_count":"0","filter":"raw"}]},{"position_material":"INTERIOR HAMMAM","single_materials":[{"ID":2601,"post_author":"2","post_date":"2021-07-29 10:52:08","post_date_gmt":"2021-07-29 08:52:08","post_content":"","post_title":"Gres porcel\u00e1nico Calacatta Gold Extra","post_excerpt":"","post_status":"publish","comment_status":"open","ping_status":"open","post_password":"","post_name":"gres-porcelanico-calacatta-gold-extra","to_ping":"","pinged":"","post_modified":"2021-07-29 10:52:08","post_modified_gmt":"2021-07-29 08:52:08","post_content_filtered":"","post_parent":0,"guid":"https:\/\/www.effe.it\/materiale_prodotto\/gres-porcelanico-calacatta-gold-extra\/","menu_order":0,"post_type":"materiale_prodotto","post_mime_type":"","comment_count":"0","filter":"raw"}]}],"abilitare_numerazione":true},{"materials_title":"MADERA TRATADA T\u00c9RMICAMENTE","single_materials_repeater":[{"position_material":"FRAME","single_materials":[{"ID":2575,"post_author":"2","post_date":"2021-07-29 10:52:08","post_date_gmt":"2021-07-29 08:52:08","post_content":"","post_title":"Madera tratada t\u00e9rmicamente (liso)","post_excerpt":"","post_status":"publish","comment_status":"open","ping_status":"open","post_password":"","post_name":"madera-tratada-termicamente-liso","to_ping":"","pinged":"","post_modified":"2021-07-29 10:52:10","post_modified_gmt":"2021-07-29 08:52:10","post_content_filtered":"","post_parent":0,"guid":"https:\/\/www.effe.it\/materiale_prodotto\/2575\/","menu_order":0,"post_type":"materiale_prodotto","post_mime_type":"","comment_count":"0","filter":"raw"}]},{"position_material":"PARED POSTERIOR INTERNA, MOBILIARIO","single_materials":[{"ID":2593,"post_author":"2","post_date":"2021-07-29 10:52:08","post_date_gmt":"2021-07-29 08:52:08","post_content":"","post_title":"Madera tratada t\u00e9rmicamente (duela)","post_excerpt":"","post_status":"publish","comment_status":"closed","ping_status":"closed","post_password":"","post_name":"madera-tratada-termicamente-duela-2","to_ping":"","pinged":"","post_modified":"2021-07-29 10:52:08","post_modified_gmt":"2021-07-29 08:52:08","post_content_filtered":"","post_parent":0,"guid":"https:\/\/www.effe.it\/materiale_prodotto\/madera-tratada-termicamente-duela-2\/","menu_order":0,"post_type":"materiale_prodotto","post_mime_type":"","comment_count":"0","filter":"raw"}]},{"position_material":"INTERIOR HAMMAM","single_materials":[{"ID":2600,"post_author":"2","post_date":"2021-07-29 10:52:08","post_date_gmt":"2021-07-29 08:52:08","post_content":"","post_title":"Gres porcel\u00e1nico Fior di Bosco Tortora","post_excerpt":"","post_status":"publish","comment_status":"open","ping_status":"open","post_password":"","post_name":"gres-porcelanico-fior-di-bosco-tortora","to_ping":"","pinged":"","post_modified":"2021-07-29 10:52:08","post_modified_gmt":"2021-07-29 08:52:08","post_content_filtered":"","post_parent":0,"guid":"https:\/\/www.effe.it\/materiale_prodotto\/gres-porcelanico-fior-di-bosco-tortora\/","menu_order":0,"post_type":"materiale_prodotto","post_mime_type":"","comment_count":"0","filter":"raw"}]}],"abilitare_numerazione":true},{"materials_title":"NOGAL CANALETTO - CALACATTA ","single_materials_repeater":[{"position_material":"FRAME","single_materials":[{"ID":2584,"post_author":"2","post_date":"2021-07-29 10:52:05","post_date_gmt":"2021-07-29 08:52:05","post_content":"","post_title":"Nogal canaletto (liso)","post_excerpt":"","post_status":"publish","comment_status":"open","ping_status":"open","post_password":"","post_name":"nogal-canaletto-liso","to_ping":"","pinged":"","post_modified":"2021-07-29 10:52:05","post_modified_gmt":"2021-07-29 08:52:05","post_content_filtered":"","post_parent":0,"guid":"https:\/\/www.effe.it\/materiale_prodotto\/nogal-canaletto-liso\/","menu_order":0,"post_type":"materiale_prodotto","post_mime_type":"","comment_count":"0","filter":"raw"}]},{"position_material":"PARED POSTERIOR INTERNA, MOBILIARIO","single_materials":[{"ID":2595,"post_author":"2","post_date":"2021-07-29 10:52:08","post_date_gmt":"2021-07-29 08:52:08","post_content":"","post_title":"Nogal canaletto (duela)","post_excerpt":"","post_status":"publish","comment_status":"open","ping_status":"open","post_password":"","post_name":"nogal-canaletto-duela","to_ping":"","pinged":"","post_modified":"2021-07-29 10:52:08","post_modified_gmt":"2021-07-29 08:52:08","post_content_filtered":"","post_parent":0,"guid":"https:\/\/www.effe.it\/materiale_prodotto\/nogal-canaletto-duela\/","menu_order":0,"post_type":"materiale_prodotto","post_mime_type":"","comment_count":"0","filter":"raw"}]},{"position_material":"INTERIOR HAMMAM","single_materials":[{"ID":2601,"post_author":"2","post_date":"2021-07-29 10:52:08","post_date_gmt":"2021-07-29 08:52:08","post_content":"","post_title":"Gres porcel\u00e1nico Calacatta Gold Extra","post_excerpt":"","post_status":"publish","comment_status":"open","ping_status":"open","post_password":"","post_name":"gres-porcelanico-calacatta-gold-extra","to_ping":"","pinged":"","post_modified":"2021-07-29 10:52:08","post_modified_gmt":"2021-07-29 08:52:08","post_content_filtered":"","post_parent":0,"guid":"https:\/\/www.effe.it\/materiale_prodotto\/gres-porcelanico-calacatta-gold-extra\/","menu_order":0,"post_type":"materiale_prodotto","post_mime_type":"","comment_count":"0","filter":"raw"}]}],"abilitare_numerazione":true},{"materials_title":"NOGAL CANALETTO - FIOR DI BOSCO","single_materials_repeater":[{"position_material":"FRAME","single_materials":[{"ID":2584,"post_author":"2","post_date":"2021-07-29 10:52:05","post_date_gmt":"2021-07-29 08:52:05","post_content":"","post_title":"Nogal canaletto (liso)","post_excerpt":"","post_status":"publish","comment_status":"open","ping_status":"open","post_password":"","post_name":"nogal-canaletto-liso","to_ping":"","pinged":"","post_modified":"2021-07-29 10:52:05","post_modified_gmt":"2021-07-29 08:52:05","post_content_filtered":"","post_parent":0,"guid":"https:\/\/www.effe.it\/materiale_prodotto\/nogal-canaletto-liso\/","menu_order":0,"post_type":"materiale_prodotto","post_mime_type":"","comment_count":"0","filter":"raw"}]},{"position_material":"PARED POSTERIOR INTERNA, MOBILIARIO","single_materials":[{"ID":2595,"post_author":"2","post_date":"2021-07-29 10:52:08","post_date_gmt":"2021-07-29 08:52:08","post_content":"","post_title":"Nogal canaletto (duela)","post_excerpt":"","post_status":"publish","comment_status":"open","ping_status":"open","post_password":"","post_name":"nogal-canaletto-duela","to_ping":"","pinged":"","post_modified":"2021-07-29 10:52:08","post_modified_gmt":"2021-07-29 08:52:08","post_content_filtered":"","post_parent":0,"guid":"https:\/\/www.effe.it\/materiale_prodotto\/nogal-canaletto-duela\/","menu_order":0,"post_type":"materiale_prodotto","post_mime_type":"","comment_count":"0","filter":"raw"}]},{"position_material":"INTERIOR HAMMAM","single_materials":[{"ID":2600,"post_author":"2","post_date":"2021-07-29 10:52:08","post_date_gmt":"2021-07-29 08:52:08","post_content":"","post_title":"Gres porcel\u00e1nico Fior di Bosco Tortora","post_excerpt":"","post_status":"publish","comment_status":"open","ping_status":"open","post_password":"","post_name":"gres-porcelanico-fior-di-bosco-tortora","to_ping":"","pinged":"","post_modified":"2021-07-29 10:52:08","post_modified_gmt":"2021-07-29 08:52:08","post_content_filtered":"","post_parent":0,"guid":"https:\/\/www.effe.it\/materiale_prodotto\/gres-porcelanico-fior-di-bosco-tortora\/","menu_order":0,"post_type":"materiale_prodotto","post_mime_type":"","comment_count":"0","filter":"raw"}]}],"abilitare_numerazione":true},{"materials_title":"ASPEN - TRAVERTINO LIGHT","single_materials_repeater":[{"position_material":"FRAME","single_materials":[{"ID":2590,"post_author":"2","post_date":"2021-07-29 10:52:08","post_date_gmt":"2021-07-29 08:52:08","post_content":"","post_title":"Aspen tratado t\u00e9rmicamente (liso)","post_excerpt":"","post_status":"publish","comment_status":"open","ping_status":"open","post_password":"","post_name":"aspen-tratado-termicamente-liso","to_ping":"","pinged":"","post_modified":"2021-07-29 10:52:08","post_modified_gmt":"2021-07-29 08:52:08","post_content_filtered":"","post_parent":0,"guid":"https:\/\/www.effe.it\/materiale_prodotto\/aspen-tratado-termicamente-liso\/","menu_order":0,"post_type":"materiale_prodotto","post_mime_type":"","comment_count":"0","filter":"raw"}]},{"position_material":"PARED POSTERIOR INTERNA, MOBILIARIO","single_materials":[{"ID":2596,"post_author":"2","post_date":"2021-07-29 10:52:08","post_date_gmt":"2021-07-29 08:52:08","post_content":"","post_title":"Aspen tratado t\u00e9rmicamente (duela)","post_excerpt":"","post_status":"publish","comment_status":"open","ping_status":"open","post_password":"","post_name":"aspen-tratado-termicamente-duela-2","to_ping":"","pinged":"","post_modified":"2021-07-29 10:52:08","post_modified_gmt":"2021-07-29 08:52:08","post_content_filtered":"","post_parent":0,"guid":"https:\/\/www.effe.it\/materiale_prodotto\/aspen-tratado-termicamente-duela-2\/","menu_order":0,"post_type":"materiale_prodotto","post_mime_type":"","comment_count":"0","filter":"raw"}]},{"position_material":"INTERIOR HAMMAM","single_materials":[{"ID":33022,"post_author":"9693","post_date":"2024-04-09 10:14:47","post_date_gmt":"2024-04-09 08:14:47","post_content":"","post_title":"Travertino Light","post_excerpt":"","post_status":"publish","comment_status":"closed","ping_status":"closed","post_password":"","post_name":"travertino-light","to_ping":"","pinged":"","post_modified":"2024-04-09 10:14:47","post_modified_gmt":"2024-04-09 08:14:47","post_content_filtered":"","post_parent":0,"guid":"https:\/\/www.effe.it\/blog\/materiale_prodotto\/travertino-light\/","menu_order":0,"post_type":"materiale_prodotto","post_mime_type":"","comment_count":"0","filter":"raw"}]}],"abilitare_numerazione":true},{"materials_title":"MADERA TRATADA T\u00c9RMICAMENTE - TRAVERTINO DARK","single_materials_repeater":[{"position_material":"FRAME","single_materials":[{"ID":2575,"post_author":"2","post_date":"2021-07-29 10:52:08","post_date_gmt":"2021-07-29 08:52:08","post_content":"","post_title":"Madera tratada t\u00e9rmicamente (liso)","post_excerpt":"","post_status":"publish","comment_status":"open","ping_status":"open","post_password":"","post_name":"madera-tratada-termicamente-liso","to_ping":"","pinged":"","post_modified":"2021-07-29 10:52:10","post_modified_gmt":"2021-07-29 08:52:10","post_content_filtered":"","post_parent":0,"guid":"https:\/\/www.effe.it\/materiale_prodotto\/2575\/","menu_order":0,"post_type":"materiale_prodotto","post_mime_type":"","comment_count":"0","filter":"raw"}]},{"position_material":"PARED POSTERIOR INTERNA, MOBILIARIO","single_materials":[{"ID":2585,"post_author":"2","post_date":"2021-07-29 10:52:05","post_date_gmt":"2021-07-29 08:52:05","post_content":"","post_title":"Madera tratada t\u00e9rmicamente  (duela)","post_excerpt":"","post_status":"publish","comment_status":"open","ping_status":"open","post_password":"","post_name":"madera-tratada-termicamente-duela","to_ping":"","pinged":"","post_modified":"2021-07-29 10:52:05","post_modified_gmt":"2021-07-29 08:52:05","post_content_filtered":"","post_parent":0,"guid":"https:\/\/www.effe.it\/materiale_prodotto\/madera-tratada-termicamente-duela\/","menu_order":0,"post_type":"materiale_prodotto","post_mime_type":"","comment_count":"0","filter":"raw"}]},{"position_material":"INTERIOR HAMMAM","single_materials":[{"ID":33027,"post_author":"9693","post_date":"2024-04-09 10:15:24","post_date_gmt":"2024-04-09 08:15:24","post_content":"","post_title":"Travertino Dark","post_excerpt":"","post_status":"publish","comment_status":"closed","ping_status":"closed","post_password":"","post_name":"travertino-dark","to_ping":"","pinged":"","post_modified":"2024-04-09 10:15:24","post_modified_gmt":"2024-04-09 08:15:24","post_content_filtered":"","post_parent":0,"guid":"https:\/\/www.effe.it\/blog\/materiale_prodotto\/travertino-dark\/","menu_order":0,"post_type":"materiale_prodotto","post_mime_type":"","comment_count":"0","filter":"raw"}]}],"abilitare_numerazione":true},{"materials_title":"NOGAL CANALETTO - TRAVERTINO LIGHT","single_materials_repeater":[{"position_material":"FRAME","single_materials":[{"ID":2584,"post_author":"2","post_date":"2021-07-29 10:52:05","post_date_gmt":"2021-07-29 08:52:05","post_content":"","post_title":"Nogal canaletto (liso)","post_excerpt":"","post_status":"publish","comment_status":"open","ping_status":"open","post_password":"","post_name":"nogal-canaletto-liso","to_ping":"","pinged":"","post_modified":"2021-07-29 10:52:05","post_modified_gmt":"2021-07-29 08:52:05","post_content_filtered":"","post_parent":0,"guid":"https:\/\/www.effe.it\/materiale_prodotto\/nogal-canaletto-liso\/","menu_order":0,"post_type":"materiale_prodotto","post_mime_type":"","comment_count":"0","filter":"raw"}]},{"position_material":"PARED POSTERIOR INTERNA, MOBILIARIO","single_materials":[{"ID":2595,"post_author":"2","post_date":"2021-07-29 10:52:08","post_date_gmt":"2021-07-29 08:52:08","post_content":"","post_title":"Nogal canaletto (duela)","post_excerpt":"","post_status":"publish","comment_status":"open","ping_status":"open","post_password":"","post_name":"nogal-canaletto-duela","to_ping":"","pinged":"","post_modified":"2021-07-29 10:52:08","post_modified_gmt":"2021-07-29 08:52:08","post_content_filtered":"","post_parent":0,"guid":"https:\/\/www.effe.it\/materiale_prodotto\/nogal-canaletto-duela\/","menu_order":0,"post_type":"materiale_prodotto","post_mime_type":"","comment_count":"0","filter":"raw"}]},{"position_material":"INTERIOR HAMMAM","single_materials":[{"ID":33022,"post_author":"9693","post_date":"2024-04-09 10:14:47","post_date_gmt":"2024-04-09 08:14:47","post_content":"","post_title":"Travertino Light","post_excerpt":"","post_status":"publish","comment_status":"closed","ping_status":"closed","post_password":"","post_name":"travertino-light","to_ping":"","pinged":"","post_modified":"2024-04-09 10:14:47","post_modified_gmt":"2024-04-09 08:14:47","post_content_filtered":"","post_parent":0,"guid":"https:\/\/www.effe.it\/blog\/materiale_prodotto\/travertino-light\/","menu_order":0,"post_type":"materiale_prodotto","post_mime_type":"","comment_count":"0","filter":"raw"}]}],"abilitare_numerazione":true},{"materials_title":"NOGAL CANALETTO - TRAVERTINO DARK","single_materials_repeater":[{"position_material":"FRAME","single_materials":[{"ID":2584,"post_author":"2","post_date":"2021-07-29 10:52:05","post_date_gmt":"2021-07-29 08:52:05","post_content":"","post_title":"Nogal canaletto (liso)","post_excerpt":"","post_status":"publish","comment_status":"open","ping_status":"open","post_password":"","post_name":"nogal-canaletto-liso","to_ping":"","pinged":"","post_modified":"2021-07-29 10:52:05","post_modified_gmt":"2021-07-29 08:52:05","post_content_filtered":"","post_parent":0,"guid":"https:\/\/www.effe.it\/materiale_prodotto\/nogal-canaletto-liso\/","menu_order":0,"post_type":"materiale_prodotto","post_mime_type":"","comment_count":"0","filter":"raw"}]},{"position_material":"PARED POSTERIOR INTERNA, MOBILIARIO","single_materials":[{"ID":2595,"post_author":"2","post_date":"2021-07-29 10:52:08","post_date_gmt":"2021-07-29 08:52:08","post_content":"","post_title":"Nogal canaletto (duela)","post_excerpt":"","post_status":"publish","comment_status":"open","ping_status":"open","post_password":"","post_name":"nogal-canaletto-duela","to_ping":"","pinged":"","post_modified":"2021-07-29 10:52:08","post_modified_gmt":"2021-07-29 08:52:08","post_content_filtered":"","post_parent":0,"guid":"https:\/\/www.effe.it\/materiale_prodotto\/nogal-canaletto-duela\/","menu_order":0,"post_type":"materiale_prodotto","post_mime_type":"","comment_count":"0","filter":"raw"}]},{"position_material":"INTERIOR HAMMAM","single_materials":[{"ID":33027,"post_author":"9693","post_date":"2024-04-09 10:15:24","post_date_gmt":"2024-04-09 08:15:24","post_content":"","post_title":"Travertino Dark","post_excerpt":"","post_status":"publish","comment_status":"closed","ping_status":"closed","post_password":"","post_name":"travertino-dark","to_ping":"","pinged":"","post_modified":"2024-04-09 10:15:24","post_modified_gmt":"2024-04-09 08:15:24","post_content_filtered":"","post_parent":0,"guid":"https:\/\/www.effe.it\/blog\/materiale_prodotto\/travertino-dark\/","menu_order":0,"post_type":"materiale_prodotto","post_mime_type":"","comment_count":"0","filter":"raw"}]}],"abilitare_numerazione":true}],"toggle_designer":true,"designer":[{"ID":665,"post_author":"6","post_date":"2021-07-14 17:17:13","post_date_gmt":"2021-07-14 15:17:13","post_content":"<p class=\"p1\">Premiado con dos Compasso d\u2019Oro ADI, en el 2016 con el proyecto de dise\u00f1o industrial 5MM para Treemme, y en el 2011 con el proyecto de comunicaci\u00f3n Multiverso, ha sido seleccionado en la XXI Triennale International Exhibition 2016 de Mil\u00e1n con el proyecto Matris, en la selecci\u00f3n Designer over 35. Ha realizado la instalaci\u00f3n Convivium 2.0 para Expo 2015 en el espacio dedicado a la regi\u00f3n Umbr\u00eda. El proyecto 8emezzo para la regi\u00f3n Umbr\u00eda se ha expuesto en la Universidad Estatal de Mil\u00e1n en colaboraci\u00f3n con Interni en la edici\u00f3n Fuorisalone 2015. Marco Williams Fagioli, despu\u00e9s del diploma en el ISIA de Urbino, fund\u00f3 en el 2001 Zup Design, del que es Director Creativo, un estudio que se ocupa de dise\u00f1o estrat\u00e9gico y elaboraci\u00f3n integrada de proyectos.<span class=\"Apple-converted-space\">\u00a0<\/span><\/p>\n<p class=\"p1\">Durante su carrera ha obtenido diversos reconocimientos, entre los cuales destacan dos Compasso d\u2019Oro ADI, el Red Dot Design Award, el Design Plus, el German Design Award y dos veces el Grandesign Etico. En el 2018 ha recibido el Good Design Award del Chicago Athenaeum por el proyecto Multiplo de Indesit Company, un proyecto seleccionado tambi\u00e9n por ADI Index. El proyecto Anima Space Kitchen, dise\u00f1ado por Binova, ha recibido el premio a la cocina del a\u00f1o en el 2008 por parte de la revista danesa BoBedre, y ha sido seleccionado por Elle Decor International Design Awards para la categor\u00eda Kitchens. El montaje dise\u00f1ado por Vaselli Marmi, Marmomacc 2009, ha ganado el primer premio en el Best Communicator Award 2009. Desde el 2009 es profesor de Metodolog\u00eda de elaboraci\u00f3n de proyectos en el NID, el Nuevo Instituto de Dise\u00f1o de Perusa, desde el 2014 es profesor de dise\u00f1o en la ABA, la Academia de Bellas Artes Pietro Vannucci de Perusa, y desde el 2017 es profesor de dise\u00f1o en le DA, la Domus Academy de Mil\u00e1n. Actualmente trabaja en proyectos de dise\u00f1o de interiores, montajes de espacios museales, proyectos de comunicaci\u00f3n y dise\u00f1o industrial.<\/p>","post_title":"Marco Williams Fagioli","post_excerpt":"","post_status":"publish","comment_status":"closed","ping_status":"closed","post_password":"","post_name":"marco-williams-fagioli","to_ping":"","pinged":"","post_modified":"2022-05-17 17:45:36","post_modified_gmt":"2022-05-17 15:45:36","post_content_filtered":"","post_parent":0,"guid":"https:\/\/www.effe.it\/designer\/marco-williams-fagioli\/","menu_order":20,"post_type":"designer","post_mime_type":"","comment_count":"0","filter":"raw"}],"models_relationship":[{"ID":8559,"post_author":"9","post_date":"2021-08-02 13:04:41","post_date_gmt":"2021-08-02 11:04:41","post_content":"","post_title":"YOKU SH","post_excerpt":"","post_status":"publish","comment_status":"closed","ping_status":"closed","post_password":"","post_name":"yoku-sh","to_ping":"","pinged":"","post_modified":"2021-08-17 15:09:19","post_modified_gmt":"2021-08-17 13:09:19","post_content_filtered":"","post_parent":0,"guid":"https:\/\/www.effe.it\/blog\/modelli\/yoku-sh\/","menu_order":0,"post_type":"modelli","post_mime_type":"","comment_count":"0","filter":"raw"}],"models_with_documents":true,"description_model_toggle_field":true,"model_description":"","disponibile_su_misura":true,"blueprint_toggle":false,"blueprint":null,"abilitare_versioni":true},"slider_gallery":[{"image-slider-gallery":"https:\/\/static.effe.it\/website\/2021\/07\/Slider-Yoku-SH-1.jpg","text-image-gallery":"Versi\u00f3n glass","video":""},{"image-slider-gallery":"https:\/\/static.effe.it\/website\/2021\/07\/Slider-Yoku-SH-2.jpg","text-image-gallery":"Versi\u00f3n door","video":""},{"image-slider-gallery":"https:\/\/static.effe.it\/website\/2021\/07\/Slider-Yoku-SH-3.jpg","text-image-gallery":"Versi\u00f3n shelf","video":""},{"image-slider-gallery":"https:\/\/static.effe.it\/website\/2021\/07\/Slider-Yoku-SH-4.jpg","text-image-gallery":"Versi\u00f3n glass","video":""}],"gallery_photos_12_columns":[{"image_gallery_columns":false,"copy_image_column":"","numer_of_columns":"12","embed_video_gallery":"https:\/\/vimeo.com\/641573862"},{"image_gallery_columns":"https:\/\/static.effe.it\/website\/2021\/07\/Yoku-SH-1%402x.jpg","copy_image_column":"","numer_of_columns":"6","embed_video_gallery":""},{"image_gallery_columns":"https:\/\/static.effe.it\/website\/2021\/07\/Yoku-SH-2%402x.jpg","copy_image_column":"","numer_of_columns":"4","embed_video_gallery":""},{"image_gallery_columns":"https:\/\/static.effe.it\/website\/2021\/07\/Yoku-SH-3%402x.jpg","copy_image_column":"","numer_of_columns":"4","embed_video_gallery":""},{"image_gallery_columns":"https:\/\/static.effe.it\/website\/2021\/07\/Yoku-SH-4%402x.jpg","copy_image_column":"","numer_of_columns":"6","embed_video_gallery":""},{"image_gallery_columns":"https:\/\/static.effe.it\/website\/2021\/07\/Yoku-SH-5%402x-scaled.jpg","copy_image_column":"","numer_of_columns":"12","embed_video_gallery":"https:\/\/vimeo.com\/641574909"},{"image_gallery_columns":"https:\/\/static.effe.it\/website\/2021\/07\/Yoku-SH-6%402x.jpg","copy_image_column":"","numer_of_columns":"5","embed_video_gallery":""},{"image_gallery_columns":"https:\/\/static.effe.it\/website\/2021\/07\/Yoku-SH-7%402x.jpg","copy_image_column":"","numer_of_columns":"6","embed_video_gallery":""},{"image_gallery_columns":"https:\/\/static.effe.it\/website\/2021\/07\/Yoku-SH-8%402x.jpg","copy_image_column":"","numer_of_columns":"5","embed_video_gallery":""},{"image_gallery_columns":"https:\/\/static.effe.it\/website\/2021\/07\/Yoku-SH-9%402x.jpg","copy_image_column":"","numer_of_columns":"5","embed_video_gallery":""}],"documents_related_collection_group":[{"input_type":"url","resource_url":"https:\/\/drive.google.com\/file\/d\/1tal8GNxLA_AtWo1iKwFp8kp0nX6IU1BT\/view?usp=drive_link","document_title":"Brochure","file":false,"logged_in_only":false,"reserved_service_center":false},{"input_type":"url","resource_url":"https:\/\/drive.google.com\/file\/d\/1BNsXSoANnv-EhHKQdMmztjEBDXZSVDNR\/view?usp=sharing","document_title":"Hoja de preinstalaci\u00f3nc","file":false,"logged_in_only":false,"reserved_service_center":false},{"input_type":"url","resource_url":"https:\/\/drive.google.com\/file\/d\/1t26W6BBMRX0m4QfDZ8ZT9GhxzLCiSbGg\/view?usp=sharing","document_title":"Manual de montaje","file":false,"logged_in_only":true,"reserved_service_center":true},{"input_type":"url","resource_url":"https:\/\/drive.google.com\/file\/d\/1su0N5P3glA2cKEWXHdt9VlQ2eMpbjgcO\/view?usp=sharing","document_title":"2D","file":false,"logged_in_only":true,"reserved_service_center":true},{"input_type":"url","resource_url":"https:\/\/drive.google.com\/file\/d\/1H8PXAVDWwbkzxmonrFoMHTih-nLT_ELg\/view?usp=drive_link","document_title":"3D Dwg","file":false,"logged_in_only":true,"reserved_service_center":true},{"input_type":"url","resource_url":"https:\/\/drive.google.com\/file\/d\/1uJjrTKfTdWiIXJ7mtduoQ3HYZ1LZP854\/view?usp=drive_link","document_title":"3D fbx","file":false,"logged_in_only":true,"reserved_service_center":true},{"input_type":"url","resource_url":"https:\/\/drive.google.com\/file\/d\/1724oEE-9KITSZzXWeFdmpSaGoTG163zS\/view?usp=drive_link","document_title":"Sketchup","file":false,"logged_in_only":true,"reserved_service_center":true},{"input_type":"url","resource_url":"https:\/\/drive.google.com\/file\/d\/1bQuNj-lbLUoFc2Je08C-1jYEe9LH9iy9\/view?usp=drive_link","document_title":"Bim RFA","file":false,"logged_in_only":true,"reserved_service_center":true},{"input_type":"url","resource_url":"https:\/\/drive.google.com\/file\/d\/15ZkHwRUQr28m1KpTc7V4rHktRUavNc3F\/view?usp=drive_link","document_title":"Bim IFC","file":false,"logged_in_only":true,"reserved_service_center":true}]},"_links":{"self":[{"href":"https:\/\/www.effe.it\/es\/wp-json\/wp\/v2\/products\/9553"}],"collection":[{"href":"https:\/\/www.effe.it\/es\/wp-json\/wp\/v2\/products"}],"about":[{"href":"https:\/\/www.effe.it\/es\/wp-json\/wp\/v2\/types\/prodotto"}],"version-history":[{"count":6,"href":"https:\/\/www.effe.it\/es\/wp-json\/wp\/v2\/products\/9553\/revisions"}],"predecessor-version":[{"id":37840,"href":"https:\/\/www.effe.it\/es\/wp-json\/wp\/v2\/products\/9553\/revisions\/37840"}],"wp:featuredmedia":[{"embeddable":true,"href":"https:\/\/www.effe.it\/es\/wp-json\/wp\/v2\/media\/18085"}],"wp:attachment":[{"href":"https:\/\/www.effe.it\/es\/wp-json\/wp\/v2\/media?parent=9553"}],"wp:term":[{"taxonomy":"categorie_prodotti","embeddable":true,"href":"https:\/\/www.effe.it\/es\/wp-json\/wp\/v2\/categorie_prodotti?post=9553"},{"taxonomy":"famiglia_prodotti","embeddable":true,"href":"https:\/\/www.effe.it\/es\/wp-json\/wp\/v2\/famiglia_prodotti?post=9553"}],"curies":[{"name":"wp","href":"https:\/\/api.w.org\/{rel}","templated":true}]}}