{"id":35736,"date":"2025-03-25T15:51:17","date_gmt":"2025-03-25T13:51:17","guid":{"rendered":"https:\/\/www.effe.it\/prodotto\/logica-plus-mid\/"},"modified":"2025-06-27T09:01:26","modified_gmt":"2025-06-27T07:01:26","slug":"logica-plus-mid","status":"publish","type":"prodotto","link":"https:\/\/www.effe.it\/es\/producto\/logica-plus-mid\/","title":{"rendered":"Logica Plus Mid"},"content":{"rendered":"","protected":false},"featured_media":35424,"menu_order":0,"template":"","categorie_prodotti":[1208],"famiglia_prodotti":[1546],"better_featured_image":{"id":35424,"alt_text":"","caption":"","description":"","media_type":"image","media_details":{"width":1248,"height":936,"file":"2025\/03\/LogicaPlusMid-Featured-624x468-1.jpg","filesize":232471,"sizes":{"medium":{"file":"LogicaPlusMid-Featured-624x468-1-300x225.jpg","width":300,"height":225,"mime-type":"image\/jpeg","filesize":13152,"source_url":"https:\/\/static.effe.it\/website\/2025\/03\/25154606\/LogicaPlusMid-Featured-624x468-1-300x225.jpg"},"large":{"file":"LogicaPlusMid-Featured-624x468-1-1024x768.jpg","width":1024,"height":768,"mime-type":"image\/jpeg","filesize":81135,"source_url":"https:\/\/static.effe.it\/website\/2025\/03\/25154606\/LogicaPlusMid-Featured-624x468-1-1024x768.jpg"},"thumbnail":{"file":"LogicaPlusMid-Featured-624x468-1-150x150.jpg","width":150,"height":150,"mime-type":"image\/jpeg","filesize":5356,"source_url":"https:\/\/static.effe.it\/website\/2025\/03\/25154606\/LogicaPlusMid-Featured-624x468-1-150x150.jpg"},"medium_large":{"file":"LogicaPlusMid-Featured-624x468-1-768x576.jpg","width":768,"height":576,"mime-type":"image\/jpeg","filesize":53018,"source_url":"https:\/\/static.effe.it\/website\/2025\/03\/25154606\/LogicaPlusMid-Featured-624x468-1-768x576.jpg"},"image-related-size":{"file":"LogicaPlusMid-Featured-624x468-1-420x285.jpg","width":420,"height":285,"mime-type":"image\/jpeg","filesize":20513,"source_url":"https:\/\/static.effe.it\/website\/2025\/03\/25154606\/LogicaPlusMid-Featured-624x468-1-420x285.jpg"},"image-related-size-bigger-sq":{"file":"LogicaPlusMid-Featured-624x468-1-624x468.jpg","width":624,"height":468,"mime-type":"image\/jpeg","filesize":40361,"source_url":"https:\/\/static.effe.it\/website\/2025\/03\/25154606\/LogicaPlusMid-Featured-624x468-1-624x468.jpg"},"image-designer-product":{"file":"LogicaPlusMid-Featured-624x468-1-644x587.jpg","width":644,"height":587,"mime-type":"image\/jpeg","filesize":45576,"source_url":"https:\/\/static.effe.it\/website\/2025\/03\/25154606\/LogicaPlusMid-Featured-624x468-1-644x587.jpg"}},"image_meta":{"aperture":"0","credit":"","camera":"","caption":"","created_timestamp":"0","copyright":"","focal_length":"0","iso":"0","shutter_speed":"0","title":"","orientation":"0","keywords":[]}},"post":35736,"source_url":"https:\/\/static.effe.it\/website\/2025\/03\/25154606\/LogicaPlusMid-Featured-624x468-1.jpg"},"acf":{"intro_text":"Logica Plus representa la evoluci\u00f3n m\u00e1s reciente de la l\u00ednea de productos Logica, integrando en un solo espacio sauna, hammam y ducha (versi\u00f3n Spa). Su dise\u00f1o elegante y minimalista se distingue por una estructura ligera de aluminio y revestimientos en materiales de alta calidad, como el gres y la madera Aspen tratada t\u00e9rmicamente, que aportan calidez y confort.  Entre sus elementos m\u00e1s caracter\u00edsticos destacan los espejos, que crean una conexi\u00f3n horizontal entre los espacios, y la pared de vidrio que separa la sauna del hammam, generando una sensaci\u00f3n de continuidad y ampliando la percepci\u00f3n del espacio. Logica Plus Mid ofrece un bienestar completo en un espacio reducido, integrando sauna y hammam con un dise\u00f1o inteligente.","related_products_group":{"toggle_related_product_field":false,"related_products":null},"optional_products_group":{"optional_toggle_field":false,"related_optional":null},"accordion_group":{"":null,"materials-toggle-field":true,"miniatura_materiali":{"ID":35472,"id":35472,"title":"LogicaPlusMid-Materiali","filename":"LogicaPlusMid-Materiali.png","filesize":56555,"url":"https:\/\/static.effe.it\/website\/2025\/03\/25154918\/LogicaPlusMid-Materiali.png","link":"https:\/\/www.effe.it\/es\/producto\/logica-plus-mid\/logicaplusmid-materiali-2\/","alt":"","author":"3","description":"","caption":"","name":"logicaplusmid-materiali-2","status":"inherit","uploaded_to":35736,"date":"2025-03-25 13:49:18","modified":"2025-03-25 13:49:18","menu_order":0,"mime_type":"image\/png","type":"image","subtype":"png","icon":"https:\/\/www.effe.it\/wp-includes\/images\/media\/default.png","width":1201,"height":793,"sizes":{"thumbnail":"https:\/\/static.effe.it\/website\/2025\/03\/25154918\/LogicaPlusMid-Materiali-150x150.png","thumbnail-width":150,"thumbnail-height":150,"medium":"https:\/\/static.effe.it\/website\/2025\/03\/25154918\/LogicaPlusMid-Materiali-300x198.png","medium-width":300,"medium-height":198,"medium_large":"https:\/\/static.effe.it\/website\/2025\/03\/25154918\/LogicaPlusMid-Materiali-768x507.png","medium_large-width":768,"medium_large-height":507,"large":"https:\/\/static.effe.it\/website\/2025\/03\/25154918\/LogicaPlusMid-Materiali-1024x676.png","large-width":1024,"large-height":676,"image-related-size":"https:\/\/static.effe.it\/website\/2025\/03\/25154918\/LogicaPlusMid-Materiali-420x285.png","image-related-size-width":420,"image-related-size-height":285,"image-related-size-bigger-sq":"https:\/\/static.effe.it\/website\/2025\/03\/25154918\/LogicaPlusMid-Materiali-624x468.png","image-related-size-bigger-sq-width":624,"image-related-size-bigger-sq-height":468,"image-designer-product":"https:\/\/static.effe.it\/website\/2025\/03\/25154918\/LogicaPlusMid-Materiali-644x587.png","image-designer-product-width":644,"image-designer-product-height":587,"1536x1536":"https:\/\/static.effe.it\/website\/2025\/03\/25154918\/LogicaPlusMid-Materiali.png","1536x1536-width":1201,"1536x1536-height":793,"2048x2048":"https:\/\/static.effe.it\/website\/2025\/03\/25154918\/LogicaPlusMid-Materiali.png","2048x2048-width":1201,"2048x2048-height":793}},"materials_group":[{"materials_title":"","single_materials_repeater":[{"position_material":"EXTERIOR E INTERIOR DE LA SAUNA","single_materials":[{"ID":2590,"post_author":"2","post_date":"2021-07-29 10:52:08","post_date_gmt":"2021-07-29 08:52:08","post_content":"","post_title":"Aspen tratado t\u00e9rmicamente (liso)","post_excerpt":"","post_status":"publish","comment_status":"open","ping_status":"open","post_password":"","post_name":"aspen-tratado-termicamente-liso","to_ping":"","pinged":"","post_modified":"2021-07-29 10:52:08","post_modified_gmt":"2021-07-29 08:52:08","post_content_filtered":"","post_parent":0,"guid":"https:\/\/www.effe.it\/materiale_prodotto\/aspen-tratado-termicamente-liso\/","menu_order":0,"post_type":"materiale_prodotto","post_mime_type":"","comment_count":"0","filter":"raw"}]},{"position_material":"INTERIOR DEL HAMMAM","single_materials":[{"ID":35643,"post_author":"3","post_date":"2025-03-25 17:08:07","post_date_gmt":"2025-03-25 15:08:07","post_content":"","post_title":"Gres Laminado 3,5 Mm, Acabado Pelt","post_excerpt":"","post_status":"publish","comment_status":"closed","ping_status":"closed","post_password":"","post_name":"gres-laminato-slimtech-finitura-pelt","to_ping":"","pinged":"","post_modified":"2025-03-25 17:12:43","post_modified_gmt":"2025-03-25 15:12:43","post_content_filtered":"","post_parent":0,"guid":"https:\/\/www.effe.it\/blog\/materiale_prodotto\/gres-laminato-slimtech-finitura-pelt\/","menu_order":0,"post_type":"materiale_prodotto","post_mime_type":"","comment_count":"0","filter":"raw"}]},{"position_material":"ESTRUCTURA","single_materials":[{"ID":35649,"post_author":"3","post_date":"2025-03-25 17:09:01","post_date_gmt":"2025-03-25 15:09:01","post_content":"","post_title":"Aluminio Pintado Gris Beige","post_excerpt":"","post_status":"publish","comment_status":"closed","ping_status":"closed","post_password":"","post_name":"alluminio-verniciato-grey-beige","to_ping":"","pinged":"","post_modified":"2025-03-25 17:12:41","post_modified_gmt":"2025-03-25 15:12:41","post_content_filtered":"","post_parent":0,"guid":"https:\/\/www.effe.it\/blog\/materiale_prodotto\/alluminio-verniciato-grey-beige\/","menu_order":0,"post_type":"materiale_prodotto","post_mime_type":"","comment_count":"0","filter":"raw"}]}],"abilitare_numerazione":true}],"toggle_designer":true,"designer":[{"ID":664,"post_author":"6","post_date":"2021-07-14 17:17:13","post_date_gmt":"2021-07-14 15:17:13","post_content":"Dise\u00f1adora y arquitecta de interiores, empieza su profesi\u00f3n en la segunda mitad de la d\u00e9cada de los setenta. Tras varios a\u00f1os de trabajo funda, en colaboraci\u00f3n con algunos compa\u00f1eros, el estudio Talocci Design en el a\u00f1o 1995. El estudio cuenta con un grupo de colaboradores que trabaja principalmente en el product y exibit design y en el art direction, adem\u00e1s de ocuparse de comunicaci\u00f3n y organizaci\u00f3n de eventos. Una curiosidad natural por la innovaci\u00f3n, la investigaci\u00f3n mat\u00e9rica y tecnol\u00f3gica, la profunda observaci\u00f3n de la realidad que le rodea, le permiten dise\u00f1ar, en sectores completamente distintos entre ellos, para empresas de prestigio como Poltrona Frau, Teuco, Effegibi, Foppapedretti, Fantini, Provex, Falper, Scarabeo, Fratelli Guzzini, Fornara &amp;Maulini, Luceplan, Rapsel, Viasat, Italaquae, SanLorenzo, Domo, Et-al, Rina Menardi, Gran Tour, DMP Electronics y Stilhaus.\nHa obtenido muchos reconocimientos, entre los cuales numerosas selecciones ADI Design Index, menciones de honor en el Compasso D`Oro, premios Design Plus y German Design Award.Al trabajo proyectual como dise\u00f1adora une la actividad de arquitecta de interiores para espacios comerciales y viviendas particulares. Se ocupa de muchos eventos culturales: diversas ediciones de \u00abAbitare il Tempo\u00bb y luego \u00abSegnali di Cibo\u00bb, una muestra que en el 1999 anticip\u00f3 la tendencia de unir el dise\u00f1o con el tema de la comida, tambi\u00e9n \u00abWonderfull World\u00bb, \u00abSuperfici\u00bb, \u00abCafe\u2019 Cafe\u2019\u00bb, \u00abEvoca\u00bb, \u00abDesign on Board\u00bb, \u00abCome l\u2019acqua sul fuoco\u00bb, \u00abItalianism\u00bb. Presenta o participa como invitada en transmisiones de televisi\u00f3n sobre dise\u00f1o.Es miembro de muchos jurados en concursos de dise\u00f1o nacionales e internacionales.Ejerce como profesora en la universidad La Sapienza de Roma y en escuelas de dise\u00f1o como IED, QUASAR y actualmente AANT.Es socia ADI desde el 1979, del 2004 al 2017 forma parte del Comit\u00e9 Directivo Nacional ADI y del 2014 al 2017 es su vicepresidente.En el 2017 se ocupa de la introducci\u00f3n de la Collezione Design en el Palazzo della Farnesina y la realizaci\u00f3n de la Sala Design.Es miembro del Comitato di Indirizzo del Premio Nazionale per l\u2019Innovazione \u00abPremio dei Premi\u00bb creado por concesi\u00f3n del Presidente de la Rep\u00fablica Italiana en la fundaci\u00f3n COTEC. En el 2007 forma parte del primer Consejo Italiano del Dise\u00f1o, creado por el Ministero per i Beni e le Attivit\u00e0 Culturali.","post_title":"Giovanna Talocci","post_excerpt":"","post_status":"publish","comment_status":"closed","ping_status":"closed","post_password":"","post_name":"giovanna-talocci","to_ping":"","pinged":"","post_modified":"2022-05-17 17:45:43","post_modified_gmt":"2022-05-17 15:45:43","post_content_filtered":"","post_parent":0,"guid":"https:\/\/www.effe.it\/designer\/giovanna-talocci\/","menu_order":30,"post_type":"designer","post_mime_type":"","comment_count":"0","filter":"raw"},{"ID":26162,"post_author":"9693","post_date":"2022-02-28 12:22:59","post_date_gmt":"2022-02-28 10:22:59","post_content":"<!-- wp:paragraph -->\n<p>Marco Pallocca nace en Roma en el 1980.&nbsp;Obtiene el diploma en Dise\u00f1o Industrial en el Instituto Europeo de Dise\u00f1o en el 2006.&nbsp;Su propuesta creativa de est\u00e9tica esencial est\u00e1 caracterizada por una personalidad reflexiva y transversal unida a la continua investigaci\u00f3n y a una mirada atenta a la innovaci\u00f3n.&nbsp;<\/p>\n<!-- \/wp:paragraph -->\n\n<!-- wp:paragraph -->\n<p>Durante sus estudios participa con piezas autoproducidas en muestras y eventos como:&nbsp;<em>ICFF International Contemporary Furniture Fair<\/em>&nbsp;de New York (\u00abItalian Young Design 2005\u00bb), CSMEF (China Small and Medium Enterprise Fair 2006, stand Regi\u00f3n Lazio, en Cant\u00f3n).&nbsp;En el 2007 lo seleccionan para el XXI Compasso d'Oro \u00abYoung selection\u00bb.<\/p>\n<!-- \/wp:paragraph -->\n\n<!-- wp:paragraph -->\n<p>En el mismo a\u00f1o empieza su colaboraci\u00f3n con el estudio \u00abTalocci Design\u00bb con el que ha participado en numerosos proyectos para empresas como: Teuco, EFFE, Foppapedretti, Provex, Falper, Scarabeo Ceramiche, Et.al, DMP Electronics y Stilhaus.&nbsp;Desde el 2017 intensifica esta colaboraci\u00f3n empezando a firmar los proyectos junto con Giovanna Talocci.Desde el 2019 es profesor en la AANT (<em>Accademia Arti e Nuove Tecnologie<\/em>) de Roma.<\/p>\n<!-- \/wp:paragraph -->","post_title":"Marco Pallocca","post_excerpt":"","post_status":"publish","comment_status":"closed","ping_status":"closed","post_password":"","post_name":"marco-pallocca","to_ping":"","pinged":"","post_modified":"2022-05-17 17:45:05","post_modified_gmt":"2022-05-17 15:45:05","post_content_filtered":"","post_parent":0,"guid":"https:\/\/www.effe.it\/blog\/designer\/marco-pallocca\/","menu_order":40,"post_type":"designer","post_mime_type":"","comment_count":"0","filter":"raw"}],"models_relationship":[{"ID":35684,"post_author":"3","post_date":"2025-03-25 15:50:55","post_date_gmt":"2025-03-25 13:50:55","post_content":"","post_title":"Logica Plus Mid","post_excerpt":"","post_status":"publish","comment_status":"closed","ping_status":"closed","post_password":"","post_name":"logica-plus-mid","to_ping":"","pinged":"","post_modified":"2025-03-25 17:16:58","post_modified_gmt":"2025-03-25 15:16:58","post_content_filtered":"","post_parent":0,"guid":"https:\/\/www.effe.it\/blog\/modelli\/logica-plus-mid\/","menu_order":0,"post_type":"modelli","post_mime_type":"","comment_count":"0","filter":"raw"}],"models_with_documents":true,"description_model_toggle_field":false,"model_description":"","disponibile_su_misura":false,"blueprint_toggle":false,"blueprint":null,"abilitare_versioni":true},"slider_gallery":[{"image-slider-gallery":"https:\/\/static.effe.it\/website\/2025\/03\/25154618\/LogicaPlusMid-hero1-scaled.jpg","text-image-gallery":"","video":""}],"gallery_photos_12_columns":[{"image_gallery_columns":"https:\/\/static.effe.it\/website\/2025\/03\/25154649\/LogicaPlusMid-1.jpg","copy_image_column":"","numer_of_columns":"4","embed_video_gallery":""},{"image_gallery_columns":"https:\/\/static.effe.it\/website\/2025\/03\/28115856\/Gruppo-di-maschere-3.jpg","copy_image_column":"","numer_of_columns":"6","embed_video_gallery":""},{"image_gallery_columns":"https:\/\/static.effe.it\/website\/2025\/03\/25154643\/LogicaPlusMid-3-scaled.jpg","copy_image_column":"Logica Plus puede adaptarse para una instalaci\u00f3n empotrada mediante un m\u00f3dulo adicional personalizable en ancho.","numer_of_columns":"11","embed_video_gallery":""},{"image_gallery_columns":"https:\/\/static.effe.it\/website\/2025\/03\/25154639\/LogicaPlusMid-4.jpg","copy_image_column":"","numer_of_columns":"6","embed_video_gallery":""},{"image_gallery_columns":"https:\/\/static.effe.it\/website\/2025\/03\/25154637\/LogicaPlusMid-5.jpg","copy_image_column":"","numer_of_columns":"4","embed_video_gallery":""},{"image_gallery_columns":"https:\/\/static.effe.it\/website\/2025\/03\/25154634\/LogicaPlusMid-6.jpg","copy_image_column":"","numer_of_columns":"10","embed_video_gallery":""},{"image_gallery_columns":"https:\/\/static.effe.it\/website\/2025\/03\/28115505\/Gruppo-di-maschere-1.jpg","copy_image_column":"","numer_of_columns":"6","embed_video_gallery":""},{"image_gallery_columns":"https:\/\/static.effe.it\/website\/2025\/03\/28115453\/16502_11-12-Effe-dicembre-2024.jpg","copy_image_column":"","numer_of_columns":"6","embed_video_gallery":""},{"image_gallery_columns":"https:\/\/static.effe.it\/website\/2025\/03\/28115456\/16503_08-08-Effe-dicembre-2024.jpg","copy_image_column":"","numer_of_columns":"6","embed_video_gallery":""},{"image_gallery_columns":"https:\/\/static.effe.it\/website\/2025\/03\/28115503\/16597_01-Effe-dicembre-2024.jpg","copy_image_column":"","numer_of_columns":"6","embed_video_gallery":""},{"image_gallery_columns":"https:\/\/static.effe.it\/website\/2025\/03\/28115501\/16507_04-Effe-dicembre-2024.jpg","copy_image_column":"","numer_of_columns":"6","embed_video_gallery":""},{"image_gallery_columns":"https:\/\/static.effe.it\/website\/2025\/03\/28115507\/Gruppo-di-maschere-4.jpg","copy_image_column":"","numer_of_columns":"6","embed_video_gallery":""},{"image_gallery_columns":"https:\/\/static.effe.it\/website\/2025\/03\/28115458\/16504_11-12-Effe-dicembre-2024.jpg","copy_image_column":"","numer_of_columns":"6","embed_video_gallery":""}],"documents_related_collection_group":[{"input_type":"url","resource_url":"https:\/\/drive.google.com\/file\/d\/1Nfqvgz2QRhWF9m8jwpn8cPrA-97SOBxt\/view?usp=drive_link","document_title":"BROCHURE","file":false,"logged_in_only":false,"reserved_service_center":false},{"input_type":"url","resource_url":"https:\/\/drive.google.com\/drive\/folders\/1gjN6lL4O-SoTLC4IMPM8M7HCKjf_Xmj9?usp=drive_link","document_title":"Preinstalaci\u00f3n","file":false,"logged_in_only":false,"reserved_service_center":false},{"input_type":"url","resource_url":"https:\/\/drive.google.com\/drive\/folders\/1Ski9fTxzrMh0Qvhq44lMXe4XgJ7NE7Qc?usp=drive_link","document_title":"Manual de montaje","file":false,"logged_in_only":true,"reserved_service_center":false}]},"_links":{"self":[{"href":"https:\/\/www.effe.it\/es\/wp-json\/wp\/v2\/products\/35736"}],"collection":[{"href":"https:\/\/www.effe.it\/es\/wp-json\/wp\/v2\/products"}],"about":[{"href":"https:\/\/www.effe.it\/es\/wp-json\/wp\/v2\/types\/prodotto"}],"version-history":[{"count":4,"href":"https:\/\/www.effe.it\/es\/wp-json\/wp\/v2\/products\/35736\/revisions"}],"predecessor-version":[{"id":36435,"href":"https:\/\/www.effe.it\/es\/wp-json\/wp\/v2\/products\/35736\/revisions\/36435"}],"wp:featuredmedia":[{"embeddable":true,"href":"https:\/\/www.effe.it\/es\/wp-json\/wp\/v2\/media\/35424"}],"wp:attachment":[{"href":"https:\/\/www.effe.it\/es\/wp-json\/wp\/v2\/media?parent=35736"}],"wp:term":[{"taxonomy":"categorie_prodotti","embeddable":true,"href":"https:\/\/www.effe.it\/es\/wp-json\/wp\/v2\/categorie_prodotti?post=35736"},{"taxonomy":"famiglia_prodotti","embeddable":true,"href":"https:\/\/www.effe.it\/es\/wp-json\/wp\/v2\/famiglia_prodotti?post=35736"}],"curies":[{"name":"wp","href":"https:\/\/api.w.org\/{rel}","templated":true}]}}