{"id":30810,"date":"2023-08-07T15:56:42","date_gmt":"2023-08-07T13:56:42","guid":{"rendered":"https:\/\/www.effe.it\/?post_type=prodotto&#038;p=30810"},"modified":"2025-04-08T12:33:48","modified_gmt":"2025-04-08T10:33:48","slug":"natural-ir","status":"publish","type":"prodotto","link":"https:\/\/www.effe.it\/es\/producto\/natural-ir\/","title":{"rendered":"Natural IR"},"content":{"rendered":"\n<p>Natural IR es fabricadas en madera de Aspen tratada t\u00e9rmicamente, con inserciones de gres Concreto.<\/p>\n","protected":false},"featured_media":30915,"menu_order":0,"template":"","categorie_prodotti":[1198,1361],"famiglia_prodotti":[1360,1369],"better_featured_image":{"id":30915,"alt_text":"","caption":"","description":"","media_type":"image","media_details":{"width":1184,"height":960,"file":"2023\/08\/Natura-IRpreview.jpg","sizes":{"medium":{"file":"Natura-IRpreview-300x243.jpg","width":300,"height":243,"mime-type":"image\/jpeg","source_url":"https:\/\/static.effe.it\/website\/2023\/08\/Natura-IRpreview-300x243.jpg"},"large":{"file":"Natura-IRpreview-1024x830.jpg","width":1024,"height":830,"mime-type":"image\/jpeg","source_url":"https:\/\/static.effe.it\/website\/2023\/08\/Natura-IRpreview-1024x830.jpg"},"thumbnail":{"file":"Natura-IRpreview-150x150.jpg","width":150,"height":150,"mime-type":"image\/jpeg","source_url":"https:\/\/static.effe.it\/website\/2023\/08\/Natura-IRpreview-150x150.jpg"},"medium_large":{"file":"Natura-IRpreview-768x623.jpg","width":768,"height":623,"mime-type":"image\/jpeg","source_url":"https:\/\/static.effe.it\/website\/2023\/08\/Natura-IRpreview-768x623.jpg"},"image-related-size":{"file":"Natura-IRpreview-420x285.jpg","width":420,"height":285,"mime-type":"image\/jpeg","source_url":"https:\/\/static.effe.it\/website\/2023\/08\/Natura-IRpreview-420x285.jpg"},"image-related-size-bigger-sq":{"file":"Natura-IRpreview-624x468.jpg","width":624,"height":468,"mime-type":"image\/jpeg","source_url":"https:\/\/static.effe.it\/website\/2023\/08\/Natura-IRpreview-624x468.jpg"},"image-designer-product":{"file":"Natura-IRpreview-644x587.jpg","width":644,"height":587,"mime-type":"image\/jpeg","source_url":"https:\/\/static.effe.it\/website\/2023\/08\/Natura-IRpreview-644x587.jpg"}},"image_meta":{"aperture":"0","credit":"","camera":"","caption":"","created_timestamp":"0","copyright":"","focal_length":"0","iso":"0","shutter_speed":"0","title":"","orientation":"0","keywords":[]}},"post":30810,"source_url":"https:\/\/static.effe.it\/website\/2023\/08\/Natura-IRpreview.jpg"},"acf":{"intro_text":"Natural realza el concepto \u00edntimo y personal del bienestar, y ofrece una experiencia sensorial envolvente. Gracias a las amplias superficies transparentes, se consigue una relaci\u00f3n entre interior y exterior que elimina toda sensaci\u00f3n de espacio cerrado. Natural est\u00e1 disponible en la versi\u00f3n infrarrojos, dise\u00f1ada para obtener el m\u00e1ximo beneficio para la salud de m\u00fasculos y huesos, reducir la sensaci\u00f3n de cansancio y favorecer un descanso \u00f3ptimo.","related_products_group":{"toggle_related_product_field":true,"related_products":[{"ID":9677,"post_author":"3","post_date":"2021-07-29 12:19:09","post_date_gmt":"2021-07-29 10:19:09","post_content":"<!-- wp:paragraph -->\n<p>La temperatura en las cabinas de infrarrojos es de aproximadamente 30-40 \u00b0C, a diferencia de las saunas tradicionales que pueden llegar hasta los 90-100 \u00b0C. Los rayos infrarrojos tienen la caracter\u00edstica de penetrar en la piel en profundidad y generar efectos beneficiosos para nuestro cuerpo: relajaci\u00f3n profunda, alivio de dolores musculares, estimulaci\u00f3n de la circulaci\u00f3n sangu\u00ednea y activaci\u00f3n de los procesos metab\u00f3licos. Los tiempos de permanencia en las cabinas de infrarrojos pueden alcanzar los 60 minutos.<\/p>\n<!-- \/wp:paragraph -->\n\n<!-- wp:paragraph -->\n<p>Est\u00e9ticamente, Idea IR se caracteriza por el marco externo de forma inclinada que crea un perfil de sombra y da profundidad incluso en el caso de tama\u00f1os reducidos. Las paredes internas son de Hemlock, con paneles lisos. La luz interna, que roza la pared de fondo, crea una atm\u00f3sfera especialmente acogedora. Los emisores de infrarrojos est\u00e1n situados en los \u00e1ngulos internos (2 o 4 emisores seg\u00fan el tama\u00f1o).<\/p>\n<!-- \/wp:paragraph -->","post_title":"Idea IR","post_excerpt":"","post_status":"publish","comment_status":"closed","ping_status":"closed","post_password":"","post_name":"idea-ir","to_ping":"","pinged":"","post_modified":"2025-05-20 18:05:41","post_modified_gmt":"2025-05-20 16:05:41","post_content_filtered":"","post_parent":0,"guid":"https:\/\/www.effe.it\/prodotto\/idea-ir\/","menu_order":0,"post_type":"prodotto","post_mime_type":"","comment_count":"0","filter":"raw"},{"ID":9694,"post_author":"12708","post_date":"2021-07-29 11:03:03","post_date_gmt":"2021-07-29 09:03:03","post_content":"<!-- wp:paragraph -->\n<p>Se trata de una sauna de dise\u00f1o \u00fanico, capaz de regalar al ambiente una fuerte personalidad y una gran elegancia. La estufa de la sauna de BodyLove est\u00e1 revestida con cer\u00e1mica esmaltada, con colores \u00fanicos, un material de valor que destaca la suave belleza de la madera. La fuente de calor, elemento de importancia central en la tradici\u00f3n de la sauna finlandesa, ocupa de nuevo un papel de primer nivel incluso en la est\u00e9tica. Las paredes se proponen en dos esencias de madera distintas: Hemlock natural y madera maciza tratada t\u00e9rmicamente, con la posibilidad de introducir por encargo superficies en espejo.&nbsp;BodyLove incluye paneles externos que enfatizan el tama\u00f1o dom\u00e9stico del sistema, dise\u00f1ado para formar parte del mobiliario.&nbsp;Como todos los productos Effe, BodyLove ofrece muchas posibilidades de personalizaci\u00f3n en t\u00e9rminos de selecci\u00f3n y combinaci\u00f3n de los materiales para crear un espacio de bienestar realmente a medida.<\/p>\n<!-- \/wp:paragraph -->","post_title":"BodyLove S","post_excerpt":"","post_status":"publish","comment_status":"closed","ping_status":"closed","post_password":"","post_name":"bodylove-s","to_ping":"","pinged":"","post_modified":"2025-11-11 13:28:29","post_modified_gmt":"2025-11-11 11:28:29","post_content_filtered":"","post_parent":0,"guid":"https:\/\/www.effe.it\/prodotto\/bodylove-s\/","menu_order":0,"post_type":"prodotto","post_mime_type":"","comment_count":"0","filter":"raw"},{"ID":9747,"post_author":"12708","post_date":"2021-07-29 11:03:03","post_date_gmt":"2021-07-29 09:03:03","post_content":"<!-- wp:paragraph -->\n<p>Las tres soluciones est\u00e9ticas diferentes, declinables en tres esencias de madera distintas, hacen que el proyecto est\u00e9 abierto a cualquier propuesta de dise\u00f1o. El volumen de la estufa est\u00e1 integrado en el banco m\u00e1s bajo ofreciendo de esta forma una imagen de gran linealidad formal.<\/p>\n<!-- \/wp:paragraph -->\n\n<!-- wp:paragraph -->\n<p>La inspiraci\u00f3n, de la que deriva su nombre, proviene de un ramo especial de la medicina natural japonesa que se basa en los efectos beneficiosos del contacto con las plantas y con la atm\u00f3sfera de los bosques.<\/p>\n<!-- \/wp:paragraph -->","post_title":"Yoku S","post_excerpt":"","post_status":"publish","comment_status":"closed","ping_status":"closed","post_password":"","post_name":"yoku-s","to_ping":"","pinged":"","post_modified":"2025-11-10 13:11:22","post_modified_gmt":"2025-11-10 11:11:22","post_content_filtered":"","post_parent":0,"guid":"https:\/\/www.effe.it\/prodotto\/yoku-s\/","menu_order":0,"post_type":"prodotto","post_mime_type":"","comment_count":"0","filter":"raw"},{"ID":29987,"post_author":"12708","post_date":"2023-05-10 10:22:27","post_date_gmt":"2023-05-10 08:22:27","post_content":"<!-- wp:paragraph -->\n<p>Aladdin, la nueva sauna dise\u00f1ada por Rodolfo Dordoni en colaboraci\u00f3n con Michele Angelini, nace de la necesidad cada vez mayor de integrar espacios dedicados al bienestar personal en entornos dom\u00e9sticos.<\/p>\n<!-- \/wp:paragraph -->\n\n<!-- wp:paragraph -->\n<p>Los elementos distintivos de este producto son los espejos que cubren la parte inferior y el aluminio anodizado presente en la estufa y el marco exterior. Estas superficies de alta calidad crean un juego visual que une armoniosamente el dise\u00f1o de Aladdin con el de su entorno.&nbsp;<\/p>\n<!-- \/wp:paragraph -->\n\n<!-- wp:paragraph -->\n<p>Aladdin puede completarse con una plataforma interior con revestimiento de gres: una especie de alfombra suspendida que permite integrar esta sauna incluso en los ambientes m\u00e1s sofisticados, al tiempo que realza su ligereza.&nbsp;<\/p>\n<!-- \/wp:paragraph -->\n\n<!-- wp:paragraph -->\n<p>En su interior, cuenta con asientos de madera muy confortables gracias a sus cantos suavemente redondeados y fabricados con solo dos elementos constructivos.<\/p>\n<!-- \/wp:paragraph -->\n\n<!-- wp:paragraph -->\n<p>La estufa, elemento neur\u00e1lgico de toda sauna, est\u00e1 revestida con una cubierta de aluminio anodizado, material que volvemos a encontrar en el marco exterior alrededor de la parte frontal.<\/p>\n<!-- \/wp:paragraph -->","post_title":"Aladdin","post_excerpt":"","post_status":"publish","comment_status":"closed","ping_status":"closed","post_password":"","post_name":"aladdin","to_ping":"","pinged":"","post_modified":"2026-01-09 13:13:27","post_modified_gmt":"2026-01-09 11:13:27","post_content_filtered":"","post_parent":0,"guid":"https:\/\/www.effe.it\/prodotto\/aladdin\/","menu_order":0,"post_type":"prodotto","post_mime_type":"","comment_count":"0","filter":"raw"}]},"optional_products_group":{"optional_toggle_field":false,"related_optional":""},"accordion_group":{"":null,"materials-toggle-field":true,"miniatura_materiali":{"ID":29803,"id":29803,"title":"Natural Infrared@2x","filename":"Natural-Infrared@2x-1.png","filesize":24907,"url":"https:\/\/static.effe.it\/website\/2023\/05\/Natural-Infrared%402x-1.png","link":"https:\/\/www.effe.it\/es\/producto\/natural-s\/natural-infrared2x-2-2\/","alt":"","author":"9693","description":"","caption":"","name":"natural-infrared2x-2-2","status":"inherit","uploaded_to":29979,"date":"2023-05-10 09:12:01","modified":"2023-05-10 09:12:01","menu_order":0,"mime_type":"image\/png","type":"image","subtype":"png","icon":"https:\/\/www.effe.it\/wp-includes\/images\/media\/default.png","width":697,"height":461,"sizes":{"thumbnail":"https:\/\/static.effe.it\/website\/2023\/05\/Natural-Infrared%402x-1-150x150.png","thumbnail-width":150,"thumbnail-height":150,"medium":"https:\/\/static.effe.it\/website\/2023\/05\/Natural-Infrared%402x-1-300x198.png","medium-width":300,"medium-height":198,"medium_large":"https:\/\/static.effe.it\/website\/2023\/05\/Natural-Infrared%402x-1.png","medium_large-width":697,"medium_large-height":461,"large":"https:\/\/static.effe.it\/website\/2023\/05\/Natural-Infrared%402x-1.png","large-width":697,"large-height":461,"image-related-size":"https:\/\/static.effe.it\/website\/2023\/05\/Natural-Infrared%402x-1-420x285.png","image-related-size-width":420,"image-related-size-height":285,"image-related-size-bigger-sq":"https:\/\/static.effe.it\/website\/2023\/05\/Natural-Infrared%402x-1-624x461.png","image-related-size-bigger-sq-width":624,"image-related-size-bigger-sq-height":461,"image-designer-product":"https:\/\/static.effe.it\/website\/2023\/05\/Natural-Infrared%402x-1-644x461.png","image-designer-product-width":644,"image-designer-product-height":461,"1536x1536":"https:\/\/static.effe.it\/website\/2023\/05\/Natural-Infrared%402x-1.png","1536x1536-width":697,"1536x1536-height":461,"2048x2048":"https:\/\/static.effe.it\/website\/2023\/05\/Natural-Infrared%402x-1.png","2048x2048-width":697,"2048x2048-height":461}},"materials_group":[{"materials_title":"Aspen tratado t\u00e9rmicamente","single_materials_repeater":[{"position_material":"Interior, Exterior","single_materials":[{"ID":2590,"post_author":"2","post_date":"2021-07-29 10:52:08","post_date_gmt":"2021-07-29 08:52:08","post_content":"","post_title":"Aspen tratado t\u00e9rmicamente (liso)","post_excerpt":"","post_status":"publish","comment_status":"open","ping_status":"open","post_password":"","post_name":"aspen-tratado-termicamente-liso","to_ping":"","pinged":"","post_modified":"2021-07-29 10:52:08","post_modified_gmt":"2021-07-29 08:52:08","post_content_filtered":"","post_parent":0,"guid":"https:\/\/www.effe.it\/materiale_prodotto\/aspen-tratado-termicamente-liso\/","menu_order":0,"post_type":"materiale_prodotto","post_mime_type":"","comment_count":"0","filter":"raw"}]},{"position_material":"Banco externo","single_materials":[{"ID":29822,"post_author":"9693","post_date":"2023-05-10 11:25:41","post_date_gmt":"2023-05-10 09:25:41","post_content":"","post_title":"Slimtech Concreto Medium","post_excerpt":"","post_status":"publish","comment_status":"closed","ping_status":"closed","post_password":"","post_name":"slimtech-concreto-medium","to_ping":"","pinged":"","post_modified":"2023-05-10 11:25:45","post_modified_gmt":"2023-05-10 09:25:45","post_content_filtered":"","post_parent":0,"guid":"https:\/\/www.effe.it\/?post_type=materiale_prodotto&#038;p=29822","menu_order":0,"post_type":"materiale_prodotto","post_mime_type":"","comment_count":"0","filter":"raw"}]}],"abilitare_numerazione":true}],"toggle_designer":true,"designer":[{"ID":665,"post_author":"6","post_date":"2021-07-14 17:17:13","post_date_gmt":"2021-07-14 15:17:13","post_content":"<p class=\"p1\">Premiado con dos Compasso d\u2019Oro ADI, en el 2016 con el proyecto de dise\u00f1o industrial 5MM para Treemme, y en el 2011 con el proyecto de comunicaci\u00f3n Multiverso, ha sido seleccionado en la XXI Triennale International Exhibition 2016 de Mil\u00e1n con el proyecto Matris, en la selecci\u00f3n Designer over 35. Ha realizado la instalaci\u00f3n Convivium 2.0 para Expo 2015 en el espacio dedicado a la regi\u00f3n Umbr\u00eda. El proyecto 8emezzo para la regi\u00f3n Umbr\u00eda se ha expuesto en la Universidad Estatal de Mil\u00e1n en colaboraci\u00f3n con Interni en la edici\u00f3n Fuorisalone 2015. Marco Williams Fagioli, despu\u00e9s del diploma en el ISIA de Urbino, fund\u00f3 en el 2001 Zup Design, del que es Director Creativo, un estudio que se ocupa de dise\u00f1o estrat\u00e9gico y elaboraci\u00f3n integrada de proyectos.<span class=\"Apple-converted-space\">\u00a0<\/span><\/p>\n<p class=\"p1\">Durante su carrera ha obtenido diversos reconocimientos, entre los cuales destacan dos Compasso d\u2019Oro ADI, el Red Dot Design Award, el Design Plus, el German Design Award y dos veces el Grandesign Etico. En el 2018 ha recibido el Good Design Award del Chicago Athenaeum por el proyecto Multiplo de Indesit Company, un proyecto seleccionado tambi\u00e9n por ADI Index. El proyecto Anima Space Kitchen, dise\u00f1ado por Binova, ha recibido el premio a la cocina del a\u00f1o en el 2008 por parte de la revista danesa BoBedre, y ha sido seleccionado por Elle Decor International Design Awards para la categor\u00eda Kitchens. El montaje dise\u00f1ado por Vaselli Marmi, Marmomacc 2009, ha ganado el primer premio en el Best Communicator Award 2009. Desde el 2009 es profesor de Metodolog\u00eda de elaboraci\u00f3n de proyectos en el NID, el Nuevo Instituto de Dise\u00f1o de Perusa, desde el 2014 es profesor de dise\u00f1o en la ABA, la Academia de Bellas Artes Pietro Vannucci de Perusa, y desde el 2017 es profesor de dise\u00f1o en le DA, la Domus Academy de Mil\u00e1n. Actualmente trabaja en proyectos de dise\u00f1o de interiores, montajes de espacios museales, proyectos de comunicaci\u00f3n y dise\u00f1o industrial.<\/p>","post_title":"Marco Williams Fagioli","post_excerpt":"","post_status":"publish","comment_status":"closed","ping_status":"closed","post_password":"","post_name":"marco-williams-fagioli","to_ping":"","pinged":"","post_modified":"2022-05-17 17:45:36","post_modified_gmt":"2022-05-17 15:45:36","post_content_filtered":"","post_parent":0,"guid":"https:\/\/www.effe.it\/designer\/marco-williams-fagioli\/","menu_order":20,"post_type":"designer","post_mime_type":"","comment_count":"0","filter":"raw"}],"models_relationship":[{"ID":30908,"post_author":"9693","post_date":"2023-08-07 15:55:11","post_date_gmt":"2023-08-07 13:55:11","post_content":"","post_title":"Natural IR","post_excerpt":"","post_status":"publish","comment_status":"closed","ping_status":"closed","post_password":"","post_name":"natural-ir","to_ping":"","pinged":"","post_modified":"2023-08-07 15:55:15","post_modified_gmt":"2023-08-07 13:55:15","post_content_filtered":"","post_parent":0,"guid":"https:\/\/www.effe.it\/?post_type=modelli&#038;p=30908","menu_order":0,"post_type":"modelli","post_mime_type":"","comment_count":"0","filter":"raw"}],"models_with_documents":true,"description_model_toggle_field":true,"model_description":"","disponibile_su_misura":false,"blueprint_toggle":false,"blueprint":null,"abilitare_versioni":true},"slider_gallery":[{"image-slider-gallery":"https:\/\/static.effe.it\/website\/2023\/08\/Natural-IRSlider1.jpg","text-image-gallery":"","video":""}],"documents_related_collection_group":[{"input_type":"url","resource_url":"https:\/\/drive.google.com\/file\/d\/1M8vkQSDN1JLDjVQ3nt7dwG9AZLd_BsUv\/view?usp=drive_link","document_title":"Brochure Natural","file":false,"logged_in_only":false,"reserved_service_center":false},{"input_type":"url","resource_url":"https:\/\/drive.google.com\/file\/d\/1HWKEjihNAZI1EIAbrLKsfY8jRQiFHdZu\/view?usp=drive_link","document_title":"Hoja de preinstalacion","file":false,"logged_in_only":false,"reserved_service_center":false},{"input_type":"url","resource_url":"https:\/\/drive.google.com\/file\/d\/19HRUxOkLmEng-14whikskMf2J5NXOuTO\/view?usp=drive_link","document_title":"Manual de montaje","file":false,"logged_in_only":true,"reserved_service_center":false},{"input_type":"url","resource_url":"https:\/\/drive.google.com\/file\/d\/1kjw12GVIxuMUoP8qLEentlgzrthrMHX4\/view?usp=drive_link","document_title":"Manual de funcionamiento y mantenimento ","file":false,"logged_in_only":true,"reserved_service_center":false}],"gallery_photos_12_columns":[{"image_gallery_columns":"https:\/\/static.effe.it\/website\/2023\/08\/Natural-IR1.jpg","copy_image_column":"","numer_of_columns":"3","embed_video_gallery":""},{"image_gallery_columns":"https:\/\/static.effe.it\/website\/2023\/08\/Natural-IR2.jpg","copy_image_column":"","numer_of_columns":"7","embed_video_gallery":""},{"image_gallery_columns":"https:\/\/static.effe.it\/website\/2023\/08\/Natural-IR3.jpg","copy_image_column":"","numer_of_columns":"5","embed_video_gallery":""},{"image_gallery_columns":"https:\/\/static.effe.it\/website\/2023\/08\/Natural-IR4.jpg","copy_image_column":"","numer_of_columns":"5","embed_video_gallery":""},{"image_gallery_columns":false,"copy_image_column":"","numer_of_columns":"12","embed_video_gallery":"https:\/\/vimeo.com\/857522448"},{"image_gallery_columns":"https:\/\/static.effe.it\/website\/2023\/08\/Natural-IR5.jpg","copy_image_column":"","numer_of_columns":"5","embed_video_gallery":""},{"image_gallery_columns":"https:\/\/static.effe.it\/website\/2023\/08\/Natural-IR6.jpg","copy_image_column":"","numer_of_columns":"3","embed_video_gallery":""},{"image_gallery_columns":"https:\/\/static.effe.it\/website\/2023\/08\/Natural-IR7.jpg","copy_image_column":"","numer_of_columns":"10","embed_video_gallery":""},{"image_gallery_columns":"https:\/\/static.effe.it\/website\/2023\/08\/Natural-IR8.jpg","copy_image_column":"","numer_of_columns":"4","embed_video_gallery":""},{"image_gallery_columns":"https:\/\/static.effe.it\/website\/2023\/08\/Natural-IR9.jpg","copy_image_column":"","numer_of_columns":"6","embed_video_gallery":""},{"image_gallery_columns":"https:\/\/static.effe.it\/website\/2023\/08\/Natural-IR10.jpg","copy_image_column":"","numer_of_columns":"6","embed_video_gallery":""},{"image_gallery_columns":"https:\/\/static.effe.it\/website\/2023\/08\/Natural-IR11.jpg","copy_image_column":"","numer_of_columns":"4","embed_video_gallery":""},{"image_gallery_columns":"https:\/\/static.effe.it\/website\/2023\/08\/Natural-IR12-scaled.jpg","copy_image_column":"","numer_of_columns":"12","embed_video_gallery":""},{"image_gallery_columns":"https:\/\/static.effe.it\/website\/2023\/08\/Natural-IR13.jpg","copy_image_column":"","numer_of_columns":"4","embed_video_gallery":""},{"image_gallery_columns":"https:\/\/static.effe.it\/website\/2023\/08\/Natural-IR14.jpg","copy_image_column":"","numer_of_columns":"5","embed_video_gallery":""},{"image_gallery_columns":false,"copy_image_column":"","numer_of_columns":"12","embed_video_gallery":"https:\/\/vimeo.com\/853288691"}]},"_links":{"self":[{"href":"https:\/\/www.effe.it\/es\/wp-json\/wp\/v2\/products\/30810"}],"collection":[{"href":"https:\/\/www.effe.it\/es\/wp-json\/wp\/v2\/products"}],"about":[{"href":"https:\/\/www.effe.it\/es\/wp-json\/wp\/v2\/types\/prodotto"}],"version-history":[{"count":3,"href":"https:\/\/www.effe.it\/es\/wp-json\/wp\/v2\/products\/30810\/revisions"}],"predecessor-version":[{"id":34607,"href":"https:\/\/www.effe.it\/es\/wp-json\/wp\/v2\/products\/30810\/revisions\/34607"}],"wp:featuredmedia":[{"embeddable":true,"href":"https:\/\/www.effe.it\/es\/wp-json\/wp\/v2\/media\/30915"}],"wp:attachment":[{"href":"https:\/\/www.effe.it\/es\/wp-json\/wp\/v2\/media?parent=30810"}],"wp:term":[{"taxonomy":"categorie_prodotti","embeddable":true,"href":"https:\/\/www.effe.it\/es\/wp-json\/wp\/v2\/categorie_prodotti?post=30810"},{"taxonomy":"famiglia_prodotti","embeddable":true,"href":"https:\/\/www.effe.it\/es\/wp-json\/wp\/v2\/famiglia_prodotti?post=30810"}],"curies":[{"name":"wp","href":"https:\/\/api.w.org\/{rel}","templated":true}]}}