{"id":28514,"date":"2022-06-06T17:40:46","date_gmt":"2022-06-06T15:40:46","guid":{"rendered":"https:\/\/www.effe.it\/prodotto\/cabanon\/"},"modified":"2026-04-29T16:50:20","modified_gmt":"2026-04-29T14:50:20","slug":"cabanon","status":"publish","type":"prodotto","link":"https:\/\/www.effe.it\/es\/producto\/cabanon\/","title":{"rendered":"Cabanon"},"content":{"rendered":"\n<p>El impacto visual del proyecto se caracteriza por las paredes externas en aluminio ondulado y pintado, disponible en 3 colores con acabado mate, estudiados para ofrecer un efecto refinado y en cierta manera mim\u00e9tico, no exagerado, respetuoso con el entorno en el que se colocar\u00e1 la sauna. Este elemento consigue que la ubicaci\u00f3n potencial de Cabanon sea completamente transversal, que se pueda combinar perfectamente con cualquier contexto, desde el m\u00e1s n\u00f3rdico al m\u00e1s mediterr\u00e1neo, pasando por las ciudades de cualquier latitud.<\/p>\n","protected":false},"featured_media":27911,"menu_order":0,"template":"","categorie_prodotti":[824],"famiglia_prodotti":[],"better_featured_image":{"id":27911,"alt_text":"","caption":"","description":"","media_type":"image","media_details":{"width":872,"height":706,"file":"2022\/06\/16149-Effe-cover.jpg","sizes":{"medium":{"file":"16149-Effe-cover-300x243.jpg","width":300,"height":243,"mime-type":"image\/jpeg","source_url":"https:\/\/static.effe.it\/website\/2022\/06\/16149-Effe-cover-300x243.jpg"},"thumbnail":{"file":"16149-Effe-cover-150x150.jpg","width":150,"height":150,"mime-type":"image\/jpeg","source_url":"https:\/\/static.effe.it\/website\/2022\/06\/16149-Effe-cover-150x150.jpg"},"medium_large":{"file":"16149-Effe-cover-768x622.jpg","width":768,"height":622,"mime-type":"image\/jpeg","source_url":"https:\/\/static.effe.it\/website\/2022\/06\/16149-Effe-cover-768x622.jpg"},"image-related-size":{"file":"16149-Effe-cover-420x285.jpg","width":420,"height":285,"mime-type":"image\/jpeg","source_url":"https:\/\/static.effe.it\/website\/2022\/06\/16149-Effe-cover-420x285.jpg"},"image-related-size-bigger-sq":{"file":"16149-Effe-cover-624x468.jpg","width":624,"height":468,"mime-type":"image\/jpeg","source_url":"https:\/\/static.effe.it\/website\/2022\/06\/16149-Effe-cover-624x468.jpg"},"image-designer-product":{"file":"16149-Effe-cover-644x587.jpg","width":644,"height":587,"mime-type":"image\/jpeg","source_url":"https:\/\/static.effe.it\/website\/2022\/06\/16149-Effe-cover-644x587.jpg"}},"image_meta":{"aperture":"0","credit":"","camera":"","caption":"","created_timestamp":"0","copyright":"","focal_length":"0","iso":"0","shutter_speed":"0","title":"","orientation":"0","keywords":[]}},"post":28514,"source_url":"https:\/\/static.effe.it\/website\/2022\/06\/16149-Effe-cover.jpg"},"acf":{"intro_text":"Cabanon, nombre inspirado en el proyecto de Le Corbusier, captura el esp\u00edritu original de la Sauna finlandesa, que en los pa\u00edses de origen se concibe como un ambiente aut\u00f3nomo fuera de la casa, con frecuencia junto al lago, creando una relaci\u00f3n armoniosa con la naturaleza.","related_products_group":{"toggle_related_product_field":true,"related_products":[{"ID":9694,"post_author":"12708","post_date":"2021-07-29 11:03:03","post_date_gmt":"2021-07-29 09:03:03","post_content":"<!-- wp:paragraph -->\n<p>Se trata de una sauna de dise\u00f1o \u00fanico, capaz de regalar al ambiente una fuerte personalidad y una gran elegancia. La estufa de la sauna de BodyLove est\u00e1 revestida con cer\u00e1mica esmaltada, con colores \u00fanicos, un material de valor que destaca la suave belleza de la madera. La fuente de calor, elemento de importancia central en la tradici\u00f3n de la sauna finlandesa, ocupa de nuevo un papel de primer nivel incluso en la est\u00e9tica. Las paredes se proponen en dos esencias de madera distintas: Hemlock natural y madera maciza tratada t\u00e9rmicamente, con la posibilidad de introducir por encargo superficies en espejo.&nbsp;BodyLove incluye paneles externos que enfatizan el tama\u00f1o dom\u00e9stico del sistema, dise\u00f1ado para formar parte del mobiliario.&nbsp;Como todos los productos Effe, BodyLove ofrece muchas posibilidades de personalizaci\u00f3n en t\u00e9rminos de selecci\u00f3n y combinaci\u00f3n de los materiales para crear un espacio de bienestar realmente a medida.<\/p>\n<!-- \/wp:paragraph -->","post_title":"BodyLove S","post_excerpt":"","post_status":"publish","comment_status":"closed","ping_status":"closed","post_password":"","post_name":"bodylove-s","to_ping":"","pinged":"","post_modified":"2026-04-29 17:17:44","post_modified_gmt":"2026-04-29 15:17:44","post_content_filtered":"","post_parent":0,"guid":"https:\/\/www.effe.it\/prodotto\/bodylove-s\/","menu_order":0,"post_type":"prodotto","post_mime_type":"","comment_count":"0","filter":"raw"},{"ID":9726,"post_author":"9693","post_date":"2021-07-29 11:03:03","post_date_gmt":"2021-07-29 09:03:03","post_content":"<!-- wp:paragraph -->\n<p>Tecnolog\u00eda Aquasteam para la generaci\u00f3n del vapor, para un control total de la calidad. Ducha equipada con alcachofa antical y mezclador con cartucho progresivo y desviador. Materiales de calidad excepcional: madera Hemlock canadiense, revestimientos en gres laminado Slimtech\u00ae de 3,5 mm y puertas en vidrio templado de 8 mm. Se encuentra disponible en tres acabados est\u00e1ndar o con colores personalizados. Tambi\u00e9n se encuentra disponible en la variante Filo (sin tarima) para permitir la m\u00e1xima integraci\u00f3n con el ambiente.<\/p>\n<!-- \/wp:paragraph -->","post_title":"Logica S","post_excerpt":"","post_status":"draft","comment_status":"closed","ping_status":"closed","post_password":"","post_name":"logica-s","to_ping":"","pinged":"","post_modified":"2023-11-28 20:35:34","post_modified_gmt":"2023-11-28 18:35:34","post_content_filtered":"","post_parent":0,"guid":"https:\/\/www.effe.it\/prodotto\/logica-s\/","menu_order":0,"post_type":"prodotto","post_mime_type":"","comment_count":"0","filter":"raw"},{"ID":9747,"post_author":"12708","post_date":"2021-07-29 11:03:03","post_date_gmt":"2021-07-29 09:03:03","post_content":"<!-- wp:paragraph -->\n<p>Las tres soluciones est\u00e9ticas diferentes, declinables en tres esencias de madera distintas, hacen que el proyecto est\u00e9 abierto a cualquier propuesta de dise\u00f1o. El volumen de la estufa est\u00e1 integrado en el banco m\u00e1s bajo ofreciendo de esta forma una imagen de gran linealidad formal.<\/p>\n<!-- \/wp:paragraph -->\n\n<!-- wp:paragraph -->\n<p>La inspiraci\u00f3n, de la que deriva su nombre, proviene de un ramo especial de la medicina natural japonesa que se basa en los efectos beneficiosos del contacto con las plantas y con la atm\u00f3sfera de los bosques.<\/p>\n<!-- \/wp:paragraph -->","post_title":"Yoku S","post_excerpt":"","post_status":"publish","comment_status":"closed","ping_status":"closed","post_password":"","post_name":"yoku-s","to_ping":"","pinged":"","post_modified":"2025-11-10 13:11:22","post_modified_gmt":"2025-11-10 11:11:22","post_content_filtered":"","post_parent":0,"guid":"https:\/\/www.effe.it\/prodotto\/yoku-s\/","menu_order":0,"post_type":"prodotto","post_mime_type":"","comment_count":"0","filter":"raw"},{"ID":29979,"post_author":"3","post_date":"2023-05-10 11:31:48","post_date_gmt":"2023-05-10 09:31:48","post_content":"<!-- wp:paragraph -->\n<p>En la serie Natural, la pared de vidrio lateral con acabado satinado se ha dise\u00f1ado para reflejar la luz de la cromoterapia, con lo que se consigue un efecto crom\u00e1tico envolvente y una experiencia sensorial completa.&nbsp;Gracias a las amplias superficies transparentes, se consigue una relaci\u00f3n entre interior y exterior que elimina toda sensaci\u00f3n de espacio cerrado.<\/p>\n<!-- \/wp:paragraph -->\n\n<!-- wp:paragraph -->\n<p>La sauna Natural es fabricadas en madera de Aspen tratada t\u00e9rmicamente, con inserciones de gres Concreto. El banco inferior m\u00f3vil permite acceder f\u00e1cilmente al banco superior, que puede alojar c\u00f3modamente a dos personas. Gracias a la estufa de 3 kW, la temperatura se alcanza r\u00e1pidamente y se disfruta de una aut\u00e9ntica experiencia de bienestar.<\/p>\n<!-- \/wp:paragraph -->","post_title":"Natural S","post_excerpt":"","post_status":"publish","comment_status":"closed","ping_status":"closed","post_password":"","post_name":"natural-s","to_ping":"","pinged":"","post_modified":"2025-04-08 12:33:34","post_modified_gmt":"2025-04-08 10:33:34","post_content_filtered":"","post_parent":0,"guid":"https:\/\/www.effe.it\/prodotto\/natural-s\/","menu_order":0,"post_type":"prodotto","post_mime_type":"","comment_count":"0","filter":"raw"}]},"optional_products_group":{"optional_toggle_field":false,"related_optional":""},"accordion_group":{"":null,"materials-toggle-field":true,"miniatura_materiali":{"ID":27815,"id":27815,"title":"cabanon-schema-materiali","filename":"cabanon-schema-materiali.jpg","filesize":248596,"url":"https:\/\/static.effe.it\/website\/2022\/06\/cabanon-schema-materiali%4032025.svg","link":"https:\/\/www.effe.it\/es\/producto\/cabanon\/cabanon-schema-materiali-2\/","alt":"","author":"6","description":"","caption":"","name":"cabanon-schema-materiali-2","status":"inherit","uploaded_to":28514,"date":"2022-06-06 13:03:57","modified":"2022-06-06 16:42:26","menu_order":0,"mime_type":"image\/jpeg","type":"image","subtype":"jpeg","icon":"https:\/\/www.effe.it\/wp-includes\/images\/media\/default.png","width":1200,"height":793,"sizes":{"thumbnail":"https:\/\/static.effe.it\/website\/2022\/06\/cabanon-schema-materiali-150x150.jpg","thumbnail-width":150,"thumbnail-height":150,"medium":"https:\/\/static.effe.it\/website\/2022\/06\/cabanon-schema-materiali-300x198.jpg","medium-width":300,"medium-height":198,"medium_large":"https:\/\/static.effe.it\/website\/2022\/06\/cabanon-schema-materiali-768x508.jpg","medium_large-width":768,"medium_large-height":508,"large":"https:\/\/static.effe.it\/website\/2022\/06\/cabanon-schema-materiali-1024x677.jpg","large-width":1024,"large-height":677,"image-related-size":"https:\/\/static.effe.it\/website\/2022\/06\/cabanon-schema-materiali-420x285.jpg","image-related-size-width":420,"image-related-size-height":285,"image-related-size-bigger-sq":"https:\/\/static.effe.it\/website\/2022\/06\/cabanon-schema-materiali-624x468.jpg","image-related-size-bigger-sq-width":624,"image-related-size-bigger-sq-height":468,"image-designer-product":"https:\/\/static.effe.it\/website\/2022\/06\/cabanon-schema-materiali-644x587.jpg","image-designer-product-width":644,"image-designer-product-height":587,"1536x1536":"https:\/\/static.effe.it\/website\/2022\/06\/cabanon-schema-materiali%4032025.svg","1536x1536-width":1200,"1536x1536-height":793,"2048x2048":"https:\/\/static.effe.it\/website\/2022\/06\/cabanon-schema-materiali%4032025.svg","2048x2048-width":1200,"2048x2048-height":793}},"materials_group":[{"materials_title":"ASPEN TRATADO T\u00c9RMICAMENTE","single_materials_repeater":[{"position_material":"Interior","single_materials":[{"ID":2590,"post_author":"2","post_date":"2021-07-29 10:52:08","post_date_gmt":"2021-07-29 08:52:08","post_content":"","post_title":"Aspen tratado t\u00e9rmicamente (liso)","post_excerpt":"","post_status":"publish","comment_status":"open","ping_status":"open","post_password":"","post_name":"aspen-tratado-termicamente-liso","to_ping":"","pinged":"","post_modified":"2021-07-29 10:52:08","post_modified_gmt":"2021-07-29 08:52:08","post_content_filtered":"","post_parent":0,"guid":"https:\/\/www.effe.it\/materiale_prodotto\/aspen-tratado-termicamente-liso\/","menu_order":0,"post_type":"materiale_prodotto","post_mime_type":"","comment_count":"0","filter":"raw"}]},{"position_material":"","single_materials":[{"ID":32386,"post_author":"2","post_date":"2024-02-15 18:00:04","post_date_gmt":"2024-02-15 16:00:04","post_content":"","post_title":"Madera oscura tratada t\u00e9rmicamente (duela)","post_excerpt":"","post_status":"publish","comment_status":"closed","ping_status":"closed","post_password":"","post_name":"legno-termotrattato-scuro-doghe-2","to_ping":"","pinged":"","post_modified":"2024-05-08 15:18:35","post_modified_gmt":"2024-05-08 13:18:35","post_content_filtered":"","post_parent":0,"guid":"https:\/\/www.effe.it\/materiale_prodotto\/legno-termotrattato-scuro-doghe-2\/","menu_order":0,"post_type":"materiale_prodotto","post_mime_type":"","comment_count":"0","filter":"raw"}]}],"abilitare_numerazione":false},{"materials_title":"","single_materials_repeater":[{"position_material":"","single_materials":[{"ID":2590,"post_author":"2","post_date":"2021-07-29 10:52:08","post_date_gmt":"2021-07-29 08:52:08","post_content":"","post_title":"Aspen tratado t\u00e9rmicamente (liso)","post_excerpt":"","post_status":"publish","comment_status":"open","ping_status":"open","post_password":"","post_name":"aspen-tratado-termicamente-liso","to_ping":"","pinged":"","post_modified":"2021-07-29 10:52:08","post_modified_gmt":"2021-07-29 08:52:08","post_content_filtered":"","post_parent":0,"guid":"https:\/\/www.effe.it\/materiale_prodotto\/aspen-tratado-termicamente-liso\/","menu_order":0,"post_type":"materiale_prodotto","post_mime_type":"","comment_count":"0","filter":"raw"}]},{"position_material":"","single_materials":[{"ID":2583,"post_author":"2","post_date":"2021-07-29 10:52:05","post_date_gmt":"2021-07-29 08:52:05","post_content":"","post_title":"Aspen tratado t\u00e9rmicamente (duela)","post_excerpt":"","post_status":"publish","comment_status":"closed","ping_status":"closed","post_password":"","post_name":"aspen-tratado-termicamente-duela","to_ping":"","pinged":"","post_modified":"2021-07-29 10:52:05","post_modified_gmt":"2021-07-29 08:52:05","post_content_filtered":"","post_parent":0,"guid":"https:\/\/www.effe.it\/materiale_prodotto\/aspen-tratado-termicamente-duela\/","menu_order":0,"post_type":"materiale_prodotto","post_mime_type":"","comment_count":"0","filter":"raw"}]}],"abilitare_numerazione":false},{"materials_title":"ALUMINIO ONDULADO","single_materials_repeater":[{"position_material":"Estructura externa","single_materials":[{"ID":28520,"post_author":"9693","post_date":"2022-06-06 17:51:36","post_date_gmt":"2022-06-06 15:51:36","post_content":"","post_title":"Aluminio Ondulado (Mattone)","post_excerpt":"","post_status":"publish","comment_status":"closed","ping_status":"closed","post_password":"","post_name":"alluminio-ondulato-cemento","to_ping":"","pinged":"","post_modified":"2023-10-16 10:36:43","post_modified_gmt":"2023-10-16 08:36:43","post_content_filtered":"","post_parent":0,"guid":"https:\/\/www.effe.it\/blog\/materiale_prodotto\/alluminio-ondulato-cemento\/","menu_order":0,"post_type":"materiale_prodotto","post_mime_type":"","comment_count":"0","filter":"raw"}]},{"position_material":"","single_materials":[{"ID":28525,"post_author":"9693","post_date":"2022-06-06 17:51:34","post_date_gmt":"2022-06-06 15:51:34","post_content":"","post_title":"Aluminio Ondulado (Muschio)","post_excerpt":"","post_status":"publish","comment_status":"closed","ping_status":"closed","post_password":"","post_name":"alluminio-ondulato-muschio","to_ping":"","pinged":"","post_modified":"2023-10-16 10:34:32","post_modified_gmt":"2023-10-16 08:34:32","post_content_filtered":"","post_parent":0,"guid":"https:\/\/www.effe.it\/blog\/materiale_prodotto\/alluminio-ondulato-muschio\/","menu_order":0,"post_type":"materiale_prodotto","post_mime_type":"","comment_count":"0","filter":"raw"}]},{"position_material":"Estructura externa","single_materials":[{"ID":28530,"post_author":"9693","post_date":"2022-06-06 17:51:32","post_date_gmt":"2022-06-06 15:51:32","post_content":"","post_title":"Aluminio Ondulado (Cemento)","post_excerpt":"","post_status":"publish","comment_status":"closed","ping_status":"closed","post_password":"","post_name":"alluminio-ondulato-mattone","to_ping":"","pinged":"","post_modified":"2023-10-16 10:35:10","post_modified_gmt":"2023-10-16 08:35:10","post_content_filtered":"","post_parent":0,"guid":"https:\/\/www.effe.it\/blog\/materiale_prodotto\/alluminio-ondulato-mattone\/","menu_order":0,"post_type":"materiale_prodotto","post_mime_type":"","comment_count":"0","filter":"raw"}]}],"abilitare_numerazione":false},{"materials_title":"ALUMINIO","single_materials_repeater":[{"position_material":"Estructura externa","single_materials":[{"ID":28535,"post_author":"9693","post_date":"2022-06-06 17:50:30","post_date_gmt":"2022-06-06 15:50:30","post_content":"","post_title":"Aluminio de color \u00abWalnut\u00bb","post_excerpt":"","post_status":"publish","comment_status":"closed","ping_status":"closed","post_password":"","post_name":"alluminio-verniciato","to_ping":"","pinged":"","post_modified":"2023-10-16 10:43:19","post_modified_gmt":"2023-10-16 08:43:19","post_content_filtered":"","post_parent":0,"guid":"https:\/\/www.effe.it\/blog\/materiale_prodotto\/alluminio-verniciato\/","menu_order":0,"post_type":"materiale_prodotto","post_mime_type":"","comment_count":"0","filter":"raw"}]}],"abilitare_numerazione":false}],"toggle_designer":true,"designer":[{"ID":662,"post_author":"2","post_date":"2021-07-14 17:17:13","post_date_gmt":"2021-07-14 15:17:13","post_content":"Rodolfo Dordoni, arquitecto y dise\u00f1ador, naci\u00f3 en Mil\u00e1n, donde se licenci\u00f3 en Arquitectura.\nResponsable a lo largo de los a\u00f1os de la direcci\u00f3n art\u00edstica de Artemide (colecci\u00f3n vidrio), Cappellini (del 1979 al 1989), FontanaArte (colecci\u00f3n mobiliario), Foscarini, Minotti (del 1997 hasta la actualidad) y Roda (desde el 2006), dise\u00f1a productos para diversas empresas, entre las que se encuentran: Artemide, Cappellini, Cassina, Ceramica Flaminia, Ceramiche Mutina, Dada, Dornbracht, Driade, Emu, Ernestomeda, Fantini, Fiam Italia, Flos, Flou, FontanaArte, Foscarini, Jab, Kartell, Kettal, knIndustrie, MatteoGrassi, Minotti, Molteni&C, Moroso, Olivari, Pamar, Poliform, Poltrona Frau, Roda, RB Rossana, Salvatori, Sambonet, Serralunga, Tecno, The Rug Company y Venini. Dordoni Architetti, estudio fundado en Mil\u00e1n por Rodolfo Dordoni, Luca Zaniboni y Alessandro Acerbi, trabaja en el campo de la arquitectura y del dise\u00f1o de interiores en \u00e1mbito residencial, comercial y expositivo, desarrollando proyectos de villas y residencias particulares, espacios industriales y comerciales ocup\u00e1ndose de la realizaci\u00f3n de salas de exposiciones, stand de exposici\u00f3n, restaurantes y hoteles.","post_title":"Rodolfo Dordoni","post_excerpt":"","post_status":"publish","comment_status":"closed","ping_status":"closed","post_password":"","post_name":"rodolfo-dordoni-2","to_ping":"","pinged":"","post_modified":"2022-05-17 17:45:17","post_modified_gmt":"2022-05-17 15:45:17","post_content_filtered":"","post_parent":0,"guid":"https:\/\/www.effe.it\/designer\/rodolfo-dordoni\/","menu_order":10,"post_type":"designer","post_mime_type":"","comment_count":"0","filter":"raw"}],"models_relationship":[{"ID":27574,"post_author":"6","post_date":"2022-06-06 18:23:39","post_date_gmt":"2022-06-06 16:23:39","post_content":"","post_title":"CABANON TERRACE","post_excerpt":"","post_status":"publish","comment_status":"closed","ping_status":"closed","post_password":"","post_name":"cabanon-terrace","to_ping":"","pinged":"","post_modified":"2022-06-06 18:23:44","post_modified_gmt":"2022-06-06 16:23:44","post_content_filtered":"","post_parent":0,"guid":"https:\/\/www.effe.it\/?post_type=modelli&#038;p=27574","menu_order":0,"post_type":"modelli","post_mime_type":"","comment_count":"0","filter":"raw"},{"ID":27605,"post_author":"6","post_date":"2022-06-06 18:23:36","post_date_gmt":"2022-06-06 16:23:36","post_content":"","post_title":"CABANON GARDEN","post_excerpt":"","post_status":"publish","comment_status":"closed","ping_status":"closed","post_password":"","post_name":"cabanon-garden","to_ping":"","pinged":"","post_modified":"2022-06-06 18:23:40","post_modified_gmt":"2022-06-06 16:23:40","post_content_filtered":"","post_parent":0,"guid":"https:\/\/www.effe.it\/?post_type=modelli&#038;p=27605","menu_order":0,"post_type":"modelli","post_mime_type":"","comment_count":"0","filter":"raw"}],"models_with_documents":true,"description_model_toggle_field":true,"model_description":"","disponibile_su_misura":false,"blueprint_toggle":false,"blueprint":null,"abilitare_versioni":true},"slider_gallery":[{"image-slider-gallery":"https:\/\/static.effe.it\/website\/2022\/06\/Cabanon-slider-1.jpg","text-image-gallery":"","video":""},{"image-slider-gallery":"https:\/\/static.effe.it\/website\/2022\/06\/16169-Effe-Cabanon-Cesena-1-scaled.jpg","text-image-gallery":"","video":""},{"image-slider-gallery":"https:\/\/static.effe.it\/website\/2022\/06\/16149-Effe-Cabanon-3-A4-1-scaled.jpg","text-image-gallery":"","video":""},{"image-slider-gallery":"https:\/\/static.effe.it\/website\/2022\/06\/16078_03-Effe-Cabanon-Cesena-scaled.jpg","text-image-gallery":"","video":""},{"image-slider-gallery":"https:\/\/static.effe.it\/website\/2022\/06\/Effe-Cabanon-Dordoni-2-scaled.jpg","text-image-gallery":"","video":""},{"image-slider-gallery":"https:\/\/static.effe.it\/website\/2022\/06\/16116-Effe-Cabanon-2-A4-nitida-scaled.jpg","text-image-gallery":"","video":""},{"image-slider-gallery":"https:\/\/static.effe.it\/website\/2022\/06\/Cabanon-slider-2.jpg","text-image-gallery":"","video":""}],"documents_related_collection_group":[{"input_type":"url","resource_url":"https:\/\/drive.google.com\/file\/d\/1bJ4DqDS6JNaaAkY_pTVg33XqWRXQnA-C\/view?usp=drive_link","document_title":"Brochure","file":false,"logged_in_only":false,"reserved_service_center":false},{"input_type":"url","resource_url":"https:\/\/drive.google.com\/file\/d\/1ub0vWVgvATW6YIL1nPzBp2bs5ZppdJN-\/view?usp=drive_link","document_title":"CABANON TERRACE - HOJA DE PREINSTALACI\u00d3N","file":false,"logged_in_only":false,"reserved_service_center":false},{"input_type":"url","resource_url":"https:\/\/drive.google.com\/file\/d\/16lLNhyyEP3pQWly2bqPCGgSdngfKGoHu\/view?usp=drive_link","document_title":"CABANON TERRACE - MANUAL DE MONTAJE","file":false,"logged_in_only":true,"reserved_service_center":true},{"input_type":"url","resource_url":"https:\/\/drive.google.com\/file\/d\/1z4Ebf7M9bSX5-ZU-YCUAn6wdhBtM1fEv\/view?usp=drive_link","document_title":"SKETCHUP","file":false,"logged_in_only":true,"reserved_service_center":true},{"input_type":"url","resource_url":"https:\/\/drive.google.com\/file\/d\/1CTLu64n0TxA5tXzMJH2jHUBCAcIftlSU\/view?usp=share_link","document_title":"3D DWG","file":false,"logged_in_only":true,"reserved_service_center":true},{"input_type":"url","resource_url":"https:\/\/drive.google.com\/file\/d\/1z5UJSPC3XJDqwriMy_sL0B_PbM816mu-\/view?usp=drive_link","document_title":"3D FBX","file":false,"logged_in_only":true,"reserved_service_center":true},{"input_type":"url","resource_url":"https:\/\/drive.google.com\/file\/d\/1H0-dCnxOe7T-UGK2RpdIA2FWw-nPMqPD\/view?usp=drive_link","document_title":"BIM IFC","file":false,"logged_in_only":true,"reserved_service_center":true},{"input_type":"url","resource_url":"https:\/\/drive.google.com\/file\/d\/1nD69FLhSl4Cd7QyyrUAUMSb3ERGSLBpn\/view?usp=drive_link","document_title":"CABANON GARDEN - HOJA DE PREINSTALACI\u00d3N","file":false,"logged_in_only":false,"reserved_service_center":false},{"input_type":"url","resource_url":"https:\/\/drive.google.com\/file\/d\/19ctlPrLmaLs7slJzxkTLq2dJoc0SVVyM\/view?usp=drive_link","document_title":"CABANON GARDEN - MANUAL DE MONTAJE","file":false,"logged_in_only":true,"reserved_service_center":true},{"input_type":"url","resource_url":"https:\/\/drive.google.com\/file\/d\/1WNPGprXiDrbvi4m20Cebt1xsG9SyrxoF\/view?usp=drive_link","document_title":"DECK - MANUAL DE MONTAJE","file":false,"logged_in_only":true,"reserved_service_center":true},{"input_type":"url","resource_url":"https:\/\/drive.google.com\/file\/d\/10a-6ZTOe0S1aaddGKFKlT_SeDbGbVjet\/view?usp=drive_link","document_title":"Montaggio - CABANON TERRACE","file":false,"logged_in_only":true,"reserved_service_center":true}],"gallery_photos_12_columns":[{"image_gallery_columns":"https:\/\/static.effe.it\/website\/2022\/06\/cabanon-neve-1-scaled.jpg","copy_image_column":"","numer_of_columns":"12","embed_video_gallery":""},{"image_gallery_columns":"https:\/\/static.effe.it\/website\/2022\/06\/cabanon-neve-2.jpg","copy_image_column":"","numer_of_columns":"6","embed_video_gallery":""},{"image_gallery_columns":"https:\/\/static.effe.it\/website\/2022\/06\/cabanon-neve-3.jpg","copy_image_column":"","numer_of_columns":"5","embed_video_gallery":""},{"image_gallery_columns":"https:\/\/static.effe.it\/website\/2022\/06\/cabanon-neve-4.jpg","copy_image_column":"","numer_of_columns":"4","embed_video_gallery":""},{"image_gallery_columns":"https:\/\/static.effe.it\/website\/2022\/06\/cabanon-neve-5.jpg","copy_image_column":"","numer_of_columns":"6","embed_video_gallery":""},{"image_gallery_columns":"https:\/\/static.effe.it\/website\/2022\/06\/cabanon-neve-6-scaled.jpg","copy_image_column":"","numer_of_columns":"12","embed_video_gallery":""},{"image_gallery_columns":"https:\/\/static.effe.it\/website\/2022\/06\/cabanon-neve-7.jpg","copy_image_column":"","numer_of_columns":"6","embed_video_gallery":""},{"image_gallery_columns":"https:\/\/static.effe.it\/website\/2022\/06\/cabanon-neve-8.jpg","copy_image_column":"","numer_of_columns":"4","embed_video_gallery":""},{"image_gallery_columns":"https:\/\/static.effe.it\/website\/2022\/06\/cabanon-neve-9.jpg","copy_image_column":"","numer_of_columns":"4","embed_video_gallery":""},{"image_gallery_columns":"https:\/\/static.effe.it\/website\/2022\/06\/cabanon-neve-10.jpg","copy_image_column":"","numer_of_columns":"6","embed_video_gallery":""},{"image_gallery_columns":"https:\/\/static.effe.it\/website\/2022\/06\/cabanon-neve-11-scaled.jpg","copy_image_column":"","numer_of_columns":"12","embed_video_gallery":""},{"image_gallery_columns":"https:\/\/static.effe.it\/website\/2022\/06\/IMG_9846.jpg","copy_image_column":"","numer_of_columns":"6","embed_video_gallery":""},{"image_gallery_columns":"https:\/\/static.effe.it\/website\/2022\/06\/16098_03-Effe-Cabanon-Cesena.jpg","copy_image_column":"","numer_of_columns":"5","embed_video_gallery":""},{"image_gallery_columns":"https:\/\/static.effe.it\/website\/2022\/06\/IMG_0909-Effe-Cabanon-Cesena.jpg","copy_image_column":"","numer_of_columns":"5","embed_video_gallery":""},{"image_gallery_columns":"https:\/\/static.effe.it\/website\/2022\/06\/16087_04-Effe-Cabanon-Cesena.jpg","copy_image_column":"","numer_of_columns":"5","embed_video_gallery":""},{"image_gallery_columns":false,"copy_image_column":"","numer_of_columns":"12","embed_video_gallery":"https:\/\/vimeo.com\/713630259"},{"image_gallery_columns":"https:\/\/static.effe.it\/website\/2022\/06\/aggiungere-1-scaled.jpeg","copy_image_column":"","numer_of_columns":"5","embed_video_gallery":""},{"image_gallery_columns":"https:\/\/static.effe.it\/website\/2022\/06\/cabanon-interno.jpg","copy_image_column":"","numer_of_columns":"6","embed_video_gallery":""},{"image_gallery_columns":"https:\/\/static.effe.it\/website\/2022\/06\/aggiungere-3.jpg","copy_image_column":"","numer_of_columns":"4","embed_video_gallery":""},{"image_gallery_columns":"https:\/\/static.effe.it\/website\/2022\/06\/16092_02-Effe-Cabanon-Cesena.jpg","copy_image_column":"","numer_of_columns":"6","embed_video_gallery":""},{"image_gallery_columns":"https:\/\/static.effe.it\/website\/2022\/06\/Milano-2.jpg","copy_image_column":"","numer_of_columns":"5","embed_video_gallery":""},{"image_gallery_columns":"https:\/\/static.effe.it\/website\/2022\/06\/IMG_-1.jpg","copy_image_column":"","numer_of_columns":"4","embed_video_gallery":""},{"image_gallery_columns":"https:\/\/static.effe.it\/website\/2022\/06\/16087_06-Effe-mod.jpg","copy_image_column":"","numer_of_columns":"5","embed_video_gallery":""},{"image_gallery_columns":"https:\/\/static.effe.it\/website\/2022\/06\/16098_05-Effe-Cabanon-Cesena.jpg","copy_image_column":"","numer_of_columns":"6","embed_video_gallery":""},{"image_gallery_columns":"https:\/\/static.effe.it\/website\/2022\/06\/16129_01-Effe-Cabanon-Cesena.jpg","copy_image_column":"","numer_of_columns":"4","embed_video_gallery":""},{"image_gallery_columns":"https:\/\/static.effe.it\/website\/2022\/06\/sostituire-2.jpeg","copy_image_column":"","numer_of_columns":"6","embed_video_gallery":""},{"image_gallery_columns":"https:\/\/static.effe.it\/website\/2022\/06\/16169-Effe-Cabanon-Cesena-scaled.jpg","copy_image_column":"","numer_of_columns":"12","embed_video_gallery":""},{"image_gallery_columns":"https:\/\/static.effe.it\/website\/2022\/06\/sostituire-1.jpeg","copy_image_column":"","numer_of_columns":"12","embed_video_gallery":""},{"image_gallery_columns":"https:\/\/static.effe.it\/website\/2022\/06\/16121_04-Effe-Cabanon-Cesena.jpg","copy_image_column":"","numer_of_columns":"7","embed_video_gallery":""},{"image_gallery_columns":"https:\/\/static.effe.it\/website\/2022\/06\/16134_08-Effe-Cabanon-Cesena.jpg","copy_image_column":"","numer_of_columns":"4","embed_video_gallery":""},{"image_gallery_columns":"https:\/\/static.effe.it\/website\/2022\/06\/16127_03-Effe-Cabanon-Cesena.jpg","copy_image_column":"","numer_of_columns":"4","embed_video_gallery":""},{"image_gallery_columns":"https:\/\/static.effe.it\/website\/2022\/06\/16146-Effe-Cabanon-Cesena.jpg","copy_image_column":"","numer_of_columns":"6","embed_video_gallery":""},{"image_gallery_columns":"https:\/\/static.effe.it\/website\/2022\/06\/16095_01-Effe-Cabanon-Cesena-scaled.jpg","copy_image_column":"","numer_of_columns":"12","embed_video_gallery":""},{"image_gallery_columns":"https:\/\/static.effe.it\/website\/2022\/06\/16076_02-Effe-Cabanon-Cesena.jpg","copy_image_column":"","numer_of_columns":"4","embed_video_gallery":""},{"image_gallery_columns":"https:\/\/static.effe.it\/website\/2022\/06\/Effe-Cabanon-Dordoni-3-mod.jpg","copy_image_column":"","numer_of_columns":"6","embed_video_gallery":""},{"image_gallery_columns":"https:\/\/static.effe.it\/website\/2022\/06\/IMG_9596.jpg","copy_image_column":"","numer_of_columns":"6","embed_video_gallery":""},{"image_gallery_columns":"https:\/\/static.effe.it\/website\/2022\/06\/IMG_0945-Effe-Cabanon-Cesena.jpg","copy_image_column":"","numer_of_columns":"5","embed_video_gallery":""},{"image_gallery_columns":"https:\/\/static.effe.it\/website\/2022\/06\/16123_07-08-Effe-Cabanon-Cesena_2-scaled.jpg","copy_image_column":"","numer_of_columns":"12","embed_video_gallery":""},{"image_gallery_columns":"https:\/\/static.effe.it\/website\/2022\/06\/16085_11-Effe-Cabanon-Cesena.jpg","copy_image_column":"","numer_of_columns":"4","embed_video_gallery":""},{"image_gallery_columns":"https:\/\/static.effe.it\/website\/2022\/06\/16095_11-Effe-Cabanon-Cesena.jpg","copy_image_column":"","numer_of_columns":"7","embed_video_gallery":""}]},"_links":{"self":[{"href":"https:\/\/www.effe.it\/es\/wp-json\/wp\/v2\/products\/28514"}],"collection":[{"href":"https:\/\/www.effe.it\/es\/wp-json\/wp\/v2\/products"}],"about":[{"href":"https:\/\/www.effe.it\/es\/wp-json\/wp\/v2\/types\/prodotto"}],"version-history":[{"count":4,"href":"https:\/\/www.effe.it\/es\/wp-json\/wp\/v2\/products\/28514\/revisions"}],"predecessor-version":[{"id":37799,"href":"https:\/\/www.effe.it\/es\/wp-json\/wp\/v2\/products\/28514\/revisions\/37799"}],"wp:featuredmedia":[{"embeddable":true,"href":"https:\/\/www.effe.it\/es\/wp-json\/wp\/v2\/media\/27911"}],"wp:attachment":[{"href":"https:\/\/www.effe.it\/es\/wp-json\/wp\/v2\/media?parent=28514"}],"wp:term":[{"taxonomy":"categorie_prodotti","embeddable":true,"href":"https:\/\/www.effe.it\/es\/wp-json\/wp\/v2\/categorie_prodotti?post=28514"},{"taxonomy":"famiglia_prodotti","embeddable":true,"href":"https:\/\/www.effe.it\/es\/wp-json\/wp\/v2\/famiglia_prodotti?post=28514"}],"curies":[{"name":"wp","href":"https:\/\/api.w.org\/{rel}","templated":true}]}}