{"id":21469,"date":"2021-09-03T14:36:31","date_gmt":"2021-09-03T12:36:31","guid":{"rendered":"https:\/\/www.effe.it\/referenza\/lardini-house-private-house\/"},"modified":"2022-03-04T11:20:34","modified_gmt":"2022-03-04T09:20:34","slug":"private-house-ancona","status":"publish","type":"referenza","link":"https:\/\/www.effe.it\/de\/referenza\/private-house-ancona\/","title":{"rendered":"Private house, Ancona"},"content":{"rendered":"<p><span data-sheets-value=\"{&quot;1&quot;:2,&quot;2&quot;:&quot;Effe bildet den Mittelpunkt einer drei\u00dfigj\u00e4hrigen Geschichte rund um Wohlbefinden und die antiken Rituale von Sauna und Hamam. Unser Know-how hat es uns erm\u00f6glicht, eine ma\u00dfgeschneiderte L\u00f6sung wie diese erfolgreich umzusetzen und Sauna sowie Hamam in dem Altbau zu installieren, ohne das \u00e4sthetische Gleichgewicht zu st\u00f6ren.&quot;}\" data-sheets-userformat=\"{&quot;2&quot;:257,&quot;3&quot;:{&quot;1&quot;:0},&quot;11&quot;:4}\">Effe bildet den Mittelpunkt einer drei\u00dfigj\u00e4hrigen Geschichte rund um Wohlbefinden und die antiken Rituale von Sauna und Hamam. Unser Know-how hat es uns erm\u00f6glicht, eine ma\u00dfgeschneiderte L\u00f6sung wie diese erfolgreich umzusetzen und Sauna sowie Hamam in dem Altbau zu installieren, ohne das \u00e4sthetische Gleichgewicht zu st\u00f6ren.<\/span><\/p>\n","protected":false},"featured_media":0,"template":"","better_featured_image":null,"acf":{"related_products_group":{"toggle_related_product_field":true,"related_products":[{"ID":9604,"post_author":"12708","post_date":"2021-07-29 12:19:09","post_date_gmt":"2021-07-29 10:19:09","post_content":"Professioneller au\u00dfenseitiger Dampfgenerator f\u00fcr gro\u00dfe Volumen. Langer, wartungsfreier Betrieb. Nuvola Smart Power eignet sich f\u00fcr verdeckte Anwendungen und f\u00fcgt sich daher leicht in jede Einrichtungsgestaltung ein.\nAutomatische Ansteuerung der Heizst\u00e4be f\u00fcr eine dauerhaft gleichm\u00e4\u00dfige Dampfverteilung.\nDie Dampfaustrittsd\u00fcse Smart \u2013 erh\u00e4ltlich in den Ausf\u00fchrungen Glass und Camouflage \u2013 nutzt das innovative PSF-System (Power Steam Function), das eine gleichm\u00e4\u00dfige Dampf- und Temperatur-Verteilung garantiert.\nDie herk\u00f6mmliche Dampfaustrittsd\u00fcse mit integrierter Duftschale ist in 3 Ausf\u00fchrungen erh\u00e4ltlich: Verchromt, Matt Black PVD, Matt Gun Metal PVD.","post_title":"Nuvola Smart","post_excerpt":"","post_status":"publish","comment_status":"closed","ping_status":"closed","post_password":"","post_name":"nuvola-smart","to_ping":"","pinged":"","post_modified":"2025-11-13 11:17:01","post_modified_gmt":"2025-11-13 09:17:01","post_content_filtered":"","post_parent":0,"guid":"https:\/\/www.effe.it\/prodotto\/nuvola-smart-power\/","menu_order":0,"post_type":"prodotto","post_mime_type":"","comment_count":"0","filter":"raw"},{"ID":9736,"post_author":"12708","post_date":"2021-07-29 11:03:03","post_date_gmt":"2021-07-29 09:03:03","post_content":"Sky wird aus hochwertigem kanadischen Hemlock-Holz und geh\u00e4rtetem Glas, 10 mm, gefertigt. Die Front, die T\u00fcr und die Decke aus Glas verleihen Sky extreme Transparenz und Leichtigkeit.","post_title":"Sky","post_excerpt":"","post_status":"publish","comment_status":"closed","ping_status":"closed","post_password":"","post_name":"sky","to_ping":"","pinged":"","post_modified":"2024-10-10 11:25:53","post_modified_gmt":"2024-10-10 09:25:53","post_content_filtered":"","post_parent":0,"guid":"https:\/\/www.effe.it\/prodotto\/sky\/","menu_order":0,"post_type":"prodotto","post_mime_type":"","comment_count":"0","filter":"raw"}]},"abilitare_progetti_simili":true,"similar_projects":[{"ID":21163,"post_author":"10","post_date":"2021-10-05 15:21:34","post_date_gmt":"2021-10-05 13:21:34","post_content":"<!-- wp:paragraph -->\n<p>Das einzigartige Wohnprojekt Arte in Surfside mit 16 Eigentumswohnungen und Blick aufs Meer ist das absolute Deb\u00fct von Antonio Citterio und Patricia Viel in den Vereinigten Staaten und ging als Zusammenarbeit dieses italienischen B\u00fcros mit Kobi Karp Architecture &amp; Interior Design aus der legend\u00e4ren Verbindung zwischen Planung und Architektur hervor.<\/p>\n<!-- \/wp:paragraph -->","post_title":"Arte Surfside Miami Beach","post_excerpt":"","post_status":"publish","comment_status":"closed","ping_status":"closed","post_password":"","post_name":"arte-surfside-miami-beach","to_ping":"","pinged":"","post_modified":"2023-07-03 09:29:48","post_modified_gmt":"2023-07-03 07:29:48","post_content_filtered":"","post_parent":0,"guid":"https:\/\/www.effe.it\/referenza\/arte-surfside-miami-beach\/","menu_order":0,"post_type":"referenza","post_mime_type":"","comment_count":"0","filter":"raw"},{"ID":21403,"post_author":"6","post_date":"2021-09-03 14:36:31","post_date_gmt":"2021-09-03 12:36:31","post_content":"<span data-sheets-value=\"{&quot;1&quot;:2,&quot;2&quot;:&quot;Das Golfo dei Poeti Relais &amp; SPA schafft die Verbindung der drei Elemente, welche die Essenz von Gastfreundschaft bilden: In dieser Umgebung stehen Zeit, Stille und Raum im Mittelpunkt. Hier hat Effe eine Sauna mit Meerblick gestaltet. Die G\u00e4ste der Einrichtung k\u00f6nnen ihren Moment des Wohlbefindens genie\u00dfen und dabei die ligurische K\u00fcste durch die gro\u00dfe Glaswand bewundern.&quot;}\" data-sheets-userformat=\"{&quot;2&quot;:257,&quot;3&quot;:{&quot;1&quot;:0},&quot;11&quot;:4}\">Das Golfo dei Poeti Relais &amp; SPA schafft die Verbindung der drei Elemente, welche die Essenz von Gastfreundschaft bilden: In dieser Umgebung stehen Zeit, Stille und Raum im Mittelpunkt. Hier hat Effe eine Sauna mit Meerblick gestaltet. Die G\u00e4ste der Einrichtung k\u00f6nnen ihren Moment des Wohlbefindens genie\u00dfen und dabei die ligurische K\u00fcste durch die gro\u00dfe Glaswand bewundern.<\/span>","post_title":"Golfo dei Poeti Relais","post_excerpt":"","post_status":"publish","comment_status":"closed","ping_status":"closed","post_password":"","post_name":"golfo-dei-poeti-relais","to_ping":"","pinged":"","post_modified":"2022-03-04 11:41:24","post_modified_gmt":"2022-03-04 09:41:24","post_content_filtered":"","post_parent":0,"guid":"https:\/\/www.effe.it\/referenza\/golfo-dei-poeti-relais\/","menu_order":0,"post_type":"referenza","post_mime_type":"","comment_count":"0","filter":"raw"},{"ID":25736,"post_author":"10","post_date":"2021-09-03 14:36:31","post_date_gmt":"2021-09-03 12:36:31","post_content":"<p class=\"p1\">In einer der besten Lagen von Lovere bietet die Casa del Porto einen Wohlf\u00fchlbereich mit Sauna und Hamam der Marke Effe. Der faszinierende Wellnessbereich wurde in antiken unterirdischen Zisternen gestaltet.<\/p>","post_title":"La Casa del Porto","post_excerpt":"","post_status":"publish","comment_status":"closed","ping_status":"closed","post_password":"","post_name":"la-casa-del-porto-2","to_ping":"","pinged":"","post_modified":"2023-07-03 10:59:08","post_modified_gmt":"2023-07-03 08:59:08","post_content_filtered":"","post_parent":0,"guid":"https:\/\/www.effe.it\/referenza\/la-casa-del-porto-2\/","menu_order":0,"post_type":"referenza","post_mime_type":"","comment_count":"0","filter":"raw"},{"ID":26017,"post_author":"10","post_date":"2021-09-03 14:36:31","post_date_gmt":"2021-09-03 12:36:31","post_content":"<p class=\"p1\">Effe hat individuelle ma\u00dfgeschneiderte L\u00f6sungen f\u00fcr den Wellnessbereich dieses Ortes inmitten der Natur, am Fu\u00dfe der Dolomiten, geschaffen. Die Naturlandschaft und der Wellnessbereich bilden, auch dank der Betonung von Details, eine perfekte Kombination.<\/p>","post_title":"Private house, Alta Badia","post_excerpt":"","post_status":"publish","comment_status":"closed","ping_status":"closed","post_password":"","post_name":"giglio-alta-badia-private-house","to_ping":"","pinged":"","post_modified":"2023-07-03 10:53:49","post_modified_gmt":"2023-07-03 08:53:49","post_content_filtered":"","post_parent":0,"guid":"https:\/\/www.effe.it\/referenza\/giglio-alta-badia-private-house\/","menu_order":0,"post_type":"referenza","post_mime_type":"","comment_count":"0","filter":"raw"}],"gallery_photos_12_columns_reference":[{"image_gallery_columns":"https:\/\/static.effe.it\/website\/2021\/09\/private-house-ancona-6%402x-scaled.jpg","copy_image_column":"","numer_of_columns":"12","embed_video_gallery":""},{"image_gallery_columns":"https:\/\/static.effe.it\/website\/2021\/09\/private-house-ancona-1%402x.jpg","copy_image_column":"","numer_of_columns":"6","embed_video_gallery":""},{"image_gallery_columns":"https:\/\/static.effe.it\/website\/2021\/09\/private-house-ancona-4%402x.jpg","copy_image_column":"","numer_of_columns":"4","embed_video_gallery":""},{"image_gallery_columns":"https:\/\/static.effe.it\/website\/2021\/09\/private-house-ancona-7%402x.jpg","copy_image_column":"","numer_of_columns":"5","embed_video_gallery":""},{"image_gallery_columns":"https:\/\/static.effe.it\/website\/2021\/09\/private-house-ancona-2%402x.jpg","copy_image_column":"","numer_of_columns":"6","embed_video_gallery":""},{"image_gallery_columns":"https:\/\/static.effe.it\/website\/2021\/09\/private-house-ancona-5%402x.jpg","copy_image_column":"","numer_of_columns":"6","embed_video_gallery":""},{"image_gallery_columns":"https:\/\/static.effe.it\/website\/2021\/09\/private-house-ancona-3%402x.jpg","copy_image_column":"","numer_of_columns":"6","embed_video_gallery":""}]},"_links":{"self":[{"href":"https:\/\/www.effe.it\/de\/wp-json\/wp\/v2\/referenza\/21469"}],"collection":[{"href":"https:\/\/www.effe.it\/de\/wp-json\/wp\/v2\/referenza"}],"about":[{"href":"https:\/\/www.effe.it\/de\/wp-json\/wp\/v2\/types\/referenza"}],"wp:attachment":[{"href":"https:\/\/www.effe.it\/de\/wp-json\/wp\/v2\/media?parent=21469"}],"curies":[{"name":"wp","href":"https:\/\/api.w.org\/{rel}","templated":true}]}}