{"id":21168,"date":"2021-09-03T14:36:31","date_gmt":"2021-09-03T12:36:31","guid":{"rendered":"https:\/\/www.effe.it\/referenza\/upper-west-side-new-york\/"},"modified":"2022-03-03T12:13:27","modified_gmt":"2022-03-03T10:13:27","slug":"upper-west-side-new-york","status":"publish","type":"referenza","link":"https:\/\/www.effe.it\/de\/referenza\/upper-west-side-new-york\/","title":{"rendered":"Upper West Side, New York"},"content":{"rendered":"<p><span data-sheets-value=\"{&quot;1&quot;:2,&quot;2&quot;:&quot;Ein pr\u00e4chtiges Penthouse mit privater ma\u00dfgefertigter Sauna Effe an der Upper West Side \u2013 dem Viertel der New Yorker Insel Manhattan, das den Central Park mit dem Hudson River verbindet. Die nat\u00fcrlichen T\u00f6ne des edlen, thermisch behandelten Espenholzes vereinen sich perfekt mit den handgefertigten Fliesen im marokkanischen Stil.&quot;}\" data-sheets-userformat=\"{&quot;2&quot;:257,&quot;3&quot;:{&quot;1&quot;:0},&quot;11&quot;:4}\">Ein pr\u00e4chtiges Penthouse mit privater ma\u00dfgefertigter Sauna Effe an der Upper West Side \u2013 dem Viertel der New Yorker Insel Manhattan, das den Central Park mit dem Hudson River verbindet. Die nat\u00fcrlichen T\u00f6ne des edlen, thermisch behandelten Espenholzes vereinen sich perfekt mit den handgefertigten Fliesen im marokkanischen Stil.<\/span><\/p>\n","protected":false},"featured_media":0,"template":"","better_featured_image":null,"acf":{"gallery_photos_12_columns_reference":[{"image_gallery_columns":"https:\/\/static.effe.it\/website\/2021\/09\/upper-west-side-1%402x-scaled.jpg","copy_image_column":"","numer_of_columns":"12","embed_video_gallery":""},{"image_gallery_columns":"https:\/\/static.effe.it\/website\/2021\/09\/upper-west-side-2%402x.jpg","copy_image_column":"","numer_of_columns":"3","embed_video_gallery":""},{"image_gallery_columns":"https:\/\/static.effe.it\/website\/2021\/09\/upper-west-side-3%402x.jpg","copy_image_column":"","numer_of_columns":"6","embed_video_gallery":""},{"image_gallery_columns":"https:\/\/static.effe.it\/website\/2021\/09\/upper-west-side-4%402x.jpg","copy_image_column":"","numer_of_columns":"6","embed_video_gallery":""},{"image_gallery_columns":"https:\/\/static.effe.it\/website\/2021\/09\/upper-west-side-5%402x.jpg","copy_image_column":"","numer_of_columns":"3","embed_video_gallery":""},{"image_gallery_columns":"https:\/\/static.effe.it\/website\/2021\/09\/upper-west-side-6%402x-scaled.jpg","copy_image_column":"","numer_of_columns":"12","embed_video_gallery":""},{"image_gallery_columns":"https:\/\/static.effe.it\/website\/2021\/09\/upper-west-side-2.jpg","copy_image_column":"","numer_of_columns":"9","embed_video_gallery":""},{"image_gallery_columns":"https:\/\/static.effe.it\/website\/2021\/09\/upper-west-side-3.jpg","copy_image_column":"","numer_of_columns":"5","embed_video_gallery":""},{"image_gallery_columns":"https:\/\/static.effe.it\/website\/2021\/09\/upper-west-side-4.jpg","copy_image_column":"","numer_of_columns":"5","embed_video_gallery":""},{"image_gallery_columns":"https:\/\/static.effe.it\/website\/2021\/09\/upper-west-side-1-scaled.jpg","copy_image_column":"","numer_of_columns":"12","embed_video_gallery":""}],"related_products_group":{"toggle_related_product_field":true,"related_products":[{"ID":9693,"post_author":"12708","post_date":"2021-07-29 11:03:03","post_date_gmt":"2021-07-29 09:03:03","post_content":"Eine Sauna mit einzigartigem Design, die dem Raum eine starke Pers\u00f6nlichkeit und gro\u00dfe Eleganz gibt. Der Saunaofen von BodyLove ist mit emaillierter Keramik und in einzigartigen Farben verkleidet: ein edles Material, das die Weichheit des Holzes unterstreicht. Die W\u00e4rmequelle, ein Element von zentraler Bedeutung f\u00fcr die Tradition der finnischen Sauna, nimmt auch in puncto Design wieder eine Hauptrolle ein. Die W\u00e4nde werden in zwei Holzausf\u00fchrungen angeboten: naturbelassenes Hemlock-Holz und thermisch behandeltes Massivholz, mit der M\u00f6glichkeit, auf Anfrage Spiegelfl\u00e4chen einzuf\u00fcgen. BodyLove bietet Au\u00dfent\u00e4felungen, die die heimische Dimension des als Einrichtungselement konzipierten Systems hervorhebt. Wie alle Produkte von Effe bietet auch BodyLove viele individuelle Gestaltungsm\u00f6glichkeiten hinsichtlich der Wahl und der Kombination der Materialien und erm\u00f6glicht damit die Realisierung eines wahrhaft ma\u00dfgeschneiderten Wellnessbereichs.","post_title":"BodyLove S","post_excerpt":"","post_status":"publish","comment_status":"closed","ping_status":"closed","post_password":"","post_name":"bodylove-s","to_ping":"","pinged":"","post_modified":"2026-04-29 17:09:13","post_modified_gmt":"2026-04-29 15:09:13","post_content_filtered":"","post_parent":0,"guid":"https:\/\/www.effe.it\/prodotto\/bodylove-s\/","menu_order":0,"post_type":"prodotto","post_mime_type":"","comment_count":"0","filter":"raw"},{"ID":9725,"post_author":"9693","post_date":"2021-07-29 11:03:03","post_date_gmt":"2021-07-29 09:03:03","post_content":"Der gesamte Saunabereich ist mit kanadischem Hemlock-Holz ausgekleidet, dem hochwertigsten Material f\u00fcr finnische Saunen. Der Au\u00dfenbau der Sauna ist in drei Standardausf\u00fchrungen oder mit individueller Farbgestaltung erh\u00e4ltlich. Sauna und Dusche sind zwei sich erg\u00e4nzende Elemente: Die Raumaufteilung garantiert Bequemlichkeit und Funktionalit\u00e4t. Die Sauna schafft ein hei\u00dfes und sehr trockenes, fast feuchteloses Ambiente. Das regt das Schwitzen und Ausscheiden der Giftstoffe aus unserem K\u00f6rper an. Eine lauwarme oder k\u00fchle Dusche nach dem Saunagang ist sehr angenehm und belebend. F\u00fcr maximale Raumintegration auch in der Ausf\u00fchrung Filo (ohne Boden) erh\u00e4ltlich.","post_title":"Logica S","post_excerpt":"","post_status":"draft","comment_status":"closed","ping_status":"closed","post_password":"","post_name":"logica-s","to_ping":"","pinged":"","post_modified":"2023-11-28 20:35:21","post_modified_gmt":"2023-11-28 18:35:21","post_content_filtered":"","post_parent":0,"guid":"https:\/\/www.effe.it\/prodotto\/logica-s\/","menu_order":0,"post_type":"prodotto","post_mime_type":"","comment_count":"0","filter":"raw"},{"ID":9746,"post_author":"12708","post_date":"2021-07-29 11:03:03","post_date_gmt":"2021-07-29 09:03:03","post_content":"Drei verschiedene L\u00f6sungen mit drei verschiedenen Holzarten machen den Weg frei f\u00fcr vielerlei Projektvorschl\u00e4ge. Der Ofen ist in die untere Bank integriert, wodurch ein formales lineares Bild entsteht.\n\nDie Inspiration, aus der sich ihr Name ableitet, bezieht sich auf einen Zweig der japanischen Naturmedizin, der sich die positiven Wirkungen des Kontakts mit Pflanzen und mit dem Wald zunutze macht.","post_title":"Yoku S","post_excerpt":"","post_status":"publish","comment_status":"closed","ping_status":"closed","post_password":"","post_name":"yoku-s","to_ping":"","pinged":"","post_modified":"2026-04-30 10:42:45","post_modified_gmt":"2026-04-30 08:42:45","post_content_filtered":"","post_parent":0,"guid":"https:\/\/www.effe.it\/prodotto\/yoku-s\/","menu_order":0,"post_type":"prodotto","post_mime_type":"","comment_count":"0","filter":"raw"},{"ID":9736,"post_author":"12708","post_date":"2021-07-29 11:03:03","post_date_gmt":"2021-07-29 09:03:03","post_content":"Sky wird aus hochwertigem kanadischen Hemlock-Holz und geh\u00e4rtetem Glas, 10 mm, gefertigt. Die Front, die T\u00fcr und die Decke aus Glas verleihen Sky extreme Transparenz und Leichtigkeit.","post_title":"Sky","post_excerpt":"","post_status":"publish","comment_status":"closed","ping_status":"closed","post_password":"","post_name":"sky","to_ping":"","pinged":"","post_modified":"2026-04-30 11:09:43","post_modified_gmt":"2026-04-30 09:09:43","post_content_filtered":"","post_parent":0,"guid":"https:\/\/www.effe.it\/prodotto\/sky\/","menu_order":0,"post_type":"prodotto","post_mime_type":"","comment_count":"0","filter":"raw"}]},"abilitare_progetti_simili":true,"similar_projects":[{"ID":21403,"post_author":"6","post_date":"2021-09-03 14:36:31","post_date_gmt":"2021-09-03 12:36:31","post_content":"<span data-sheets-value=\"{&quot;1&quot;:2,&quot;2&quot;:&quot;Das Golfo dei Poeti Relais &amp; SPA schafft die Verbindung der drei Elemente, welche die Essenz von Gastfreundschaft bilden: In dieser Umgebung stehen Zeit, Stille und Raum im Mittelpunkt. Hier hat Effe eine Sauna mit Meerblick gestaltet. Die G\u00e4ste der Einrichtung k\u00f6nnen ihren Moment des Wohlbefindens genie\u00dfen und dabei die ligurische K\u00fcste durch die gro\u00dfe Glaswand bewundern.&quot;}\" data-sheets-userformat=\"{&quot;2&quot;:257,&quot;3&quot;:{&quot;1&quot;:0},&quot;11&quot;:4}\">Das Golfo dei Poeti Relais &amp; SPA schafft die Verbindung der drei Elemente, welche die Essenz von Gastfreundschaft bilden: In dieser Umgebung stehen Zeit, Stille und Raum im Mittelpunkt. Hier hat Effe eine Sauna mit Meerblick gestaltet. Die G\u00e4ste der Einrichtung k\u00f6nnen ihren Moment des Wohlbefindens genie\u00dfen und dabei die ligurische K\u00fcste durch die gro\u00dfe Glaswand bewundern.<\/span>","post_title":"Golfo dei Poeti Relais","post_excerpt":"","post_status":"publish","comment_status":"closed","ping_status":"closed","post_password":"","post_name":"golfo-dei-poeti-relais","to_ping":"","pinged":"","post_modified":"2022-03-04 11:41:24","post_modified_gmt":"2022-03-04 09:41:24","post_content_filtered":"","post_parent":0,"guid":"https:\/\/www.effe.it\/referenza\/golfo-dei-poeti-relais\/","menu_order":0,"post_type":"referenza","post_mime_type":"","comment_count":"0","filter":"raw"},{"ID":25736,"post_author":"10","post_date":"2021-09-03 14:36:31","post_date_gmt":"2021-09-03 12:36:31","post_content":"<p class=\"p1\">In einer der besten Lagen von Lovere bietet die Casa del Porto einen Wohlf\u00fchlbereich mit Sauna und Hamam der Marke Effe. Der faszinierende Wellnessbereich wurde in antiken unterirdischen Zisternen gestaltet.<\/p>","post_title":"La Casa del Porto","post_excerpt":"","post_status":"publish","comment_status":"closed","ping_status":"closed","post_password":"","post_name":"la-casa-del-porto-2","to_ping":"","pinged":"","post_modified":"2023-07-03 10:59:08","post_modified_gmt":"2023-07-03 08:59:08","post_content_filtered":"","post_parent":0,"guid":"https:\/\/www.effe.it\/referenza\/la-casa-del-porto-2\/","menu_order":0,"post_type":"referenza","post_mime_type":"","comment_count":"0","filter":"raw"}]},"_links":{"self":[{"href":"https:\/\/www.effe.it\/de\/wp-json\/wp\/v2\/referenza\/21168"}],"collection":[{"href":"https:\/\/www.effe.it\/de\/wp-json\/wp\/v2\/referenza"}],"about":[{"href":"https:\/\/www.effe.it\/de\/wp-json\/wp\/v2\/types\/referenza"}],"wp:attachment":[{"href":"https:\/\/www.effe.it\/de\/wp-json\/wp\/v2\/media?parent=21168"}],"curies":[{"name":"wp","href":"https:\/\/api.w.org\/{rel}","templated":true}]}}