{"id":9746,"date":"2021-07-29T11:03:03","date_gmt":"2021-07-29T09:03:03","guid":{"rendered":"https:\/\/www.effe.it\/prodotto\/yoku-s\/"},"modified":"2025-09-04T12:13:46","modified_gmt":"2025-09-04T10:13:46","slug":"yoku-s","status":"publish","type":"prodotto","link":"https:\/\/www.effe.it\/de\/produkt\/yoku-s\/","title":{"rendered":"Yoku S"},"content":{"rendered":"<p>Drei verschiedene L\u00f6sungen mit drei verschiedenen Holzarten machen den Weg frei f\u00fcr vielerlei Projektvorschl\u00e4ge. Der Ofen ist in die untere Bank integriert, wodurch ein formales lineares Bild entsteht.<\/p>\n<p>Die Inspiration, aus der sich ihr Name ableitet, bezieht sich auf einen Zweig der japanischen Naturmedizin, der sich die positiven Wirkungen des Kontakts mit Pflanzen und mit dem Wald zunutze macht.<\/p>\n","protected":false},"featured_media":18048,"menu_order":0,"template":"","categorie_prodotti":[823],"famiglia_prodotti":[787],"better_featured_image":{"id":18048,"alt_text":"","caption":"","description":"","media_type":"image","media_details":{"width":1184,"height":960,"file":"2021\/10\/landing-saune-yoku@2x.jpg","sizes":{"medium":{"file":"landing-saune-yoku@2x-300x243.jpg","width":300,"height":243,"mime-type":"image\/jpeg","source_url":"https:\/\/static.effe.it\/website\/2021\/10\/landing-saune-yoku%402x-300x243.jpg"},"large":{"file":"landing-saune-yoku@2x-1024x830.jpg","width":1024,"height":830,"mime-type":"image\/jpeg","source_url":"https:\/\/static.effe.it\/website\/2021\/10\/landing-saune-yoku%402x-1024x830.jpg"},"thumbnail":{"file":"landing-saune-yoku@2x-150x150.jpg","width":150,"height":150,"mime-type":"image\/jpeg","source_url":"https:\/\/static.effe.it\/website\/2021\/10\/landing-saune-yoku%402x-150x150.jpg"},"medium_large":{"file":"landing-saune-yoku@2x-768x623.jpg","width":768,"height":623,"mime-type":"image\/jpeg","source_url":"https:\/\/static.effe.it\/website\/2021\/10\/landing-saune-yoku%402x-768x623.jpg"},"image-related-size":{"file":"landing-saune-yoku@2x-420x285.jpg","width":420,"height":285,"mime-type":"image\/jpeg","source_url":"https:\/\/static.effe.it\/website\/2021\/10\/landing-saune-yoku%402x-420x285.jpg"},"image-related-size-bigger-sq":{"file":"landing-saune-yoku@2x-624x468.jpg","width":624,"height":468,"mime-type":"image\/jpeg","source_url":"https:\/\/static.effe.it\/website\/2021\/10\/landing-saune-yoku%402x-624x468.jpg"},"image-designer-product":{"file":"landing-saune-yoku@2x-644x587.jpg","width":644,"height":587,"mime-type":"image\/jpeg","source_url":"https:\/\/static.effe.it\/website\/2021\/10\/landing-saune-yoku%402x-644x587.jpg"}},"image_meta":{"aperture":"0","credit":"","camera":"","caption":"","created_timestamp":"0","copyright":"","focal_length":"0","iso":"0","shutter_speed":"0","title":"","orientation":"0","keywords":[]}},"post":18301,"source_url":"https:\/\/static.effe.it\/website\/2021\/10\/landing-saune-yoku%402x.jpg"},"acf":{"intro_text":"Die Sauna Yoku S ist trotz ihres essenziellen, ausgewogenen und strengen Designs einladend, warm und nat\u00fcrlich. Der Ofen ist in die untere Bank integriert, wodurch ein formales lineares Bild entsteht. Die gro\u00dfe frontale Verglasung wird au\u00dfen durch vertikale Elemente aus Naturholz belebt, die den Innenraum intimer machen und gleichzeitig zu tragenden, offenen Regalelementen werden, die eine Verbindung nach au\u00dfen schaffen.\r\n\r\nYoku Collection - Auszeichnungen: ICFF - International Contemporary Furniture Fair, ADI Design Index, IF Award, NYCxDesign Award, German Innovation Award, German Design Award, Good Design Award, Grands Prix Du Design ","related_products_group":{"toggle_related_product_field":true,"related_products":[{"ID":9736,"post_author":"12708","post_date":"2021-07-29 11:03:03","post_date_gmt":"2021-07-29 09:03:03","post_content":"Sky wird aus hochwertigem kanadischen Hemlock-Holz und geh\u00e4rtetem Glas, 10 mm, gefertigt. Die Front, die T\u00fcr und die Decke aus Glas verleihen Sky extreme Transparenz und Leichtigkeit.","post_title":"Sky","post_excerpt":"","post_status":"publish","comment_status":"closed","ping_status":"closed","post_password":"","post_name":"sky","to_ping":"","pinged":"","post_modified":"2024-10-10 11:25:53","post_modified_gmt":"2024-10-10 09:25:53","post_content_filtered":"","post_parent":0,"guid":"https:\/\/www.effe.it\/prodotto\/sky\/","menu_order":0,"post_type":"prodotto","post_mime_type":"","comment_count":"0","filter":"raw"},{"ID":9741,"post_author":"12708","post_date":"2021-07-29 11:03:03","post_date_gmt":"2021-07-29 09:03:03","post_content":"<!-- wp:paragraph -->\n<p>Sky Corner wird aus hochwertigem kanadischen Hemlock-Holz oder thermisch behandeltem Espenholz hergestellt. Das Innere kann mit Farblichttherapie und LED-Licht unter der Bank erg\u00e4nzt werden. Die gro\u00dfe Glasfl\u00e4che verleiht dem Design dieses Produkts eine besondere Leichtigkeit. Die 10 mm dicken Scheiben aus geh\u00e4rtetem Niederemissionsglas erstrecken sich \u00fcber die Front, die T\u00fcr, die Decke und die Seitenwand.<\/p>\n<!-- \/wp:paragraph -->","post_title":"Sky Corner","post_excerpt":"","post_status":"publish","comment_status":"closed","ping_status":"closed","post_password":"","post_name":"sky-corner","to_ping":"","pinged":"","post_modified":"2025-02-25 10:16:54","post_modified_gmt":"2025-02-25 08:16:54","post_content_filtered":"","post_parent":0,"guid":"https:\/\/www.effe.it\/prodotto\/sky-corner\/","menu_order":0,"post_type":"prodotto","post_mime_type":"","comment_count":"0","filter":"raw"},{"ID":9693,"post_author":"12708","post_date":"2021-07-29 11:03:03","post_date_gmt":"2021-07-29 09:03:03","post_content":"Eine Sauna mit einzigartigem Design, die dem Raum eine starke Pers\u00f6nlichkeit und gro\u00dfe Eleganz gibt. Der Saunaofen von BodyLove ist mit emaillierter Keramik und in einzigartigen Farben verkleidet: ein edles Material, das die Weichheit des Holzes unterstreicht. Die W\u00e4rmequelle, ein Element von zentraler Bedeutung f\u00fcr die Tradition der finnischen Sauna, nimmt auch in puncto Design wieder eine Hauptrolle ein. Die W\u00e4nde werden in zwei Holzausf\u00fchrungen angeboten: naturbelassenes Hemlock-Holz und thermisch behandeltes Massivholz, mit der M\u00f6glichkeit, auf Anfrage Spiegelfl\u00e4chen einzuf\u00fcgen. BodyLove bietet Au\u00dfent\u00e4felungen, die die heimische Dimension des als Einrichtungselement konzipierten Systems hervorhebt. Wie alle Produkte von Effe bietet auch BodyLove viele individuelle Gestaltungsm\u00f6glichkeiten hinsichtlich der Wahl und der Kombination der Materialien und erm\u00f6glicht damit die Realisierung eines wahrhaft ma\u00dfgeschneiderten Wellnessbereichs.","post_title":"BodyLove S","post_excerpt":"","post_status":"publish","comment_status":"closed","ping_status":"closed","post_password":"","post_name":"bodylove-s","to_ping":"","pinged":"","post_modified":"2025-11-11 13:27:28","post_modified_gmt":"2025-11-11 11:27:28","post_content_filtered":"","post_parent":0,"guid":"https:\/\/www.effe.it\/prodotto\/bodylove-s\/","menu_order":0,"post_type":"prodotto","post_mime_type":"","comment_count":"0","filter":"raw"},{"ID":15465,"post_author":"2","post_date":"2021-09-09 18:51:43","post_date_gmt":"2021-09-09 16:51:43","post_content":"","post_title":"Kollektion Yoku","post_excerpt":"","post_status":"publish","comment_status":"closed","ping_status":"closed","post_password":"","post_name":"kollektion-yoku","to_ping":"","pinged":"","post_modified":"2021-09-27 19:21:51","post_modified_gmt":"2021-09-27 17:21:51","post_content_filtered":"","post_parent":0,"guid":"https:\/\/www.effe.it\/kollektion-yoku\/","menu_order":0,"post_type":"page","post_mime_type":"","comment_count":"0","filter":"raw"}]},"optional_products_group":{"optional_toggle_field":false,"related_optional":""},"accordion_group":{"":null,"materials-toggle-field":true,"miniatura_materiali":{"ID":6974,"id":6974,"title":"Yoku S","filename":"Yoku-S.jpg","filesize":42620,"url":"https:\/\/static.effe.it\/website\/2021\/07\/Yoku-S.jpg","link":"https:\/\/www.effe.it\/de\/produkt\/yoku-s\/yoku-s-2\/","alt":"","author":"9","description":"","caption":"","name":"yoku-s-2","status":"inherit","uploaded_to":9746,"date":"2021-08-16 15:57:42","modified":"2021-08-16 15:57:42","menu_order":0,"mime_type":"image\/jpeg","type":"image","subtype":"jpeg","icon":"https:\/\/www.effe.it\/wp-includes\/images\/media\/default.png","width":697,"height":461,"sizes":{"thumbnail":"https:\/\/static.effe.it\/website\/2021\/07\/Yoku-S-150x150.jpg","thumbnail-width":150,"thumbnail-height":150,"medium":"https:\/\/static.effe.it\/website\/2021\/07\/Yoku-S-300x198.jpg","medium-width":300,"medium-height":198,"medium_large":"https:\/\/static.effe.it\/website\/2021\/07\/Yoku-S.jpg","medium_large-width":697,"medium_large-height":461,"large":"https:\/\/static.effe.it\/website\/2021\/07\/Yoku-S.jpg","large-width":697,"large-height":461,"image-related-size":"https:\/\/static.effe.it\/website\/2021\/07\/Yoku-S-420x285.jpg","image-related-size-width":420,"image-related-size-height":285,"image-related-size-bigger-sq":"https:\/\/static.effe.it\/website\/2021\/07\/Yoku-S.jpg","image-related-size-bigger-sq-width":624,"image-related-size-bigger-sq-height":413,"image-designer-product":"https:\/\/static.effe.it\/website\/2021\/07\/Yoku-S.jpg","image-designer-product-width":644,"image-designer-product-height":426,"1536x1536":"https:\/\/static.effe.it\/website\/2021\/07\/Yoku-S.jpg","1536x1536-width":697,"1536x1536-height":461,"2048x2048":"https:\/\/static.effe.it\/website\/2021\/07\/Yoku-S.jpg","2048x2048-width":697,"2048x2048-height":461}},"materials_group":[{"materials_title":"THERMO ESPENHOLZ","single_materials_repeater":[{"position_material":"R\u00dcCKWAND INNEN, AUSSTATTUNGEN","single_materials":[{"ID":2500,"post_author":"2","post_date":"2021-07-29 10:17:53","post_date_gmt":"2021-07-29 08:17:53","post_content":"","post_title":"Thermo Espenholz (dauben)","post_excerpt":"","post_status":"publish","comment_status":"closed","ping_status":"closed","post_password":"","post_name":"thermo-espenholz-dauben","to_ping":"","pinged":"","post_modified":"2021-07-29 10:17:53","post_modified_gmt":"2021-07-29 08:17:53","post_content_filtered":"","post_parent":0,"guid":"https:\/\/www.effe.it\/materiale_prodotto\/thermo-espenholz-dauben\/","menu_order":0,"post_type":"materiale_prodotto","post_mime_type":"","comment_count":"0","filter":"raw"}]}],"abilitare_numerazione":true},{"materials_title":"THERMO HOLZ","single_materials_repeater":[{"position_material":"AUSSEN","single_materials":[{"ID":2485,"post_author":"2","post_date":"2021-07-29 10:17:57","post_date_gmt":"2021-07-29 08:17:57","post_content":"","post_title":"Thermisch behandeltes Holz (glatt)","post_excerpt":"","post_status":"publish","comment_status":"open","ping_status":"open","post_password":"","post_name":"thermisch-behandeltes-holz-glatt","to_ping":"","pinged":"","post_modified":"2021-07-29 10:17:58","post_modified_gmt":"2021-07-29 08:17:58","post_content_filtered":"","post_parent":0,"guid":"https:\/\/www.effe.it\/materiale_prodotto\/thermisch-behandeltes-holz-glatt\/","menu_order":0,"post_type":"materiale_prodotto","post_mime_type":"","comment_count":"0","filter":"raw"}]}],"abilitare_numerazione":true},{"materials_title":"WALNUSS CANALETTO","single_materials_repeater":[{"position_material":"AUSSEN","single_materials":[{"ID":2502,"post_author":"2","post_date":"2021-07-29 10:17:53","post_date_gmt":"2021-07-29 08:17:53","post_content":"","post_title":"Walnuss Canaletto (glatt)","post_excerpt":"","post_status":"publish","comment_status":"open","ping_status":"open","post_password":"","post_name":"walnuss-canaletto-glatt","to_ping":"","pinged":"","post_modified":"2021-07-29 10:17:53","post_modified_gmt":"2021-07-29 08:17:53","post_content_filtered":"","post_parent":0,"guid":"https:\/\/www.effe.it\/materiale_prodotto\/walnuss-canaletto-glatt\/","menu_order":0,"post_type":"materiale_prodotto","post_mime_type":"","comment_count":"0","filter":"raw"}]}],"abilitare_numerazione":true}],"toggle_designer":true,"designer":[{"ID":669,"post_author":"6","post_date":"2021-07-14 17:18:43","post_date_gmt":"2021-07-14 15:18:43","post_content":"<p class=\"p1\">Als zweimaliger Preistr\u00e4ger des Compasso d\u2019Oro ADI (Designpreis \u201eGoldener Kompass\u201d der italienischen Vereinigung f\u00fcr Industriedesign) im Jahre 2016 f\u00fcr das industrielle Designprojekt 5 MM im Auftrag von Treemme und 2011 f\u00fcr das Kommunikationsprojekt Multiverso wurde Marco Williams Fagioli 2016 bei der 21. Triennale International Exhibition von Mailand in der Kategorie \u201eDesigner over 35\u201c f\u00fcr sein Projekt Matris ausgezeichnet. Von ihm stammt auch die Installation Convivum 2.0 im Ausstellungsbereich der Region Umbrien anl\u00e4sslich der Expo 2015. Das Projekt 8emezzo der Region Umbrien wurde in der \u00f6ffentlichen Universit\u00e4t Mailand in Zusammenarbeit mit der Fakult\u00e4t f\u00fcr Innenarchitektur bei der Ausgabe 2015 des \u201eFuorisalone\u201c pr\u00e4sentiert. Der Designer gr\u00fcndete 2001 nach seinem Abschluss an der ISIA Urbino (Hochschule f\u00fcr Industriekultur) Zup Design und arbeitet als Kreativdirektor des Studios, das sich mit strategischem Design und integrierter Projektierung besch\u00e4ftigt.<span class=\"Apple-converted-space\">\u00a0<\/span><\/p>\n<p class=\"p1\">W\u00e4hrend seiner beruflichen Laufbahn erhielt er zahlreiche Auszeichnungen, darunter zweimal den Compasso d\u2019Oro ADI, die Preise Red Dot Design Award, Design Plus, German Design Award und zweimal den Grandesign Etico. 2008 wurde er vom Chicago Athenaeum mit dem Good Design Award f\u00fcr das Projekt Multiplo der Indesit Company pr\u00e4miert, das auch von ADI Index gew\u00e4hlt wurde. Das f\u00fcr Binova entworfene Projekt Anima Space Kitchen wurde au\u00dferdem 2008 von der d\u00e4nischen Zeitschrift BoBedre zur K\u00fcche des Jahres gek\u00fcrt und war der Favorit bei den Elle Decor International Design Awards in der Kategorie Kitchens. Die f\u00fcr Vaselli Marmi, Marmomacc 2009, gestaltete Einrichtung gewann die erste Pr\u00e4mie beim Best Communicator Award 2009. Seit 2009 lehrt Marco Williams Fagioli Projektierungs-Methodologie am NID, dem neuen Designinstitut in Perugia, seit 2014 ist er Dozent f\u00fcr Design an der ABA, Akademie der Sch\u00f6nen K\u00fcnste Pietro Vannucci, Perugia, und seit 2017 an der Domus Academy (DA) in Mailand. Gegenw\u00e4rtig arbeitet er an Projekten des Interior Designs, an der Gestaltung und Einrichtung von Museumsbereichen sowie an Auftr\u00e4gen in den Gebieten Kommunikation und Industriedesign.<\/p>","post_title":"Marco Williams Fagioli","post_excerpt":"","post_status":"publish","comment_status":"closed","ping_status":"closed","post_password":"","post_name":"marco-williams-fagioli","to_ping":"","pinged":"","post_modified":"2022-05-17 17:45:01","post_modified_gmt":"2022-05-17 15:45:01","post_content_filtered":"","post_parent":0,"guid":"https:\/\/www.effe.it\/designer\/marco-williams-fagioli\/","menu_order":20,"post_type":"designer","post_mime_type":"","comment_count":"0","filter":"raw"}],"models_relationship":[{"ID":8548,"post_author":"9","post_date":"2021-08-02 13:04:41","post_date_gmt":"2021-08-02 11:04:41","post_content":"","post_title":"YOKU S 45","post_excerpt":"","post_status":"publish","comment_status":"closed","ping_status":"closed","post_password":"","post_name":"yoku-s-45","to_ping":"","pinged":"","post_modified":"2021-09-24 09:24:38","post_modified_gmt":"2021-09-24 07:24:38","post_content_filtered":"","post_parent":0,"guid":"https:\/\/www.effe.it\/blog\/modelli\/yoku-s-45\/","menu_order":0,"post_type":"modelli","post_mime_type":"","comment_count":"0","filter":"raw"},{"ID":8954,"post_author":"20","post_date":"2021-08-02 13:04:41","post_date_gmt":"2021-08-02 11:04:41","post_content":"","post_title":"YOKU S 60","post_excerpt":"","post_status":"publish","comment_status":"closed","ping_status":"closed","post_password":"","post_name":"yoku-s-60","to_ping":"","pinged":"","post_modified":"2024-05-02 14:01:17","post_modified_gmt":"2024-05-02 12:01:17","post_content_filtered":"","post_parent":0,"guid":"https:\/\/www.effe.it\/blog\/modelli\/yoku-s-60\/","menu_order":0,"post_type":"modelli","post_mime_type":"","comment_count":"0","filter":"raw"},{"ID":8675,"post_author":"9","post_date":"2021-08-02 13:04:41","post_date_gmt":"2021-08-02 11:04:41","post_content":"","post_title":"YOKU S 80","post_excerpt":"","post_status":"publish","comment_status":"closed","ping_status":"closed","post_password":"","post_name":"yoku-s-80","to_ping":"","pinged":"","post_modified":"2021-09-24 09:27:38","post_modified_gmt":"2021-09-24 07:27:38","post_content_filtered":"","post_parent":0,"guid":"https:\/\/www.effe.it\/blog\/modelli\/yoku-s-80\/","menu_order":0,"post_type":"modelli","post_mime_type":"","comment_count":"0","filter":"raw"},{"ID":8543,"post_author":"9","post_date":"2021-08-02 13:04:41","post_date_gmt":"2021-08-02 11:04:41","post_content":"","post_title":"YOKU S 105","post_excerpt":"","post_status":"publish","comment_status":"closed","ping_status":"closed","post_password":"","post_name":"yoku-s-105","to_ping":"","pinged":"","post_modified":"2021-09-24 09:24:30","post_modified_gmt":"2021-09-24 07:24:30","post_content_filtered":"","post_parent":0,"guid":"https:\/\/www.effe.it\/blog\/modelli\/yoku-s-105\/","menu_order":0,"post_type":"modelli","post_mime_type":"","comment_count":"0","filter":"raw"}],"models_with_documents":true,"description_model_toggle_field":true,"model_description":"","disponibile_su_misura":true,"blueprint_toggle":false,"blueprint":null,"abilitare_versioni":true},"gallery_photos_12_columns":[{"image_gallery_columns":"https:\/\/static.effe.it\/website\/2021\/07\/Yoku-S-1%402x.jpg","copy_image_column":"","numer_of_columns":"3","embed_video_gallery":""},{"image_gallery_columns":"https:\/\/static.effe.it\/website\/2021\/07\/Yoku-S-2%402x.jpg","copy_image_column":"","numer_of_columns":"6","embed_video_gallery":""},{"image_gallery_columns":"https:\/\/static.effe.it\/website\/2021\/07\/Yoku-S-3%402x.jpg","copy_image_column":"","numer_of_columns":"6","embed_video_gallery":""},{"image_gallery_columns":"https:\/\/static.effe.it\/website\/2021\/07\/Yoku-S-4%402x.jpg","copy_image_column":"","numer_of_columns":"4","embed_video_gallery":""},{"image_gallery_columns":"https:\/\/static.effe.it\/website\/2021\/07\/Yoku-S-5%402x-scaled.jpg","copy_image_column":"","numer_of_columns":"12","embed_video_gallery":""},{"image_gallery_columns":"https:\/\/static.effe.it\/website\/2021\/07\/Yoku-S-6%402x.jpg","copy_image_column":"","numer_of_columns":"6","embed_video_gallery":""},{"image_gallery_columns":"https:\/\/static.effe.it\/website\/2021\/07\/Yoku-S-7%402x.jpg","copy_image_column":"","numer_of_columns":"4","embed_video_gallery":""},{"image_gallery_columns":"https:\/\/static.effe.it\/website\/2021\/07\/Yoku-S-8%402x.jpg","copy_image_column":"","numer_of_columns":"5","embed_video_gallery":""},{"image_gallery_columns":"https:\/\/static.effe.it\/website\/2021\/07\/Yoku-S-9%402x.jpg","copy_image_column":"","numer_of_columns":"6","embed_video_gallery":""},{"image_gallery_columns":"https:\/\/static.effe.it\/website\/2021\/07\/Yoku-S-10%402x-scaled.jpg","copy_image_column":"","numer_of_columns":"12","embed_video_gallery":""}],"slider_gallery":[{"image-slider-gallery":"https:\/\/static.effe.it\/website\/2021\/07\/Slider-Yoku-S-1.jpg","text-image-gallery":"","video":""},{"image-slider-gallery":"https:\/\/static.effe.it\/website\/2021\/07\/Slider-Yoku-S-2.jpg","text-image-gallery":"Ausf\u00fchrungen: Door","video":""},{"image-slider-gallery":"https:\/\/static.effe.it\/website\/2021\/07\/Slider-Yoku-S-3.jpg","text-image-gallery":"Ausf\u00fchrungen: Glass","video":""}],"documents_related_collection_group":[{"input_type":"url","resource_url":"https:\/\/drive.google.com\/file\/d\/16t0JWdlPSN0l00YAmfx3Ufiz8rgiXmPW\/view?usp=drive_link","document_title":"Brosch\u00fcren","file":false,"logged_in_only":true,"reserved_service_center":false},{"input_type":"url","resource_url":"https:\/\/drive.google.com\/file\/d\/1tsnPVJo3hQHU4S1b7441je1QM5514M3f\/view?usp=drive_link","document_title":"Gebrauchsanweisung","file":false,"logged_in_only":true,"reserved_service_center":true}]},"_links":{"self":[{"href":"https:\/\/www.effe.it\/de\/wp-json\/wp\/v2\/products\/9746"}],"collection":[{"href":"https:\/\/www.effe.it\/de\/wp-json\/wp\/v2\/products"}],"about":[{"href":"https:\/\/www.effe.it\/de\/wp-json\/wp\/v2\/types\/prodotto"}],"version-history":[{"count":3,"href":"https:\/\/www.effe.it\/de\/wp-json\/wp\/v2\/products\/9746\/revisions"}],"predecessor-version":[{"id":36629,"href":"https:\/\/www.effe.it\/de\/wp-json\/wp\/v2\/products\/9746\/revisions\/36629"}],"wp:featuredmedia":[{"embeddable":true,"href":"https:\/\/www.effe.it\/de\/wp-json\/wp\/v2\/media\/18048"}],"wp:attachment":[{"href":"https:\/\/www.effe.it\/de\/wp-json\/wp\/v2\/media?parent=9746"}],"wp:term":[{"taxonomy":"categorie_prodotti","embeddable":true,"href":"https:\/\/www.effe.it\/de\/wp-json\/wp\/v2\/categorie_prodotti?post=9746"},{"taxonomy":"famiglia_prodotti","embeddable":true,"href":"https:\/\/www.effe.it\/de\/wp-json\/wp\/v2\/famiglia_prodotti?post=9746"}],"curies":[{"name":"wp","href":"https:\/\/api.w.org\/{rel}","templated":true}]}}