{"id":9676,"date":"2021-07-29T12:19:09","date_gmt":"2021-07-29T10:19:09","guid":{"rendered":"https:\/\/www.effe.it\/prodotto\/idea-ir\/"},"modified":"2026-04-30T11:31:18","modified_gmt":"2026-04-30T09:31:18","slug":"idea-ir","status":"publish","type":"prodotto","link":"https:\/\/www.effe.it\/de\/produkt\/idea-ir\/","title":{"rendered":"Idea IR"},"content":{"rendered":"\n<p>Die Temperatur in Infrarotkabinen liegt bei 30-40\u202f\u00b0C, im Gegensatz zu traditionellen Saunen, die 90-100\u202f\u00b0C erreichen k\u00f6nnen. Infrarotstrahlen dringen tief in die Haut ein und erzeugen dabei wohltuende Wirkungen f\u00fcr unseren K\u00f6rper: tiefe Entspannung, Linderung von Muskelschmerzen, Anregung der Blutzirkulation, Aktivierung von Stoffwechselprozessen. Die Verweildauer in einer Infrarotkabine kann bis zu 60 Minuten betragen.<\/p>\n\n\n\n<p>Das Design von Idea IR zeichnet sich durch den Au\u00dfenrahmen mit einer schr\u00e4gen Laibung aus, die ein Schattenprofil erzeugt und trotz ihrer geringen Ma\u00dfe Tiefe verleiht. Die Innenw\u00e4nde bestehen aus glatten Paneelen aus Hemlock-Holz. Das Innenlicht, das sich an der R\u00fcckwand befindet, erzeugt eine besonders gem\u00fctliche Atmosph\u00e4re. Die Infrarotstrahler befinden sich in den inneren Ecken (2 oder 4 Strahler je nach Gr\u00f6\u00dfe).<\/p>\n","protected":false},"featured_media":22434,"menu_order":0,"template":"","categorie_prodotti":[1197],"famiglia_prodotti":[],"better_featured_image":{"id":22434,"alt_text":"","caption":"","description":"","media_type":"image","media_details":{"width":1184,"height":960,"file":"2021\/07\/landing-saune-idea-ir.jpg","sizes":{"medium":{"file":"landing-saune-idea-ir-300x243.jpg","width":300,"height":243,"mime-type":"image\/jpeg","source_url":"https:\/\/static.effe.it\/website\/2021\/07\/landing-saune-idea-ir-300x243.jpg"},"large":{"file":"landing-saune-idea-ir-1024x830.jpg","width":1024,"height":830,"mime-type":"image\/jpeg","source_url":"https:\/\/static.effe.it\/website\/2021\/07\/landing-saune-idea-ir-1024x830.jpg"},"thumbnail":{"file":"landing-saune-idea-ir-150x150.jpg","width":150,"height":150,"mime-type":"image\/jpeg","source_url":"https:\/\/static.effe.it\/website\/2021\/07\/landing-saune-idea-ir-150x150.jpg"},"medium_large":{"file":"landing-saune-idea-ir-768x623.jpg","width":768,"height":623,"mime-type":"image\/jpeg","source_url":"https:\/\/static.effe.it\/website\/2021\/07\/landing-saune-idea-ir-768x623.jpg"},"image-related-size":{"file":"landing-saune-idea-ir-420x285.jpg","width":420,"height":285,"mime-type":"image\/jpeg","source_url":"https:\/\/static.effe.it\/website\/2021\/07\/landing-saune-idea-ir-420x285.jpg"},"image-related-size-bigger-sq":{"file":"landing-saune-idea-ir-624x468.jpg","width":624,"height":468,"mime-type":"image\/jpeg","source_url":"https:\/\/static.effe.it\/website\/2021\/07\/landing-saune-idea-ir-624x468.jpg"},"image-designer-product":{"file":"landing-saune-idea-ir-644x587.jpg","width":644,"height":587,"mime-type":"image\/jpeg","source_url":"https:\/\/static.effe.it\/website\/2021\/07\/landing-saune-idea-ir-644x587.jpg"}},"image_meta":{"aperture":"0","credit":"","camera":"","caption":"","created_timestamp":"0","copyright":"","focal_length":"0","iso":"0","shutter_speed":"0","title":"","orientation":"1","keywords":[]}},"post":9698,"source_url":"https:\/\/static.effe.it\/website\/2021\/07\/landing-saune-idea-ir.jpg"},"acf":{"intro_text":"Diese Infrarotkabinen bereichern das Angebot von Effe. Infrarotstrahlen dringen tief in die Haut ein und erw\u00e4rmen so den K\u00f6rper. Dabei entwickeln sie in der Kabine niedrigere Temperaturen als herk\u00f6mmliche Saunen.","related_products_group":{"toggle_related_product_field":true,"related_products":[{"ID":9682,"post_author":"12708","post_date":"2021-07-29 11:03:03","post_date_gmt":"2021-07-29 09:03:03","post_content":"Die schwebenden B\u00e4nke erleichtern das Design und erm\u00f6glichen die Installation auf existierenden B\u00f6den. Der mittig positionierte Ofen macht Air zu einem Ort der Begegnung, um sich in Gesellschaft zu entspannen. Die Bankfl\u00e4chen werden au\u00dferhalb zu einem Handtuchhalter und einer praktischen Ablage. Die Innenausstattung besteht aus hochwertigem sehr langlebigem Espenholz \u2013 naturbelassen oder thermisch behandelt. Die gro\u00dfen Glasfl\u00e4chen bis zur Decke aus geh\u00e4rtetem Glas und die LED-Leuchten unter den B\u00e4nken betonen die Leichtigkeit des Raums.","post_title":"Air","post_excerpt":"","post_status":"publish","comment_status":"closed","ping_status":"closed","post_password":"","post_name":"air","to_ping":"","pinged":"","post_modified":"2026-04-30 11:03:01","post_modified_gmt":"2026-04-30 09:03:01","post_content_filtered":"","post_parent":0,"guid":"https:\/\/www.effe.it\/prodotto\/air\/","menu_order":0,"post_type":"prodotto","post_mime_type":"","comment_count":"0","filter":"raw"},{"ID":9688,"post_author":"12708","post_date":"2021-07-29 11:03:03","post_date_gmt":"2021-07-29 09:03:03","post_content":"Sauna, gefertigt aus hochwertigen H\u00f6lzern und Verglasungen aus geh\u00e4rtetem Niederemissionsglas, 8 mm. Die Innenausstattung ist besonders einladend und zeichnet sich durch unterschiedlich gro\u00dfe Latten aus. Auki passt sich leicht dem zur Verf\u00fcgung stehenden Raum an, auch f\u00fcr Anwendungen nach Ma\u00df. Alle Auki-Saunen sind mit einem eleganten Griff an der T\u00fcr ausgestattet, der die Verglasungen nicht bedeckt und ein sauberes Au\u00dfendesign bewahrt.","post_title":"Auki","post_excerpt":"","post_status":"publish","comment_status":"closed","ping_status":"closed","post_password":"","post_name":"auki","to_ping":"","pinged":"","post_modified":"2026-04-30 11:20:45","post_modified_gmt":"2026-04-30 09:20:45","post_content_filtered":"","post_parent":0,"guid":"https:\/\/www.effe.it\/prodotto\/auki\/","menu_order":0,"post_type":"prodotto","post_mime_type":"","comment_count":"0","filter":"raw"},{"ID":9698,"post_author":"12708","post_date":"2021-07-29 11:03:03","post_date_gmt":"2021-07-29 09:03:03","post_content":"<!-- wp:paragraph -->\n<p>Der Au\u00dfenrahmen bildet eine schr\u00e4ge Laibung, die ein Schattenprofil erzeugt und trotz ihrer geringen Ma\u00dfe Tiefe verleiht. Eine kleine Wand aus Hemlock-Latten verdeckt den Ofen und bietet auf ihrer Vorderseite einen Handtuchhalter mit dem kleinen Bedienfeld. Die Innenw\u00e4nde sind aus glatten Hemlock-Paneelen, mit Ausnahme der R\u00fcckwand, die aus Latten besteht und deutlich an die traditionellen nordischen Saunen erinnert. Das Innenlicht, das sich an der R\u00fcckwand befindet, erzeugt eine besonders gem\u00fctliche Atmosph\u00e4re.&nbsp;<\/p>\n<!-- \/wp:paragraph -->","post_title":"Idea","post_excerpt":"","post_status":"publish","comment_status":"closed","ping_status":"closed","post_password":"","post_name":"idea","to_ping":"","pinged":"","post_modified":"2026-04-30 11:31:32","post_modified_gmt":"2026-04-30 09:31:32","post_content_filtered":"","post_parent":0,"guid":"https:\/\/www.effe.it\/prodotto\/idea\/","menu_order":0,"post_type":"prodotto","post_mime_type":"","comment_count":"0","filter":"raw"},{"ID":9736,"post_author":"12708","post_date":"2021-07-29 11:03:03","post_date_gmt":"2021-07-29 09:03:03","post_content":"Sky wird aus hochwertigem kanadischen Hemlock-Holz und geh\u00e4rtetem Glas, 10 mm, gefertigt. Die Front, die T\u00fcr und die Decke aus Glas verleihen Sky extreme Transparenz und Leichtigkeit.","post_title":"Sky","post_excerpt":"","post_status":"publish","comment_status":"closed","ping_status":"closed","post_password":"","post_name":"sky","to_ping":"","pinged":"","post_modified":"2026-04-30 11:09:43","post_modified_gmt":"2026-04-30 09:09:43","post_content_filtered":"","post_parent":0,"guid":"https:\/\/www.effe.it\/prodotto\/sky\/","menu_order":0,"post_type":"prodotto","post_mime_type":"","comment_count":"0","filter":"raw"}]},"optional_products_group":{"optional_toggle_field":false,"related_optional":""},"accordion_group":{"":null,"materials-toggle-field":true,"miniatura_materiali":false,"materials_group":[{"materials_title":"FICHTE","single_materials_repeater":[{"position_material":"Innenr\u00fcckwand, Ausstattung","single_materials":[{"ID":2496,"post_author":"2","post_date":"2021-07-29 10:17:53","post_date_gmt":"2021-07-29 08:17:53","post_content":"","post_title":"Fichte (dauben)","post_excerpt":"","post_status":"publish","comment_status":"open","ping_status":"open","post_password":"","post_name":"fichte-dauben","to_ping":"","pinged":"","post_modified":"2021-07-29 10:17:53","post_modified_gmt":"2021-07-29 08:17:53","post_content_filtered":"","post_parent":0,"guid":"https:\/\/www.effe.it\/materiale_prodotto\/fichte-dauben\/","menu_order":0,"post_type":"materiale_prodotto","post_mime_type":"","comment_count":"0","filter":"raw"}]}],"abilitare_numerazione":true},{"materials_title":"THERMO ESPENHOLZ","single_materials_repeater":[{"position_material":"Innere R\u00fcckwand; M\u00f6bel","single_materials":[{"ID":2500,"post_author":"2","post_date":"2021-07-29 10:17:53","post_date_gmt":"2021-07-29 08:17:53","post_content":"","post_title":"Thermo Espenholz (dauben)","post_excerpt":"","post_status":"publish","comment_status":"closed","ping_status":"closed","post_password":"","post_name":"thermo-espenholz-dauben","to_ping":"","pinged":"","post_modified":"2021-07-29 10:17:53","post_modified_gmt":"2021-07-29 08:17:53","post_content_filtered":"","post_parent":0,"guid":"https:\/\/www.effe.it\/materiale_prodotto\/thermo-espenholz-dauben\/","menu_order":0,"post_type":"materiale_prodotto","post_mime_type":"","comment_count":"0","filter":"raw"}]},{"position_material":"Innere und \u00e4u\u00dfere Seitenw\u00e4nde","single_materials":[{"ID":2512,"post_author":"2","post_date":"2021-07-29 10:17:57","post_date_gmt":"2021-07-29 08:17:57","post_content":"","post_title":"Thermo Espenholz (glatt)","post_excerpt":"","post_status":"publish","comment_status":"open","ping_status":"open","post_password":"","post_name":"thermo-espenholz-glatt","to_ping":"","pinged":"","post_modified":"2021-07-29 10:17:57","post_modified_gmt":"2021-07-29 08:17:57","post_content_filtered":"","post_parent":0,"guid":"https:\/\/www.effe.it\/materiale_prodotto\/thermo-espenholz-glatt\/","menu_order":0,"post_type":"materiale_prodotto","post_mime_type":"","comment_count":"0","filter":"raw"}]}],"abilitare_numerazione":true}],"toggle_designer":true,"designer":[{"ID":668,"post_author":"6","post_date":"2021-07-14 17:18:43","post_date_gmt":"2021-07-14 15:18:43","post_content":"Die Designerin und Innenarchitektin beginnt ihre berufliche Laufbahn in der zweiten H\u00e4lfte der Siebzigerjahre. <span style=\"font-size: revert; color: initial; font-family: -apple-system, BlinkMacSystemFont, 'Segoe UI', Roboto, Oxygen-Sans, Ubuntu, Cantarell, 'Helvetica Neue', sans-serif;\">Nach einer mehrj\u00e4hrigen Zusammenarbeit mit einigen Kollegen gr\u00fcndet sie 1995 das Studio Talocci Design. Zu den Mitarbeitern des Studios z\u00e4hlen vorwiegend Product und Exhibition Designer, aber auch Art Directors sowie Experten f\u00fcr Kommunikation und Eventorganisation. <\/span><span style=\"font-size: revert; color: initial; font-family: -apple-system, BlinkMacSystemFont, 'Segoe UI', Roboto, Oxygen-Sans, Ubuntu, Cantarell, 'Helvetica Neue', sans-serif;\">Dank ihres gro\u00dfen Interesses f\u00fcr Innovation, materialbezogene und technologische Forschung und der intensiven Beobachtung all dessen, was sie umgibt, entwickelt Giovanna Talocci Projekte f\u00fcr prestigevolle Unternehmen ganz unterschiedlicher Branchen \u2013 darunter Poltrona Frau, Teuco, Effegibi, Foppapedretti, Fantini, Provex, Falper, Scarabeo, Fratelli Guzzini, Fornara &amp; Maulini, Luceplan, Rapsel, Viasat, Italaquae, SanLorenzo, Domo, Et-al, Rina Menardi, Gran Tour, DMP Electronics, Stilhaus.<\/span>\n\nGiovanna Talocci hat zahlreiche Anerkennungen erhalten. Unter anderem wurde sie vielmals f\u00fcr den ADI Design Index ausgew\u00e4hlt, mit ehrenvollen Erw\u00e4hnungen f\u00fcr den Compasso d'Oro geehrt und mit den Designerpreisen Design Plus und German Design Award ausgezeichnet. Zu ihrer T\u00e4tigkeit als Designerin kommen Innenarchitektur-Projekte f\u00fcr gewerbliche R\u00e4ume und Wohnbereiche. Sie ist Kuratorin vieler Kulturevents: mehrere Ausgaben von \u201eAbitare il Tempo\u201c und dann \u201eSegnali di Cibo\u201c, eine Ausstellung, die 1999 den Trend vorwegnahm, Design mit dem Thema Essen zu verbinden, sowie \u201eWonderfull World\u201c, \u201eSuperfici\u201c, \u201eCaf\u00e8\u201c, \u201eEvoca\u201c, \u201eDesign on Board\u201c, \u201eCome l\u2019acqua sul fuoco\u201c und \u201eItalianism\u201c. Sie moderiert oder nimmt als Gast an Fernsehsendungen teil, die sich mit Design befassen. Sie ist Mitglied vieler Jurys von nationalen und internationalen Designwettbewerben. Sie lehrt an der Universit\u00e4t La Sapienza in Rom und an Designschulen wie IED, QUASAR und derzeit AANT.\n\nSeit 1979 ist sie Mitglied des ADI (ital. Verband f\u00fcr Industriedesign), von 2004 bis 2017 ist sie Mitglied des Nationalen Leitungsgremiums des ADI und von 2014 bis 2017 dessen Vizepr\u00e4sidentin. Im Jahr 2017 ist sie Kuratorin der Designsammlung im Palazzo della Farnesina (Verwaltungsgeb\u00e4ude in Rom) und k\u00fcmmert sich um Realisierung des Design-Raums. Sie ist Mitglied des Leitungsgremiums des Nationalen Innovationspreises \u201ePremio dei Premi\u201c, der von der Stiftung COTEC durch Konzession des Pr\u00e4sidenten der Italienischen Republik vergeben wird. Im Jahr 2007 ist sie Mitglied des ersten italienischen Designrats, der vom Ministerium f\u00fcr Kulturg\u00fcter und kulturelle Aktivit\u00e4ten eingerichtet wurde.","post_title":"Giovanna Talocci","post_excerpt":"","post_status":"publish","comment_status":"closed","ping_status":"closed","post_password":"","post_name":"giovanna-talocci","to_ping":"","pinged":"","post_modified":"2022-05-17 17:45:10","post_modified_gmt":"2022-05-17 15:45:10","post_content_filtered":"","post_parent":0,"guid":"https:\/\/www.effe.it\/designer\/giovanna-talocci\/","menu_order":30,"post_type":"designer","post_mime_type":"","comment_count":"0","filter":"raw"}],"models_relationship":[{"ID":8619,"post_author":"12708","post_date":"2021-08-02 13:04:41","post_date_gmt":"2021-08-02 11:04:41","post_content":"","post_title":"IDEA IR 1000","post_excerpt":"","post_status":"publish","comment_status":"closed","ping_status":"closed","post_password":"","post_name":"idea-ir-1000","to_ping":"","pinged":"","post_modified":"2024-11-04 12:06:34","post_modified_gmt":"2024-11-04 10:06:34","post_content_filtered":"","post_parent":0,"guid":"https:\/\/www.effe.it\/blog\/modelli\/idea-ir-1000\/","menu_order":0,"post_type":"modelli","post_mime_type":"","comment_count":"0","filter":"raw"},{"ID":8537,"post_author":"12708","post_date":"2021-08-02 13:04:41","post_date_gmt":"2021-08-02 11:04:41","post_content":"","post_title":"IDEA IR 2000","post_excerpt":"","post_status":"publish","comment_status":"closed","ping_status":"closed","post_password":"","post_name":"idea-ir-2000","to_ping":"","pinged":"","post_modified":"2024-11-04 11:59:44","post_modified_gmt":"2024-11-04 09:59:44","post_content_filtered":"","post_parent":0,"guid":"https:\/\/www.effe.it\/blog\/modelli\/idea-ir-2000\/","menu_order":0,"post_type":"modelli","post_mime_type":"","comment_count":"0","filter":"raw"}],"models_with_documents":true,"description_model_toggle_field":false,"model_description":"","disponibile_su_misura":false,"blueprint_toggle":false,"blueprint":null,"abilitare_versioni":false},"gallery_photos_12_columns":[{"image_gallery_columns":false,"copy_image_column":"","numer_of_columns":"12","embed_video_gallery":"https:\/\/vimeo.com\/708138596"},{"image_gallery_columns":"https:\/\/static.effe.it\/website\/2021\/07\/idea-1%402x-3.jpg","copy_image_column":"","numer_of_columns":"4","embed_video_gallery":""},{"image_gallery_columns":"https:\/\/static.effe.it\/website\/2021\/07\/Idea-2%402x-3.jpg","copy_image_column":"","numer_of_columns":"6","embed_video_gallery":""},{"image_gallery_columns":"https:\/\/static.effe.it\/website\/2021\/07\/idea-3%402x-3.jpg","copy_image_column":"","numer_of_columns":"5","embed_video_gallery":""},{"image_gallery_columns":"https:\/\/static.effe.it\/website\/2021\/07\/Idea-4%402x-3.jpg","copy_image_column":"","numer_of_columns":"4","embed_video_gallery":""},{"image_gallery_columns":"https:\/\/static.effe.it\/website\/2021\/07\/idea-5%402x-2-scaled.jpg","copy_image_column":"","numer_of_columns":"12","embed_video_gallery":""},{"image_gallery_columns":"https:\/\/static.effe.it\/website\/2021\/07\/Idea-6%402x-2.jpg","copy_image_column":"","numer_of_columns":"12","embed_video_gallery":""},{"image_gallery_columns":"https:\/\/static.effe.it\/website\/2021\/07\/Idea-7%402x-2.jpg","copy_image_column":"","numer_of_columns":"6","embed_video_gallery":""}],"slider_gallery":[{"image-slider-gallery":"https:\/\/static.effe.it\/website\/2021\/07\/slider-ideaIR-1.jpg","text-image-gallery":"","video":""}],"documents_related_collection_group":[{"input_type":"url","resource_url":"https:\/\/drive.google.com\/file\/d\/1z-9no4liKoKDTvRJSfMCxPKWQGe-tRf-\/view?usp=drive_link","document_title":"Brochure","file":false,"logged_in_only":false,"reserved_service_center":false},{"input_type":"url","resource_url":"https:\/\/drive.google.com\/file\/d\/1CTGmLI1yrAIOZLWc6I0xztVOScOeCL1L\/view?usp=drive_link","document_title":"Idea Ir 1000 - dwg","file":false,"logged_in_only":true,"reserved_service_center":false},{"input_type":"url","resource_url":"https:\/\/drive.google.com\/file\/d\/1eguALsNlQvyyzqXkHS9nCfy-eLyusDvc\/view?usp=drive_link","document_title":"Bedienungs Und Wartungsanleitung","file":false,"logged_in_only":true,"reserved_service_center":false}]},"_links":{"self":[{"href":"https:\/\/www.effe.it\/de\/wp-json\/wp\/v2\/products\/9676"}],"collection":[{"href":"https:\/\/www.effe.it\/de\/wp-json\/wp\/v2\/products"}],"about":[{"href":"https:\/\/www.effe.it\/de\/wp-json\/wp\/v2\/types\/prodotto"}],"version-history":[{"count":6,"href":"https:\/\/www.effe.it\/de\/wp-json\/wp\/v2\/products\/9676\/revisions"}],"predecessor-version":[{"id":37908,"href":"https:\/\/www.effe.it\/de\/wp-json\/wp\/v2\/products\/9676\/revisions\/37908"}],"wp:featuredmedia":[{"embeddable":true,"href":"https:\/\/www.effe.it\/de\/wp-json\/wp\/v2\/media\/22434"}],"wp:attachment":[{"href":"https:\/\/www.effe.it\/de\/wp-json\/wp\/v2\/media?parent=9676"}],"wp:term":[{"taxonomy":"categorie_prodotti","embeddable":true,"href":"https:\/\/www.effe.it\/de\/wp-json\/wp\/v2\/categorie_prodotti?post=9676"},{"taxonomy":"famiglia_prodotti","embeddable":true,"href":"https:\/\/www.effe.it\/de\/wp-json\/wp\/v2\/famiglia_prodotti?post=9676"}],"curies":[{"name":"wp","href":"https:\/\/api.w.org\/{rel}","templated":true}]}}