{"id":9559,"date":"2021-07-29T12:19:09","date_gmt":"2021-07-29T10:19:09","guid":{"rendered":"https:\/\/www.effe.it\/blog\/prodotto\/yoku-h\/"},"modified":"2025-09-04T12:23:33","modified_gmt":"2025-09-04T10:23:33","slug":"yoku-h","status":"publish","type":"prodotto","link":"https:\/\/www.effe.it\/de\/produkt\/yoku-h\/","title":{"rendered":"Yoku H"},"content":{"rendered":"<p>Das charakteristische Element von Yoku H sind die gro\u00dfen zur\u00fcckversetzten Verglasungen aus bronzefarbenem Fum\u00e9-Glas auf der Vorderseite und die vertikalen Architekturelemente aus Naturholz, die das Eintauchen in einen Wald suggerieren und w\u00e4hrend des W\u00e4rmebads ein elegantes Gef\u00fchl von Intimit\u00e4t erzeugen. Der Innenraum bietet gr\u00f6\u00dften Komfort dank der sehr tiefen Bank. Das Regalmodul kann auch au\u00dfen neben den Verglasungen positioniert werden und damit als Blickschutzfilter f\u00fcr die Schaffung intimer und stark individualisierter R\u00e4ume dienen. Das perfekte t\u00fcrkische Dampfbad erreicht man, wenn eine optimale und konstante Dichte des Dampfes mit einer Temperatur von \u00fcber 40\u202f\u00b0C gegeben ist. Die Hamams von Effe bieten eine f\u00fcr alle Generatoren erkl\u00e4rte Dampftemperatur und -menge: Dies garantiert ein pures Relax-Erlebnis und eine l\u00e4ngere Lebensdauer.<\/p>\n","protected":false},"featured_media":17994,"menu_order":0,"template":"","categorie_prodotti":[1259,1366],"famiglia_prodotti":[787],"better_featured_image":{"id":17994,"alt_text":"","caption":"","description":"","media_type":"image","media_details":{"width":1184,"height":960,"file":"2021\/10\/landing-hammam-yoku@2x.jpg","sizes":{"medium":{"file":"landing-hammam-yoku@2x-300x243.jpg","width":300,"height":243,"mime-type":"image\/jpeg","source_url":"https:\/\/static.effe.it\/website\/2021\/10\/landing-hammam-yoku%402x-300x243.jpg"},"large":{"file":"landing-hammam-yoku@2x-1024x830.jpg","width":1024,"height":830,"mime-type":"image\/jpeg","source_url":"https:\/\/static.effe.it\/website\/2021\/10\/landing-hammam-yoku%402x-1024x830.jpg"},"thumbnail":{"file":"landing-hammam-yoku@2x-150x150.jpg","width":150,"height":150,"mime-type":"image\/jpeg","source_url":"https:\/\/static.effe.it\/website\/2021\/10\/landing-hammam-yoku%402x-150x150.jpg"},"medium_large":{"file":"landing-hammam-yoku@2x-768x623.jpg","width":768,"height":623,"mime-type":"image\/jpeg","source_url":"https:\/\/static.effe.it\/website\/2021\/10\/landing-hammam-yoku%402x-768x623.jpg"},"image-related-size":{"file":"landing-hammam-yoku@2x-420x285.jpg","width":420,"height":285,"mime-type":"image\/jpeg","source_url":"https:\/\/static.effe.it\/website\/2021\/10\/landing-hammam-yoku%402x-420x285.jpg"},"image-related-size-bigger-sq":{"file":"landing-hammam-yoku@2x-624x468.jpg","width":624,"height":468,"mime-type":"image\/jpeg","source_url":"https:\/\/static.effe.it\/website\/2021\/10\/landing-hammam-yoku%402x-624x468.jpg"},"image-designer-product":{"file":"landing-hammam-yoku@2x-644x587.jpg","width":644,"height":587,"mime-type":"image\/jpeg","source_url":"https:\/\/static.effe.it\/website\/2021\/10\/landing-hammam-yoku%402x-644x587.jpg"}},"image_meta":{"aperture":"0","credit":"","camera":"","caption":"","created_timestamp":"0","copyright":"","focal_length":"0","iso":"0","shutter_speed":"0","title":"","orientation":"0","keywords":[]}},"post":18301,"source_url":"https:\/\/static.effe.it\/website\/2021\/10\/landing-hammam-yoku%402x.jpg"},"acf":{"intro_text":"Yoku H ist das neue Hamam aus der Yoku-Kollektion.\r\nDas offene B\u00fccherregal sorgt nicht nur f\u00fcr einen intimen und hochgradig individuellen Look, sondern vermittelt zudem Eleganz durch die Kombination edler Materialien. Zwei L\u00f6sungen mit vier verschiedenen Holz-Steinzeug-Kombinationen erm\u00f6glichen eine perfekte Integration in jede Raumgestaltung. Hamam mit dem Dampfgenerator Nuvola Smart Power, der fortschrittlichsten Technologie f\u00fcr die Dampferzeugung.","related_products_group":{"toggle_related_product_field":true,"related_products":[{"ID":9656,"post_author":"12708","post_date":"2021-07-29 12:19:09","post_date_gmt":"2021-07-29 10:19:09","post_content":"Die Kabine kann auf vorhandenen B\u00f6den positioniert und damit perfekt in den Raum integriert werden. F\u00fcr die Dampferzeugung nutzt BodyLove H die Nuvola Smart Power-Technologie, die von au\u00dfen inspizierbar ist. Innenausf\u00fchrungen g\u00e4nzlich und f\u00fcr Projekte nach Ma\u00df auch mit anderen Verkleidungen verfliesbar. Elemente von au\u00dfergew\u00f6hnlicher Qualit\u00e4t: Steinzeug Champagne oder Ornamentglas, wei\u00dfe B\u00e4nke aus Corian\u00ae, Zubeh\u00f6r aus Teak. Das perfekte t\u00fcrkische Dampfbad erreicht man, wenn eine optimale und konstante Dichte des Dampfes mit einer Temperatur von \u00fcber 40\u202f\u00b0C gegeben ist. Die Hamams von Effe bieten eine f\u00fcr alle Generatoren erkl\u00e4rte Dampftemperatur und -menge: Dies garantiert ein pures Relax-Erlebnis und eine l\u00e4ngere Lebensdauer.","post_title":"BodyLove H","post_excerpt":"","post_status":"publish","comment_status":"closed","ping_status":"closed","post_password":"","post_name":"bodylove-h","to_ping":"","pinged":"","post_modified":"2025-11-10 13:16:42","post_modified_gmt":"2025-11-10 11:16:42","post_content_filtered":"","post_parent":0,"guid":"https:\/\/www.effe.it\/prodotto\/bodylove-h\/","menu_order":0,"post_type":"prodotto","post_mime_type":"","comment_count":"0","filter":"raw"},{"ID":9578,"post_author":"9693","post_date":"2021-07-29 12:19:09","post_date_gmt":"2021-07-29 10:19:09","post_content":"Aquasteam, die beste Technologie f\u00fcr die Dampferzeugung. Das perfekte t\u00fcrkische Dampfbad erreicht man, wenn eine optimale und konstante Dichte des Dampfes mit einer Temperatur von \u00fcber 40\u202f\u00b0C gegeben ist. Die Hamams von Effe bieten eine f\u00fcr alle Generatoren erkl\u00e4rte Dampftemperatur und -menge: Dies garantiert ein pures Relax-Erlebnis und eine l\u00e4ngere Lebensdauer. Materialien von au\u00dfergew\u00f6hnlicher Qualit\u00e4t: Verfliesungen aus laminiertem Feinsteinzeug Slimtech\u00ae, 3,5 mm; T\u00fcren aus geh\u00e4rtetem Glas, 8 mm. Der Au\u00dfenbau ist aus lackiertem Aluminium, die sichtbaren W\u00e4nde sind aus laminiertem Feinsteinzeug, 3,5 mm. Die Ausstattung und der Boden sind aus laminiertem Feinsteinzeug auf geh\u00e4rtetem, 15 mm dickem Glas, was Best\u00e4ndigkeit und H\u00e4rte garantiert. Der Duschbereich im Hamam ist bequem und funktionell. Er verf\u00fcgt \u00fcber einen Thermostatmischer, Handbrause und Deckenbrause \u2013 42x42 cm \u2013 mit den Funktionen Regen und Nebel. Das Produkt ist in sieben Farbvarianten erh\u00e4ltlich. Erh\u00e4ltlich in drei Standardausf\u00fchrungen oder mit individueller Farbgestaltung. F\u00fcr maximale Raumintegration auch in der Ausf\u00fchrung Filo (ohne Boden) erh\u00e4ltlich.","post_title":"Logica H","post_excerpt":"","post_status":"draft","comment_status":"closed","ping_status":"closed","post_password":"","post_name":"logica-h","to_ping":"","pinged":"","post_modified":"2023-11-28 20:42:20","post_modified_gmt":"2023-11-28 18:42:20","post_content_filtered":"","post_parent":0,"guid":"https:\/\/www.effe.it\/blog\/prodotto\/logica-h\/","menu_order":0,"post_type":"prodotto","post_mime_type":"","comment_count":"0","filter":"raw"},{"ID":15465,"post_author":"2","post_date":"2021-09-09 18:51:43","post_date_gmt":"2021-09-09 16:51:43","post_content":"","post_title":"Kollektion Yoku","post_excerpt":"","post_status":"publish","comment_status":"closed","ping_status":"closed","post_password":"","post_name":"kollektion-yoku","to_ping":"","pinged":"","post_modified":"2021-09-27 19:21:51","post_modified_gmt":"2021-09-27 17:21:51","post_content_filtered":"","post_parent":0,"guid":"https:\/\/www.effe.it\/kollektion-yoku\/","menu_order":0,"post_type":"page","post_mime_type":"","comment_count":"0","filter":"raw"},{"ID":9634,"post_author":"9693","post_date":"2021-07-29 12:19:09","post_date_gmt":"2021-07-29 10:19:09","post_content":"Das perfekte t\u00fcrkische Dampfbad erreicht man, wenn eine optimale und konstante Dichte des Dampfes mit einer Temperatur von \u00fcber 40\u202f\u00b0C gegeben ist. Die Hamams von Effe bieten eine f\u00fcr alle Generatoren erkl\u00e4rte Dampftemperatur und -menge: Dies garantiert ein pures Relax-Erlebnis und eine l\u00e4ngere Lebensdauer. Dieses Hamam nutzt Aquasteam f\u00fcr die Dampferzeugung, f\u00fcr eine absolute Dichte- und Hygienekontrolle.\nEs ist in drei Standardausf\u00fchrungen oder mit individueller Farbgestaltung erh\u00e4ltlich und bietet eine gro\u00dfe Anwendungsvielseitigkeit. Das Innere ist mit dem laminierten Feinsteinzeug Slimtech\u00ae verfliest, das beim Kontakt mit dem nackten K\u00f6rper ein angenehmes nat\u00fcrliches und warmes Gef\u00fchl bietet. F\u00fcr maximale Raumintegration auch in der Ausf\u00fchrung Filo (ohne Boden) erh\u00e4ltlich.","post_title":"One H","post_excerpt":"","post_status":"draft","comment_status":"closed","ping_status":"closed","post_password":"","post_name":"one-h","to_ping":"","pinged":"","post_modified":"2023-11-28 20:47:32","post_modified_gmt":"2023-11-28 18:47:32","post_content_filtered":"","post_parent":0,"guid":"https:\/\/www.effe.it\/prodotto\/one-h\/","menu_order":0,"post_type":"prodotto","post_mime_type":"","comment_count":"0","filter":"raw"}]},"optional_products_group":{"optional_toggle_field":false,"related_optional":""},"accordion_group":{"":null,"materials-toggle-field":true,"miniatura_materiali":{"ID":6968,"id":6968,"title":"Yoku H","filename":"Yoku-H.jpg","filesize":48770,"url":"https:\/\/static.effe.it\/website\/2021\/07\/Yoku-H.jpg","link":"https:\/\/www.effe.it\/de\/produkt\/yoku-h\/yoku-h-2\/","alt":"","author":"9","description":"","caption":"","name":"yoku-h-2","status":"inherit","uploaded_to":9559,"date":"2021-08-16 15:57:19","modified":"2021-08-16 15:57:19","menu_order":0,"mime_type":"image\/jpeg","type":"image","subtype":"jpeg","icon":"https:\/\/www.effe.it\/wp-includes\/images\/media\/default.png","width":697,"height":461,"sizes":{"thumbnail":"https:\/\/static.effe.it\/website\/2021\/07\/Yoku-H-150x150.jpg","thumbnail-width":150,"thumbnail-height":150,"medium":"https:\/\/static.effe.it\/website\/2021\/07\/Yoku-H-300x198.jpg","medium-width":300,"medium-height":198,"medium_large":"https:\/\/static.effe.it\/website\/2021\/07\/Yoku-H.jpg","medium_large-width":697,"medium_large-height":461,"large":"https:\/\/static.effe.it\/website\/2021\/07\/Yoku-H.jpg","large-width":697,"large-height":461,"image-related-size":"https:\/\/static.effe.it\/website\/2021\/07\/Yoku-H-420x285.jpg","image-related-size-width":420,"image-related-size-height":285,"image-related-size-bigger-sq":"https:\/\/static.effe.it\/website\/2021\/07\/Yoku-H.jpg","image-related-size-bigger-sq-width":624,"image-related-size-bigger-sq-height":413,"image-designer-product":"https:\/\/static.effe.it\/website\/2021\/07\/Yoku-H.jpg","image-designer-product-width":644,"image-designer-product-height":426,"1536x1536":"https:\/\/static.effe.it\/website\/2021\/07\/Yoku-H.jpg","1536x1536-width":697,"1536x1536-height":461,"2048x2048":"https:\/\/static.effe.it\/website\/2021\/07\/Yoku-H.jpg","2048x2048-width":697,"2048x2048-height":461}},"materials_group":[{"materials_title":"THERMO ESPENHOLZ - CALACATTA","single_materials_repeater":[{"position_material":"AUSSEN","single_materials":[{"ID":2512,"post_author":"2","post_date":"2021-07-29 10:17:57","post_date_gmt":"2021-07-29 08:17:57","post_content":"","post_title":"Thermo Espenholz (glatt)","post_excerpt":"","post_status":"publish","comment_status":"open","ping_status":"open","post_password":"","post_name":"thermo-espenholz-glatt","to_ping":"","pinged":"","post_modified":"2021-07-29 10:17:57","post_modified_gmt":"2021-07-29 08:17:57","post_content_filtered":"","post_parent":0,"guid":"https:\/\/www.effe.it\/materiale_prodotto\/thermo-espenholz-glatt\/","menu_order":0,"post_type":"materiale_prodotto","post_mime_type":"","comment_count":"0","filter":"raw"}]},{"position_material":"INNEN","single_materials":[{"ID":2532,"post_author":"2","post_date":"2021-07-29 10:17:57","post_date_gmt":"2021-07-29 08:17:57","post_content":"","post_title":"Steinzeug,  Calacatta Gold Extra","post_excerpt":"","post_status":"publish","comment_status":"open","ping_status":"open","post_password":"","post_name":"steinzeug-calacatta-gold-extra","to_ping":"","pinged":"","post_modified":"2021-07-29 10:17:57","post_modified_gmt":"2021-07-29 08:17:57","post_content_filtered":"","post_parent":0,"guid":"https:\/\/www.effe.it\/materiale_prodotto\/steinzeug-calacatta-gold-extra\/","menu_order":0,"post_type":"materiale_prodotto","post_mime_type":"","comment_count":"0","filter":"raw"}]}],"abilitare_numerazione":true},{"materials_title":"WALNUSS CANALETTO - FIOR DI BOSCO","single_materials_repeater":[{"position_material":"AUSSEN","single_materials":[{"ID":2485,"post_author":"2","post_date":"2021-07-29 10:17:57","post_date_gmt":"2021-07-29 08:17:57","post_content":"","post_title":"Thermisch behandeltes Holz (glatt)","post_excerpt":"","post_status":"publish","comment_status":"open","ping_status":"open","post_password":"","post_name":"thermisch-behandeltes-holz-glatt","to_ping":"","pinged":"","post_modified":"2021-07-29 10:17:58","post_modified_gmt":"2021-07-29 08:17:58","post_content_filtered":"","post_parent":0,"guid":"https:\/\/www.effe.it\/materiale_prodotto\/thermisch-behandeltes-holz-glatt\/","menu_order":0,"post_type":"materiale_prodotto","post_mime_type":"","comment_count":"0","filter":"raw"}]},{"position_material":"INNEN","single_materials":[{"ID":2530,"post_author":"2","post_date":"2021-07-29 10:17:57","post_date_gmt":"2021-07-29 08:17:57","post_content":"","post_title":"Steinzeug, Fior di Bosco Tortora","post_excerpt":"","post_status":"publish","comment_status":"open","ping_status":"open","post_password":"","post_name":"steinzeug-fior-di-bosco-tortora","to_ping":"","pinged":"","post_modified":"2021-07-29 10:17:57","post_modified_gmt":"2021-07-29 08:17:57","post_content_filtered":"","post_parent":0,"guid":"https:\/\/www.effe.it\/materiale_prodotto\/steinzeug-fior-di-bosco-tortora\/","menu_order":0,"post_type":"materiale_prodotto","post_mime_type":"","comment_count":"0","filter":"raw"}]}],"abilitare_numerazione":true},{"materials_title":"THERMISCH BEHANDELTES HOLZ - CALACATTA","single_materials_repeater":[{"position_material":"AUSSEN","single_materials":[{"ID":2502,"post_author":"2","post_date":"2021-07-29 10:17:53","post_date_gmt":"2021-07-29 08:17:53","post_content":"","post_title":"Walnuss Canaletto (glatt)","post_excerpt":"","post_status":"publish","comment_status":"open","ping_status":"open","post_password":"","post_name":"walnuss-canaletto-glatt","to_ping":"","pinged":"","post_modified":"2021-07-29 10:17:53","post_modified_gmt":"2021-07-29 08:17:53","post_content_filtered":"","post_parent":0,"guid":"https:\/\/www.effe.it\/materiale_prodotto\/walnuss-canaletto-glatt\/","menu_order":0,"post_type":"materiale_prodotto","post_mime_type":"","comment_count":"0","filter":"raw"}]},{"position_material":"INNEN","single_materials":[{"ID":2532,"post_author":"2","post_date":"2021-07-29 10:17:57","post_date_gmt":"2021-07-29 08:17:57","post_content":"","post_title":"Steinzeug,  Calacatta Gold Extra","post_excerpt":"","post_status":"publish","comment_status":"open","ping_status":"open","post_password":"","post_name":"steinzeug-calacatta-gold-extra","to_ping":"","pinged":"","post_modified":"2021-07-29 10:17:57","post_modified_gmt":"2021-07-29 08:17:57","post_content_filtered":"","post_parent":0,"guid":"https:\/\/www.effe.it\/materiale_prodotto\/steinzeug-calacatta-gold-extra\/","menu_order":0,"post_type":"materiale_prodotto","post_mime_type":"","comment_count":"0","filter":"raw"}]}],"abilitare_numerazione":true},{"materials_title":"WALNUSS CANALETTO - CALACATTA","single_materials_repeater":[{"position_material":"AUSSEN","single_materials":[{"ID":2502,"post_author":"2","post_date":"2021-07-29 10:17:53","post_date_gmt":"2021-07-29 08:17:53","post_content":"","post_title":"Walnuss Canaletto (glatt)","post_excerpt":"","post_status":"publish","comment_status":"open","ping_status":"open","post_password":"","post_name":"walnuss-canaletto-glatt","to_ping":"","pinged":"","post_modified":"2021-07-29 10:17:53","post_modified_gmt":"2021-07-29 08:17:53","post_content_filtered":"","post_parent":0,"guid":"https:\/\/www.effe.it\/materiale_prodotto\/walnuss-canaletto-glatt\/","menu_order":0,"post_type":"materiale_prodotto","post_mime_type":"","comment_count":"0","filter":"raw"}]},{"position_material":"INNEN","single_materials":[{"ID":2530,"post_author":"2","post_date":"2021-07-29 10:17:57","post_date_gmt":"2021-07-29 08:17:57","post_content":"","post_title":"Steinzeug, Fior di Bosco Tortora","post_excerpt":"","post_status":"publish","comment_status":"open","ping_status":"open","post_password":"","post_name":"steinzeug-fior-di-bosco-tortora","to_ping":"","pinged":"","post_modified":"2021-07-29 10:17:57","post_modified_gmt":"2021-07-29 08:17:57","post_content_filtered":"","post_parent":0,"guid":"https:\/\/www.effe.it\/materiale_prodotto\/steinzeug-fior-di-bosco-tortora\/","menu_order":0,"post_type":"materiale_prodotto","post_mime_type":"","comment_count":"0","filter":"raw"}]}],"abilitare_numerazione":true},{"materials_title":"THERMO ESPENHOLZ - TRAVERTINO","single_materials_repeater":[{"position_material":"AUSSEN","single_materials":[{"ID":2512,"post_author":"2","post_date":"2021-07-29 10:17:57","post_date_gmt":"2021-07-29 08:17:57","post_content":"","post_title":"Thermo Espenholz (glatt)","post_excerpt":"","post_status":"publish","comment_status":"open","ping_status":"open","post_password":"","post_name":"thermo-espenholz-glatt","to_ping":"","pinged":"","post_modified":"2021-07-29 10:17:57","post_modified_gmt":"2021-07-29 08:17:57","post_content_filtered":"","post_parent":0,"guid":"https:\/\/www.effe.it\/materiale_prodotto\/thermo-espenholz-glatt\/","menu_order":0,"post_type":"materiale_prodotto","post_mime_type":"","comment_count":"0","filter":"raw"}]},{"position_material":"INNEN","single_materials":[{"ID":33021,"post_author":"9693","post_date":"2024-04-09 10:14:47","post_date_gmt":"2024-04-09 08:14:47","post_content":"","post_title":"Travertino Light","post_excerpt":"","post_status":"publish","comment_status":"closed","ping_status":"closed","post_password":"","post_name":"travertino-light","to_ping":"","pinged":"","post_modified":"2024-04-09 10:14:47","post_modified_gmt":"2024-04-09 08:14:47","post_content_filtered":"","post_parent":0,"guid":"https:\/\/www.effe.it\/blog\/materiale_prodotto\/travertino-light\/","menu_order":0,"post_type":"materiale_prodotto","post_mime_type":"","comment_count":"0","filter":"raw"}]}],"abilitare_numerazione":true},{"materials_title":"THERMISCH BEHANDELTES HOLZ - TRAVERTINO","single_materials_repeater":[{"position_material":"AUSSEN","single_materials":[{"ID":2485,"post_author":"2","post_date":"2021-07-29 10:17:57","post_date_gmt":"2021-07-29 08:17:57","post_content":"","post_title":"Thermisch behandeltes Holz (glatt)","post_excerpt":"","post_status":"publish","comment_status":"open","ping_status":"open","post_password":"","post_name":"thermisch-behandeltes-holz-glatt","to_ping":"","pinged":"","post_modified":"2021-07-29 10:17:58","post_modified_gmt":"2021-07-29 08:17:58","post_content_filtered":"","post_parent":0,"guid":"https:\/\/www.effe.it\/materiale_prodotto\/thermisch-behandeltes-holz-glatt\/","menu_order":0,"post_type":"materiale_prodotto","post_mime_type":"","comment_count":"0","filter":"raw"}]},{"position_material":"INNEN","single_materials":[{"ID":33026,"post_author":"9693","post_date":"2024-04-09 10:15:24","post_date_gmt":"2024-04-09 08:15:24","post_content":"","post_title":"Travertino Dark","post_excerpt":"","post_status":"publish","comment_status":"closed","ping_status":"closed","post_password":"","post_name":"travertino-dark","to_ping":"","pinged":"","post_modified":"2024-04-09 10:15:24","post_modified_gmt":"2024-04-09 08:15:24","post_content_filtered":"","post_parent":0,"guid":"https:\/\/www.effe.it\/blog\/materiale_prodotto\/travertino-dark\/","menu_order":0,"post_type":"materiale_prodotto","post_mime_type":"","comment_count":"0","filter":"raw"}]}],"abilitare_numerazione":true},{"materials_title":"WALNUSS CANALETTO - TRAVERTINO","single_materials_repeater":[{"position_material":"AUSSEN","single_materials":[{"ID":2502,"post_author":"2","post_date":"2021-07-29 10:17:53","post_date_gmt":"2021-07-29 08:17:53","post_content":"","post_title":"Walnuss Canaletto (glatt)","post_excerpt":"","post_status":"publish","comment_status":"open","ping_status":"open","post_password":"","post_name":"walnuss-canaletto-glatt","to_ping":"","pinged":"","post_modified":"2021-07-29 10:17:53","post_modified_gmt":"2021-07-29 08:17:53","post_content_filtered":"","post_parent":0,"guid":"https:\/\/www.effe.it\/materiale_prodotto\/walnuss-canaletto-glatt\/","menu_order":0,"post_type":"materiale_prodotto","post_mime_type":"","comment_count":"0","filter":"raw"}]},{"position_material":"INNEN","single_materials":[{"ID":33021,"post_author":"9693","post_date":"2024-04-09 10:14:47","post_date_gmt":"2024-04-09 08:14:47","post_content":"","post_title":"Travertino Light","post_excerpt":"","post_status":"publish","comment_status":"closed","ping_status":"closed","post_password":"","post_name":"travertino-light","to_ping":"","pinged":"","post_modified":"2024-04-09 10:14:47","post_modified_gmt":"2024-04-09 08:14:47","post_content_filtered":"","post_parent":0,"guid":"https:\/\/www.effe.it\/blog\/materiale_prodotto\/travertino-light\/","menu_order":0,"post_type":"materiale_prodotto","post_mime_type":"","comment_count":"0","filter":"raw"}]}],"abilitare_numerazione":true},{"materials_title":"WALNUSS CANALETTO - TRAVERTINO","single_materials_repeater":[{"position_material":"AUSSEN","single_materials":[{"ID":2502,"post_author":"2","post_date":"2021-07-29 10:17:53","post_date_gmt":"2021-07-29 08:17:53","post_content":"","post_title":"Walnuss Canaletto (glatt)","post_excerpt":"","post_status":"publish","comment_status":"open","ping_status":"open","post_password":"","post_name":"walnuss-canaletto-glatt","to_ping":"","pinged":"","post_modified":"2021-07-29 10:17:53","post_modified_gmt":"2021-07-29 08:17:53","post_content_filtered":"","post_parent":0,"guid":"https:\/\/www.effe.it\/materiale_prodotto\/walnuss-canaletto-glatt\/","menu_order":0,"post_type":"materiale_prodotto","post_mime_type":"","comment_count":"0","filter":"raw"}]},{"position_material":"INNEN","single_materials":[{"ID":33026,"post_author":"9693","post_date":"2024-04-09 10:15:24","post_date_gmt":"2024-04-09 08:15:24","post_content":"","post_title":"Travertino Dark","post_excerpt":"","post_status":"publish","comment_status":"closed","ping_status":"closed","post_password":"","post_name":"travertino-dark","to_ping":"","pinged":"","post_modified":"2024-04-09 10:15:24","post_modified_gmt":"2024-04-09 08:15:24","post_content_filtered":"","post_parent":0,"guid":"https:\/\/www.effe.it\/blog\/materiale_prodotto\/travertino-dark\/","menu_order":0,"post_type":"materiale_prodotto","post_mime_type":"","comment_count":"0","filter":"raw"}]}],"abilitare_numerazione":true}],"toggle_designer":true,"designer":[{"ID":669,"post_author":"6","post_date":"2021-07-14 17:18:43","post_date_gmt":"2021-07-14 15:18:43","post_content":"<p class=\"p1\">Als zweimaliger Preistr\u00e4ger des Compasso d\u2019Oro ADI (Designpreis \u201eGoldener Kompass\u201d der italienischen Vereinigung f\u00fcr Industriedesign) im Jahre 2016 f\u00fcr das industrielle Designprojekt 5 MM im Auftrag von Treemme und 2011 f\u00fcr das Kommunikationsprojekt Multiverso wurde Marco Williams Fagioli 2016 bei der 21. Triennale International Exhibition von Mailand in der Kategorie \u201eDesigner over 35\u201c f\u00fcr sein Projekt Matris ausgezeichnet. Von ihm stammt auch die Installation Convivum 2.0 im Ausstellungsbereich der Region Umbrien anl\u00e4sslich der Expo 2015. Das Projekt 8emezzo der Region Umbrien wurde in der \u00f6ffentlichen Universit\u00e4t Mailand in Zusammenarbeit mit der Fakult\u00e4t f\u00fcr Innenarchitektur bei der Ausgabe 2015 des \u201eFuorisalone\u201c pr\u00e4sentiert. Der Designer gr\u00fcndete 2001 nach seinem Abschluss an der ISIA Urbino (Hochschule f\u00fcr Industriekultur) Zup Design und arbeitet als Kreativdirektor des Studios, das sich mit strategischem Design und integrierter Projektierung besch\u00e4ftigt.<span class=\"Apple-converted-space\">\u00a0<\/span><\/p>\n<p class=\"p1\">W\u00e4hrend seiner beruflichen Laufbahn erhielt er zahlreiche Auszeichnungen, darunter zweimal den Compasso d\u2019Oro ADI, die Preise Red Dot Design Award, Design Plus, German Design Award und zweimal den Grandesign Etico. 2008 wurde er vom Chicago Athenaeum mit dem Good Design Award f\u00fcr das Projekt Multiplo der Indesit Company pr\u00e4miert, das auch von ADI Index gew\u00e4hlt wurde. Das f\u00fcr Binova entworfene Projekt Anima Space Kitchen wurde au\u00dferdem 2008 von der d\u00e4nischen Zeitschrift BoBedre zur K\u00fcche des Jahres gek\u00fcrt und war der Favorit bei den Elle Decor International Design Awards in der Kategorie Kitchens. Die f\u00fcr Vaselli Marmi, Marmomacc 2009, gestaltete Einrichtung gewann die erste Pr\u00e4mie beim Best Communicator Award 2009. Seit 2009 lehrt Marco Williams Fagioli Projektierungs-Methodologie am NID, dem neuen Designinstitut in Perugia, seit 2014 ist er Dozent f\u00fcr Design an der ABA, Akademie der Sch\u00f6nen K\u00fcnste Pietro Vannucci, Perugia, und seit 2017 an der Domus Academy (DA) in Mailand. Gegenw\u00e4rtig arbeitet er an Projekten des Interior Designs, an der Gestaltung und Einrichtung von Museumsbereichen sowie an Auftr\u00e4gen in den Gebieten Kommunikation und Industriedesign.<\/p>","post_title":"Marco Williams Fagioli","post_excerpt":"","post_status":"publish","comment_status":"closed","ping_status":"closed","post_password":"","post_name":"marco-williams-fagioli","to_ping":"","pinged":"","post_modified":"2022-05-17 17:45:01","post_modified_gmt":"2022-05-17 15:45:01","post_content_filtered":"","post_parent":0,"guid":"https:\/\/www.effe.it\/designer\/marco-williams-fagioli\/","menu_order":20,"post_type":"designer","post_mime_type":"","comment_count":"0","filter":"raw"}],"models_relationship":[{"ID":9013,"post_author":"9","post_date":"2021-08-02 13:04:41","post_date_gmt":"2021-08-02 11:04:41","post_content":"","post_title":"YOKU H","post_excerpt":"","post_status":"publish","comment_status":"closed","ping_status":"closed","post_password":"","post_name":"yoku-h","to_ping":"","pinged":"","post_modified":"2021-08-17 15:53:41","post_modified_gmt":"2021-08-17 13:53:41","post_content_filtered":"","post_parent":0,"guid":"https:\/\/www.effe.it\/blog\/modelli\/yoku-h\/","menu_order":0,"post_type":"modelli","post_mime_type":"","comment_count":"0","filter":"raw"}],"models_with_documents":true,"description_model_toggle_field":true,"model_description":"","disponibile_su_misura":true,"blueprint_toggle":false,"blueprint":null,"abilitare_versioni":true},"gallery_photos_12_columns":[{"image_gallery_columns":"https:\/\/static.effe.it\/website\/2021\/07\/03115330\/Yoku-S-1.jpg","copy_image_column":"","numer_of_columns":"12","embed_video_gallery":""},{"image_gallery_columns":"https:\/\/static.effe.it\/website\/2021\/07\/Yoku-H-1%402x.jpg","copy_image_column":"","numer_of_columns":"4","embed_video_gallery":""},{"image_gallery_columns":"https:\/\/static.effe.it\/website\/2021\/07\/15524_07-Effe_LR.jpg","copy_image_column":"","numer_of_columns":"6","embed_video_gallery":""},{"image_gallery_columns":"https:\/\/static.effe.it\/website\/2021\/07\/03115333\/Yoku-S-5.jpg","copy_image_column":"","numer_of_columns":"12","embed_video_gallery":""},{"image_gallery_columns":"https:\/\/static.effe.it\/website\/2021\/07\/Yoku-H-2%402x.jpg","copy_image_column":"","numer_of_columns":"8","embed_video_gallery":""},{"image_gallery_columns":"https:\/\/static.effe.it\/website\/2021\/07\/yokuH.jpg","copy_image_column":"","numer_of_columns":"5","embed_video_gallery":""},{"image_gallery_columns":"https:\/\/static.effe.it\/website\/2021\/07\/Yoku-H-4%402x.jpg","copy_image_column":"","numer_of_columns":"4","embed_video_gallery":""}],"slider_gallery":[{"image-slider-gallery":"https:\/\/static.effe.it\/website\/2021\/07\/03123113\/Slider-Yoku-H-1-2-1.jpg","text-image-gallery":"Ausf\u00fchrungen: Glass","video":""}],"documents_related_collection_group":[{"input_type":"url","resource_url":"https:\/\/drive.google.com\/file\/d\/11D1GeRRp-IG3k79pCHRcz8v4GgGYqSpw\/view?usp=drive_link","document_title":"Brosch\u00fcren","file":false,"logged_in_only":false,"reserved_service_center":false},{"input_type":"url","resource_url":"https:\/\/drive.google.com\/file\/d\/1CvVjO6l25YnZMToGY8qnE_gT_iZvsyUy\/view?usp=sharing","document_title":"3D","file":false,"logged_in_only":true,"reserved_service_center":true},{"input_type":"url","resource_url":"https:\/\/drive.google.com\/file\/d\/1G7zvcPUWpE9pC_k2hUb_Bqu7UiHzKgxM\/view?usp=drive_link","document_title":"Montageanleitung","file":false,"logged_in_only":true,"reserved_service_center":true},{"input_type":"url","resource_url":"https:\/\/drive.google.com\/file\/d\/1ejmIDzljFP9EfL6ilCJYjSEaEwA2G6Gz\/view?usp=drive_link","document_title":"Vorinstallationsblatt","file":false,"logged_in_only":false,"reserved_service_center":false}]},"_links":{"self":[{"href":"https:\/\/www.effe.it\/de\/wp-json\/wp\/v2\/products\/9559"}],"collection":[{"href":"https:\/\/www.effe.it\/de\/wp-json\/wp\/v2\/products"}],"about":[{"href":"https:\/\/www.effe.it\/de\/wp-json\/wp\/v2\/types\/prodotto"}],"version-history":[{"count":5,"href":"https:\/\/www.effe.it\/de\/wp-json\/wp\/v2\/products\/9559\/revisions"}],"predecessor-version":[{"id":36635,"href":"https:\/\/www.effe.it\/de\/wp-json\/wp\/v2\/products\/9559\/revisions\/36635"}],"wp:featuredmedia":[{"embeddable":true,"href":"https:\/\/www.effe.it\/de\/wp-json\/wp\/v2\/media\/17994"}],"wp:attachment":[{"href":"https:\/\/www.effe.it\/de\/wp-json\/wp\/v2\/media?parent=9559"}],"wp:term":[{"taxonomy":"categorie_prodotti","embeddable":true,"href":"https:\/\/www.effe.it\/de\/wp-json\/wp\/v2\/categorie_prodotti?post=9559"},{"taxonomy":"famiglia_prodotti","embeddable":true,"href":"https:\/\/www.effe.it\/de\/wp-json\/wp\/v2\/famiglia_prodotti?post=9559"}],"curies":[{"name":"wp","href":"https:\/\/api.w.org\/{rel}","templated":true}]}}