{"id":9534,"date":"2021-07-29T12:19:13","date_gmt":"2021-07-29T10:19:13","guid":{"rendered":"https:\/\/www.effe.it\/blog\/prodotto\/yoku-spa\/"},"modified":"2025-11-10T13:31:56","modified_gmt":"2025-11-10T11:31:56","slug":"yoku-spa","status":"publish","type":"prodotto","link":"https:\/\/www.effe.it\/de\/produkt\/yoku-spa\/","title":{"rendered":"Yoku Spa"},"content":{"rendered":"<p>Das charakteristische Element des Yoku Spa-Systems sind die gro\u00dfen zur\u00fcckversetzten Verglasungen aus bronzefarbenem Fum\u00e9-Glas auf der Vorderseite und die vertikalen Architekturelemente aus Naturholz, die das Eintauchen in einen Wald suggerieren und w\u00e4hrend des W\u00e4rmebads ein elegantes Gef\u00fchl von Intimit\u00e4t erzeugen.<br \/>\nDie Innenr\u00e4ume bieten gr\u00f6\u00dften Komfort dank der Doppelbank in der Sauna und der gleichgro\u00dfen sehr tiefen Sitzfl\u00e4che des Hamams. Das Regalmodul kann auch au\u00dfen neben den Verglasungen positioniert werden und damit als Blickschutzfilter f\u00fcr die Schaffung intimer und stark individualisierter R\u00e4ume dienen.<\/p>\n","protected":false},"featured_media":24309,"menu_order":0,"template":"","categorie_prodotti":[1207,1540],"famiglia_prodotti":[787],"better_featured_image":{"id":24309,"alt_text":"","caption":"","description":"","media_type":"image","media_details":{"width":1100,"height":900,"file":"2021\/07\/featured-yokuSpa2.jpg","sizes":{"medium":{"file":"featured-yokuSpa2-300x245.jpg","width":300,"height":245,"mime-type":"image\/jpeg","source_url":"https:\/\/static.effe.it\/website\/2021\/07\/featured-yokuSpa2-300x245.jpg"},"large":{"file":"featured-yokuSpa2-1024x838.jpg","width":1024,"height":838,"mime-type":"image\/jpeg","source_url":"https:\/\/static.effe.it\/website\/2021\/07\/featured-yokuSpa2-1024x838.jpg"},"thumbnail":{"file":"featured-yokuSpa2-150x150.jpg","width":150,"height":150,"mime-type":"image\/jpeg","source_url":"https:\/\/static.effe.it\/website\/2021\/07\/featured-yokuSpa2-150x150.jpg"},"medium_large":{"file":"featured-yokuSpa2-768x628.jpg","width":768,"height":628,"mime-type":"image\/jpeg","source_url":"https:\/\/static.effe.it\/website\/2021\/07\/featured-yokuSpa2-768x628.jpg"},"image-related-size":{"file":"featured-yokuSpa2-420x285.jpg","width":420,"height":285,"mime-type":"image\/jpeg","source_url":"https:\/\/static.effe.it\/website\/2021\/07\/featured-yokuSpa2-420x285.jpg"},"image-related-size-bigger-sq":{"file":"featured-yokuSpa2-624x468.jpg","width":624,"height":468,"mime-type":"image\/jpeg","source_url":"https:\/\/static.effe.it\/website\/2021\/07\/featured-yokuSpa2-624x468.jpg"},"image-designer-product":{"file":"featured-yokuSpa2-644x587.jpg","width":644,"height":587,"mime-type":"image\/jpeg","source_url":"https:\/\/static.effe.it\/website\/2021\/07\/featured-yokuSpa2-644x587.jpg"}},"image_meta":{"aperture":"0","credit":"","camera":"","caption":"","created_timestamp":"0","copyright":"","focal_length":"0","iso":"0","shutter_speed":"0","title":"","orientation":"0","keywords":[]}},"post":9534,"source_url":"https:\/\/static.effe.it\/website\/2021\/07\/featured-yokuSpa2.jpg"},"acf":{"intro_text":"Yoku Spa vereint Sauna, t\u00fcrkisches Dampfbad und eine gro\u00dfe mittige Dusche in einer einzigen L\u00f6sung.\r\nAlle Funktionen eines kompletten Wellnesscenters, ein wahres eigenes SPA, das die urspr\u00fcngliche und authentische Erfahrung dieser antiken, wohltuenden Praktiken aufleben l\u00e4sst. Drei verschiedene L\u00f6sungen mit drei verschiedenen Holzarten und zwei Steinzeug-Arten machen den Weg frei f\u00fcr vielerlei Projektvorschl\u00e4ge.\r\n\r\nYoku Collection - Auszeichnungen: ICFF - International Contemporary Furniture Fair, ADI Design Index, IF Award, NYCxDesign Award, German Innovation Award, German Design Award, Good Design Award, Grands Prix Du Design ","related_products_group":{"toggle_related_product_field":true,"related_products":[{"ID":9552,"post_author":"12708","post_date":"2021-07-29 12:19:09","post_date_gmt":"2021-07-29 10:19:09","post_content":"Das charakteristische Element des Yoku SH-Systems sind die gro\u00dfen zur\u00fcckversetzten Verglasungen aus bronzefarbenem Fum\u00e9-Glas auf der Vorderseite und die vertikalen Architekturelemente aus Naturholz, die das Eintauchen in einen Wald suggerieren und w\u00e4hrend des W\u00e4rmebads ein elegantes Gef\u00fchl von Intimit\u00e4t erzeugen.\nDie Innenr\u00e4ume bieten gr\u00f6\u00dften Komfort dank der Doppelbank in der Sauna und der gleichgro\u00dfen sehr tiefen Sitzfl\u00e4che des Hamams.\nDas Regalmodul kann auch au\u00dfen neben den Verglasungen positioniert werden und damit als Blickschutzfilter f\u00fcr die Schaffung intimer und stark individualisierter R\u00e4ume dienen.","post_title":"Yoku SH","post_excerpt":"","post_status":"publish","comment_status":"closed","ping_status":"closed","post_password":"","post_name":"yoku-sh","to_ping":"","pinged":"","post_modified":"2025-09-04 11:34:35","post_modified_gmt":"2025-09-04 09:34:35","post_content_filtered":"","post_parent":0,"guid":"https:\/\/www.effe.it\/blog\/prodotto\/yoku-sh\/","menu_order":0,"post_type":"prodotto","post_mime_type":"","comment_count":"0","filter":"raw"},{"ID":9589,"post_author":"3","post_date":"2021-07-29 12:19:09","post_date_gmt":"2021-07-29 10:19:09","post_content":"Dampferzeugung mit Aquasteam-Technologie f\u00fcr eine absolute Qualit\u00e4tskontrolle.\nDusche mit Deckenbrause mit Anti-Kalk-System und Mischer mit Einhebelregulierung und Umsteller. Materialien von au\u00dfergew\u00f6hnlicher Qualit\u00e4t: kanadisches Hemlock-Holz; Verfliesungen aus laminiertem Feinsteinzeug Slimtech\u00ae, 3,5\u202fmm; T\u00fcren aus geh\u00e4rtetem 8-mm-Glas. Erh\u00e4ltlich in drei Standardausf\u00fchrungen oder mit individueller Farbgestaltung. F\u00fcr maximale Raumintegration auch in der Ausf\u00fchrung Filo (ohne Boden) erh\u00e4ltlich.","post_title":"Logica Spa","post_excerpt":"","post_status":"draft","comment_status":"closed","ping_status":"closed","post_password":"","post_name":"logica-spa","to_ping":"","pinged":"","post_modified":"2025-03-26 15:22:48","post_modified_gmt":"2025-03-26 13:22:48","post_content_filtered":"","post_parent":0,"guid":"https:\/\/www.effe.it\/blog\/prodotto\/logica-spa\/","menu_order":0,"post_type":"prodotto","post_mime_type":"","comment_count":"0","filter":"raw"},{"ID":9662,"post_author":"12708","post_date":"2021-07-29 12:19:09","post_date_gmt":"2021-07-29 10:19:09","post_content":"Gestalten Sie Ihr SPA, privat oder \u00f6ffentlich, ganz nach Ihren Vorstellungen. Mit dem modularen System BodyLove k\u00f6nnen Sie Sauna, t\u00fcrkisches Dampfbad und Dusche vereinen. Hamam-Elemente von au\u00dfergew\u00f6hnlicher Qualit\u00e4t: Steinzeug Champagne oder Ornamentglas, wei\u00dfe B\u00e4nke aus Corian\u00ae, Zubeh\u00f6r aus Teak.\nInnenausf\u00fchrungen g\u00e4nzlich und f\u00fcr Projekte nach Ma\u00df auch mit anderen Verkleidungen verfliesbar. Verschiedene Ausrichtungs- und Positionierungsm\u00f6glichkeiten der T\u00fcren zu beiden Bereichen f\u00fcr L\u00f6sungen mit individuell gestaltetem Wellnessbereich. BodyLove bietet viele Gestaltungsm\u00f6glichkeiten hinsichtlich der Wahl und Kombination der Materialien.","post_title":"BodyLove SH","post_excerpt":"","post_status":"publish","comment_status":"closed","ping_status":"closed","post_password":"","post_name":"bodylove-sh","to_ping":"","pinged":"","post_modified":"2025-11-11 13:12:10","post_modified_gmt":"2025-11-11 11:12:10","post_content_filtered":"","post_parent":0,"guid":"https:\/\/www.effe.it\/prodotto\/bodylove-sh\/","menu_order":0,"post_type":"prodotto","post_mime_type":"","comment_count":"0","filter":"raw"},{"ID":15465,"post_author":"2","post_date":"2021-09-09 18:51:43","post_date_gmt":"2021-09-09 16:51:43","post_content":"","post_title":"Kollektion Yoku","post_excerpt":"","post_status":"publish","comment_status":"closed","ping_status":"closed","post_password":"","post_name":"kollektion-yoku","to_ping":"","pinged":"","post_modified":"2021-09-27 19:21:51","post_modified_gmt":"2021-09-27 17:21:51","post_content_filtered":"","post_parent":0,"guid":"https:\/\/www.effe.it\/kollektion-yoku\/","menu_order":0,"post_type":"page","post_mime_type":"","comment_count":"0","filter":"raw"}]},"optional_products_group":{"optional_toggle_field":false,"related_optional":""},"accordion_group":{"":null,"materials-toggle-field":true,"miniatura_materiali":{"ID":32813,"id":32813,"title":"Yoku Spa@2x","filename":"Yoku-Spa@2x-1.png","filesize":50112,"url":"https:\/\/static.effe.it\/website\/2021\/07\/09100425\/Yoku-Spa%402x-1.png","link":"https:\/\/www.effe.it\/de\/produkt\/yoku-spa\/yoku-spa2x-2-2\/","alt":"","author":"9693","description":"","caption":"","name":"yoku-spa2x-2-2","status":"inherit","uploaded_to":9534,"date":"2024-04-09 08:04:24","modified":"2024-04-09 08:04:24","menu_order":0,"mime_type":"image\/png","type":"image","subtype":"png","icon":"https:\/\/www.effe.it\/wp-includes\/images\/media\/default.png","width":697,"height":461,"sizes":{"thumbnail":"https:\/\/static.effe.it\/website\/2021\/07\/09100425\/Yoku-Spa%402x-1-150x150.png","thumbnail-width":150,"thumbnail-height":150,"medium":"https:\/\/static.effe.it\/website\/2021\/07\/09100425\/Yoku-Spa%402x-1-300x198.png","medium-width":300,"medium-height":198,"medium_large":"https:\/\/static.effe.it\/website\/2021\/07\/09100425\/Yoku-Spa%402x-1.png","medium_large-width":697,"medium_large-height":461,"large":"https:\/\/static.effe.it\/website\/2021\/07\/09100425\/Yoku-Spa%402x-1.png","large-width":697,"large-height":461,"image-related-size":"https:\/\/static.effe.it\/website\/2021\/07\/09100425\/Yoku-Spa%402x-1-420x285.png","image-related-size-width":420,"image-related-size-height":285,"image-related-size-bigger-sq":"https:\/\/static.effe.it\/website\/2021\/07\/09100425\/Yoku-Spa%402x-1-624x461.png","image-related-size-bigger-sq-width":624,"image-related-size-bigger-sq-height":461,"image-designer-product":"https:\/\/static.effe.it\/website\/2021\/07\/09100425\/Yoku-Spa%402x-1-644x461.png","image-designer-product-width":644,"image-designer-product-height":461,"1536x1536":"https:\/\/static.effe.it\/website\/2021\/07\/09100425\/Yoku-Spa%402x-1.png","1536x1536-width":697,"1536x1536-height":461,"2048x2048":"https:\/\/static.effe.it\/website\/2021\/07\/09100425\/Yoku-Spa%402x-1.png","2048x2048-width":697,"2048x2048-height":461}},"materials_group":[{"materials_title":"THERMO ESPENHOLZ - CALACATTA","single_materials_repeater":[{"position_material":"FRAME","single_materials":[{"ID":2512,"post_author":"2","post_date":"2021-07-29 10:17:57","post_date_gmt":"2021-07-29 08:17:57","post_content":"","post_title":"Thermo Espenholz (glatt)","post_excerpt":"","post_status":"publish","comment_status":"open","ping_status":"open","post_password":"","post_name":"thermo-espenholz-glatt","to_ping":"","pinged":"","post_modified":"2021-07-29 10:17:57","post_modified_gmt":"2021-07-29 08:17:57","post_content_filtered":"","post_parent":0,"guid":"https:\/\/www.effe.it\/materiale_prodotto\/thermo-espenholz-glatt\/","menu_order":0,"post_type":"materiale_prodotto","post_mime_type":"","comment_count":"0","filter":"raw"}]},{"position_material":"R\u00dcCKWAND INNEN, AUSSTATTUNGEN","single_materials":[{"ID":2523,"post_author":"2","post_date":"2021-07-29 10:17:57","post_date_gmt":"2021-07-29 08:17:57","post_content":"","post_title":"Thermo Espenholz (dauben)","post_excerpt":"","post_status":"publish","comment_status":"closed","ping_status":"closed","post_password":"","post_name":"thermo-espenholz-dauben-2","to_ping":"","pinged":"","post_modified":"2024-04-30 08:26:32","post_modified_gmt":"2024-04-30 06:26:32","post_content_filtered":"","post_parent":0,"guid":"https:\/\/www.effe.it\/materiale_prodotto\/thermo-espenholz-dauben-2\/","menu_order":0,"post_type":"materiale_prodotto","post_mime_type":"","comment_count":"0","filter":"raw"}]},{"position_material":"DUSCHE","single_materials":[{"ID":2532,"post_author":"2","post_date":"2021-07-29 10:17:57","post_date_gmt":"2021-07-29 08:17:57","post_content":"","post_title":"Steinzeug,  Calacatta Gold Extra","post_excerpt":"","post_status":"publish","comment_status":"open","ping_status":"open","post_password":"","post_name":"steinzeug-calacatta-gold-extra","to_ping":"","pinged":"","post_modified":"2021-07-29 10:17:57","post_modified_gmt":"2021-07-29 08:17:57","post_content_filtered":"","post_parent":0,"guid":"https:\/\/www.effe.it\/materiale_prodotto\/steinzeug-calacatta-gold-extra\/","menu_order":0,"post_type":"materiale_prodotto","post_mime_type":"","comment_count":"0","filter":"raw"}]}],"abilitare_numerazione":true},{"materials_title":"WALNUSS CANALETTO - FIOR DI BOSCO","single_materials_repeater":[{"position_material":"FRAME","single_materials":[{"ID":2485,"post_author":"2","post_date":"2021-07-29 10:17:57","post_date_gmt":"2021-07-29 08:17:57","post_content":"","post_title":"Thermisch behandeltes Holz (glatt)","post_excerpt":"","post_status":"publish","comment_status":"open","ping_status":"open","post_password":"","post_name":"thermisch-behandeltes-holz-glatt","to_ping":"","pinged":"","post_modified":"2021-07-29 10:17:58","post_modified_gmt":"2021-07-29 08:17:58","post_content_filtered":"","post_parent":0,"guid":"https:\/\/www.effe.it\/materiale_prodotto\/thermisch-behandeltes-holz-glatt\/","menu_order":0,"post_type":"materiale_prodotto","post_mime_type":"","comment_count":"0","filter":"raw"}]},{"position_material":"R\u00dcCKWAND INNEN, AUSSTATTUNGEN","single_materials":[{"ID":2504,"post_author":"2","post_date":"2021-07-29 10:17:53","post_date_gmt":"2021-07-29 08:17:53","post_content":"","post_title":"Thermisch behandeltes Holz (dauben)","post_excerpt":"","post_status":"publish","comment_status":"closed","ping_status":"closed","post_password":"","post_name":"thermisch-behandeltes-holz-dauben","to_ping":"","pinged":"","post_modified":"2024-04-30 08:27:14","post_modified_gmt":"2024-04-30 06:27:14","post_content_filtered":"","post_parent":0,"guid":"https:\/\/www.effe.it\/materiale_prodotto\/thermisch-behandeltes-holz-dauben\/","menu_order":0,"post_type":"materiale_prodotto","post_mime_type":"","comment_count":"0","filter":"raw"}]},{"position_material":"DUSCHE","single_materials":[{"ID":2530,"post_author":"2","post_date":"2021-07-29 10:17:57","post_date_gmt":"2021-07-29 08:17:57","post_content":"","post_title":"Steinzeug, Fior di Bosco Tortora","post_excerpt":"","post_status":"publish","comment_status":"open","ping_status":"open","post_password":"","post_name":"steinzeug-fior-di-bosco-tortora","to_ping":"","pinged":"","post_modified":"2021-07-29 10:17:57","post_modified_gmt":"2021-07-29 08:17:57","post_content_filtered":"","post_parent":0,"guid":"https:\/\/www.effe.it\/materiale_prodotto\/steinzeug-fior-di-bosco-tortora\/","menu_order":0,"post_type":"materiale_prodotto","post_mime_type":"","comment_count":"0","filter":"raw"}]}],"abilitare_numerazione":true},{"materials_title":"THERMISCH BEHANDELTES HOLZ - CALACATTA","single_materials_repeater":[{"position_material":"FRAME","single_materials":[{"ID":2502,"post_author":"2","post_date":"2021-07-29 10:17:53","post_date_gmt":"2021-07-29 08:17:53","post_content":"","post_title":"Walnuss Canaletto (glatt)","post_excerpt":"","post_status":"publish","comment_status":"open","ping_status":"open","post_password":"","post_name":"walnuss-canaletto-glatt","to_ping":"","pinged":"","post_modified":"2021-07-29 10:17:53","post_modified_gmt":"2021-07-29 08:17:53","post_content_filtered":"","post_parent":0,"guid":"https:\/\/www.effe.it\/materiale_prodotto\/walnuss-canaletto-glatt\/","menu_order":0,"post_type":"materiale_prodotto","post_mime_type":"","comment_count":"0","filter":"raw"}]},{"position_material":"R\u00dcCKWAND INNEN, AUSSTATTUNGEN","single_materials":[{"ID":2521,"post_author":"2","post_date":"2021-07-29 10:17:57","post_date_gmt":"2021-07-29 08:17:57","post_content":"","post_title":"Walnuss Canaletto (dauben)","post_excerpt":"","post_status":"publish","comment_status":"open","ping_status":"open","post_password":"","post_name":"walnuss-canaletto-dauben","to_ping":"","pinged":"","post_modified":"2021-07-29 10:17:57","post_modified_gmt":"2021-07-29 08:17:57","post_content_filtered":"","post_parent":0,"guid":"https:\/\/www.effe.it\/materiale_prodotto\/walnuss-canaletto-dauben\/","menu_order":0,"post_type":"materiale_prodotto","post_mime_type":"","comment_count":"0","filter":"raw"}]},{"position_material":"DUSCHE","single_materials":[{"ID":2532,"post_author":"2","post_date":"2021-07-29 10:17:57","post_date_gmt":"2021-07-29 08:17:57","post_content":"","post_title":"Steinzeug,  Calacatta Gold Extra","post_excerpt":"","post_status":"publish","comment_status":"open","ping_status":"open","post_password":"","post_name":"steinzeug-calacatta-gold-extra","to_ping":"","pinged":"","post_modified":"2021-07-29 10:17:57","post_modified_gmt":"2021-07-29 08:17:57","post_content_filtered":"","post_parent":0,"guid":"https:\/\/www.effe.it\/materiale_prodotto\/steinzeug-calacatta-gold-extra\/","menu_order":0,"post_type":"materiale_prodotto","post_mime_type":"","comment_count":"0","filter":"raw"}]}],"abilitare_numerazione":true},{"materials_title":"WALNUSS CANALETTO - CALACATTA","single_materials_repeater":[{"position_material":"FRAME","single_materials":[{"ID":2502,"post_author":"2","post_date":"2021-07-29 10:17:53","post_date_gmt":"2021-07-29 08:17:53","post_content":"","post_title":"Walnuss Canaletto (glatt)","post_excerpt":"","post_status":"publish","comment_status":"open","ping_status":"open","post_password":"","post_name":"walnuss-canaletto-glatt","to_ping":"","pinged":"","post_modified":"2021-07-29 10:17:53","post_modified_gmt":"2021-07-29 08:17:53","post_content_filtered":"","post_parent":0,"guid":"https:\/\/www.effe.it\/materiale_prodotto\/walnuss-canaletto-glatt\/","menu_order":0,"post_type":"materiale_prodotto","post_mime_type":"","comment_count":"0","filter":"raw"}]},{"position_material":"R\u00dcCKWAND INNEN, AUSSTATTUNGEN","single_materials":[{"ID":2521,"post_author":"2","post_date":"2021-07-29 10:17:57","post_date_gmt":"2021-07-29 08:17:57","post_content":"","post_title":"Walnuss Canaletto (dauben)","post_excerpt":"","post_status":"publish","comment_status":"open","ping_status":"open","post_password":"","post_name":"walnuss-canaletto-dauben","to_ping":"","pinged":"","post_modified":"2021-07-29 10:17:57","post_modified_gmt":"2021-07-29 08:17:57","post_content_filtered":"","post_parent":0,"guid":"https:\/\/www.effe.it\/materiale_prodotto\/walnuss-canaletto-dauben\/","menu_order":0,"post_type":"materiale_prodotto","post_mime_type":"","comment_count":"0","filter":"raw"}]},{"position_material":"DUSCHE","single_materials":[{"ID":2530,"post_author":"2","post_date":"2021-07-29 10:17:57","post_date_gmt":"2021-07-29 08:17:57","post_content":"","post_title":"Steinzeug, Fior di Bosco Tortora","post_excerpt":"","post_status":"publish","comment_status":"open","ping_status":"open","post_password":"","post_name":"steinzeug-fior-di-bosco-tortora","to_ping":"","pinged":"","post_modified":"2021-07-29 10:17:57","post_modified_gmt":"2021-07-29 08:17:57","post_content_filtered":"","post_parent":0,"guid":"https:\/\/www.effe.it\/materiale_prodotto\/steinzeug-fior-di-bosco-tortora\/","menu_order":0,"post_type":"materiale_prodotto","post_mime_type":"","comment_count":"0","filter":"raw"}]}],"abilitare_numerazione":true},{"materials_title":"THERMO ESPENHOLZ - TRAVERTINO","single_materials_repeater":[{"position_material":"FRAME","single_materials":[{"ID":2512,"post_author":"2","post_date":"2021-07-29 10:17:57","post_date_gmt":"2021-07-29 08:17:57","post_content":"","post_title":"Thermo Espenholz (glatt)","post_excerpt":"","post_status":"publish","comment_status":"open","ping_status":"open","post_password":"","post_name":"thermo-espenholz-glatt","to_ping":"","pinged":"","post_modified":"2021-07-29 10:17:57","post_modified_gmt":"2021-07-29 08:17:57","post_content_filtered":"","post_parent":0,"guid":"https:\/\/www.effe.it\/materiale_prodotto\/thermo-espenholz-glatt\/","menu_order":0,"post_type":"materiale_prodotto","post_mime_type":"","comment_count":"0","filter":"raw"}]},{"position_material":"R\u00dcCKWAND INNEN, AUSSTATTUNGEN","single_materials":[{"ID":2523,"post_author":"2","post_date":"2021-07-29 10:17:57","post_date_gmt":"2021-07-29 08:17:57","post_content":"","post_title":"Thermo Espenholz (dauben)","post_excerpt":"","post_status":"publish","comment_status":"closed","ping_status":"closed","post_password":"","post_name":"thermo-espenholz-dauben-2","to_ping":"","pinged":"","post_modified":"2024-04-30 08:26:32","post_modified_gmt":"2024-04-30 06:26:32","post_content_filtered":"","post_parent":0,"guid":"https:\/\/www.effe.it\/materiale_prodotto\/thermo-espenholz-dauben-2\/","menu_order":0,"post_type":"materiale_prodotto","post_mime_type":"","comment_count":"0","filter":"raw"}]},{"position_material":"DUSCHE","single_materials":[{"ID":33021,"post_author":"9693","post_date":"2024-04-09 10:14:47","post_date_gmt":"2024-04-09 08:14:47","post_content":"","post_title":"Travertino Light","post_excerpt":"","post_status":"publish","comment_status":"closed","ping_status":"closed","post_password":"","post_name":"travertino-light","to_ping":"","pinged":"","post_modified":"2024-04-09 10:14:47","post_modified_gmt":"2024-04-09 08:14:47","post_content_filtered":"","post_parent":0,"guid":"https:\/\/www.effe.it\/blog\/materiale_prodotto\/travertino-light\/","menu_order":0,"post_type":"materiale_prodotto","post_mime_type":"","comment_count":"0","filter":"raw"}]}],"abilitare_numerazione":true},{"materials_title":"THERMISCH BEHANDELTES HOLZ - TRAVERTINO","single_materials_repeater":[{"position_material":"FRAME","single_materials":[{"ID":2485,"post_author":"2","post_date":"2021-07-29 10:17:57","post_date_gmt":"2021-07-29 08:17:57","post_content":"","post_title":"Thermisch behandeltes Holz (glatt)","post_excerpt":"","post_status":"publish","comment_status":"open","ping_status":"open","post_password":"","post_name":"thermisch-behandeltes-holz-glatt","to_ping":"","pinged":"","post_modified":"2021-07-29 10:17:58","post_modified_gmt":"2021-07-29 08:17:58","post_content_filtered":"","post_parent":0,"guid":"https:\/\/www.effe.it\/materiale_prodotto\/thermisch-behandeltes-holz-glatt\/","menu_order":0,"post_type":"materiale_prodotto","post_mime_type":"","comment_count":"0","filter":"raw"}]},{"position_material":"R\u00dcCKWAND INNEN, AUSSTATTUNGEN","single_materials":[{"ID":2504,"post_author":"2","post_date":"2021-07-29 10:17:53","post_date_gmt":"2021-07-29 08:17:53","post_content":"","post_title":"Thermisch behandeltes Holz (dauben)","post_excerpt":"","post_status":"publish","comment_status":"closed","ping_status":"closed","post_password":"","post_name":"thermisch-behandeltes-holz-dauben","to_ping":"","pinged":"","post_modified":"2024-04-30 08:27:14","post_modified_gmt":"2024-04-30 06:27:14","post_content_filtered":"","post_parent":0,"guid":"https:\/\/www.effe.it\/materiale_prodotto\/thermisch-behandeltes-holz-dauben\/","menu_order":0,"post_type":"materiale_prodotto","post_mime_type":"","comment_count":"0","filter":"raw"}]},{"position_material":"DUSCHE","single_materials":[{"ID":33026,"post_author":"9693","post_date":"2024-04-09 10:15:24","post_date_gmt":"2024-04-09 08:15:24","post_content":"","post_title":"Travertino Dark","post_excerpt":"","post_status":"publish","comment_status":"closed","ping_status":"closed","post_password":"","post_name":"travertino-dark","to_ping":"","pinged":"","post_modified":"2024-04-09 10:15:24","post_modified_gmt":"2024-04-09 08:15:24","post_content_filtered":"","post_parent":0,"guid":"https:\/\/www.effe.it\/blog\/materiale_prodotto\/travertino-dark\/","menu_order":0,"post_type":"materiale_prodotto","post_mime_type":"","comment_count":"0","filter":"raw"}]}],"abilitare_numerazione":true},{"materials_title":"WALNUSS CANALETTO - TRAVERTINO","single_materials_repeater":[{"position_material":"FRAME","single_materials":[{"ID":2502,"post_author":"2","post_date":"2021-07-29 10:17:53","post_date_gmt":"2021-07-29 08:17:53","post_content":"","post_title":"Walnuss Canaletto (glatt)","post_excerpt":"","post_status":"publish","comment_status":"open","ping_status":"open","post_password":"","post_name":"walnuss-canaletto-glatt","to_ping":"","pinged":"","post_modified":"2021-07-29 10:17:53","post_modified_gmt":"2021-07-29 08:17:53","post_content_filtered":"","post_parent":0,"guid":"https:\/\/www.effe.it\/materiale_prodotto\/walnuss-canaletto-glatt\/","menu_order":0,"post_type":"materiale_prodotto","post_mime_type":"","comment_count":"0","filter":"raw"}]},{"position_material":"R\u00dcCKWAND INNEN, AUSSTATTUNGEN","single_materials":[{"ID":2521,"post_author":"2","post_date":"2021-07-29 10:17:57","post_date_gmt":"2021-07-29 08:17:57","post_content":"","post_title":"Walnuss Canaletto (dauben)","post_excerpt":"","post_status":"publish","comment_status":"open","ping_status":"open","post_password":"","post_name":"walnuss-canaletto-dauben","to_ping":"","pinged":"","post_modified":"2021-07-29 10:17:57","post_modified_gmt":"2021-07-29 08:17:57","post_content_filtered":"","post_parent":0,"guid":"https:\/\/www.effe.it\/materiale_prodotto\/walnuss-canaletto-dauben\/","menu_order":0,"post_type":"materiale_prodotto","post_mime_type":"","comment_count":"0","filter":"raw"}]},{"position_material":"DUSCHE","single_materials":[{"ID":33021,"post_author":"9693","post_date":"2024-04-09 10:14:47","post_date_gmt":"2024-04-09 08:14:47","post_content":"","post_title":"Travertino Light","post_excerpt":"","post_status":"publish","comment_status":"closed","ping_status":"closed","post_password":"","post_name":"travertino-light","to_ping":"","pinged":"","post_modified":"2024-04-09 10:14:47","post_modified_gmt":"2024-04-09 08:14:47","post_content_filtered":"","post_parent":0,"guid":"https:\/\/www.effe.it\/blog\/materiale_prodotto\/travertino-light\/","menu_order":0,"post_type":"materiale_prodotto","post_mime_type":"","comment_count":"0","filter":"raw"}]}],"abilitare_numerazione":true},{"materials_title":"WALNUSS CANALETTO - TRAVERTINO","single_materials_repeater":[{"position_material":"FRAME","single_materials":[{"ID":2502,"post_author":"2","post_date":"2021-07-29 10:17:53","post_date_gmt":"2021-07-29 08:17:53","post_content":"","post_title":"Walnuss Canaletto (glatt)","post_excerpt":"","post_status":"publish","comment_status":"open","ping_status":"open","post_password":"","post_name":"walnuss-canaletto-glatt","to_ping":"","pinged":"","post_modified":"2021-07-29 10:17:53","post_modified_gmt":"2021-07-29 08:17:53","post_content_filtered":"","post_parent":0,"guid":"https:\/\/www.effe.it\/materiale_prodotto\/walnuss-canaletto-glatt\/","menu_order":0,"post_type":"materiale_prodotto","post_mime_type":"","comment_count":"0","filter":"raw"}]},{"position_material":"R\u00dcCKWAND INNEN, AUSSTATTUNGEN","single_materials":[{"ID":2521,"post_author":"2","post_date":"2021-07-29 10:17:57","post_date_gmt":"2021-07-29 08:17:57","post_content":"","post_title":"Walnuss Canaletto (dauben)","post_excerpt":"","post_status":"publish","comment_status":"open","ping_status":"open","post_password":"","post_name":"walnuss-canaletto-dauben","to_ping":"","pinged":"","post_modified":"2021-07-29 10:17:57","post_modified_gmt":"2021-07-29 08:17:57","post_content_filtered":"","post_parent":0,"guid":"https:\/\/www.effe.it\/materiale_prodotto\/walnuss-canaletto-dauben\/","menu_order":0,"post_type":"materiale_prodotto","post_mime_type":"","comment_count":"0","filter":"raw"}]},{"position_material":"DUSCHE","single_materials":[{"ID":33026,"post_author":"9693","post_date":"2024-04-09 10:15:24","post_date_gmt":"2024-04-09 08:15:24","post_content":"","post_title":"Travertino Dark","post_excerpt":"","post_status":"publish","comment_status":"closed","ping_status":"closed","post_password":"","post_name":"travertino-dark","to_ping":"","pinged":"","post_modified":"2024-04-09 10:15:24","post_modified_gmt":"2024-04-09 08:15:24","post_content_filtered":"","post_parent":0,"guid":"https:\/\/www.effe.it\/blog\/materiale_prodotto\/travertino-dark\/","menu_order":0,"post_type":"materiale_prodotto","post_mime_type":"","comment_count":"0","filter":"raw"}]}],"abilitare_numerazione":true}],"toggle_designer":true,"designer":[{"ID":669,"post_author":"6","post_date":"2021-07-14 17:18:43","post_date_gmt":"2021-07-14 15:18:43","post_content":"<p class=\"p1\">Als zweimaliger Preistr\u00e4ger des Compasso d\u2019Oro ADI (Designpreis \u201eGoldener Kompass\u201d der italienischen Vereinigung f\u00fcr Industriedesign) im Jahre 2016 f\u00fcr das industrielle Designprojekt 5 MM im Auftrag von Treemme und 2011 f\u00fcr das Kommunikationsprojekt Multiverso wurde Marco Williams Fagioli 2016 bei der 21. Triennale International Exhibition von Mailand in der Kategorie \u201eDesigner over 35\u201c f\u00fcr sein Projekt Matris ausgezeichnet. Von ihm stammt auch die Installation Convivum 2.0 im Ausstellungsbereich der Region Umbrien anl\u00e4sslich der Expo 2015. Das Projekt 8emezzo der Region Umbrien wurde in der \u00f6ffentlichen Universit\u00e4t Mailand in Zusammenarbeit mit der Fakult\u00e4t f\u00fcr Innenarchitektur bei der Ausgabe 2015 des \u201eFuorisalone\u201c pr\u00e4sentiert. Der Designer gr\u00fcndete 2001 nach seinem Abschluss an der ISIA Urbino (Hochschule f\u00fcr Industriekultur) Zup Design und arbeitet als Kreativdirektor des Studios, das sich mit strategischem Design und integrierter Projektierung besch\u00e4ftigt.<span class=\"Apple-converted-space\">\u00a0<\/span><\/p>\n<p class=\"p1\">W\u00e4hrend seiner beruflichen Laufbahn erhielt er zahlreiche Auszeichnungen, darunter zweimal den Compasso d\u2019Oro ADI, die Preise Red Dot Design Award, Design Plus, German Design Award und zweimal den Grandesign Etico. 2008 wurde er vom Chicago Athenaeum mit dem Good Design Award f\u00fcr das Projekt Multiplo der Indesit Company pr\u00e4miert, das auch von ADI Index gew\u00e4hlt wurde. Das f\u00fcr Binova entworfene Projekt Anima Space Kitchen wurde au\u00dferdem 2008 von der d\u00e4nischen Zeitschrift BoBedre zur K\u00fcche des Jahres gek\u00fcrt und war der Favorit bei den Elle Decor International Design Awards in der Kategorie Kitchens. Die f\u00fcr Vaselli Marmi, Marmomacc 2009, gestaltete Einrichtung gewann die erste Pr\u00e4mie beim Best Communicator Award 2009. Seit 2009 lehrt Marco Williams Fagioli Projektierungs-Methodologie am NID, dem neuen Designinstitut in Perugia, seit 2014 ist er Dozent f\u00fcr Design an der ABA, Akademie der Sch\u00f6nen K\u00fcnste Pietro Vannucci, Perugia, und seit 2017 an der Domus Academy (DA) in Mailand. Gegenw\u00e4rtig arbeitet er an Projekten des Interior Designs, an der Gestaltung und Einrichtung von Museumsbereichen sowie an Auftr\u00e4gen in den Gebieten Kommunikation und Industriedesign.<\/p>","post_title":"Marco Williams Fagioli","post_excerpt":"","post_status":"publish","comment_status":"closed","ping_status":"closed","post_password":"","post_name":"marco-williams-fagioli","to_ping":"","pinged":"","post_modified":"2022-05-17 17:45:01","post_modified_gmt":"2022-05-17 15:45:01","post_content_filtered":"","post_parent":0,"guid":"https:\/\/www.effe.it\/designer\/marco-williams-fagioli\/","menu_order":20,"post_type":"designer","post_mime_type":"","comment_count":"0","filter":"raw"}],"models_relationship":[{"ID":8553,"post_author":"20","post_date":"2021-08-02 13:04:41","post_date_gmt":"2021-08-02 11:04:41","post_content":"","post_title":"YOKU SPA","post_excerpt":"","post_status":"publish","comment_status":"closed","ping_status":"closed","post_password":"","post_name":"yoku-spa","to_ping":"","pinged":"","post_modified":"2022-03-21 12:26:56","post_modified_gmt":"2022-03-21 10:26:56","post_content_filtered":"","post_parent":0,"guid":"https:\/\/www.effe.it\/blog\/modelli\/yoku-spa\/","menu_order":0,"post_type":"modelli","post_mime_type":"","comment_count":"0","filter":"raw"}],"models_with_documents":true,"description_model_toggle_field":true,"model_description":"","disponibile_su_misura":true,"blueprint_toggle":false,"blueprint":null,"abilitare_versioni":true},"gallery_photos_12_columns":[{"image_gallery_columns":false,"copy_image_column":"","numer_of_columns":"12","embed_video_gallery":"https:\/\/vimeo.com\/677166623"},{"image_gallery_columns":"https:\/\/static.effe.it\/website\/2021\/07\/16037_05-Effe_MOD-3.jpg","copy_image_column":"","numer_of_columns":"6","embed_video_gallery":""},{"image_gallery_columns":"https:\/\/static.effe.it\/website\/2021\/07\/16040_04-Effe-Yoku-spa-B-MOD.jpg","copy_image_column":"","numer_of_columns":"4","embed_video_gallery":""},{"image_gallery_columns":"https:\/\/static.effe.it\/website\/2021\/07\/16053_11-Yoku-Verona.jpg","copy_image_column":"","numer_of_columns":"5","embed_video_gallery":""},{"image_gallery_columns":"https:\/\/static.effe.it\/website\/2021\/07\/16035_04-Effe-Yoku-spa-B-MOD.jpg","copy_image_column":"","numer_of_columns":"5","embed_video_gallery":""},{"image_gallery_columns":"https:\/\/static.effe.it\/website\/2021\/07\/Yoku-Spa-5-scaled.jpg","copy_image_column":"","numer_of_columns":"12","embed_video_gallery":""},{"image_gallery_columns":"https:\/\/static.effe.it\/website\/2021\/07\/YOKU-SH-D-CON-DOCCIA-APERTA-cmyk.jpg","copy_image_column":"Yoku Spa Door","numer_of_columns":"6","embed_video_gallery":""},{"image_gallery_columns":"https:\/\/static.effe.it\/website\/2021\/07\/YOKU-SH-S-CON-DOCCIA-APERTA-cmyk.jpg","copy_image_column":"Yoku Spa Shelf","numer_of_columns":"6","embed_video_gallery":""},{"image_gallery_columns":"https:\/\/static.effe.it\/website\/2021\/07\/YOKU-SH-G-CON-DOCCIA-APERTA-cmyk.jpg","copy_image_column":"Yoku Spa Glass","numer_of_columns":"6","embed_video_gallery":""},{"image_gallery_columns":"https:\/\/static.effe.it\/website\/2021\/07\/Yoku-Spa-1-scaled.jpg","copy_image_column":"","numer_of_columns":"12","embed_video_gallery":""},{"image_gallery_columns":"https:\/\/static.effe.it\/website\/2021\/07\/Yoku-Spa-2.jpg","copy_image_column":"","numer_of_columns":"8","embed_video_gallery":""},{"image_gallery_columns":"https:\/\/static.effe.it\/website\/2021\/07\/Yoku-Spa-4.jpg","copy_image_column":"","numer_of_columns":"5","embed_video_gallery":""},{"image_gallery_columns":"https:\/\/static.effe.it\/website\/2021\/07\/Yoku-Spa-3.jpg","copy_image_column":"","numer_of_columns":"4","embed_video_gallery":""},{"image_gallery_columns":"https:\/\/static.effe.it\/website\/2021\/07\/16042_12-Yoku-Verona.jpg","copy_image_column":"","numer_of_columns":"8","embed_video_gallery":""},{"image_gallery_columns":"https:\/\/static.effe.it\/website\/2021\/07\/Yoku-Spa-7-scaled.jpg","copy_image_column":"","numer_of_columns":"12","embed_video_gallery":""},{"image_gallery_columns":"https:\/\/static.effe.it\/website\/2021\/07\/Yoku-Spa-8-scaled.jpg","copy_image_column":"","numer_of_columns":"12","embed_video_gallery":""},{"image_gallery_columns":"https:\/\/static.effe.it\/website\/2021\/07\/Yoku-Spa-9.jpg","copy_image_column":"","numer_of_columns":"4","embed_video_gallery":""},{"image_gallery_columns":"https:\/\/static.effe.it\/website\/2021\/07\/Yoku-Spa-10.jpg","copy_image_column":"","numer_of_columns":"6","embed_video_gallery":""},{"image_gallery_columns":"https:\/\/static.effe.it\/website\/2021\/07\/Yoku-Spa-12.jpg","copy_image_column":"","numer_of_columns":"5","embed_video_gallery":""},{"image_gallery_columns":"https:\/\/static.effe.it\/website\/2021\/07\/Yoku-Spa-11.jpg","copy_image_column":"","numer_of_columns":"5","embed_video_gallery":""},{"image_gallery_columns":"https:\/\/static.effe.it\/website\/2021\/07\/Yoku-Spa-13-scaled.jpg","copy_image_column":"","numer_of_columns":"12","embed_video_gallery":""},{"image_gallery_columns":"https:\/\/static.effe.it\/website\/2021\/07\/15517_02-Effe-DRITTA.jpg","copy_image_column":"","numer_of_columns":"6","embed_video_gallery":""},{"image_gallery_columns":"https:\/\/static.effe.it\/website\/2021\/07\/16053_12-Yoku-Verona.jpg","copy_image_column":"","numer_of_columns":"5","embed_video_gallery":""},{"image_gallery_columns":"https:\/\/static.effe.it\/website\/2021\/07\/15747_02-Effe-Villa-Monty.jpg","copy_image_column":"","numer_of_columns":"4","embed_video_gallery":""},{"image_gallery_columns":"https:\/\/static.effe.it\/website\/2021\/07\/16033_09-Effe-Yoku-spa-C-copia.jpg","copy_image_column":"","numer_of_columns":"6","embed_video_gallery":""},{"image_gallery_columns":"https:\/\/static.effe.it\/website\/2021\/07\/15515_08-09-Effe.jpg","copy_image_column":"","numer_of_columns":"4","embed_video_gallery":""},{"image_gallery_columns":"https:\/\/static.effe.it\/website\/2021\/07\/16051_06-Yoku-Verona.jpg","copy_image_column":"","numer_of_columns":"7","embed_video_gallery":""},{"image_gallery_columns":"https:\/\/static.effe.it\/website\/2021\/07\/191227-28-Pesaro_0268xxxx.jpg","copy_image_column":"","numer_of_columns":"5","embed_video_gallery":""},{"image_gallery_columns":"https:\/\/static.effe.it\/website\/2021\/07\/16039_04-Yoku-Verona.jpg","copy_image_column":"","numer_of_columns":"5","embed_video_gallery":""},{"image_gallery_columns":"https:\/\/static.effe.it\/website\/2021\/07\/15517_01-Effe.jpg","copy_image_column":"","numer_of_columns":"5","embed_video_gallery":""},{"image_gallery_columns":"https:\/\/static.effe.it\/website\/2021\/07\/16042_12-Yoku-Verona.jpg","copy_image_column":"","numer_of_columns":"5","embed_video_gallery":""},{"image_gallery_columns":"https:\/\/static.effe.it\/website\/2021\/07\/Yoku-Spa-14-scaled.jpg","copy_image_column":"","numer_of_columns":"12","embed_video_gallery":""},{"image_gallery_columns":"https:\/\/static.effe.it\/website\/2021\/07\/16037_10-Yoku-Verona-MOD.jpg","copy_image_column":"","numer_of_columns":"6","embed_video_gallery":""},{"image_gallery_columns":"https:\/\/static.effe.it\/website\/2021\/07\/15747_06-Effe-Villa-Monty.jpg","copy_image_column":"","numer_of_columns":"5","embed_video_gallery":""},{"image_gallery_columns":"https:\/\/static.effe.it\/website\/2021\/07\/16045_12-livelli-MOD.jpg","copy_image_column":"","numer_of_columns":"8","embed_video_gallery":""},{"image_gallery_columns":"https:\/\/static.effe.it\/website\/2021\/07\/Yoku-Spa-15-scaled.jpg","copy_image_column":"","numer_of_columns":"12","embed_video_gallery":""},{"image_gallery_columns":"https:\/\/static.effe.it\/website\/2021\/07\/IMG_9478-corr2-scaled.jpg","copy_image_column":"","numer_of_columns":"12","embed_video_gallery":""},{"image_gallery_columns":"https:\/\/static.effe.it\/website\/2021\/07\/16038_07-Effe-Yoku-spa-B-MOD.jpg","copy_image_column":"","numer_of_columns":"7","embed_video_gallery":""},{"image_gallery_columns":"https:\/\/static.effe.it\/website\/2021\/07\/DSC_9065.jpg","copy_image_column":"","numer_of_columns":"4","embed_video_gallery":""},{"image_gallery_columns":"https:\/\/static.effe.it\/website\/2021\/07\/spaziobianco.jpg","copy_image_column":"","numer_of_columns":"4","embed_video_gallery":""},{"image_gallery_columns":"https:\/\/static.effe.it\/website\/2021\/07\/IMG_9515.jpg","copy_image_column":"","numer_of_columns":"8","embed_video_gallery":""},{"image_gallery_columns":"https:\/\/static.effe.it\/website\/2021\/07\/DSC_9239.jpg","copy_image_column":"","numer_of_columns":"4","embed_video_gallery":""},{"image_gallery_columns":"https:\/\/static.effe.it\/website\/2021\/07\/DSC_9244.jpg","copy_image_column":"","numer_of_columns":"7","embed_video_gallery":""},{"image_gallery_columns":false,"copy_image_column":"6356","numer_of_columns":"6","embed_video_gallery":""}],"slider_gallery":[{"image-slider-gallery":"https:\/\/static.effe.it\/website\/2021\/07\/yoku-spa_2-scaled.jpg","text-image-gallery":"Ausf\u00fchrungen: Shelf","video":""},{"image-slider-gallery":"https:\/\/static.effe.it\/website\/2021\/07\/yoku-spa_1-scaled.jpg","text-image-gallery":"Ausf\u00fchrungen: Shelf","video":""},{"image-slider-gallery":"https:\/\/static.effe.it\/website\/2021\/07\/yoku-spa_3-scaled.jpg","text-image-gallery":"","video":""},{"image-slider-gallery":"https:\/\/static.effe.it\/website\/2021\/07\/yoku-spa_4-scaled.jpg","text-image-gallery":"Ausf\u00fchrungen: Shelf","video":""}],"documents_related_collection_group":[{"input_type":"url","resource_url":"https:\/\/drive.google.com\/file\/d\/1tal8GNxLA_AtWo1iKwFp8kp0nX6IU1BT\/view?usp=drive_link","document_title":"Brochure","file":false,"logged_in_only":false,"reserved_service_center":false},{"input_type":"url","resource_url":"https:\/\/drive.google.com\/file\/d\/1UkshDXs447z8CH23ejBRRT_nz0D766gE\/view?usp=sharing","document_title":"VORINSTALLATIONSKARTE","file":false,"logged_in_only":false,"reserved_service_center":false},{"input_type":"url","resource_url":"https:\/\/drive.google.com\/file\/d\/1YfKCP3v7h_vVQFKTuDZCW5fWwNvyKufm\/view?usp=drive_link","document_title":"3D","file":false,"logged_in_only":true,"reserved_service_center":true},{"input_type":"url","resource_url":"https:\/\/drive.google.com\/file\/d\/1FuwQpkvvVEtm85UoiNiHWUGnKDAHu-92\/view?usp=drive_link","document_title":"Montageanleitung","file":false,"logged_in_only":true,"reserved_service_center":true}]},"_links":{"self":[{"href":"https:\/\/www.effe.it\/de\/wp-json\/wp\/v2\/products\/9534"}],"collection":[{"href":"https:\/\/www.effe.it\/de\/wp-json\/wp\/v2\/products"}],"about":[{"href":"https:\/\/www.effe.it\/de\/wp-json\/wp\/v2\/types\/prodotto"}],"version-history":[{"count":4,"href":"https:\/\/www.effe.it\/de\/wp-json\/wp\/v2\/products\/9534\/revisions"}],"predecessor-version":[{"id":37272,"href":"https:\/\/www.effe.it\/de\/wp-json\/wp\/v2\/products\/9534\/revisions\/37272"}],"wp:featuredmedia":[{"embeddable":true,"href":"https:\/\/www.effe.it\/de\/wp-json\/wp\/v2\/media\/24309"}],"wp:attachment":[{"href":"https:\/\/www.effe.it\/de\/wp-json\/wp\/v2\/media?parent=9534"}],"wp:term":[{"taxonomy":"categorie_prodotti","embeddable":true,"href":"https:\/\/www.effe.it\/de\/wp-json\/wp\/v2\/categorie_prodotti?post=9534"},{"taxonomy":"famiglia_prodotti","embeddable":true,"href":"https:\/\/www.effe.it\/de\/wp-json\/wp\/v2\/famiglia_prodotti?post=9534"}],"curies":[{"name":"wp","href":"https:\/\/api.w.org\/{rel}","templated":true}]}}