{"id":30808,"date":"2023-08-07T16:22:14","date_gmt":"2023-08-07T14:22:14","guid":{"rendered":"https:\/\/www.effe.it\/?post_type=prodotto&#038;p=30808"},"modified":"2025-04-07T12:43:55","modified_gmt":"2025-04-07T10:43:55","slug":"natural-ir","status":"publish","type":"prodotto","link":"https:\/\/www.effe.it\/de\/produkt\/natural-ir\/","title":{"rendered":"Natural IR"},"content":{"rendered":"\n<p>Natural IR besteht aus thermisch behandeltem Espenholz und Feinsteinzeug der Linie Concreto gefertigt.&nbsp;<\/p>\n","protected":false},"featured_media":30919,"menu_order":0,"template":"","categorie_prodotti":[1197,1361],"famiglia_prodotti":[1360,1367],"better_featured_image":{"id":30919,"alt_text":"","caption":"","description":"","media_type":"image","media_details":{"width":1184,"height":960,"file":"2023\/08\/Natura-IRpreview.jpg","sizes":{"medium":{"file":"Natura-IRpreview-300x243.jpg","width":300,"height":243,"mime-type":"image\/jpeg","source_url":"https:\/\/static.effe.it\/website\/2023\/08\/Natura-IRpreview-300x243.jpg"},"large":{"file":"Natura-IRpreview-1024x830.jpg","width":1024,"height":830,"mime-type":"image\/jpeg","source_url":"https:\/\/static.effe.it\/website\/2023\/08\/Natura-IRpreview-1024x830.jpg"},"thumbnail":{"file":"Natura-IRpreview-150x150.jpg","width":150,"height":150,"mime-type":"image\/jpeg","source_url":"https:\/\/static.effe.it\/website\/2023\/08\/Natura-IRpreview-150x150.jpg"},"medium_large":{"file":"Natura-IRpreview-768x623.jpg","width":768,"height":623,"mime-type":"image\/jpeg","source_url":"https:\/\/static.effe.it\/website\/2023\/08\/Natura-IRpreview-768x623.jpg"},"image-related-size":{"file":"Natura-IRpreview-420x285.jpg","width":420,"height":285,"mime-type":"image\/jpeg","source_url":"https:\/\/static.effe.it\/website\/2023\/08\/Natura-IRpreview-420x285.jpg"},"image-related-size-bigger-sq":{"file":"Natura-IRpreview-624x468.jpg","width":624,"height":468,"mime-type":"image\/jpeg","source_url":"https:\/\/static.effe.it\/website\/2023\/08\/Natura-IRpreview-624x468.jpg"},"image-designer-product":{"file":"Natura-IRpreview-644x587.jpg","width":644,"height":587,"mime-type":"image\/jpeg","source_url":"https:\/\/static.effe.it\/website\/2023\/08\/Natura-IRpreview-644x587.jpg"}},"image_meta":{"aperture":"0","credit":"","camera":"","caption":"","created_timestamp":"0","copyright":"","focal_length":"0","iso":"0","shutter_speed":"0","title":"","orientation":"0","keywords":[]}},"post":30808,"source_url":"https:\/\/static.effe.it\/website\/2023\/08\/Natura-IRpreview.jpg"},"acf":{"intro_text":"Natural unterstreicht das intime und pers\u00f6nliche Konzept von Wellness und schenkt ein immersives Sinneserlebnis. Die gro\u00dffl\u00e4chige Transparenz vermittelt eine Beziehung zwischen Innen und Au\u00dfen und eliminiert jedes Gef\u00fchl von Enge. Natural ist in der Version Infrarotkabine erh\u00e4ltlich, die den Muskeln und Knochen guttut, Erm\u00fcdungserscheinungen reduziert und K\u00f6rper und Geist entspannt.","related_products_group":{"toggle_related_product_field":true,"related_products":[{"ID":9676,"post_author":"3","post_date":"2021-07-29 12:19:09","post_date_gmt":"2021-07-29 10:19:09","post_content":"<!-- wp:paragraph -->\n<p>Die Temperatur in Infrarotkabinen liegt bei 30-40\u202f\u00b0C, im Gegensatz zu traditionellen Saunen, die 90-100\u202f\u00b0C erreichen k\u00f6nnen. Infrarotstrahlen dringen tief in die Haut ein und erzeugen dabei wohltuende Wirkungen f\u00fcr unseren K\u00f6rper: tiefe Entspannung, Linderung von Muskelschmerzen, Anregung der Blutzirkulation, Aktivierung von Stoffwechselprozessen. Die Verweildauer in einer Infrarotkabine kann bis zu 60 Minuten betragen.<\/p>\n<!-- \/wp:paragraph -->\n\n<!-- wp:paragraph -->\n<p>Das Design von Idea IR zeichnet sich durch den Au\u00dfenrahmen mit einer schr\u00e4gen Laibung aus, die ein Schattenprofil erzeugt und trotz ihrer geringen Ma\u00dfe Tiefe verleiht. Die Innenw\u00e4nde bestehen aus glatten Paneelen aus Hemlock-Holz. Das Innenlicht, das sich an der R\u00fcckwand befindet, erzeugt eine besonders gem\u00fctliche Atmosph\u00e4re. Die Infrarotstrahler befinden sich in den inneren Ecken (2 oder 4 Strahler je nach Gr\u00f6\u00dfe).<\/p>\n<!-- \/wp:paragraph -->","post_title":"Idea IR","post_excerpt":"","post_status":"publish","comment_status":"closed","ping_status":"closed","post_password":"","post_name":"idea-ir","to_ping":"","pinged":"","post_modified":"2025-05-20 18:02:26","post_modified_gmt":"2025-05-20 16:02:26","post_content_filtered":"","post_parent":0,"guid":"https:\/\/www.effe.it\/prodotto\/idea-ir\/","menu_order":0,"post_type":"prodotto","post_mime_type":"","comment_count":"0","filter":"raw"},{"ID":9693,"post_author":"12708","post_date":"2021-07-29 11:03:03","post_date_gmt":"2021-07-29 09:03:03","post_content":"Eine Sauna mit einzigartigem Design, die dem Raum eine starke Pers\u00f6nlichkeit und gro\u00dfe Eleganz gibt. Der Saunaofen von BodyLove ist mit emaillierter Keramik und in einzigartigen Farben verkleidet: ein edles Material, das die Weichheit des Holzes unterstreicht. Die W\u00e4rmequelle, ein Element von zentraler Bedeutung f\u00fcr die Tradition der finnischen Sauna, nimmt auch in puncto Design wieder eine Hauptrolle ein. Die W\u00e4nde werden in zwei Holzausf\u00fchrungen angeboten: naturbelassenes Hemlock-Holz und thermisch behandeltes Massivholz, mit der M\u00f6glichkeit, auf Anfrage Spiegelfl\u00e4chen einzuf\u00fcgen. BodyLove bietet Au\u00dfent\u00e4felungen, die die heimische Dimension des als Einrichtungselement konzipierten Systems hervorhebt. Wie alle Produkte von Effe bietet auch BodyLove viele individuelle Gestaltungsm\u00f6glichkeiten hinsichtlich der Wahl und der Kombination der Materialien und erm\u00f6glicht damit die Realisierung eines wahrhaft ma\u00dfgeschneiderten Wellnessbereichs.","post_title":"BodyLove S","post_excerpt":"","post_status":"publish","comment_status":"closed","ping_status":"closed","post_password":"","post_name":"bodylove-s","to_ping":"","pinged":"","post_modified":"2025-11-11 13:27:28","post_modified_gmt":"2025-11-11 11:27:28","post_content_filtered":"","post_parent":0,"guid":"https:\/\/www.effe.it\/prodotto\/bodylove-s\/","menu_order":0,"post_type":"prodotto","post_mime_type":"","comment_count":"0","filter":"raw"},{"ID":9746,"post_author":"12708","post_date":"2021-07-29 11:03:03","post_date_gmt":"2021-07-29 09:03:03","post_content":"Drei verschiedene L\u00f6sungen mit drei verschiedenen Holzarten machen den Weg frei f\u00fcr vielerlei Projektvorschl\u00e4ge. Der Ofen ist in die untere Bank integriert, wodurch ein formales lineares Bild entsteht.\n\nDie Inspiration, aus der sich ihr Name ableitet, bezieht sich auf einen Zweig der japanischen Naturmedizin, der sich die positiven Wirkungen des Kontakts mit Pflanzen und mit dem Wald zunutze macht.","post_title":"Yoku S","post_excerpt":"","post_status":"publish","comment_status":"closed","ping_status":"closed","post_password":"","post_name":"yoku-s","to_ping":"","pinged":"","post_modified":"2025-09-04 12:13:46","post_modified_gmt":"2025-09-04 10:13:46","post_content_filtered":"","post_parent":0,"guid":"https:\/\/www.effe.it\/prodotto\/yoku-s\/","menu_order":0,"post_type":"prodotto","post_mime_type":"","comment_count":"0","filter":"raw"},{"ID":29986,"post_author":"12708","post_date":"2023-05-10 10:22:27","post_date_gmt":"2023-05-10 08:22:27","post_content":"<!-- wp:paragraph -->\n<p>Aladdin, die neue, von Rodolfo Dordoni und Michele Angelini entworfene Sauna beruht auf dem zunehmenden Wunsch, einen Wellnessbereich in den Wohnraum zu integrieren.<\/p>\n<!-- \/wp:paragraph -->\n\n<!-- wp:paragraph -->\n<p>Das Besondere an diesem Produkt sind die Spiegel im unteren Bereich und das eloxierte Aluminium, das den Ofen und den Au\u00dfenrahmen kleidet. Diese edlen Oberfl\u00e4chen erzeugen ein visuelles Spiel, welches das Design von Aladdin harmonisch mit dem umliegenden Raum verbindet.&nbsp;<\/p>\n<!-- \/wp:paragraph -->\n\n<!-- wp:paragraph -->\n<p>Aladdin kann mit einem Boden mit Feinsteinzeug-Verfliesung bereichert werden \u2013 eine Art \u201efliegender\u201c Teppich, der sich selbst in die modernsten Wohnr\u00e4ume einf\u00fcgt und noch mehr Leichtigkeit vermittelt.&nbsp;<\/p>\n<!-- \/wp:paragraph -->\n\n<!-- wp:paragraph -->\n<p>Die Innenausstattung wird durch die Holzbank einzigartig, die dank ihrer sanft abgerundeten Ecken sehr bequem ist und aus nur zwei Bauelementen besteht.<\/p>\n<!-- \/wp:paragraph -->\n\n<!-- wp:paragraph -->\n<p>Der Ofen, pulsierendes Element jeder Sauna, hat eine Verkleidung aus eloxiertem Aluminium, die visuell eine Verbindung zum Au\u00dfenrahmen aus dem gleichen Material bildet.<\/p>\n<!-- \/wp:paragraph -->","post_title":"Aladdin","post_excerpt":"","post_status":"publish","comment_status":"closed","ping_status":"closed","post_password":"","post_name":"aladdin","to_ping":"","pinged":"","post_modified":"2026-01-09 13:08:47","post_modified_gmt":"2026-01-09 11:08:47","post_content_filtered":"","post_parent":0,"guid":"https:\/\/www.effe.it\/prodotto\/aladdin\/","menu_order":0,"post_type":"prodotto","post_mime_type":"","comment_count":"0","filter":"raw"}]},"optional_products_group":{"optional_toggle_field":false,"related_optional":""},"accordion_group":{"":null,"materials-toggle-field":true,"miniatura_materiali":{"ID":29802,"id":29802,"title":"Natural Infrared@2x","filename":"Natural-Infrared@2x-1.png","filesize":24907,"url":"https:\/\/static.effe.it\/website\/2023\/05\/Natural-Infrared%402x-1.png","link":"https:\/\/www.effe.it\/de\/produkt\/natural-s\/natural-infrared2x-2-2\/","alt":"","author":"9693","description":"","caption":"","name":"natural-infrared2x-2-2","status":"inherit","uploaded_to":29978,"date":"2023-05-10 09:12:01","modified":"2023-05-10 09:12:01","menu_order":0,"mime_type":"image\/png","type":"image","subtype":"png","icon":"https:\/\/www.effe.it\/wp-includes\/images\/media\/default.png","width":697,"height":461,"sizes":{"thumbnail":"https:\/\/static.effe.it\/website\/2023\/05\/Natural-Infrared%402x-1-150x150.png","thumbnail-width":150,"thumbnail-height":150,"medium":"https:\/\/static.effe.it\/website\/2023\/05\/Natural-Infrared%402x-1-300x198.png","medium-width":300,"medium-height":198,"medium_large":"https:\/\/static.effe.it\/website\/2023\/05\/Natural-Infrared%402x-1.png","medium_large-width":697,"medium_large-height":461,"large":"https:\/\/static.effe.it\/website\/2023\/05\/Natural-Infrared%402x-1.png","large-width":697,"large-height":461,"image-related-size":"https:\/\/static.effe.it\/website\/2023\/05\/Natural-Infrared%402x-1-420x285.png","image-related-size-width":420,"image-related-size-height":285,"image-related-size-bigger-sq":"https:\/\/static.effe.it\/website\/2023\/05\/Natural-Infrared%402x-1-624x461.png","image-related-size-bigger-sq-width":624,"image-related-size-bigger-sq-height":461,"image-designer-product":"https:\/\/static.effe.it\/website\/2023\/05\/Natural-Infrared%402x-1-644x461.png","image-designer-product-width":644,"image-designer-product-height":461,"1536x1536":"https:\/\/static.effe.it\/website\/2023\/05\/Natural-Infrared%402x-1.png","1536x1536-width":697,"1536x1536-height":461,"2048x2048":"https:\/\/static.effe.it\/website\/2023\/05\/Natural-Infrared%402x-1.png","2048x2048-width":697,"2048x2048-height":461}},"materials_group":[{"materials_title":"Thermo Espenholz","single_materials_repeater":[{"position_material":"Innen, Aussen","single_materials":[{"ID":2512,"post_author":"2","post_date":"2021-07-29 10:17:57","post_date_gmt":"2021-07-29 08:17:57","post_content":"","post_title":"Thermo Espenholz (glatt)","post_excerpt":"","post_status":"publish","comment_status":"open","ping_status":"open","post_password":"","post_name":"thermo-espenholz-glatt","to_ping":"","pinged":"","post_modified":"2021-07-29 10:17:57","post_modified_gmt":"2021-07-29 08:17:57","post_content_filtered":"","post_parent":0,"guid":"https:\/\/www.effe.it\/materiale_prodotto\/thermo-espenholz-glatt\/","menu_order":0,"post_type":"materiale_prodotto","post_mime_type":"","comment_count":"0","filter":"raw"}]},{"position_material":"Au\u00dfenbank","single_materials":[{"ID":29822,"post_author":"9693","post_date":"2023-05-10 11:25:41","post_date_gmt":"2023-05-10 09:25:41","post_content":"","post_title":"Slimtech Concreto Medium","post_excerpt":"","post_status":"publish","comment_status":"closed","ping_status":"closed","post_password":"","post_name":"slimtech-concreto-medium","to_ping":"","pinged":"","post_modified":"2023-05-10 11:25:45","post_modified_gmt":"2023-05-10 09:25:45","post_content_filtered":"","post_parent":0,"guid":"https:\/\/www.effe.it\/?post_type=materiale_prodotto&#038;p=29822","menu_order":0,"post_type":"materiale_prodotto","post_mime_type":"","comment_count":"0","filter":"raw"}]}],"abilitare_numerazione":true}],"toggle_designer":true,"designer":[{"ID":669,"post_author":"6","post_date":"2021-07-14 17:18:43","post_date_gmt":"2021-07-14 15:18:43","post_content":"<p class=\"p1\">Als zweimaliger Preistr\u00e4ger des Compasso d\u2019Oro ADI (Designpreis \u201eGoldener Kompass\u201d der italienischen Vereinigung f\u00fcr Industriedesign) im Jahre 2016 f\u00fcr das industrielle Designprojekt 5 MM im Auftrag von Treemme und 2011 f\u00fcr das Kommunikationsprojekt Multiverso wurde Marco Williams Fagioli 2016 bei der 21. Triennale International Exhibition von Mailand in der Kategorie \u201eDesigner over 35\u201c f\u00fcr sein Projekt Matris ausgezeichnet. Von ihm stammt auch die Installation Convivum 2.0 im Ausstellungsbereich der Region Umbrien anl\u00e4sslich der Expo 2015. Das Projekt 8emezzo der Region Umbrien wurde in der \u00f6ffentlichen Universit\u00e4t Mailand in Zusammenarbeit mit der Fakult\u00e4t f\u00fcr Innenarchitektur bei der Ausgabe 2015 des \u201eFuorisalone\u201c pr\u00e4sentiert. Der Designer gr\u00fcndete 2001 nach seinem Abschluss an der ISIA Urbino (Hochschule f\u00fcr Industriekultur) Zup Design und arbeitet als Kreativdirektor des Studios, das sich mit strategischem Design und integrierter Projektierung besch\u00e4ftigt.<span class=\"Apple-converted-space\">\u00a0<\/span><\/p>\n<p class=\"p1\">W\u00e4hrend seiner beruflichen Laufbahn erhielt er zahlreiche Auszeichnungen, darunter zweimal den Compasso d\u2019Oro ADI, die Preise Red Dot Design Award, Design Plus, German Design Award und zweimal den Grandesign Etico. 2008 wurde er vom Chicago Athenaeum mit dem Good Design Award f\u00fcr das Projekt Multiplo der Indesit Company pr\u00e4miert, das auch von ADI Index gew\u00e4hlt wurde. Das f\u00fcr Binova entworfene Projekt Anima Space Kitchen wurde au\u00dferdem 2008 von der d\u00e4nischen Zeitschrift BoBedre zur K\u00fcche des Jahres gek\u00fcrt und war der Favorit bei den Elle Decor International Design Awards in der Kategorie Kitchens. Die f\u00fcr Vaselli Marmi, Marmomacc 2009, gestaltete Einrichtung gewann die erste Pr\u00e4mie beim Best Communicator Award 2009. Seit 2009 lehrt Marco Williams Fagioli Projektierungs-Methodologie am NID, dem neuen Designinstitut in Perugia, seit 2014 ist er Dozent f\u00fcr Design an der ABA, Akademie der Sch\u00f6nen K\u00fcnste Pietro Vannucci, Perugia, und seit 2017 an der Domus Academy (DA) in Mailand. Gegenw\u00e4rtig arbeitet er an Projekten des Interior Designs, an der Gestaltung und Einrichtung von Museumsbereichen sowie an Auftr\u00e4gen in den Gebieten Kommunikation und Industriedesign.<\/p>","post_title":"Marco Williams Fagioli","post_excerpt":"","post_status":"publish","comment_status":"closed","ping_status":"closed","post_password":"","post_name":"marco-williams-fagioli","to_ping":"","pinged":"","post_modified":"2022-05-17 17:45:01","post_modified_gmt":"2022-05-17 15:45:01","post_content_filtered":"","post_parent":0,"guid":"https:\/\/www.effe.it\/designer\/marco-williams-fagioli\/","menu_order":20,"post_type":"designer","post_mime_type":"","comment_count":"0","filter":"raw"}],"models_relationship":[{"ID":30907,"post_author":"9693","post_date":"2023-08-07 15:54:01","post_date_gmt":"2023-08-07 13:54:01","post_content":"","post_title":"Natural IR","post_excerpt":"","post_status":"publish","comment_status":"closed","ping_status":"closed","post_password":"","post_name":"natural-ir","to_ping":"","pinged":"","post_modified":"2023-08-07 15:54:07","post_modified_gmt":"2023-08-07 13:54:07","post_content_filtered":"","post_parent":0,"guid":"https:\/\/www.effe.it\/?post_type=modelli&#038;p=30907","menu_order":0,"post_type":"modelli","post_mime_type":"","comment_count":"0","filter":"raw"}],"models_with_documents":true,"description_model_toggle_field":true,"model_description":"","disponibile_su_misura":false,"blueprint_toggle":false,"blueprint":null,"abilitare_versioni":true},"slider_gallery":[{"image-slider-gallery":"https:\/\/static.effe.it\/website\/2023\/08\/Natural-IRSlider1.jpg","text-image-gallery":"","video":""}],"documents_related_collection_group":[{"input_type":"url","resource_url":"https:\/\/drive.google.com\/file\/d\/1M8vkQSDN1JLDjVQ3nt7dwG9AZLd_BsUv\/view?usp=drive_link","document_title":"Brochure Natural","file":false,"logged_in_only":false,"reserved_service_center":false},{"input_type":"url","resource_url":"https:\/\/drive.google.com\/file\/d\/1HWKEjihNAZI1EIAbrLKsfY8jRQiFHdZu\/view?usp=drive_link","document_title":"Vorinstallationsblatt","file":false,"logged_in_only":false,"reserved_service_center":false},{"input_type":"url","resource_url":"https:\/\/drive.google.com\/file\/d\/1kjw12GVIxuMUoP8qLEentlgzrthrMHX4\/view?usp=drive_link","document_title":" Bedienungs Und Wartungsanleitung","file":false,"logged_in_only":true,"reserved_service_center":false},{"input_type":"url","resource_url":"https:\/\/drive.google.com\/file\/d\/19HRUxOkLmEng-14whikskMf2J5NXOuTO\/view?usp=drive_link","document_title":"Montageanleitung","file":false,"logged_in_only":true,"reserved_service_center":false}],"gallery_photos_12_columns":[{"image_gallery_columns":"https:\/\/static.effe.it\/website\/2023\/08\/Natural-IR1.jpg","copy_image_column":"","numer_of_columns":"3","embed_video_gallery":""},{"image_gallery_columns":"https:\/\/static.effe.it\/website\/2023\/08\/Natural-IR2.jpg","copy_image_column":"","numer_of_columns":"7","embed_video_gallery":""},{"image_gallery_columns":"https:\/\/static.effe.it\/website\/2023\/08\/Natural-IR3.jpg","copy_image_column":"","numer_of_columns":"5","embed_video_gallery":""},{"image_gallery_columns":"https:\/\/static.effe.it\/website\/2023\/08\/Natural-IR4.jpg","copy_image_column":"","numer_of_columns":"5","embed_video_gallery":""},{"image_gallery_columns":false,"copy_image_column":"","numer_of_columns":"12","embed_video_gallery":"https:\/\/vimeo.com\/857522448"},{"image_gallery_columns":"https:\/\/static.effe.it\/website\/2023\/08\/Natural-IR5.jpg","copy_image_column":"","numer_of_columns":"5","embed_video_gallery":""},{"image_gallery_columns":"https:\/\/static.effe.it\/website\/2023\/08\/Natural-IR6.jpg","copy_image_column":"","numer_of_columns":"3","embed_video_gallery":""},{"image_gallery_columns":"https:\/\/static.effe.it\/website\/2023\/08\/Natural-IR7.jpg","copy_image_column":"","numer_of_columns":"10","embed_video_gallery":""},{"image_gallery_columns":"https:\/\/static.effe.it\/website\/2023\/08\/Natural-IR8.jpg","copy_image_column":"","numer_of_columns":"4","embed_video_gallery":""},{"image_gallery_columns":"https:\/\/static.effe.it\/website\/2023\/08\/Natural-IR9.jpg","copy_image_column":"","numer_of_columns":"6","embed_video_gallery":""},{"image_gallery_columns":"https:\/\/static.effe.it\/website\/2023\/08\/Natural-IR10.jpg","copy_image_column":"","numer_of_columns":"6","embed_video_gallery":""},{"image_gallery_columns":"https:\/\/static.effe.it\/website\/2023\/08\/Natural-IR11.jpg","copy_image_column":"","numer_of_columns":"4","embed_video_gallery":""},{"image_gallery_columns":"https:\/\/static.effe.it\/website\/2023\/08\/Natural-IR12-scaled.jpg","copy_image_column":"","numer_of_columns":"12","embed_video_gallery":""},{"image_gallery_columns":"https:\/\/static.effe.it\/website\/2023\/08\/Natural-IR13.jpg","copy_image_column":"","numer_of_columns":"4","embed_video_gallery":""},{"image_gallery_columns":"https:\/\/static.effe.it\/website\/2023\/08\/Natural-IR14.jpg","copy_image_column":"","numer_of_columns":"5","embed_video_gallery":""},{"image_gallery_columns":false,"copy_image_column":"","numer_of_columns":"12","embed_video_gallery":"https:\/\/vimeo.com\/853288691"}]},"_links":{"self":[{"href":"https:\/\/www.effe.it\/de\/wp-json\/wp\/v2\/products\/30808"}],"collection":[{"href":"https:\/\/www.effe.it\/de\/wp-json\/wp\/v2\/products"}],"about":[{"href":"https:\/\/www.effe.it\/de\/wp-json\/wp\/v2\/types\/prodotto"}],"version-history":[{"count":3,"href":"https:\/\/www.effe.it\/de\/wp-json\/wp\/v2\/products\/30808\/revisions"}],"predecessor-version":[{"id":34606,"href":"https:\/\/www.effe.it\/de\/wp-json\/wp\/v2\/products\/30808\/revisions\/34606"}],"wp:featuredmedia":[{"embeddable":true,"href":"https:\/\/www.effe.it\/de\/wp-json\/wp\/v2\/media\/30919"}],"wp:attachment":[{"href":"https:\/\/www.effe.it\/de\/wp-json\/wp\/v2\/media?parent=30808"}],"wp:term":[{"taxonomy":"categorie_prodotti","embeddable":true,"href":"https:\/\/www.effe.it\/de\/wp-json\/wp\/v2\/categorie_prodotti?post=30808"},{"taxonomy":"famiglia_prodotti","embeddable":true,"href":"https:\/\/www.effe.it\/de\/wp-json\/wp\/v2\/famiglia_prodotti?post=30808"}],"curies":[{"name":"wp","href":"https:\/\/api.w.org\/{rel}","templated":true}]}}