{"id":27895,"date":"2022-06-06T17:40:46","date_gmt":"2022-06-06T15:40:46","guid":{"rendered":"https:\/\/www.effe.it\/prodotto\/cabanon\/"},"modified":"2025-11-10T13:09:17","modified_gmt":"2025-11-10T11:09:17","slug":"cabanon","status":"publish","type":"prodotto","link":"https:\/\/www.effe.it\/de\/produkt\/cabanon\/","title":{"rendered":"Cabanon"},"content":{"rendered":"\n<p>Gepr\u00e4gt wird das Projekt von seinen Au\u00dfenw\u00e4nden aus lackierten Aluminiumwellblechen, die in Mattausf\u00fchrung und drei Farben erh\u00e4ltlich sind und einen raffinierten und nicht aufdringlichen Tarneffekt erzeugen, der das Ambiente achtet. Dieses Element erm\u00f6glicht eine absolut flexible Positionierung von Cabanon, die sich in jeden Kontext einf\u00fcgt \u2013 vom hohen Norden bis zum Mittelmeer und die St\u00e4dte rund um den Globus.<\/p>\n","protected":false},"featured_media":27910,"menu_order":0,"template":"","categorie_prodotti":[823],"famiglia_prodotti":[],"better_featured_image":{"id":27910,"alt_text":"","caption":"","description":"","media_type":"image","media_details":{"width":872,"height":706,"file":"2022\/06\/16149-Effe-cover.jpg","sizes":{"medium":{"file":"16149-Effe-cover-300x243.jpg","width":300,"height":243,"mime-type":"image\/jpeg","source_url":"https:\/\/static.effe.it\/website\/2022\/06\/16149-Effe-cover-300x243.jpg"},"thumbnail":{"file":"16149-Effe-cover-150x150.jpg","width":150,"height":150,"mime-type":"image\/jpeg","source_url":"https:\/\/static.effe.it\/website\/2022\/06\/16149-Effe-cover-150x150.jpg"},"medium_large":{"file":"16149-Effe-cover-768x622.jpg","width":768,"height":622,"mime-type":"image\/jpeg","source_url":"https:\/\/static.effe.it\/website\/2022\/06\/16149-Effe-cover-768x622.jpg"},"image-related-size":{"file":"16149-Effe-cover-420x285.jpg","width":420,"height":285,"mime-type":"image\/jpeg","source_url":"https:\/\/static.effe.it\/website\/2022\/06\/16149-Effe-cover-420x285.jpg"},"image-related-size-bigger-sq":{"file":"16149-Effe-cover-624x468.jpg","width":624,"height":468,"mime-type":"image\/jpeg","source_url":"https:\/\/static.effe.it\/website\/2022\/06\/16149-Effe-cover-624x468.jpg"},"image-designer-product":{"file":"16149-Effe-cover-644x587.jpg","width":644,"height":587,"mime-type":"image\/jpeg","source_url":"https:\/\/static.effe.it\/website\/2022\/06\/16149-Effe-cover-644x587.jpg"}},"image_meta":{"aperture":"0","credit":"","camera":"","caption":"","created_timestamp":"0","copyright":"","focal_length":"0","iso":"0","shutter_speed":"0","title":"","orientation":"0","keywords":[]}},"post":27895,"source_url":"https:\/\/static.effe.it\/website\/2022\/06\/16149-Effe-cover.jpg"},"acf":{"intro_text":"Das Projekt Cabanon \u2013 dessen Name sich an der H\u00fctte von Le Corbusier inspiriert \u2013 f\u00e4ngt den urspr\u00fcnglichen Geist der finnischen Sauna ein, die als autonomer Bau au\u00dferhalb des Hauses und h\u00e4ufig am Seeufer in harmonischer Beziehung zur Natur konzipiert war.","related_products_group":{"toggle_related_product_field":true,"related_products":[{"ID":9693,"post_author":"12708","post_date":"2021-07-29 11:03:03","post_date_gmt":"2021-07-29 09:03:03","post_content":"Eine Sauna mit einzigartigem Design, die dem Raum eine starke Pers\u00f6nlichkeit und gro\u00dfe Eleganz gibt. Der Saunaofen von BodyLove ist mit emaillierter Keramik und in einzigartigen Farben verkleidet: ein edles Material, das die Weichheit des Holzes unterstreicht. Die W\u00e4rmequelle, ein Element von zentraler Bedeutung f\u00fcr die Tradition der finnischen Sauna, nimmt auch in puncto Design wieder eine Hauptrolle ein. Die W\u00e4nde werden in zwei Holzausf\u00fchrungen angeboten: naturbelassenes Hemlock-Holz und thermisch behandeltes Massivholz, mit der M\u00f6glichkeit, auf Anfrage Spiegelfl\u00e4chen einzuf\u00fcgen. BodyLove bietet Au\u00dfent\u00e4felungen, die die heimische Dimension des als Einrichtungselement konzipierten Systems hervorhebt. Wie alle Produkte von Effe bietet auch BodyLove viele individuelle Gestaltungsm\u00f6glichkeiten hinsichtlich der Wahl und der Kombination der Materialien und erm\u00f6glicht damit die Realisierung eines wahrhaft ma\u00dfgeschneiderten Wellnessbereichs.","post_title":"BodyLove S","post_excerpt":"","post_status":"publish","comment_status":"closed","ping_status":"closed","post_password":"","post_name":"bodylove-s","to_ping":"","pinged":"","post_modified":"2025-11-11 13:27:28","post_modified_gmt":"2025-11-11 11:27:28","post_content_filtered":"","post_parent":0,"guid":"https:\/\/www.effe.it\/prodotto\/bodylove-s\/","menu_order":0,"post_type":"prodotto","post_mime_type":"","comment_count":"0","filter":"raw"},{"ID":9725,"post_author":"9693","post_date":"2021-07-29 11:03:03","post_date_gmt":"2021-07-29 09:03:03","post_content":"Der gesamte Saunabereich ist mit kanadischem Hemlock-Holz ausgekleidet, dem hochwertigsten Material f\u00fcr finnische Saunen. Der Au\u00dfenbau der Sauna ist in drei Standardausf\u00fchrungen oder mit individueller Farbgestaltung erh\u00e4ltlich. Sauna und Dusche sind zwei sich erg\u00e4nzende Elemente: Die Raumaufteilung garantiert Bequemlichkeit und Funktionalit\u00e4t. Die Sauna schafft ein hei\u00dfes und sehr trockenes, fast feuchteloses Ambiente. Das regt das Schwitzen und Ausscheiden der Giftstoffe aus unserem K\u00f6rper an. Eine lauwarme oder k\u00fchle Dusche nach dem Saunagang ist sehr angenehm und belebend. F\u00fcr maximale Raumintegration auch in der Ausf\u00fchrung Filo (ohne Boden) erh\u00e4ltlich.","post_title":"Logica S","post_excerpt":"","post_status":"draft","comment_status":"closed","ping_status":"closed","post_password":"","post_name":"logica-s","to_ping":"","pinged":"","post_modified":"2023-11-28 20:35:21","post_modified_gmt":"2023-11-28 18:35:21","post_content_filtered":"","post_parent":0,"guid":"https:\/\/www.effe.it\/prodotto\/logica-s\/","menu_order":0,"post_type":"prodotto","post_mime_type":"","comment_count":"0","filter":"raw"},{"ID":9746,"post_author":"12708","post_date":"2021-07-29 11:03:03","post_date_gmt":"2021-07-29 09:03:03","post_content":"Drei verschiedene L\u00f6sungen mit drei verschiedenen Holzarten machen den Weg frei f\u00fcr vielerlei Projektvorschl\u00e4ge. Der Ofen ist in die untere Bank integriert, wodurch ein formales lineares Bild entsteht.\n\nDie Inspiration, aus der sich ihr Name ableitet, bezieht sich auf einen Zweig der japanischen Naturmedizin, der sich die positiven Wirkungen des Kontakts mit Pflanzen und mit dem Wald zunutze macht.","post_title":"Yoku S","post_excerpt":"","post_status":"publish","comment_status":"closed","ping_status":"closed","post_password":"","post_name":"yoku-s","to_ping":"","pinged":"","post_modified":"2025-09-04 12:13:46","post_modified_gmt":"2025-09-04 10:13:46","post_content_filtered":"","post_parent":0,"guid":"https:\/\/www.effe.it\/prodotto\/yoku-s\/","menu_order":0,"post_type":"prodotto","post_mime_type":"","comment_count":"0","filter":"raw"},{"ID":29978,"post_author":"3","post_date":"2023-05-10 11:31:48","post_date_gmt":"2023-05-10 09:31:48","post_content":"<!-- wp:paragraph -->\n<p>Die satinierte Seitenverglasung der Serie Natural reflektiert das Licht der Farblichttherapie und erzeugt so einen immersiven Farbeffekt und ein Erlebnis, das alle Sinne anspricht.&nbsp;Die gro\u00dffl\u00e4chige Transparenz vermittelt eine Beziehung zwischen Innen und Au\u00dfen und eliminiert jedes Gef\u00fchl von Enge.<\/p>\n<!-- \/wp:paragraph -->\n\n<!-- wp:paragraph -->\n<p>Natural Sauna besteht aus thermisch behandeltem Espenholz und Feinsteinzeug der Linie Concreto gefertigt. Erm\u00f6glicht die untere bewegliche Bank einen einfachen Zugang zur oberen Bank, auf der zwei Personen bequem Platz finden. Der 3-kW-Ofen sorgt f\u00fcr ein absolutes Wellness-Erlebnis und garantiert, dass die Temperatur schnell erreicht wird.<\/p>\n<!-- \/wp:paragraph -->","post_title":"Natural S","post_excerpt":"","post_status":"publish","comment_status":"closed","ping_status":"closed","post_password":"","post_name":"natural-s","to_ping":"","pinged":"","post_modified":"2025-04-07 12:44:04","post_modified_gmt":"2025-04-07 10:44:04","post_content_filtered":"","post_parent":0,"guid":"https:\/\/www.effe.it\/prodotto\/natural-s\/","menu_order":0,"post_type":"prodotto","post_mime_type":"","comment_count":"0","filter":"raw"}]},"optional_products_group":{"optional_toggle_field":false,"related_optional":""},"accordion_group":{"":null,"materials-toggle-field":true,"miniatura_materiali":{"ID":27814,"id":27814,"title":"cabanon-schema-materiali","filename":"cabanon-schema-materiali.jpg","filesize":248596,"url":"https:\/\/static.effe.it\/website\/2022\/06\/cabanon-schema-materiali%4032025.svg","link":"https:\/\/www.effe.it\/de\/produkt\/cabanon\/cabanon-schema-materiali-2\/","alt":"","author":"6","description":"","caption":"","name":"cabanon-schema-materiali-2","status":"inherit","uploaded_to":27895,"date":"2022-06-06 13:03:57","modified":"2022-06-06 16:42:08","menu_order":0,"mime_type":"image\/jpeg","type":"image","subtype":"jpeg","icon":"https:\/\/www.effe.it\/wp-includes\/images\/media\/default.png","width":1200,"height":793,"sizes":{"thumbnail":"https:\/\/static.effe.it\/website\/2022\/06\/cabanon-schema-materiali-150x150.jpg","thumbnail-width":150,"thumbnail-height":150,"medium":"https:\/\/static.effe.it\/website\/2022\/06\/cabanon-schema-materiali-300x198.jpg","medium-width":300,"medium-height":198,"medium_large":"https:\/\/static.effe.it\/website\/2022\/06\/cabanon-schema-materiali-768x508.jpg","medium_large-width":768,"medium_large-height":508,"large":"https:\/\/static.effe.it\/website\/2022\/06\/cabanon-schema-materiali-1024x677.jpg","large-width":1024,"large-height":677,"image-related-size":"https:\/\/static.effe.it\/website\/2022\/06\/cabanon-schema-materiali-420x285.jpg","image-related-size-width":420,"image-related-size-height":285,"image-related-size-bigger-sq":"https:\/\/static.effe.it\/website\/2022\/06\/cabanon-schema-materiali-624x468.jpg","image-related-size-bigger-sq-width":624,"image-related-size-bigger-sq-height":468,"image-designer-product":"https:\/\/static.effe.it\/website\/2022\/06\/cabanon-schema-materiali-644x587.jpg","image-designer-product-width":644,"image-designer-product-height":587,"1536x1536":"https:\/\/static.effe.it\/website\/2022\/06\/cabanon-schema-materiali%4032025.svg","1536x1536-width":1200,"1536x1536-height":793,"2048x2048":"https:\/\/static.effe.it\/website\/2022\/06\/cabanon-schema-materiali%4032025.svg","2048x2048-width":1200,"2048x2048-height":793}},"materials_group":[{"materials_title":"THERMO ESPENHOLZ","single_materials_repeater":[{"position_material":"Innen","single_materials":[{"ID":2512,"post_author":"2","post_date":"2021-07-29 10:17:57","post_date_gmt":"2021-07-29 08:17:57","post_content":"","post_title":"Thermo Espenholz (glatt)","post_excerpt":"","post_status":"publish","comment_status":"open","ping_status":"open","post_password":"","post_name":"thermo-espenholz-glatt","to_ping":"","pinged":"","post_modified":"2021-07-29 10:17:57","post_modified_gmt":"2021-07-29 08:17:57","post_content_filtered":"","post_parent":0,"guid":"https:\/\/www.effe.it\/materiale_prodotto\/thermo-espenholz-glatt\/","menu_order":0,"post_type":"materiale_prodotto","post_mime_type":"","comment_count":"0","filter":"raw"}]},{"position_material":"","single_materials":[{"ID":32385,"post_author":"2","post_date":"2024-02-15 18:00:04","post_date_gmt":"2024-02-15 16:00:04","post_content":"","post_title":"Legno Termotrattato Scuro (doghe)","post_excerpt":"","post_status":"publish","comment_status":"closed","ping_status":"closed","post_password":"","post_name":"legno-termotrattato-scuro-doghe-2","to_ping":"","pinged":"","post_modified":"2024-02-15 19:05:40","post_modified_gmt":"2024-02-15 17:05:40","post_content_filtered":"","post_parent":0,"guid":"https:\/\/www.effe.it\/materiale_prodotto\/legno-termotrattato-scuro-doghe-2\/","menu_order":0,"post_type":"materiale_prodotto","post_mime_type":"","comment_count":"0","filter":"raw"}]}],"abilitare_numerazione":false},{"materials_title":"","single_materials_repeater":[{"position_material":"","single_materials":[{"ID":2512,"post_author":"2","post_date":"2021-07-29 10:17:57","post_date_gmt":"2021-07-29 08:17:57","post_content":"","post_title":"Thermo Espenholz (glatt)","post_excerpt":"","post_status":"publish","comment_status":"open","ping_status":"open","post_password":"","post_name":"thermo-espenholz-glatt","to_ping":"","pinged":"","post_modified":"2021-07-29 10:17:57","post_modified_gmt":"2021-07-29 08:17:57","post_content_filtered":"","post_parent":0,"guid":"https:\/\/www.effe.it\/materiale_prodotto\/thermo-espenholz-glatt\/","menu_order":0,"post_type":"materiale_prodotto","post_mime_type":"","comment_count":"0","filter":"raw"}]},{"position_material":"","single_materials":[{"ID":2500,"post_author":"2","post_date":"2021-07-29 10:17:53","post_date_gmt":"2021-07-29 08:17:53","post_content":"","post_title":"Thermo Espenholz (dauben)","post_excerpt":"","post_status":"publish","comment_status":"closed","ping_status":"closed","post_password":"","post_name":"thermo-espenholz-dauben","to_ping":"","pinged":"","post_modified":"2021-07-29 10:17:53","post_modified_gmt":"2021-07-29 08:17:53","post_content_filtered":"","post_parent":0,"guid":"https:\/\/www.effe.it\/materiale_prodotto\/thermo-espenholz-dauben\/","menu_order":0,"post_type":"materiale_prodotto","post_mime_type":"","comment_count":"0","filter":"raw"}]}],"abilitare_numerazione":false},{"materials_title":"GEWELLTES ALUMINIUMBLECH","single_materials_repeater":[{"position_material":"Au\u00dfenverkleidung","single_materials":[{"ID":28519,"post_author":"9693","post_date":"2022-06-06 17:51:36","post_date_gmt":"2022-06-06 15:51:36","post_content":"","post_title":"Gewelltes Aluminiumblech (Mattone)","post_excerpt":"","post_status":"publish","comment_status":"closed","ping_status":"closed","post_password":"","post_name":"alluminio-ondulato-cemento","to_ping":"","pinged":"","post_modified":"2023-10-16 10:36:48","post_modified_gmt":"2023-10-16 08:36:48","post_content_filtered":"","post_parent":0,"guid":"https:\/\/www.effe.it\/blog\/materiale_prodotto\/alluminio-ondulato-cemento\/","menu_order":0,"post_type":"materiale_prodotto","post_mime_type":"","comment_count":"0","filter":"raw"}]},{"position_material":"","single_materials":[{"ID":28524,"post_author":"9693","post_date":"2022-06-06 17:51:34","post_date_gmt":"2022-06-06 15:51:34","post_content":"","post_title":"Gewelltes Aluminiumblech (Muschio)","post_excerpt":"","post_status":"publish","comment_status":"closed","ping_status":"closed","post_password":"","post_name":"alluminio-ondulato-muschio","to_ping":"","pinged":"","post_modified":"2023-10-16 10:34:26","post_modified_gmt":"2023-10-16 08:34:26","post_content_filtered":"","post_parent":0,"guid":"https:\/\/www.effe.it\/blog\/materiale_prodotto\/alluminio-ondulato-muschio\/","menu_order":0,"post_type":"materiale_prodotto","post_mime_type":"","comment_count":"0","filter":"raw"}]},{"position_material":"Au\u00dfenverkleidung","single_materials":[{"ID":28529,"post_author":"9693","post_date":"2022-06-06 17:51:32","post_date_gmt":"2022-06-06 15:51:32","post_content":"","post_title":"Gewelltes Aluminiumblech (Cemento)","post_excerpt":"","post_status":"publish","comment_status":"closed","ping_status":"closed","post_password":"","post_name":"alluminio-ondulato-mattone","to_ping":"","pinged":"","post_modified":"2023-10-16 10:34:58","post_modified_gmt":"2023-10-16 08:34:58","post_content_filtered":"","post_parent":0,"guid":"https:\/\/www.effe.it\/blog\/materiale_prodotto\/alluminio-ondulato-mattone\/","menu_order":0,"post_type":"materiale_prodotto","post_mime_type":"","comment_count":"0","filter":"raw"}]}],"abilitare_numerazione":false},{"materials_title":"ALUMINIUM","single_materials_repeater":[{"position_material":"Au\u00dfenverkleidung","single_materials":[{"ID":28534,"post_author":"9693","post_date":"2022-06-06 17:50:30","post_date_gmt":"2022-06-06 15:50:30","post_content":"","post_title":"Aluminium, Farbe \u201eWalnut\u201c","post_excerpt":"","post_status":"publish","comment_status":"closed","ping_status":"closed","post_password":"","post_name":"alluminio-verniciato","to_ping":"","pinged":"","post_modified":"2023-10-16 10:42:38","post_modified_gmt":"2023-10-16 08:42:38","post_content_filtered":"","post_parent":0,"guid":"https:\/\/www.effe.it\/blog\/materiale_prodotto\/alluminio-verniciato\/","menu_order":0,"post_type":"materiale_prodotto","post_mime_type":"","comment_count":"0","filter":"raw"}]}],"abilitare_numerazione":false}],"toggle_designer":true,"designer":[{"ID":666,"post_author":"2","post_date":"2021-07-14 17:18:43","post_date_gmt":"2021-07-14 15:18:43","post_content":"Rodolfo Dordoni, Architekt und Designer, wurde in Mailand geboren, wo er sein Universit\u00e4tsdiplom in Architektur ablegte. Seither \u00fcbernahm er die k\u00fcnstlerische Leitung von Artemide (Glaskollektion), Cappellini (von 1979 bis 1989), FontanaArte (Inneneinrichtung), Foscarini, Minotti (seit 1997) und Roda (seit 2006). Er entwirft Produkte f\u00fcr verschiedene Firmen, darunter: Artemide, Cappellini, Cassina, Ceramica Flaminia, Ceramiche Mutina, Dada, Dornbracht, Driade, Emu, Ernestomeda, Fantini, Fiam Italia, Flos, Flou, FontanaArte, Foscarini, Jab, Kartell, Kettal, knIndustrie, MatteoGrassi, Minotti, Molteni&amp;C, Moroso, Olivari, Pamar, Poliform, Poltrona Frau, Roda, RB Rossana, Salvatori, Sambonet, Serralunga, Tecno, The Rug Company, Venini. Das in Mailand von Rodolfo Dordoni zusammen mit Luca Zaniboni und Alessandro Acerbi gegr\u00fcndete B\u00fcro \u201eDordoni Architetti\u201c f\u00fcr Architektur und Interior Design entwickelt Projekte f\u00fcr Wohn-, Gesch\u00e4fts- und Ausstellungsr\u00e4ume, Privatvillen und -wohnungen, Industriegeb\u00e4ude, kommerzielle R\u00e4umlichkeiten, wie Showrooms, Messest\u00e4nde, Restaurants, Hotels","post_title":"Rodolfo Dordoni","post_excerpt":"","post_status":"publish","comment_status":"closed","ping_status":"closed","post_password":"","post_name":"rodolfo-dordoni-2","to_ping":"","pinged":"","post_modified":"2022-05-17 17:45:27","post_modified_gmt":"2022-05-17 15:45:27","post_content_filtered":"","post_parent":0,"guid":"https:\/\/www.effe.it\/designer\/rodolfo-dordoni\/","menu_order":10,"post_type":"designer","post_mime_type":"","comment_count":"0","filter":"raw"}],"models_relationship":[{"ID":27574,"post_author":"6","post_date":"2022-06-06 18:23:39","post_date_gmt":"2022-06-06 16:23:39","post_content":"","post_title":"CABANON TERRACE","post_excerpt":"","post_status":"publish","comment_status":"closed","ping_status":"closed","post_password":"","post_name":"cabanon-terrace","to_ping":"","pinged":"","post_modified":"2022-06-06 18:23:44","post_modified_gmt":"2022-06-06 16:23:44","post_content_filtered":"","post_parent":0,"guid":"https:\/\/www.effe.it\/?post_type=modelli&#038;p=27574","menu_order":0,"post_type":"modelli","post_mime_type":"","comment_count":"0","filter":"raw"},{"ID":27605,"post_author":"6","post_date":"2022-06-06 18:23:36","post_date_gmt":"2022-06-06 16:23:36","post_content":"","post_title":"CABANON GARDEN","post_excerpt":"","post_status":"publish","comment_status":"closed","ping_status":"closed","post_password":"","post_name":"cabanon-garden","to_ping":"","pinged":"","post_modified":"2022-06-06 18:23:40","post_modified_gmt":"2022-06-06 16:23:40","post_content_filtered":"","post_parent":0,"guid":"https:\/\/www.effe.it\/?post_type=modelli&#038;p=27605","menu_order":0,"post_type":"modelli","post_mime_type":"","comment_count":"0","filter":"raw"}],"models_with_documents":true,"description_model_toggle_field":true,"model_description":"","disponibile_su_misura":false,"blueprint_toggle":false,"blueprint":null,"abilitare_versioni":true},"slider_gallery":[{"image-slider-gallery":"https:\/\/static.effe.it\/website\/2022\/06\/Cabanon-slider-1.jpg","text-image-gallery":"","video":""},{"image-slider-gallery":"https:\/\/static.effe.it\/website\/2022\/06\/16169-Effe-Cabanon-Cesena-1-scaled.jpg","text-image-gallery":"","video":""},{"image-slider-gallery":"https:\/\/static.effe.it\/website\/2022\/06\/16149-Effe-Cabanon-3-A4-1-scaled.jpg","text-image-gallery":"","video":""},{"image-slider-gallery":"https:\/\/static.effe.it\/website\/2022\/06\/16078_03-Effe-Cabanon-Cesena-scaled.jpg","text-image-gallery":"","video":""},{"image-slider-gallery":"https:\/\/static.effe.it\/website\/2022\/06\/Effe-Cabanon-Dordoni-2-scaled.jpg","text-image-gallery":"","video":""},{"image-slider-gallery":"https:\/\/static.effe.it\/website\/2022\/06\/16116-Effe-Cabanon-2-A4-nitida-scaled.jpg","text-image-gallery":"","video":""},{"image-slider-gallery":"https:\/\/static.effe.it\/website\/2022\/06\/Cabanon-slider-2.jpg","text-image-gallery":"","video":""}],"documents_related_collection_group":[{"input_type":"url","resource_url":"https:\/\/drive.google.com\/file\/d\/1WHNRgdjyERIcFn6us7TdA8uEvcITh2R5\/view?usp=drive_link","document_title":"BROCHURE","file":false,"logged_in_only":false,"reserved_service_center":false},{"input_type":"url","resource_url":"https:\/\/drive.google.com\/file\/d\/1ub0vWVgvATW6YIL1nPzBp2bs5ZppdJN-\/view?usp=drive_link","document_title":"CABANON TERRACE - VORINSTALLATIONSBLATT","file":false,"logged_in_only":false,"reserved_service_center":false},{"input_type":"url","resource_url":"https:\/\/drive.google.com\/file\/d\/16lLNhyyEP3pQWly2bqPCGgSdngfKGoHu\/view?usp=drive_link","document_title":"CABANON TERRACE - MONTAGEANLEITUNG","file":false,"logged_in_only":true,"reserved_service_center":true},{"input_type":"url","resource_url":"https:\/\/drive.google.com\/file\/d\/1z4Ebf7M9bSX5-ZU-YCUAn6wdhBtM1fEv\/view?usp=drive_link","document_title":"SKETCHUP","file":false,"logged_in_only":true,"reserved_service_center":true},{"input_type":"url","resource_url":"https:\/\/drive.google.com\/file\/d\/1CTLu64n0TxA5tXzMJH2jHUBCAcIftlSU\/view?usp=share_link","document_title":"3D DWG","file":false,"logged_in_only":true,"reserved_service_center":true},{"input_type":"url","resource_url":"https:\/\/drive.google.com\/file\/d\/1z5UJSPC3XJDqwriMy_sL0B_PbM816mu-\/view?usp=drive_link","document_title":"3D FBX","file":false,"logged_in_only":true,"reserved_service_center":true},{"input_type":"url","resource_url":"https:\/\/drive.google.com\/file\/d\/1H0-dCnxOe7T-UGK2RpdIA2FWw-nPMqPD\/view?usp=drive_link","document_title":"BIM IFC ","file":false,"logged_in_only":true,"reserved_service_center":true},{"input_type":"url","resource_url":"https:\/\/drive.google.com\/file\/d\/1nD69FLhSl4Cd7QyyrUAUMSb3ERGSLBpn\/view?usp=drive_link","document_title":"CABANON GARDEN - VORINSTALLATIONSBLATT","file":false,"logged_in_only":false,"reserved_service_center":false},{"input_type":"url","resource_url":"https:\/\/drive.google.com\/file\/d\/19ctlPrLmaLs7slJzxkTLq2dJoc0SVVyM\/view?usp=drive_link","document_title":"CABANON GARDEN - MONTAGEANLEITUNG","file":false,"logged_in_only":true,"reserved_service_center":true},{"input_type":"url","resource_url":"https:\/\/drive.google.com\/file\/d\/1WNPGprXiDrbvi4m20Cebt1xsG9SyrxoF\/view?usp=drive_link","document_title":"Bim IFC","file":false,"logged_in_only":true,"reserved_service_center":true},{"input_type":"url","resource_url":"https:\/\/drive.google.com\/file\/d\/10a-6ZTOe0S1aaddGKFKlT_SeDbGbVjet\/view?usp=drive_link","document_title":"DECK - MONTAGEANLEITUNG","file":false,"logged_in_only":true,"reserved_service_center":true}],"gallery_photos_12_columns":[{"image_gallery_columns":"https:\/\/static.effe.it\/website\/2022\/06\/cabanon-neve-1-scaled.jpg","copy_image_column":"","numer_of_columns":"12","embed_video_gallery":""},{"image_gallery_columns":"https:\/\/static.effe.it\/website\/2022\/06\/cabanon-neve-2.jpg","copy_image_column":"","numer_of_columns":"6","embed_video_gallery":""},{"image_gallery_columns":"https:\/\/static.effe.it\/website\/2022\/06\/cabanon-neve-3.jpg","copy_image_column":"","numer_of_columns":"5","embed_video_gallery":""},{"image_gallery_columns":"https:\/\/static.effe.it\/website\/2022\/06\/cabanon-neve-4.jpg","copy_image_column":"","numer_of_columns":"4","embed_video_gallery":""},{"image_gallery_columns":"https:\/\/static.effe.it\/website\/2022\/06\/cabanon-neve-5.jpg","copy_image_column":"","numer_of_columns":"6","embed_video_gallery":""},{"image_gallery_columns":"https:\/\/static.effe.it\/website\/2022\/06\/cabanon-neve-6-scaled.jpg","copy_image_column":"","numer_of_columns":"12","embed_video_gallery":""},{"image_gallery_columns":"https:\/\/static.effe.it\/website\/2022\/06\/cabanon-neve-7.jpg","copy_image_column":"","numer_of_columns":"6","embed_video_gallery":""},{"image_gallery_columns":"https:\/\/static.effe.it\/website\/2022\/06\/cabanon-neve-8.jpg","copy_image_column":"","numer_of_columns":"4","embed_video_gallery":""},{"image_gallery_columns":"https:\/\/static.effe.it\/website\/2022\/06\/cabanon-neve-9.jpg","copy_image_column":"","numer_of_columns":"4","embed_video_gallery":""},{"image_gallery_columns":"https:\/\/static.effe.it\/website\/2022\/06\/cabanon-neve-10.jpg","copy_image_column":"","numer_of_columns":"6","embed_video_gallery":""},{"image_gallery_columns":"https:\/\/static.effe.it\/website\/2022\/06\/cabanon-neve-11-scaled.jpg","copy_image_column":"","numer_of_columns":"12","embed_video_gallery":""},{"image_gallery_columns":"https:\/\/static.effe.it\/website\/2022\/06\/IMG_9846.jpg","copy_image_column":"","numer_of_columns":"6","embed_video_gallery":""},{"image_gallery_columns":"https:\/\/static.effe.it\/website\/2022\/06\/16098_03-Effe-Cabanon-Cesena.jpg","copy_image_column":"","numer_of_columns":"5","embed_video_gallery":""},{"image_gallery_columns":"https:\/\/static.effe.it\/website\/2022\/06\/IMG_0909-Effe-Cabanon-Cesena.jpg","copy_image_column":"","numer_of_columns":"5","embed_video_gallery":""},{"image_gallery_columns":"https:\/\/static.effe.it\/website\/2022\/06\/16087_04-Effe-Cabanon-Cesena.jpg","copy_image_column":"","numer_of_columns":"5","embed_video_gallery":""},{"image_gallery_columns":false,"copy_image_column":"","numer_of_columns":"12","embed_video_gallery":"https:\/\/vimeo.com\/713630259"},{"image_gallery_columns":"https:\/\/static.effe.it\/website\/2022\/06\/aggiungere-1-scaled.jpeg","copy_image_column":"","numer_of_columns":"5","embed_video_gallery":""},{"image_gallery_columns":"https:\/\/static.effe.it\/website\/2022\/06\/cabanon-interno.jpg","copy_image_column":"","numer_of_columns":"6","embed_video_gallery":""},{"image_gallery_columns":"https:\/\/static.effe.it\/website\/2022\/06\/aggiungere-3.jpg","copy_image_column":"","numer_of_columns":"4","embed_video_gallery":""},{"image_gallery_columns":"https:\/\/static.effe.it\/website\/2022\/06\/16092_02-Effe-Cabanon-Cesena.jpg","copy_image_column":"","numer_of_columns":"6","embed_video_gallery":""},{"image_gallery_columns":"https:\/\/static.effe.it\/website\/2022\/06\/Milano-2.jpg","copy_image_column":"","numer_of_columns":"5","embed_video_gallery":""},{"image_gallery_columns":"https:\/\/static.effe.it\/website\/2022\/06\/IMG_-1.jpg","copy_image_column":"","numer_of_columns":"4","embed_video_gallery":""},{"image_gallery_columns":"https:\/\/static.effe.it\/website\/2022\/06\/16087_06-Effe-mod.jpg","copy_image_column":"","numer_of_columns":"5","embed_video_gallery":""},{"image_gallery_columns":"https:\/\/static.effe.it\/website\/2022\/06\/16098_05-Effe-Cabanon-Cesena.jpg","copy_image_column":"","numer_of_columns":"6","embed_video_gallery":""},{"image_gallery_columns":"https:\/\/static.effe.it\/website\/2022\/06\/16129_01-Effe-Cabanon-Cesena.jpg","copy_image_column":"","numer_of_columns":"4","embed_video_gallery":""},{"image_gallery_columns":"https:\/\/static.effe.it\/website\/2022\/06\/sostituire-2.jpeg","copy_image_column":"","numer_of_columns":"6","embed_video_gallery":""},{"image_gallery_columns":"https:\/\/static.effe.it\/website\/2022\/06\/16169-Effe-Cabanon-Cesena-scaled.jpg","copy_image_column":"","numer_of_columns":"12","embed_video_gallery":""},{"image_gallery_columns":"https:\/\/static.effe.it\/website\/2022\/06\/sostituire-1.jpeg","copy_image_column":"","numer_of_columns":"12","embed_video_gallery":""},{"image_gallery_columns":"https:\/\/static.effe.it\/website\/2022\/06\/16121_04-Effe-Cabanon-Cesena.jpg","copy_image_column":"","numer_of_columns":"7","embed_video_gallery":""},{"image_gallery_columns":"https:\/\/static.effe.it\/website\/2022\/06\/16134_08-Effe-Cabanon-Cesena.jpg","copy_image_column":"","numer_of_columns":"4","embed_video_gallery":""},{"image_gallery_columns":"https:\/\/static.effe.it\/website\/2022\/06\/16127_03-Effe-Cabanon-Cesena.jpg","copy_image_column":"","numer_of_columns":"4","embed_video_gallery":""},{"image_gallery_columns":"https:\/\/static.effe.it\/website\/2022\/06\/16146-Effe-Cabanon-Cesena.jpg","copy_image_column":"","numer_of_columns":"6","embed_video_gallery":""},{"image_gallery_columns":"https:\/\/static.effe.it\/website\/2022\/06\/16095_01-Effe-Cabanon-Cesena-scaled.jpg","copy_image_column":"","numer_of_columns":"12","embed_video_gallery":""},{"image_gallery_columns":"https:\/\/static.effe.it\/website\/2022\/06\/16076_02-Effe-Cabanon-Cesena.jpg","copy_image_column":"","numer_of_columns":"4","embed_video_gallery":""},{"image_gallery_columns":"https:\/\/static.effe.it\/website\/2022\/06\/Effe-Cabanon-Dordoni-3-mod.jpg","copy_image_column":"","numer_of_columns":"6","embed_video_gallery":""},{"image_gallery_columns":"https:\/\/static.effe.it\/website\/2022\/06\/IMG_9596.jpg","copy_image_column":"","numer_of_columns":"6","embed_video_gallery":""},{"image_gallery_columns":"https:\/\/static.effe.it\/website\/2022\/06\/IMG_0945-Effe-Cabanon-Cesena.jpg","copy_image_column":"","numer_of_columns":"5","embed_video_gallery":""},{"image_gallery_columns":"https:\/\/static.effe.it\/website\/2022\/06\/16123_07-08-Effe-Cabanon-Cesena_2-scaled.jpg","copy_image_column":"","numer_of_columns":"12","embed_video_gallery":""},{"image_gallery_columns":"https:\/\/static.effe.it\/website\/2022\/06\/16085_11-Effe-Cabanon-Cesena.jpg","copy_image_column":"","numer_of_columns":"4","embed_video_gallery":""},{"image_gallery_columns":"https:\/\/static.effe.it\/website\/2022\/06\/16095_11-Effe-Cabanon-Cesena.jpg","copy_image_column":"","numer_of_columns":"7","embed_video_gallery":""}]},"_links":{"self":[{"href":"https:\/\/www.effe.it\/de\/wp-json\/wp\/v2\/products\/27895"}],"collection":[{"href":"https:\/\/www.effe.it\/de\/wp-json\/wp\/v2\/products"}],"about":[{"href":"https:\/\/www.effe.it\/de\/wp-json\/wp\/v2\/types\/prodotto"}],"version-history":[{"count":5,"href":"https:\/\/www.effe.it\/de\/wp-json\/wp\/v2\/products\/27895\/revisions"}],"predecessor-version":[{"id":37250,"href":"https:\/\/www.effe.it\/de\/wp-json\/wp\/v2\/products\/27895\/revisions\/37250"}],"wp:featuredmedia":[{"embeddable":true,"href":"https:\/\/www.effe.it\/de\/wp-json\/wp\/v2\/media\/27910"}],"wp:attachment":[{"href":"https:\/\/www.effe.it\/de\/wp-json\/wp\/v2\/media?parent=27895"}],"wp:term":[{"taxonomy":"categorie_prodotti","embeddable":true,"href":"https:\/\/www.effe.it\/de\/wp-json\/wp\/v2\/categorie_prodotti?post=27895"},{"taxonomy":"famiglia_prodotti","embeddable":true,"href":"https:\/\/www.effe.it\/de\/wp-json\/wp\/v2\/famiglia_prodotti?post=27895"}],"curies":[{"name":"wp","href":"https:\/\/api.w.org\/{rel}","templated":true}]}}